{"id":9429,"date":"2021-09-16T13:57:47","date_gmt":"2021-09-16T11:57:47","guid":{"rendered":"https:\/\/transferencia.irta.cat\/ponent\/miquel-peris\/"},"modified":"2021-09-16T13:57:48","modified_gmt":"2021-09-16T11:57:48","slug":"miquel-peris","status":"publish","type":"ponent","link":"https:\/\/transferencia.irta.cat\/es\/ponent\/miquel-peris\/","title":{"rendered":"Miquel Peris"},"content":{"rendered":"\n<p>Miquel Peris Giner es Ingeniero Agr\u00f3nomo por la Universidad de Lleida (1997) y desde el a\u00f1o 2005 trabaja como especialista en fruticultura en el IRTA.<\/p>\n\n<p>Su actividad principal ha sido el asesoramiento en el control de plagas y enfermedades, elecci\u00f3n de material vegetal, poda y formaci\u00f3n de \u00e1rboles, riego y nutrici\u00f3n en fruta dulce. Ha trabajado tambi\u00e9n en investigaci\u00f3n y experimentaci\u00f3n en producci\u00f3n frut\u00edcola, incluyendo la ejecuci\u00f3n de ensayos GLP (Buenas Pr\u00e1cticas de Laboratorio) y en diversos proyectos de investigaci\u00f3n y asesoramiento nacionales e internacionales.<\/p>\n","protected":false},"featured_media":5646,"template":"","meta":[],"categories":[637,635],"tags":[1823,1820,1822,1729,808,1821,1819],"objectius_estrategics":[],"ods":[],"programa_irta":[1237],"class_list":["post-9429","ponent","type-ponent","status-publish","has-post-thumbnail","hentry","category-fruticultura-es","category-produccion-vegetal","tag-control-enfermedades","tag-control-plagas-es","tag-formacion-arboles","tag-fructicultura-es","tag-fruita-dolca-es","tag-material-vegetal-es","tag-produccion-fructicola","programa_irta-v2-fructicultura-es"],"acf":[],"yoast_head":"<!-- This site is optimized with the Yoast SEO plugin v15.2 - https:\/\/yoast.com\/wordpress\/plugins\/seo\/ -->\n<title>Miquel Peris - IRTA<\/title>\n<meta name=\"description\" content=\"Miquel Peris Giner es Ingeniero Agr\u00f3nomo por la Universidad de Lleida (1997) y desde el a\u00f1o 2005 trabaja como especialista en fruticultura en el IRTA. Su\" \/>\n<meta name=\"robots\" content=\"index, follow, max-snippet:-1, max-image-preview:large, max-video-preview:-1\" \/>\n<link rel=\"canonical\" href=\"https:\/\/transferencia.irta.cat\/es\/ponent\/miquel-peris\/\" \/>\n<meta property=\"og:locale\" content=\"es_ES\" \/>\n<meta property=\"og:type\" content=\"article\" \/>\n<meta property=\"og:title\" content=\"Miquel Peris - IRTA\" \/>\n<meta property=\"og:description\" content=\"Miquel Peris Giner es Ingeniero Agr\u00f3nomo por la Universidad de Lleida (1997) y desde el a\u00f1o 2005 trabaja como especialista en fruticultura en el IRTA. Su\" \/>\n<meta property=\"og:url\" content=\"https:\/\/transferencia.irta.cat\/es\/ponent\/miquel-peris\/\" \/>\n<meta property=\"og:site_name\" content=\"IRTA\" \/>\n<meta property=\"article:modified_time\" content=\"2021-09-16T11:57:48+00:00\" \/>\n<meta property=\"og:image\" content=\"https:\/\/transferencia.irta.cat\/wp-content\/uploads\/2020\/06\/miquel_peris_bn.jpg\" \/>\n\t<meta property=\"og:image:width\" content=\"1440\" \/>\n\t<meta property=\"og:image:height\" content=\"1920\" \/>\n<meta name=\"twitter:card\" content=\"summary_large_image\" \/>\n<meta name=\"twitter:label1\" value=\"Escrito por\">\n\t<meta name=\"twitter:data1\" value=\"Montse\">\n\t<meta name=\"twitter:label2\" value=\"Tiempo de lectura\">\n\t<meta name=\"twitter:data2\" value=\"0 minutos\">\n<script type=\"application\/ld+json\" class=\"yoast-schema-graph\">{\"@context\":\"https:\/\/schema.org\",\"@graph\":[{\"@type\":\"WebSite\",\"@id\":\"https:\/\/transferencia.irta.cat\/es\/#website\",\"url\":\"https:\/\/transferencia.irta.cat\/es\/\",\"name\":\"IRTA\",\"description\":\"Transfer\\u00e8ncia de coneixement\",\"potentialAction\":[{\"@type\":\"SearchAction\",\"target\":\"https:\/\/transferencia.irta.cat\/es\/?s={search_term_string}\",\"query-input\":\"required name=search_term_string\"}],\"inLanguage\":\"es\"},{\"@type\":\"ImageObject\",\"@id\":\"https:\/\/transferencia.irta.cat\/es\/ponent\/miquel-peris\/#primaryimage\",\"inLanguage\":\"es\",\"url\":\"https:\/\/transferencia.irta.cat\/wp-content\/uploads\/2020\/06\/miquel_peris_bn.jpg\",\"width\":1440,\"height\":1920},{\"@type\":\"WebPage\",\"@id\":\"https:\/\/transferencia.irta.cat\/es\/ponent\/miquel-peris\/#webpage\",\"url\":\"https:\/\/transferencia.irta.cat\/es\/ponent\/miquel-peris\/\",\"name\":\"Miquel Peris - IRTA\",\"isPartOf\":{\"@id\":\"https:\/\/transferencia.irta.cat\/es\/#website\"},\"primaryImageOfPage\":{\"@id\":\"https:\/\/transferencia.irta.cat\/es\/ponent\/miquel-peris\/#primaryimage\"},\"datePublished\":\"2021-09-16T11:57:47+00:00\",\"dateModified\":\"2021-09-16T11:57:48+00:00\",\"description\":\"Miquel Peris Giner es Ingeniero Agr\\u00f3nomo por la Universidad de Lleida (1997) y desde el a\\u00f1o 2005 trabaja como especialista en fruticultura en el IRTA. Su\",\"inLanguage\":\"es\",\"potentialAction\":[{\"@type\":\"ReadAction\",\"target\":[\"https:\/\/transferencia.irta.cat\/es\/ponent\/miquel-peris\/\"]}]}]}<\/script>\n<!-- \/ Yoast SEO plugin. -->","_links":{"self":[{"href":"https:\/\/transferencia.irta.cat\/es\/wp-json\/wp\/v2\/ponent\/9429","targetHints":{"allow":["GET"]}}],"collection":[{"href":"https:\/\/transferencia.irta.cat\/es\/wp-json\/wp\/v2\/ponent"}],"about":[{"href":"https:\/\/transferencia.irta.cat\/es\/wp-json\/wp\/v2\/types\/ponent"}],"wp:featuredmedia":[{"embeddable":true,"href":"https:\/\/transferencia.irta.cat\/es\/wp-json\/wp\/v2\/media\/5646"}],"wp:attachment":[{"href":"https:\/\/transferencia.irta.cat\/es\/wp-json\/wp\/v2\/media?parent=9429"}],"wp:term":[{"taxonomy":"category","embeddable":true,"href":"https:\/\/transferencia.irta.cat\/es\/wp-json\/wp\/v2\/categories?post=9429"},{"taxonomy":"post_tag","embeddable":true,"href":"https:\/\/transferencia.irta.cat\/es\/wp-json\/wp\/v2\/tags?post=9429"},{"taxonomy":"objectius_estrategics","embeddable":true,"href":"https:\/\/transferencia.irta.cat\/es\/wp-json\/wp\/v2\/objectius_estrategics?post=9429"},{"taxonomy":"ods","embeddable":true,"href":"https:\/\/transferencia.irta.cat\/es\/wp-json\/wp\/v2\/ods?post=9429"},{"taxonomy":"programa_irta","embeddable":true,"href":"https:\/\/transferencia.irta.cat\/es\/wp-json\/wp\/v2\/programa_irta?post=9429"}],"curies":[{"name":"wp","href":"https:\/\/api.w.org\/{rel}","templated":true}]}}