{"id":8057,"date":"2021-06-11T11:31:45","date_gmt":"2021-06-11T09:31:45","guid":{"rendered":"https:\/\/transferencia.irta.cat\/?post_type=ponent&#038;p=8057"},"modified":"2023-09-12T14:36:34","modified_gmt":"2023-09-12T12:36:34","slug":"carles-blancafort","status":"publish","type":"ponent","link":"https:\/\/transferencia.irta.cat\/es\/ponent\/carles-blancafort\/","title":{"rendered":"Carles Blancafort"},"content":{"rendered":"\n<p>Carles Blancafort trabaj\u00f3 durante 21 a\u00f1os en Industrias C\u00e1rnicas Blancafort, primero en distintas secciones de la empresa, despu\u00e9s como encargado de producci\u00f3n y finalmente como gerente de la f\u00e1brica. A partir de 2012 ha desempe\u00f1ado su actividad en empresas del sector de los aditivos alimentarios.  Actualmente trabaja asesorando empresas del sector c\u00e1rnico tanto en fabricantes, distribuci\u00f3n, ingredientes, maquinaria, procesos, aromas y mejoras de nuevos productos. <\/p>\n","protected":false},"featured_media":8058,"template":"","meta":[],"categories":[],"tags":[],"objectius_estrategics":[],"ods":[],"programa_irta":[],"class_list":["post-8057","ponent","type-ponent","status-publish","has-post-thumbnail","hentry"],"acf":[],"yoast_head":"<!-- This site is optimized with the Yoast SEO plugin v15.2 - https:\/\/yoast.com\/wordpress\/plugins\/seo\/ -->\n<title>Carles Blancafort - IRTA<\/title>\n<meta name=\"description\" content=\"Carles Blancafort trabaj\u00f3 durante 21 a\u00f1os en Industrias C\u00e1rnicas Blancafort, primero en distintas secciones de la empresa, despu\u00e9s como encargado de\" \/>\n<meta name=\"robots\" content=\"index, follow, max-snippet:-1, max-image-preview:large, max-video-preview:-1\" \/>\n<link rel=\"canonical\" href=\"https:\/\/transferencia.irta.cat\/es\/ponent\/carles-blancafort\/\" \/>\n<meta property=\"og:locale\" content=\"es_ES\" \/>\n<meta property=\"og:type\" content=\"article\" \/>\n<meta property=\"og:title\" content=\"Carles Blancafort - IRTA\" \/>\n<meta property=\"og:description\" content=\"Carles Blancafort trabaj\u00f3 durante 21 a\u00f1os en Industrias C\u00e1rnicas Blancafort, primero en distintas secciones de la empresa, despu\u00e9s como encargado de\" \/>\n<meta property=\"og:url\" content=\"https:\/\/transferencia.irta.cat\/es\/ponent\/carles-blancafort\/\" \/>\n<meta property=\"og:site_name\" content=\"IRTA\" \/>\n<meta property=\"article:modified_time\" content=\"2023-09-12T12:36:34+00:00\" \/>\n<meta property=\"og:image\" content=\"https:\/\/transferencia.irta.cat\/wp-content\/uploads\/2021\/06\/CarlesBlancafort2_web-380x380-1.jpg\" \/>\n\t<meta property=\"og:image:width\" content=\"380\" \/>\n\t<meta property=\"og:image:height\" content=\"380\" \/>\n<meta name=\"twitter:card\" content=\"summary_large_image\" \/>\n<meta name=\"twitter:label1\" value=\"Escrito por\">\n\t<meta name=\"twitter:data1\" value=\"jtobal\">\n\t<meta name=\"twitter:label2\" value=\"Tiempo de lectura\">\n\t<meta name=\"twitter:data2\" value=\"0 minutos\">\n<script type=\"application\/ld+json\" class=\"yoast-schema-graph\">{\"@context\":\"https:\/\/schema.org\",\"@graph\":[{\"@type\":\"WebSite\",\"@id\":\"https:\/\/transferencia.irta.cat\/es\/#website\",\"url\":\"https:\/\/transferencia.irta.cat\/es\/\",\"name\":\"IRTA\",\"description\":\"Transfer\\u00e8ncia de coneixement\",\"potentialAction\":[{\"@type\":\"SearchAction\",\"target\":\"https:\/\/transferencia.irta.cat\/es\/?s={search_term_string}\",\"query-input\":\"required name=search_term_string\"}],\"inLanguage\":\"es\"},{\"@type\":\"ImageObject\",\"@id\":\"https:\/\/transferencia.irta.cat\/es\/ponent\/carles-blancafort\/#primaryimage\",\"inLanguage\":\"es\",\"url\":\"https:\/\/transferencia.irta.cat\/wp-content\/uploads\/2021\/06\/CarlesBlancafort2_web-380x380-1.jpg\",\"width\":380,\"height\":380},{\"@type\":\"WebPage\",\"@id\":\"https:\/\/transferencia.irta.cat\/es\/ponent\/carles-blancafort\/#webpage\",\"url\":\"https:\/\/transferencia.irta.cat\/es\/ponent\/carles-blancafort\/\",\"name\":\"Carles Blancafort - IRTA\",\"isPartOf\":{\"@id\":\"https:\/\/transferencia.irta.cat\/es\/#website\"},\"primaryImageOfPage\":{\"@id\":\"https:\/\/transferencia.irta.cat\/es\/ponent\/carles-blancafort\/#primaryimage\"},\"datePublished\":\"2021-06-11T09:31:45+00:00\",\"dateModified\":\"2023-09-12T12:36:34+00:00\",\"description\":\"Carles Blancafort trabaj\\u00f3 durante 21 a\\u00f1os en Industrias C\\u00e1rnicas Blancafort, primero en distintas secciones de la empresa, despu\\u00e9s como encargado de\",\"inLanguage\":\"es\",\"potentialAction\":[{\"@type\":\"ReadAction\",\"target\":[\"https:\/\/transferencia.irta.cat\/es\/ponent\/carles-blancafort\/\"]}]}]}<\/script>\n<!-- \/ Yoast SEO plugin. -->","_links":{"self":[{"href":"https:\/\/transferencia.irta.cat\/es\/wp-json\/wp\/v2\/ponent\/8057","targetHints":{"allow":["GET"]}}],"collection":[{"href":"https:\/\/transferencia.irta.cat\/es\/wp-json\/wp\/v2\/ponent"}],"about":[{"href":"https:\/\/transferencia.irta.cat\/es\/wp-json\/wp\/v2\/types\/ponent"}],"wp:featuredmedia":[{"embeddable":true,"href":"https:\/\/transferencia.irta.cat\/es\/wp-json\/wp\/v2\/media\/8058"}],"wp:attachment":[{"href":"https:\/\/transferencia.irta.cat\/es\/wp-json\/wp\/v2\/media?parent=8057"}],"wp:term":[{"taxonomy":"category","embeddable":true,"href":"https:\/\/transferencia.irta.cat\/es\/wp-json\/wp\/v2\/categories?post=8057"},{"taxonomy":"post_tag","embeddable":true,"href":"https:\/\/transferencia.irta.cat\/es\/wp-json\/wp\/v2\/tags?post=8057"},{"taxonomy":"objectius_estrategics","embeddable":true,"href":"https:\/\/transferencia.irta.cat\/es\/wp-json\/wp\/v2\/objectius_estrategics?post=8057"},{"taxonomy":"ods","embeddable":true,"href":"https:\/\/transferencia.irta.cat\/es\/wp-json\/wp\/v2\/ods?post=8057"},{"taxonomy":"programa_irta","embeddable":true,"href":"https:\/\/transferencia.irta.cat\/es\/wp-json\/wp\/v2\/programa_irta?post=8057"}],"curies":[{"name":"wp","href":"https:\/\/api.w.org\/{rel}","templated":true}]}}