{"id":9204,"date":"2021-09-09T13:06:45","date_gmt":"2021-09-09T11:06:45","guid":{"rendered":"https:\/\/transferencia.irta.cat\/?post_type=activitats&#038;p=9204"},"modified":"2021-09-13T17:42:35","modified_gmt":"2021-09-13T15:42:35","slug":"control-arana-roja-en-clementinas-con-aceites-minerales","status":"publish","type":"activitats","link":"https:\/\/transferencia.irta.cat\/es\/activitats\/control-arana-roja-en-clementinas-con-aceites-minerales\/","title":{"rendered":"Control ara\u00f1a roja en clementinas con aceites minerales"},"content":{"rendered":"\n<p><strong>Se puede controlar la ara\u00f1a roja, <em>Tetranychus urticae<\/em>, en clementinas con aceites minerales?<\/strong><\/p>\n\n\n\n<p>En las Tierras del Ebro se cultivan alrededor de 7.000 ha de clementinas, mayoritariamente Clementina de Nules. Esta variedad es especialmente sensible al ataque de la ara\u00f1a roja, <em>Tetranychus urticae<\/em>, siendo la plaga que requiere un mayor n\u00famero de tratamientos para su control. Habitualmente se llevan a cabo entre 2 y 4 tratamientos con acaricidas de s\u00edntesis durante el verano.<\/p>\n\n\n\n<p>El objetivo de este proyecto es demostrar la eficacia de una estrategia que combine la aplicaci\u00f3n de aceites minerales y la gesti\u00f3n de la cubierta vegetal.<\/p>\n\n\n\n<p>Esta jornada forma parte de la actividad de demostraci\u00f3n \"Gesti\u00f3n sostenible de <em>Tetranychus urticae<\/em> en clementinas mediante el control biol\u00f3gico por conservaci\u00f3n y la aplicaci\u00f3n de aceites minerales\", operaci\u00f3n 01:02:01 del PDR de Catalu\u00f1a 2014-2020.<\/p>\n\n\n\n<figure class=\"wp-block-image size-large\"><img loading=\"lazy\" decoding=\"async\" width=\"539\" height=\"387\" src=\"https:\/\/transferencia.irta.cat\/wp-content\/uploads\/2021\/09\/tetranychus.jpg\" alt=\"\" class=\"wp-image-9160\" srcset=\"https:\/\/transferencia.irta.cat\/wp-content\/uploads\/2021\/09\/tetranychus.jpg 539w, https:\/\/transferencia.irta.cat\/wp-content\/uploads\/2021\/09\/tetranychus-300x215.jpg 300w\" sizes=\"auto, (max-width: 539px) 100vw, 539px\" \/><\/figure>\n","protected":false},"featured_media":9158,"template":"","categories":[16,637],"tags":[1684,1685,1686],"objectius_estrategics":[1194,1204,1209,1199,1200,1210],"ods":[1247,1264,1261,1244,1257,1274,1273,1256],"programa_irta":[1214,1239],"trainings":[],"class_list":["post-9204","activitats","type-activitats","status-publish","has-post-thumbnail","hentry","category-fruticultura","category-fruticultura-es","tag-aranya-roja","tag-clementins","tag-tetranychus-urticae","objectius_estrategics-canvi-climatic","objectius_estrategics-canvio-climatico","objectius_estrategics-sanidad-vegetal","objectius_estrategics-sanitat-vegetal","objectius_estrategics-seguretat-alimentaria","objectius_estrategics-seguridad-alimentaria","ods-12-consum-i-produccio-responsables","ods-12-consumo-y-produccion-responsables","ods-15-vida-terrestre-es","ods-15-vida-terrestre","ods-2-fam-zero","ods-2-hambre-cero","ods-3-salud-y-bienestar","ods-3-salut-i-benestar","programa_irta-v4-proteccio-vegetal-sostenible","programa_irta-v4-proteccion-vegetal-sostenible"],"acf":{"codi":"210570","data":"22\/09\/2021","data_fi":"22\/09\/2021","horari":"09:30h - 11:30h","idioma":"Castellano","original_language":"ca","preu":"Gratuita","places":"-1","ciutat":"En l\u00ednea","lloc_de_realitzacio":"<p><img loading=\"lazy\" decoding=\"async\" class=\"alignnone size-medium wp-image-2439\" src=\"https:\/\/transferencia.irta.cat\/wp-content\/uploads\/2020\/04\/Blanco-Foto-Mar-Paisaje-Respira-Facebook-Portada-300x111.png\" alt=\"\" width=\"300\" height=\"111\" srcset=\"https:\/\/transferencia.irta.cat\/wp-content\/uploads\/2020\/04\/Blanco-Foto-Mar-Paisaje-Respira-Facebook-Portada-300x111.png 300w, https:\/\/transferencia.irta.cat\/wp-content\/uploads\/2020\/04\/Blanco-Foto-Mar-Paisaje-Respira-Facebook-Portada-768x284.png 768w, https:\/\/transferencia.irta.cat\/wp-content\/uploads\/2020\/04\/Blanco-Foto-Mar-Paisaje-Respira-Facebook-Portada.png 851w\" sizes=\"auto, (max-width: 300px) 100vw, 300px\" \/><\/p>\n","ubicacio":false,"imatge_ubicacio":false,"persona_contacte_nom":"Montse Palau","persona_contacte_email":"montserrat.palau@irta.cat","programa":{"ID":9177,"id":9177,"title":"En l\u00ednia_Aranya roja_2209_210570","filename":"En-l\u00ednia_Aranya-roja_2209_210570.pdf","filesize":634892,"url":"https:\/\/transferencia.irta.cat\/wp-content\/uploads\/2021\/09\/En-l\u00ednia_Aranya-roja_2209_210570.pdf","link":"https:\/\/transferencia.irta.cat\/es\/activitats\/control-arana-roja-en-clementinas-con-aceites-minerales\/en-linia_aranya-roja_2209_210570-2\/","alt":"","author":"32","description":"","caption":"","name":"en-linia_aranya-roja_2209_210570-2","status":"inherit","uploaded_to":9204,"date":"2021-09-09 08:38:03","modified":"2021-09-09 11:06:46","menu_order":0,"mime_type":"application\/pdf","type":"application","subtype":"pdf","icon":"https:\/\/transferencia.irta.cat\/wp-includes\/images\/media\/document.png"},"programacio":"<p><strong>9.30 h Presentaci\u00f3n de la Jornada<\/strong><br \/>\nSra. Gemma Galimany. Jefe de la Secci\u00f3n de Agricultura y Sanidad Vegetal en Tierras del Ebro.<\/p>\n<hr \/>\n<p><strong>09:40 h Proyecto Demostrativo \"Gesti\u00f3n sostenible de <em>Tetranychus urticae<\/em> en clementinas mediante el control biol\u00f3gico por conservaci\u00f3n y la aplicaci\u00f3n de aceites minerales\"<\/strong><br \/>\nSr. Jos\u00e9 Miguel Campos. IRTA. Protecci\u00f3n Vegetal Sostenible.<\/p>\n<hr \/>\n<p><strong>10.00 Gesti\u00f3n integrada de la ara\u00f1a roja, <em>Tetranychus urticae<\/em>, en clementinas<\/strong><br \/>\nSra. Mar\u00eda Teresa Mart\u00ednez-Ferrer. IRTA. Protecci\u00f3n Vegetal Sostenible.<\/p>\n<hr \/>\n<p><strong>10.20 h La importancia de la cubierta vegetal en la gesti\u00f3n de la ara\u00f1a roja, <em>Tetranychus urticae<\/em><\/strong><br \/>\nSra. Mar\u00eda Teresa Mart\u00ednez-Ferrer. IRTA. Protecci\u00f3n Vegetal Sostenible.<\/p>\n<hr \/>\n<p><strong>10:40 h Pr\u00e1cticas agron\u00f3micas en la parcela demostrativa<\/strong><br \/>\nSr. Jos\u00e9 Miguel Fibla. IRTA. Protecci\u00f3n Vegetal Sostenible.<\/p>\n<hr \/>\n<p><strong>11.00 h Resultados del primer a\u00f1o del Proyecto Demostrativo 56 30060 2019 P4<\/strong><br \/>\nSr. Jos\u00e9 Miguel Campos. IRTA. Protecci\u00f3n Vegetal Sostenible.<\/p>\n<hr \/>\n<p><strong>11.20 h Cierre de la jornada<\/strong><\/p>\n","ponents":[{"ponent":{"ID":5854,"post_author":"2","post_date":"2021-02-09 09:51:16","post_date_gmt":"2021-02-09 08:51:16","post_content":"<!-- wp:paragraph {\"translatedWithWPMLTM\":\"1\"} -->\n<p>Jos\u00e9 Miguel Campos Rivela es Ingeniero Agr\u00f3nomo por la Universidad Polit\u00e9cnica de Valencia y Doctor Ingeniero Agr\u00f3nomo por la Universidad Jaume I de Castell\u00f3n. Investigador del programa de Protecci\u00f3n Vegetal Sostenible desde 2004 y Delegado Institucional del IRTA desde 2019. Las principales \u00e1reas de trabajo como investigador pertenecen a la gesti\u00f3n integrada de plagas: bioecologia de especies plaga y entomofauna auxiliar, implementaci\u00f3n de m\u00e9todos de control biol\u00f3gico y biot\u00e9cnico y desarrollo de m\u00e9todos de muestreo y establecimiento de umbrales de econ\u00f3micos de intervenci\u00f3n. Es coautor de 66 publicaciones cient\u00edfico-t\u00e9cnicas en el campo de la entomolog\u00eda, la protecci\u00f3n vegetal, el control biol\u00f3gico y la gesti\u00f3n integrada de plagas, y ha realizado 23 contribuciones a congresos nacionales y 28 internacionales. Ha sido profesor asociado de Control de Cultivos en la titulaci\u00f3n de Hortofruticultura y Jardiner\u00eda (Universidad Internacional de Catalu\u00f1a (UIC). Miembro de la Sociedad Espa\u00f1ola de Entomolog\u00eda Aplicada (SEEA), del grupo de trabajo de \"Citrus-IPM\" de la IOBC (International Organization for Biological control) y del Comit\u00e9 de C\u00edtricos del programa Fruit.Net (Generalitat de Catalu\u00f1a). Ha participado en 13 proyectos I + D financiados en convocatorias p\u00fablicas, nacionales e internacionales, todos en el campo del control biol\u00f3gico e integrado de plagas de c\u00edtricos, frutales, arroz y cultivos mediterr\u00e1neos. Asimismo, ha participado en 19 contratos de I + D con empresas o administraciones (nacionales y \/ o internacionales relacionados con estos campos. ha impartido 44 jornadas y cursos dirigidos a el sector productivo relacionados con el control integrado de plagas.<\/p>\n<!-- \/wp:paragraph -->","post_title":"Jos\u00e9 Miguel Campos Rivela","post_excerpt":"","post_status":"publish","comment_status":"closed","ping_status":"closed","post_password":"","post_name":"jose-miguel-campos-rivela","to_ping":"","pinged":"","post_modified":"2021-02-09 09:51:17","post_modified_gmt":"2021-02-09 08:51:17","post_content_filtered":"","post_parent":0,"guid":"https:\/\/transferencia.irta.cat\/ponent\/jose-miguel-campos-rivela\/","menu_order":0,"post_type":"ponent","post_mime_type":"","comment_count":"0","filter":"raw"}},{"ponent":{"ID":9202,"post_author":"32","post_date":"2021-09-09 12:55:16","post_date_gmt":"2021-09-09 10:55:16","post_content":"<!-- wp:paragraph {\"translatedWithWPMLTM\":\"1\"} -->\n<p>Doctora en Ingenier\u00eda Agraria por la Universidad Polit\u00e9cnica de Valencia (Espa\u00f1a). Investigadora senior del Instituto de Investigaci\u00f3n y Tecnolog\u00eda Agroalimentaria (IRTA) de la Generalitat de Catalu\u00f1a desde 1991, principalmente en entomolog\u00eda de c\u00edtricos y olivos, dentro del Programa de Protecci\u00f3n Vegetal Sostenible. Mi trabajo de investigaci\u00f3n se centra en la biolog\u00eda de plagas, la ecolog\u00eda y las din\u00e1micas estacionales, el desarrollo de m\u00e9todos de muestreo, el establecimiento de umbrales econ\u00f3micos para la intervenci\u00f3n y la mejora de los m\u00e9todos qu\u00edmicos, biol\u00f3gicos, culturales y de control de plagas. Fui profesor asociado de Tecnolog\u00edas de Producci\u00f3n II: Protecci\u00f3n Vegetal en la Universidad Internacional de Catalu\u00f1a (UIC) en el Grado de Horticultura y Jardiner\u00eda. He participado en numerosos proyectos de investigaci\u00f3n financiados por fondos p\u00fablicos nacionales e internacionales y numerosos contratos con empresas privadas en el \u00e1mbito del control biol\u00f3gico e integrado de plagas para cultivos de c\u00edtricos y olivos. Desde su creaci\u00f3n en 1994, he jugado un papel activo en el Comit\u00e9 Integrado de Producci\u00f3n de Cultivos C\u00edtricos de Catalu\u00f1a, para actualizar las normas t\u00e9cnicas de producci\u00f3n de c\u00edtricos. Tambi\u00e9n soy coordinador t\u00e9cnico del Comit\u00e9 de C\u00edtricos del Programa de Fruit.Net (Generalitat de Catalu\u00f1a) para la optimizaci\u00f3n de la aplicaci\u00f3n de productos fitosanitarios y la reducci\u00f3n de residuos sobre la fruta. Me incorpor\u00e9 al Grupo Nacional nacional de Plagas de Cultivos Subtropicales y C\u00edtricos desde 1991 hasta que termin\u00f3 en 2011. Soy el actual Convocante del Grupo de Trabajo Protecci\u00f3n Integrada de los Cultivos de C\u00edtricos (2017) de la Organizaci\u00f3n Internacional de Control Biol\u00f3gico y Integrado (IOBC) - Secci\u00f3n Regi\u00f3n Pale\u00e1rtica Occidental. He sido miembro del Grupo foco EIP-AGRI Plagas y enfermedades del olivo (2019-2020). He participado en numerosos congresos nacionales e internacionales y tengo una amplia experiencia en transferencia de conocimiento a trav\u00e9s de cursos de formaci\u00f3n, seminarios y talleres dirigidos a t\u00e9cnicos y agricultores. He publicado m\u00e1s de 100 art\u00edculos cient\u00edficos y t\u00e9cnicos<\/p>\n<!-- \/wp:paragraph -->","post_title":"Mar\u00eda Teresa Mart\u00ednez Ferrer","post_excerpt":"","post_status":"publish","comment_status":"closed","ping_status":"closed","post_password":"","post_name":"maria-teresa-martinez-ferrer","to_ping":"","pinged":"","post_modified":"2021-09-09 12:55:16","post_modified_gmt":"2021-09-09 10:55:16","post_content_filtered":"","post_parent":0,"guid":"https:\/\/transferencia.irta.cat\/ponent\/maria-teresa-martinez-ferrer\/","menu_order":0,"post_type":"ponent","post_mime_type":"","comment_count":"0","filter":"raw"}}],"organitza":[{"imatge":"https:\/\/transferencia.irta.cat\/wp-content\/uploads\/2021\/07\/dacc-2.jpg","nom":"","link":""},{"imatge":"https:\/\/transferencia.irta.cat\/wp-content\/uploads\/2021\/02\/IRTA_logo_R.png","nom":"","link":""}],"patrocina":false,"colabora":[{"imatge":"https:\/\/transferencia.irta.cat\/wp-content\/uploads\/2019\/11\/fons-europeu.jpg","nom":"","link":""},{"imatge":"https:\/\/transferencia.irta.cat\/wp-content\/uploads\/2020\/03\/logo-xarxa-i-color.jpg","nom":"","link":""}],"serveis":false,"materials":false,"activitats_relacionades":false,"te_enquesta":true,"id_enquesta":"91","enquesta_externa":"","subscribe_external_link":"","en_construccio":false,"wait_list":false},"yoast_head":"<!-- This site is optimized with the Yoast SEO plugin v15.2 - https:\/\/yoast.com\/wordpress\/plugins\/seo\/ -->\n<title>Control ara\u00f1a roja en clementinas con aceites minerales - IRTA<\/title>\n<meta name=\"description\" content=\"Se puede controlar la ara\u00f1a roja, Tetranychus urticae, en clementinas con aceites minerales? En las Tierras del Ebro se cultivan alrededor de 7.000 ha de\" \/>\n<meta name=\"robots\" content=\"index, follow, max-snippet:-1, max-image-preview:large, max-video-preview:-1\" \/>\n<link rel=\"canonical\" href=\"https:\/\/transferencia.irta.cat\/es\/activitats\/control-arana-roja-en-clementinas-con-aceites-minerales\/\" \/>\n<meta property=\"og:locale\" content=\"es_ES\" \/>\n<meta property=\"og:type\" content=\"article\" \/>\n<meta property=\"og:title\" content=\"Control ara\u00f1a roja en clementinas con aceites minerales - IRTA\" \/>\n<meta property=\"og:description\" content=\"Se puede controlar la ara\u00f1a roja, Tetranychus urticae, en clementinas con aceites minerales? En las Tierras del Ebro se cultivan alrededor de 7.000 ha de\" \/>\n<meta property=\"og:url\" content=\"https:\/\/transferencia.irta.cat\/es\/activitats\/control-arana-roja-en-clementinas-con-aceites-minerales\/\" \/>\n<meta property=\"og:site_name\" content=\"IRTA\" \/>\n<meta property=\"article:modified_time\" content=\"2021-09-13T15:42:35+00:00\" \/>\n<meta property=\"og:image\" content=\"https:\/\/transferencia.irta.cat\/wp-content\/uploads\/2021\/09\/tetranychus.jpg\" \/>\n\t<meta property=\"og:image:width\" content=\"539\" \/>\n\t<meta property=\"og:image:height\" content=\"387\" \/>\n<meta name=\"twitter:card\" content=\"summary_large_image\" \/>\n<meta name=\"twitter:label1\" value=\"Escrito por\">\n\t<meta name=\"twitter:data1\" value=\"Montse\">\n\t<meta name=\"twitter:label2\" value=\"Tiempo de lectura\">\n\t<meta name=\"twitter:data2\" value=\"1 minuto\">\n<script type=\"application\/ld+json\" class=\"yoast-schema-graph\">{\"@context\":\"https:\/\/schema.org\",\"@graph\":[{\"@type\":\"WebSite\",\"@id\":\"https:\/\/transferencia.irta.cat\/es\/#website\",\"url\":\"https:\/\/transferencia.irta.cat\/es\/\",\"name\":\"IRTA\",\"description\":\"Transfer\\u00e8ncia de coneixement\",\"potentialAction\":[{\"@type\":\"SearchAction\",\"target\":\"https:\/\/transferencia.irta.cat\/es\/?s={search_term_string}\",\"query-input\":\"required name=search_term_string\"}],\"inLanguage\":\"es\"},{\"@type\":\"ImageObject\",\"@id\":\"https:\/\/transferencia.irta.cat\/es\/activitats\/control-arana-roja-en-clementinas-con-aceites-minerales\/#primaryimage\",\"inLanguage\":\"es\",\"url\":\"https:\/\/transferencia.irta.cat\/wp-content\/uploads\/2021\/09\/tetranychus.jpg\",\"width\":539,\"height\":387},{\"@type\":\"WebPage\",\"@id\":\"https:\/\/transferencia.irta.cat\/es\/activitats\/control-arana-roja-en-clementinas-con-aceites-minerales\/#webpage\",\"url\":\"https:\/\/transferencia.irta.cat\/es\/activitats\/control-arana-roja-en-clementinas-con-aceites-minerales\/\",\"name\":\"Control ara\\u00f1a roja en clementinas con aceites minerales - IRTA\",\"isPartOf\":{\"@id\":\"https:\/\/transferencia.irta.cat\/es\/#website\"},\"primaryImageOfPage\":{\"@id\":\"https:\/\/transferencia.irta.cat\/es\/activitats\/control-arana-roja-en-clementinas-con-aceites-minerales\/#primaryimage\"},\"datePublished\":\"2021-09-09T11:06:45+00:00\",\"dateModified\":\"2021-09-13T15:42:35+00:00\",\"description\":\"Se puede controlar la ara\\u00f1a roja, Tetranychus urticae, en clementinas con aceites minerales? En las Tierras del Ebro se cultivan alrededor de 7.000 ha de\",\"inLanguage\":\"es\",\"potentialAction\":[{\"@type\":\"ReadAction\",\"target\":[\"https:\/\/transferencia.irta.cat\/es\/activitats\/control-arana-roja-en-clementinas-con-aceites-minerales\/\"]}]}]}<\/script>\n<!-- \/ Yoast SEO plugin. -->","_links":{"self":[{"href":"https:\/\/transferencia.irta.cat\/es\/wp-json\/wp\/v2\/activitats\/9204","targetHints":{"allow":["GET"]}}],"collection":[{"href":"https:\/\/transferencia.irta.cat\/es\/wp-json\/wp\/v2\/activitats"}],"about":[{"href":"https:\/\/transferencia.irta.cat\/es\/wp-json\/wp\/v2\/types\/activitats"}],"wp:featuredmedia":[{"embeddable":true,"href":"https:\/\/transferencia.irta.cat\/es\/wp-json\/wp\/v2\/media\/9158"}],"wp:attachment":[{"href":"https:\/\/transferencia.irta.cat\/es\/wp-json\/wp\/v2\/media?parent=9204"}],"wp:term":[{"taxonomy":"category","embeddable":true,"href":"https:\/\/transferencia.irta.cat\/es\/wp-json\/wp\/v2\/categories?post=9204"},{"taxonomy":"post_tag","embeddable":true,"href":"https:\/\/transferencia.irta.cat\/es\/wp-json\/wp\/v2\/tags?post=9204"},{"taxonomy":"objectius_estrategics","embeddable":true,"href":"https:\/\/transferencia.irta.cat\/es\/wp-json\/wp\/v2\/objectius_estrategics?post=9204"},{"taxonomy":"ods","embeddable":true,"href":"https:\/\/transferencia.irta.cat\/es\/wp-json\/wp\/v2\/ods?post=9204"},{"taxonomy":"programa_irta","embeddable":true,"href":"https:\/\/transferencia.irta.cat\/es\/wp-json\/wp\/v2\/programa_irta?post=9204"},{"taxonomy":"trainings","embeddable":true,"href":"https:\/\/transferencia.irta.cat\/es\/wp-json\/wp\/v2\/trainings?post=9204"}],"curies":[{"name":"wp","href":"https:\/\/api.w.org\/{rel}","templated":true}]}}