{"id":8583,"date":"2021-07-19T14:48:54","date_gmt":"2021-07-19T12:48:54","guid":{"rendered":"https:\/\/transferencia.irta.cat\/?post_type=activitats&#038;p=8583"},"modified":"2021-09-02T13:00:17","modified_gmt":"2021-09-02T11:00:17","slug":"recomex-2021-2","status":"publish","type":"activitats","link":"https:\/\/transferencia.irta.cat\/es\/activitats\/recomex-2021-2\/","title":{"rendered":"RECOMEX 2021"},"content":{"rendered":"\n<p><\/p>\n\n\n\n<p>En esta jornada se pondr\u00e1 especial \u00e9nfasis en novedades e innovaciones que hay en el mercado y que pueden ser una oportunidad para el sector. Parte de la informaci\u00f3n que se presenta se ha obtenido en el marco de las siguientes actuaciones o proyectos:<\/p>\n\n\n\n<ul class=\"wp-block-list\"><li>MILLOR P\u00c8SOL. Fomento del deshierbe mec\u00e1nico en cereales de invierno.<\/li><li>Estrategias de mitigaci\u00f3n de la sequ\u00eda en trigo harinero. (Operaci\u00f3n 01:02:01 de Transferencia Tecnol\u00f3gica del PDR de Catalu\u00f1a 2014-2020).<\/li><li>Fomento de la producci\u00f3n de cebada, ma\u00edz, alfalfa y Oleaga-estorbos en producci\u00f3n ecol\u00f3gica para la alimentaci\u00f3n de los animales.<\/li><li>Agricultura de precisi\u00f3n para la mejora de la producci\u00f3n y calidad del cereal de invierno y su sostenibilidad. (Operaci\u00f3n 16:01:01 de Cooperaci\u00f3n para la Innovaci\u00f3n del PDR de Catalu\u00f1a 2014 hasta 2020).<\/li><li>PECT Motors por el Segarra-Garrigues.<\/li><li>Planes para la mejora de la fertilizaci\u00f3n agraria.<\/li><\/ul>\n\n\n\n<p><\/p>\n\n\n\n<figure class=\"wp-block-image size-large\"><img loading=\"lazy\" decoding=\"async\" width=\"1024\" height=\"576\" src=\"https:\/\/transferencia.irta.cat\/wp-content\/uploads\/2021\/07\/foto_sol\u00b7licitud-1024x576.jpg\" alt=\"\" class=\"wp-image-8525\" srcset=\"https:\/\/transferencia.irta.cat\/wp-content\/uploads\/2021\/07\/foto_sol\u00b7licitud-1024x576.jpg 1024w, https:\/\/transferencia.irta.cat\/wp-content\/uploads\/2021\/07\/foto_sol\u00b7licitud-300x169.jpg 300w, https:\/\/transferencia.irta.cat\/wp-content\/uploads\/2021\/07\/foto_sol\u00b7licitud-768x432.jpg 768w, https:\/\/transferencia.irta.cat\/wp-content\/uploads\/2021\/07\/foto_sol\u00b7licitud-1536x864.jpg 1536w, https:\/\/transferencia.irta.cat\/wp-content\/uploads\/2021\/07\/foto_sol\u00b7licitud.jpg 1920w\" sizes=\"auto, (max-width: 1024px) 100vw, 1024px\" \/><\/figure>\n","protected":false},"featured_media":8525,"template":"","categories":[636,635],"tags":[651],"objectius_estrategics":[1203,1204,1209],"ods":[1264,1263,1261],"programa_irta":[1238],"trainings":[],"class_list":["post-8583","activitats","type-activitats","status-publish","has-post-thumbnail","hentry","category-arros-cereales","category-produccion-vegetal","tag-cultius-extensius-es","objectius_estrategics-augmentar-produccion-proteina","objectius_estrategics-canvio-climatico","objectius_estrategics-sanidad-vegetal","ods-12-consumo-y-produccion-responsables","ods-13-accion-climatica","ods-15-vida-terrestre-es","programa_irta-v3-cultivos-extensivos"],"acf":{"codi":"","data":"14\/09\/2021","data_fi":"14\/09\/2021","horari":"10:00h - 13:10h","idioma":"Catal\u00e1n","original_language":"ca","preu":"Gratu\u00efta","places":"-1","ciutat":"En l\u00ednea","lloc_de_realitzacio":"<p><img loading=\"lazy\" decoding=\"async\" class=\"alignnone size-medium wp-image-2439\" src=\"https:\/\/transferencia.irta.cat\/wp-content\/uploads\/2020\/04\/Blanco-Foto-Mar-Paisaje-Respira-Facebook-Portada-300x111.png\" alt=\"\" width=\"300\" height=\"111\" srcset=\"https:\/\/transferencia.irta.cat\/wp-content\/uploads\/2020\/04\/Blanco-Foto-Mar-Paisaje-Respira-Facebook-Portada-300x111.png 300w, https:\/\/transferencia.irta.cat\/wp-content\/uploads\/2020\/04\/Blanco-Foto-Mar-Paisaje-Respira-Facebook-Portada-768x284.png 768w, https:\/\/transferencia.irta.cat\/wp-content\/uploads\/2020\/04\/Blanco-Foto-Mar-Paisaje-Respira-Facebook-Portada.png 851w\" sizes=\"auto, (max-width: 300px) 100vw, 300px\" \/><\/p>\n","ubicacio":false,"imatge_ubicacio":false,"persona_contacte_nom":"Montse Palau","persona_contacte_email":"montserrat.palau@irta.cat","programa":{"ID":8727,"id":8727,"title":"En l\u00ednia_RECOMEX_210163_1409","filename":"En-l\u00ednia_RECOMEX_210163_1409.pdf","filesize":595911,"url":"https:\/\/transferencia.irta.cat\/wp-content\/uploads\/2021\/07\/En-l\u00ednia_RECOMEX_210163_1409.pdf","link":"https:\/\/transferencia.irta.cat\/es\/activitats\/recomex-2021-2\/en-linia_recomex_210163_1409-2\/","alt":"","author":"32","description":"","caption":"","name":"en-linia_recomex_210163_1409-2","status":"inherit","uploaded_to":8583,"date":"2021-07-30 12:56:37","modified":"2021-07-30 12:56:37","menu_order":0,"mime_type":"application\/pdf","type":"application","subtype":"pdf","icon":"https:\/\/transferencia.irta.cat\/wp-includes\/images\/media\/document.png"},"programacio":"<p>10.00 Bienvenida y presentaci\u00f3n de la jornada Sr. Josep Usall, director general del IRTA.<\/p>\n<hr \/>\n<p>10.15 h <strong>BLOQUE 1. Protecci\u00f3n de los cultivos y cambio clim\u00e1tico<\/strong><\/p>\n<p>\u2022 Contribuci\u00f3n del material vegetal a la sostenibilidad<\/p>\n<p>\u2022 Estrategias de mitigaci\u00f3n de la sequ\u00eda en trigo harinero<\/p>\n<p>\u2022 Deshierbe mec\u00e1nico de precisi\u00f3n<\/p>\n<p>\u2022 Impacto de las mezclas de productos fitosanitarios sobre los polinizadores<\/p>\n<hr \/>\n<p>11.00 h <strong>BLOQUE 2. Gesti\u00f3n de la fertilizaci\u00f3n<\/strong><\/p>\n<p>\u2022 Planificar la fertilizaci\u00f3n, un nuevo requerimiento hacia la sostenibilidad<\/p>\n<p>\u2022 C\u00f3mo establecer zonas con necesidades de fertilizaci\u00f3n homog\u00e9nea<\/p>\n<p>\u2022 Equipos de aplicaci\u00f3n variable de fertilizantes, presente y futuro<\/p>\n<p>\u2022 C\u00f3mo utilizar de forma eficiente los nutrientes de los derivados de los purines<\/p>\n<hr \/>\n<p>11.45 h Pausa<\/p>\n<hr \/>\n<p>11:50 h <strong>BLOQUE 3. Mejora de la biodiversidad<\/strong><\/p>\n<p>\u2022 Fauna auxiliar<\/p>\n<p>\u2022 Bandas florales<\/p>\n<p>\u2022 Biodiversidad al suelo<\/p>\n<hr \/>\n<p>12:35 h<strong> BLOQUE 4. Cultivo ecol\u00f3gico<\/strong><\/p>\n<p>\u2022 Aptitud de las variedades de cereales de invierno en ecol\u00f3gico<\/p>\n<p>\u2022 Asociaci\u00f3n del trigo con leguminosas<\/p>\n<p>\u2022 Problem\u00e1ticas asociadas al Cutler de colza en ecol\u00f3gico<\/p>\n<hr \/>\n<p>13:10 h Cierre de la jornada<\/p>\n<hr \/>\n<p>Las ponencias correr\u00e1n a cargo de la Sra. Rosa Bisa, ADV Valls del Corb; Sra. Ingrid Pozo, Coop. Agr\u00edcola Castell\u00f3 de Emp\u00faries; Sr. Manel Cunill, Coop. Agr\u00e0ria del Vall\u00e8s; Sr. Ruben Masnou, AGROCAT; Sr. Jordi Bosch, CREAF; Sr. Josep M\u00aa Llenes, Sr. \u00c0lex Estadella, Sra. Nuria Canut y Sr. Jordi Tugues, DACC; Sra. Roser Sayeras, Sra. Marta da Silva, Sr. Joan Serra, Sr. Francisco Domingo, Sra. Elena Gonz\u00e1lez, Sra. Judit Vallverd\u00fa, Sr. Joan Fa\u00f1\u00e9, Sr. Francesc Prenafeta, Sr. Jordi Doltra y Sr. Josep Anton Betbes\u00e9, IRTA; Sr. Lu\u00eds Miranda, Syngenta; Sr. Xavier Pons y D. Josep M\u00aa Montull, UDL.<\/p>\n","ponents":false,"organitza":[{"imatge":"https:\/\/transferencia.irta.cat\/wp-content\/uploads\/2019\/11\/irta_logo.png","nom":"","link":""},{"imatge":"https:\/\/transferencia.irta.cat\/wp-content\/uploads\/2021\/06\/dacc.jpg","nom":"","link":""}],"patrocina":[{"imatge":"https:\/\/transferencia.irta.cat\/wp-content\/uploads\/2021\/04\/actel.jpg","nom":"","link":""},{"imatge":"https:\/\/transferencia.irta.cat\/wp-content\/uploads\/2021\/07\/ADAMA_logo_2.jpg","nom":"","link":"https:\/\/www.adama.com\/spain\/es\/"},{"imatge":"https:\/\/transferencia.irta.cat\/wp-content\/uploads\/2021\/07\/agraria_estany.jpg","nom":"","link":""},{"imatge":"https:\/\/transferencia.irta.cat\/wp-content\/uploads\/2021\/07\/agrovegetal.jpg","nom":"","link":""},{"imatge":"https:\/\/transferencia.irta.cat\/wp-content\/uploads\/2021\/07\/agrosalvi.png","nom":"","link":""},{"imatge":"https:\/\/transferencia.irta.cat\/wp-content\/uploads\/2021\/04\/AGRUSA-Logo.png","nom":"","link":""},{"imatge":"https:\/\/transferencia.irta.cat\/wp-content\/uploads\/2021\/07\/Aprose_logo.jpg","nom":"","link":"http:\/\/www.aprose.es\/"},{"imatge":"https:\/\/transferencia.irta.cat\/wp-content\/uploads\/2021\/07\/BASF_negre.png","nom":"","link":""},{"imatge":"https:\/\/transferencia.irta.cat\/wp-content\/uploads\/2021\/07\/bayer_logo-1.jpg","nom":"","link":""},{"imatge":"https:\/\/transferencia.irta.cat\/wp-content\/uploads\/2021\/07\/batlle.jpg","nom":"","link":""},{"imatge":"https:\/\/transferencia.irta.cat\/wp-content\/uploads\/2021\/07\/corteva.jpg","nom":"","link":"https:\/\/www.youtube.com\/watch?v=4ZgVyPtuLdQ&feature=youtu.be"},{"imatge":"https:\/\/transferencia.irta.cat\/wp-content\/uploads\/2021\/07\/CUPASSA.png","nom":"","link":"https:\/\/www.cupasa.com\/"},{"imatge":"https:\/\/transferencia.irta.cat\/wp-content\/uploads\/2021\/07\/qu\u00edmica-mass\u00f3.jpg","nom":"","link":""},{"imatge":"https:\/\/transferencia.irta.cat\/wp-content\/uploads\/2021\/07\/kenogard-1.jpg","nom":"","link":""},{"imatge":"https:\/\/transferencia.irta.cat\/wp-content\/uploads\/2021\/08\/Logo-LIDEA-baseline-cmyk_page-0001.jpg","nom":"","link":"https:\/\/lidea-seeds.com\/"},{"imatge":"https:\/\/transferencia.irta.cat\/wp-content\/uploads\/2021\/07\/limagrain_logo.jpg","nom":"","link":"www.lgseeds.es"},{"imatge":"https:\/\/transferencia.irta.cat\/wp-content\/uploads\/2021\/04\/Logo-Mart\u00ed-Agr\u00edcola_web.png","nom":"","link":""},{"imatge":"https:\/\/transferencia.irta.cat\/wp-content\/uploads\/2021\/07\/nufarm_logo.jpg","nom":"","link":""},{"imatge":"https:\/\/transferencia.irta.cat\/wp-content\/uploads\/2021\/07\/SM_AGRO_DEF.jpg","nom":"","link":"http:\/\/www.sm-agro.com\/"},{"imatge":"https:\/\/transferencia.irta.cat\/wp-content\/uploads\/2021\/07\/Logo-Yara.png","nom":"","link":"https:\/\/www.youtube.com\/watch?v=ExpAwYayA_k"}],"colabora":false,"serveis":false,"materials":false,"activitats_relacionades":false,"te_enquesta":false,"id_enquesta":"","enquesta_externa":"","subscribe_external_link":"","en_construccio":false,"wait_list":false},"yoast_head":"<!-- This site is optimized with the Yoast SEO plugin v15.2 - https:\/\/yoast.com\/wordpress\/plugins\/seo\/ -->\n<title>RECOMEX 2021 - IRTA<\/title>\n<meta name=\"description\" content=\"En esta jornada se pondr\u00e1 especial \u00e9nfasis en novedades e innovaciones que hay en el mercado y que pueden ser una oportunidad para el sector. Parte de la\" \/>\n<meta name=\"robots\" content=\"index, follow, max-snippet:-1, max-image-preview:large, max-video-preview:-1\" \/>\n<link rel=\"canonical\" href=\"https:\/\/transferencia.irta.cat\/es\/activitats\/recomex-2021-2\/\" \/>\n<meta property=\"og:locale\" content=\"es_ES\" \/>\n<meta property=\"og:type\" content=\"article\" \/>\n<meta property=\"og:title\" content=\"RECOMEX 2021 - IRTA\" \/>\n<meta property=\"og:description\" content=\"En esta jornada se pondr\u00e1 especial \u00e9nfasis en novedades e innovaciones que hay en el mercado y que pueden ser una oportunidad para el sector. Parte de la\" \/>\n<meta property=\"og:url\" content=\"https:\/\/transferencia.irta.cat\/es\/activitats\/recomex-2021-2\/\" \/>\n<meta property=\"og:site_name\" content=\"IRTA\" \/>\n<meta property=\"article:modified_time\" content=\"2021-09-02T11:00:17+00:00\" \/>\n<meta property=\"og:image\" content=\"https:\/\/transferencia.irta.cat\/wp-content\/uploads\/2021\/07\/foto_sol\u00b7licitud.jpg\" \/>\n\t<meta property=\"og:image:width\" content=\"1920\" \/>\n\t<meta property=\"og:image:height\" content=\"1080\" \/>\n<meta name=\"twitter:card\" content=\"summary_large_image\" \/>\n<meta name=\"twitter:label1\" value=\"Escrito por\">\n\t<meta name=\"twitter:data1\" value=\"Montse\">\n\t<meta name=\"twitter:label2\" value=\"Tiempo de lectura\">\n\t<meta name=\"twitter:data2\" value=\"1 minuto\">\n<script type=\"application\/ld+json\" class=\"yoast-schema-graph\">{\"@context\":\"https:\/\/schema.org\",\"@graph\":[{\"@type\":\"WebSite\",\"@id\":\"https:\/\/transferencia.irta.cat\/es\/#website\",\"url\":\"https:\/\/transferencia.irta.cat\/es\/\",\"name\":\"IRTA\",\"description\":\"Transfer\\u00e8ncia de coneixement\",\"potentialAction\":[{\"@type\":\"SearchAction\",\"target\":\"https:\/\/transferencia.irta.cat\/es\/?s={search_term_string}\",\"query-input\":\"required name=search_term_string\"}],\"inLanguage\":\"es\"},{\"@type\":\"ImageObject\",\"@id\":\"https:\/\/transferencia.irta.cat\/es\/activitats\/recomex-2021-2\/#primaryimage\",\"inLanguage\":\"es\",\"url\":\"https:\/\/transferencia.irta.cat\/wp-content\/uploads\/2021\/07\/foto_sol\\u00b7licitud.jpg\",\"width\":1920,\"height\":1080},{\"@type\":\"WebPage\",\"@id\":\"https:\/\/transferencia.irta.cat\/es\/activitats\/recomex-2021-2\/#webpage\",\"url\":\"https:\/\/transferencia.irta.cat\/es\/activitats\/recomex-2021-2\/\",\"name\":\"RECOMEX 2021 - IRTA\",\"isPartOf\":{\"@id\":\"https:\/\/transferencia.irta.cat\/es\/#website\"},\"primaryImageOfPage\":{\"@id\":\"https:\/\/transferencia.irta.cat\/es\/activitats\/recomex-2021-2\/#primaryimage\"},\"datePublished\":\"2021-07-19T12:48:54+00:00\",\"dateModified\":\"2021-09-02T11:00:17+00:00\",\"description\":\"En esta jornada se pondr\\u00e1 especial \\u00e9nfasis en novedades e innovaciones que hay en el mercado y que pueden ser una oportunidad para el sector. Parte de la\",\"inLanguage\":\"es\",\"potentialAction\":[{\"@type\":\"ReadAction\",\"target\":[\"https:\/\/transferencia.irta.cat\/es\/activitats\/recomex-2021-2\/\"]}]}]}<\/script>\n<!-- \/ Yoast SEO plugin. -->","_links":{"self":[{"href":"https:\/\/transferencia.irta.cat\/es\/wp-json\/wp\/v2\/activitats\/8583","targetHints":{"allow":["GET"]}}],"collection":[{"href":"https:\/\/transferencia.irta.cat\/es\/wp-json\/wp\/v2\/activitats"}],"about":[{"href":"https:\/\/transferencia.irta.cat\/es\/wp-json\/wp\/v2\/types\/activitats"}],"wp:featuredmedia":[{"embeddable":true,"href":"https:\/\/transferencia.irta.cat\/es\/wp-json\/wp\/v2\/media\/8525"}],"wp:attachment":[{"href":"https:\/\/transferencia.irta.cat\/es\/wp-json\/wp\/v2\/media?parent=8583"}],"wp:term":[{"taxonomy":"category","embeddable":true,"href":"https:\/\/transferencia.irta.cat\/es\/wp-json\/wp\/v2\/categories?post=8583"},{"taxonomy":"post_tag","embeddable":true,"href":"https:\/\/transferencia.irta.cat\/es\/wp-json\/wp\/v2\/tags?post=8583"},{"taxonomy":"objectius_estrategics","embeddable":true,"href":"https:\/\/transferencia.irta.cat\/es\/wp-json\/wp\/v2\/objectius_estrategics?post=8583"},{"taxonomy":"ods","embeddable":true,"href":"https:\/\/transferencia.irta.cat\/es\/wp-json\/wp\/v2\/ods?post=8583"},{"taxonomy":"programa_irta","embeddable":true,"href":"https:\/\/transferencia.irta.cat\/es\/wp-json\/wp\/v2\/programa_irta?post=8583"},{"taxonomy":"trainings","embeddable":true,"href":"https:\/\/transferencia.irta.cat\/es\/wp-json\/wp\/v2\/trainings?post=8583"}],"curies":[{"name":"wp","href":"https:\/\/api.w.org\/{rel}","templated":true}]}}