{"id":8581,"date":"2021-07-19T14:37:11","date_gmt":"2021-07-19T12:37:11","guid":{"rendered":"https:\/\/transferencia.irta.cat\/?post_type=activitats&#038;p=8581"},"modified":"2021-11-10T14:53:18","modified_gmt":"2021-11-10T13:53:18","slug":"semana-fruticola-2021","status":"publish","type":"activitats","link":"https:\/\/transferencia.irta.cat\/es\/activitats\/semana-fruticola-2021\/","title":{"rendered":"Semana Frut\u00edcola 2021"},"content":{"rendered":"\n<p><strong>\u00a1Este 2021 volvemos a campo! <\/strong>\u00a1Volvemos a Mollerussa!<\/p>\n\n\n\n<p><strong>Los d\u00edas 20, 21 y 22 de octubre<\/strong> nos vemos en Mollerussa:<\/p>\n\n\n\n<ul class=\"wp-block-list\"><li><strong>20 octubre: D\u00eda del Almendro<\/strong> (sesiones en catal\u00e1n y castellano)<\/li><li><strong>21 octubre: D\u00eda del Melocot\u00f3n y la Nectarina<\/strong> (sesiones en catal\u00e1n y castellano)<\/li><li><strong>22 octubre: D\u00eda de la Manzana y la Pera<\/strong> (sesiones en catal\u00e1n y castellano)<\/li><\/ul>\n\n\n\n<p><strong>ENTRADA LIBRE.<\/strong> Las inscripciones no son obligatorias, pero s\u00ed recomendadas. <span class=\"has-inline-color has-vivid-red-color\">\u00a1No olvides la mascarilla!<\/span><\/p>\n\n\n\n<p><\/p>\n\n\n\n<p>\u00a1ATENCI\u00d3N! Las ponencias se podr\u00e1n seguir tambi\u00e9n en<em> streaming<\/em> en <a rel=\"noreferrer noopener\" href=\"https:\/\/www.youtube.com\/user\/irtacat\" target=\"_blank\">YouTube IRTACAT<\/a><\/p>\n\n\n\n<hr class=\"wp-block-separator\"\/>\n\n\n\n<p>Y del<strong> 26 al 29 de octubre, PONENCIAS DE INNOVACI\u00d3N COMERCIAL Y AGRON\u00d3MICAS <\/strong><span class=\"has-inline-color has-vivid-red-color\">en l\u00ednea<\/span><\/p>\n\n\n\n<p>Inscripciones: <a href=\"https:\/\/transferencia.irta.cat\/es\/activitats\/semana-fruticola-2021-innovaciones-comerciales\/\">Semana Frut\u00edcola 2021 Innovaciones comerciales - IRTA<\/a><\/p>\n\n\n\n<div class=\"wp-block-image\"><figure class=\"aligncenter size-large is-resized\"><img loading=\"lazy\" decoding=\"async\" src=\"https:\/\/transferencia.irta.cat\/wp-content\/uploads\/2021\/10\/ESP_banner_semana-1024x439.jpg\" alt=\"\" class=\"wp-image-10076\" width=\"512\" height=\"220\" srcset=\"https:\/\/transferencia.irta.cat\/wp-content\/uploads\/2021\/10\/ESP_banner_semana-1024x439.jpg 1024w, https:\/\/transferencia.irta.cat\/wp-content\/uploads\/2021\/10\/ESP_banner_semana-300x129.jpg 300w, https:\/\/transferencia.irta.cat\/wp-content\/uploads\/2021\/10\/ESP_banner_semana-768x329.jpg 768w, https:\/\/transferencia.irta.cat\/wp-content\/uploads\/2021\/10\/ESP_banner_semana-1536x658.jpg 1536w, https:\/\/transferencia.irta.cat\/wp-content\/uploads\/2021\/10\/ESP_banner_semana.jpg 1920w\" sizes=\"auto, (max-width: 512px) 100vw, 512px\" \/><\/figure><\/div>\n\n\n\n<figure class=\"wp-block-image size-large\"><img loading=\"lazy\" decoding=\"async\" width=\"1024\" height=\"295\" src=\"https:\/\/transferencia.irta.cat\/wp-content\/uploads\/2021\/10\/ESP_BANNER-esponsors_2-1024x295.jpg\" alt=\"\" class=\"wp-image-10064\" srcset=\"https:\/\/transferencia.irta.cat\/wp-content\/uploads\/2021\/10\/ESP_BANNER-esponsors_2-1024x295.jpg 1024w, https:\/\/transferencia.irta.cat\/wp-content\/uploads\/2021\/10\/ESP_BANNER-esponsors_2-300x86.jpg 300w, https:\/\/transferencia.irta.cat\/wp-content\/uploads\/2021\/10\/ESP_BANNER-esponsors_2-768x221.jpg 768w, https:\/\/transferencia.irta.cat\/wp-content\/uploads\/2021\/10\/ESP_BANNER-esponsors_2-1536x442.jpg 1536w, https:\/\/transferencia.irta.cat\/wp-content\/uploads\/2021\/10\/ESP_BANNER-esponsors_2.jpg 1688w\" sizes=\"auto, (max-width: 1024px) 100vw, 1024px\" \/><\/figure>\n\n\n\n<div class=\"wp-block-image\"><figure class=\"aligncenter size-large is-resized\"><img loading=\"lazy\" decoding=\"async\" src=\"https:\/\/transferencia.irta.cat\/wp-content\/uploads\/2021\/07\/setmana_fructicola_2021-1024x683.jpg\" alt=\"\" class=\"wp-image-8580\" width=\"512\" height=\"342\" srcset=\"https:\/\/transferencia.irta.cat\/wp-content\/uploads\/2021\/07\/setmana_fructicola_2021-1024x683.jpg 1024w, https:\/\/transferencia.irta.cat\/wp-content\/uploads\/2021\/07\/setmana_fructicola_2021-300x200.jpg 300w, https:\/\/transferencia.irta.cat\/wp-content\/uploads\/2021\/07\/setmana_fructicola_2021-768x512.jpg 768w, https:\/\/transferencia.irta.cat\/wp-content\/uploads\/2021\/07\/setmana_fructicola_2021-1536x1024.jpg 1536w, https:\/\/transferencia.irta.cat\/wp-content\/uploads\/2021\/07\/setmana_fructicola_2021.jpg 1920w\" sizes=\"auto, (max-width: 512px) 100vw, 512px\" \/><\/figure><\/div>\n\n\n\n<p><em>Todos los actos se realizar\u00e1n con el cumplimiento de la normativa Covid-19 vigente<\/em>.<\/p>\n","protected":false},"featured_media":8580,"template":"","categories":[637],"tags":[1753,1729,808,1767],"objectius_estrategics":[1204,1209],"ods":[1264,1268],"programa_irta":[1237],"trainings":[],"class_list":["post-8581","activitats","type-activitats","status-publish","has-post-thumbnail","hentry","category-fruticultura-es","tag-almendro-es","tag-fructicultura-es","tag-fruita-dolca-es","tag-fruta-seca-es","objectius_estrategics-canvio-climatico","objectius_estrategics-sanidad-vegetal","ods-12-consumo-y-produccion-responsables","ods-8-trabajo-digno-y-crecimiento-economico","programa_irta-v2-fructicultura-es"],"acf":{"codi":"","data":"20\/10\/2021","data_fi":"22\/10\/2021","horari":"09:00h - 18:00h ","idioma":"Catal\u00e1n y Castellano","original_language":"ca","preu":"Gratuito","places":"-1","ciutat":"Mollerussa","lloc_de_realitzacio":"","ubicacio":false,"imatge_ubicacio":false,"persona_contacte_nom":"Montse Palau","persona_contacte_email":"montserrat.palau@irta.cat","programa":{"ID":10111,"id":10111,"title":"ESP_PROGRAMA SETMANA FRUCT\u00cdCOLA 2021","filename":"ESP_PROGRAMA-SETMANA-FRUCT\u00cdCOLA-2021.pdf","filesize":1472026,"url":"https:\/\/transferencia.irta.cat\/wp-content\/uploads\/2021\/07\/ESP_PROGRAMA-SETMANA-FRUCT\u00cdCOLA-2021.pdf","link":"https:\/\/transferencia.irta.cat\/es\/activitats\/semana-fruticola-2021\/esp_programa-setmana-fructicola-2021\/","alt":"","author":"32","description":"","caption":"","name":"esp_programa-setmana-fructicola-2021","status":"inherit","uploaded_to":8581,"date":"2021-10-08 17:00:09","modified":"2021-10-08 17:00:09","menu_order":0,"mime_type":"application\/pdf","type":"application","subtype":"pdf","icon":"https:\/\/transferencia.irta.cat\/wp-includes\/images\/media\/document.png"},"programacio":"<p><strong>MI\u00c9RCOLES 20 DIA ALMENDRO<\/strong><\/p>\n<p><i>Sesi\u00f3n en castellano<\/i><\/p>\n<p>11:30 h Presentaci\u00f3n de la Semana Frut\u00edcola 2021. Dr. Luis As\u00edn, IRTA<br \/>\n11:35 h Presentaci\u00f3n del D\u00eda del Almendro. Dr. Xavier Miarnau, IRTA<br \/>\n11:40 h La mancha ocre: \u00bfqu\u00e9 sabemos de ella? Dr. Jordi Luque, IRTA<br \/>\n12:00 h La mancha bacteriana, una amenaza real. Dr. Jordi Cabrefiga, IRTA<br \/>\n12: 20 h Monilinia: novedades en la seva epidemiolog\u00eda en almendro. Dra. Rosario Torres, IRTA<br \/>\n12: 40 h C\u00f3mo mejorar el control de las principales enfermedades en almendro. Sra. Laura Torguet, IRTA<br \/>\n13:00 h Preguntas.<\/p>\n<p><em>TARDE: PONENCIAS DE CAMPO 15:30-17:30 H FINCA IRTA LES BORGES BLANQUES<\/em><\/p>\n<p>Susceptibilidad varietal en las principales enfermedades. Sra. Marta Maldonado, IRTA<br \/>\nEl uso de sobres en el control de la mancha bacteriana. Sra. Laura Torguet, IRTA<br \/>\nPrincipales fungicidas para el control de la mancha ocre. Dr. Xavier Miarnau, IRTA<br \/>\nGama ecol\u00f3gica en el cultivo del almendro. Sr. Jos\u00e9 Carlos Gonz\u00e1lez, Crop\/Product Manager, Compo Expert<br \/>\nLimocide y Maniflow en almendro. Sr. Joan Vila Garriga, Departamento T\u00e9cnico, Manica<br \/>\nEficiencia de soluciones sense residuos en el control de enfermedades de almendro. Sr. Fernando L\u00f3pez, Asfert Global<\/p>\n<hr \/>\n<p><strong>JUEVES 21 DIA DEL MELOCOT\u00d3N Y LA NECTARINA<\/strong><\/p>\n<p><i>Sesi\u00f3n en castellano<\/i><\/p>\n<p>11:30 h El cultivo del melocotonero en Grecia: estado actual y futuras perspectivas. Dr. George Manganaris, Universidad de Tecnolog\u00eda de Chipre.<br \/>\n11:45 h Variedades de nectarina: climatolog\u00eda, productividad y calidad del fruto. Dra. Gemma Reig, IRTA<br \/>\n12:15 h Presentaci\u00f3n PLYMAG. Sr. \u00c0lex Paula Sastre, delegado t\u00e9cnico-comercial Catalu\u00f1a y zona norte.<br \/>\n12:25 h Podridura \u00e1cida en fruta de hueso (Geotrichum spp.) y perspectivas para el seu control. Dra. Carla<br \/>\nCasals, IRTA<br \/>\n12:40 h Variedades de melocot\u00f3n: climatolog\u00eda, productividad y calidad del fruto. Dra. Gemma Reig, IRTA<br \/>\n13:10 h Sistemas de formaci\u00f3n en cereza: \u00bfhay vida m\u00e1s enll\u00e1 del Vas? Dr. Jaume Lordan, IRTA<br \/>\n13:25 h Preguntas<\/p>\n<p><em>TARDE: DEMOSTRACIONES DE CAMPO 15:30-17:30 h en la FINCA IRTA MOLLERUSSA<\/em><\/p>\n<p>Inking en melocot\u00f3n. Causas y soluciones. Dra. Gemma Reig y Sr. Carlos Faro, IRTA<br \/>\nSistema fijo de aplicaci\u00f3n de fitosanitarios. Primeras observaciones. Sr. Carlos Faro y Sr. Miquel Peris, IRTA<br \/>\nDemostraci\u00f3n en campo de los esparcidores de fracci\u00f3n s\u00f3lida y digestado de pur\u00edn porcino para fertilizar frutales. Sr. Elio Dinuccio, UNITO (Italia)<br \/>\nCaracterizaci\u00f3n 3D de plantaciones y detecci\u00f3n de frutos. Dr. Jordi Gen\u00e9 y Dr. Eduard Gregorio, UdL (GRAP)<\/p>\n<hr \/>\n<p><strong>VIERNES 22 D\u00cdA MANZANA Y PERA<\/strong><\/p>\n<p><i>Sesi\u00f3n en castellano<\/i><\/p>\n<p>11:30 h Efectividad de las medidas alternativas para el control de pulpones en manzano. Dra. Georgina Alins, IRTA<br \/>\n11:45 h Variedades de manzana: qu\u00e9 tenemos y qu\u00e9 vendr\u00e1. Sr. Joaquim Carb\u00f3 y Dr. Jaume Lordan, IRTA<br \/>\n12:05 h Control de psila en peral: experiencias con la suelta de antoc\u00f3ridos. Dra. Dolors Bosch, IRTA<br \/>\n12: 20 h Abonado y fertirrigaci\u00f3n de frutales con fracci\u00f3n s\u00f3lida y l\u00edquida de pur\u00edn de porcino Sra. Gl\u00f2ria \u00c0vila i Dr. Josep Rufat, IRTA<br \/>\n12:35 h GO Color 4.0. Estrategias para mejorar la coloraci\u00f3n de manzanas bicolor. Dr. Jaume Lordan, IRTA<br \/>\n12: 50 h Preguntas<\/p>\n<p><em>TARDE: DEMOSTRACIONES DE CAMPO 15:30-17:30h en la FINCA IRTA MOLLERUSSA<\/em><\/p>\n<p>Estrategias de control sostenible de topillos. Dr. Jordi Cabrefiga, IRTA<br \/>\n\u00bfExiste alg\u00fan portainjerto franco clonal de perera que supere los membrilleros? Dr. Luis As\u00edn, IRTA<br \/>\nNuevos pies de manzano, \u00bfqu\u00e9 aportea de nuevo? Sr. Joaquim Carb\u00f3 y Dr. Jaume Lordan, IRTA<br \/>\nComparaci\u00f3n de diferentes sistemas de recolecci\u00f3n peatonal de fruta. Dr. Estanis Torres, IRTA<\/p>\n<hr \/>\n<p><strong>DEMOSTRACIONES DE CAMPO: DIA DEL MELOCOT\u00d3N Y LA NECTARINA \/ DIA MANZANA Y PERA<\/strong><\/p>\n<p>10:30 h Nuevos sistemas antipiedra y materiales para emparrado. NOVAFRUT<br \/>\n11:30 h Uso de podadora mec\u00e1nica en muro frutal. FAMA<br \/>\n12:00 h Nutrici\u00f3n y bioestimulaci\u00f3n con Rombi\u00ae Mare SP. PLYMAG<br \/>\n12:30 h Cortadora de hierba frontal entre hileras con control autom\u00e1tico altura de trabajo. T. CORBINS<br \/>\n13:00 h Nuevas t\u00e9cnicas de control de heladas con bajo volumen de agua. CONTROL HELADAS<\/p>\n","ponents":[{"ponent":{"ID":9396,"post_author":"32","post_date":"2021-09-16 13:13:59","post_date_gmt":"2021-09-16 11:13:59","post_content":"<!-- wp:paragraph {\"translatedWithWPMLTM\":\"1\"} -->\n<p>Xavier Miarnau, Doctor Ingeniero Agr\u00f3nomo en Producci\u00f3n Vegetal, que trabaja desde 2007 en la Estaci\u00f3n experimental de Lleida en el Programa de fruticultura del IRTA. Su tarea se desarrolla principalmente como especialista en el cultivo del almendro, tanto en material vegetal como en tecnolog\u00eda del cultivo. Actualmente es el coordinador de frutos secos en el IRTA.<\/p>\n<!-- \/wp:paragraph --><!-- wp:paragraph {\"translatedWithWPMLTM\":\"1\"} -->\n<p>Ha participado y participa en proyectos de I + D + I tanto a nivel espa\u00f1ol (INIA y MICIN), europeo (FP7) y tambi\u00e9n internacional.<\/p>\n<!-- \/wp:paragraph --><!-- wp:paragraph {\"translatedWithWPMLTM\":\"1\"} -->\n<p>Es autor de numerosos art\u00edculos cient\u00edficos y de divulgaci\u00f3n, participando activamente en la transferencia tecnol\u00f3gica al sector, mediante la realizaci\u00f3n de numerosas jornadas y conferencias, as\u00ed como la coordinaci\u00f3n y ejecuci\u00f3n de contratos en el \u00e1mbito privado y p\u00fablico.<\/p>\n<!-- \/wp:paragraph -->","post_title":"Xavier Miarnau","post_excerpt":"","post_status":"publish","comment_status":"closed","ping_status":"closed","post_password":"","post_name":"xavier-miarnau","to_ping":"","pinged":"","post_modified":"2021-09-16 13:13:59","post_modified_gmt":"2021-09-16 11:13:59","post_content_filtered":"","post_parent":0,"guid":"https:\/\/transferencia.irta.cat\/ponent\/xavier-miarnau\/","menu_order":0,"post_type":"ponent","post_mime_type":"","comment_count":"0","filter":"raw"}},{"ponent":{"ID":2243,"post_author":"0","post_date":"2020-03-17 08:44:37","post_date_gmt":"2020-03-17 07:44:37","post_content":"<!-- wp:paragraph {\"translatedWithWPMLTM\":\"1\"} -->\n<p>Jordi Luque es Licenciado (1986) y Doctor en Ciencias Biol\u00f3gicas (1997) por la Universidad Aut\u00f3noma de Barcelona (UAB). Investigador del programa de Protecci\u00f3n Vegetal Sostenible, su inter\u00e9s por la investigaci\u00f3n se dirige a las enfermedades de especies le\u00f1osas mediterr\u00e1neas causadas por hongos. Inicialmente se dedic\u00f3 al estudio de las enfermedades de \u00e1rboles del g\u00e9nero Quercus (1992-2001), para pasar posteriormente a la vi\u00f1a (2002-actualidad) y los \u00e1rboles frutales (2012-actualidad). En su investigaci\u00f3n, centra sus esfuerzos en conocer mejor la biolog\u00eda y la epidemiolog\u00eda de las enfermedades, para optimizar as\u00ed las opciones de control de estas. Pone \u00e9nfasis en desarrollar estrategias de control que sean respetuosas con el medio ambiente, el agricultor y el consumidor de los productos agr\u00edcolas.<\/p>\n<!-- \/wp:paragraph -->","post_title":"Jordi Luque","post_excerpt":"","post_status":"publish","comment_status":"closed","ping_status":"closed","post_password":"","post_name":"jordi-luque","to_ping":"","pinged":"","post_modified":"2020-03-17 08:44:37","post_modified_gmt":"2020-03-17 07:44:37","post_content_filtered":"","post_parent":0,"guid":"https:\/\/transferencia.irta.cat\/ponent\/jordi-luque\/","menu_order":0,"post_type":"ponent","post_mime_type":"","comment_count":"0","filter":"raw"}},{"ponent":{"ID":9356,"post_author":"32","post_date":"2021-09-16 10:21:07","post_date_gmt":"2021-09-16 08:21:07","post_content":"<!-- wp:paragraph {\"translatedWithWPMLTM\":\"1\"} -->\n<p>Jordi Cabrefiga&#13;\nOlamendi es licenciado en Biolog\u00eda por la Universidad de Girona y doctor en&#13;\nBiotecnolog\u00eda por la Universidad de Girona. Ha trabajado como investigador&#13;\ndurante casi 20 a\u00f1os en la Universidad de Girona. Desde el a\u00f1o 2018 trabaja en&#13;\nel IRTA, desarrollando tareas de investigaci\u00f3n, formaci\u00f3n, transferencia y&#13;\ncontratos con empresas en el \u00e1rea de protecci\u00f3n vegetal sostenible. ha sido&#13;\nresponsable de numerosos contratos con empresas y ha participado en proyectos&#13;\nnacionales e internacionales en el \u00e1mbito de la sanidad vegetal. Tiene m\u00e1s de 20&#13;\nart\u00edculos cient\u00edficos, 2 patentes y varios cap\u00edtulos de libros.<\/p>\n<!-- \/wp:paragraph -->","post_title":"Jordi Cabrefiga","post_excerpt":"","post_status":"publish","comment_status":"closed","ping_status":"closed","post_password":"","post_name":"jordi-cabrefiga","to_ping":"","pinged":"","post_modified":"2021-09-16 10:21:07","post_modified_gmt":"2021-09-16 08:21:07","post_content_filtered":"","post_parent":0,"guid":"https:\/\/transferencia.irta.cat\/ponent\/jordi-cabrefiga\/","menu_order":0,"post_type":"ponent","post_mime_type":"","comment_count":"0","filter":"raw"}},{"ponent":{"ID":2262,"post_author":"32","post_date":"2020-03-17 09:56:04","post_date_gmt":"2020-03-17 08:56:04","post_content":"<!-- wp:paragraph -->\n<p>Rosario Torres es Licenciada en C. Biol\u00f3gicas por la Universidad de Valencia, y Dra en C. Biol\u00f3gicas por la Universidad Polit\u00e9cnica de Valencia. Es investigadora del Programa de Poscosecha del IRTA, ubicado en Fruitcentre de Lleida, y pertenece al grupo de Patolog\u00eda de la Poscosecha. Sus \u00e1mbitos principales de investigaci\u00f3n son el Desarrollo de estrategias para el control de enfermedades de pre y postcosecha de frutas, el estudio de las interacciones fruta-pat\u00f3geno, as\u00ed como el Desarrollo de t\u00e9cnicas moleculares para identificar y cuantificar pat\u00f3genos f\u00fangicos y agentes de biocontrol. Ha participado en diferentes proyectos de investigaci\u00f3n estatales (CICYT, INIA, PETRI, CYTED ...) y auton\u00f3micos (XaRTA), as\u00ed como del Programa Marco de la UE. Es autora o co-autora de 96 art\u00edculos en revistas de impacto internacional y indexadas en el SCI, tiene un \u00edndice h = 25, ha participado en la preparaci\u00f3n de 15 cap\u00edtulos de libro, y ha publicado 35 art\u00edculos de divulgaci\u00f3n. Ha presentado 5 ponencias y m\u00e1s de 140 comunicaciones en congresos tanto nacionales como internacionales en el \u00e1mbito de la Patolog\u00eda de la Poscosecha de fruta. Participa como docente en el Master en Gesti\u00f3n y Innovaci\u00f3n en la Industria Alimentaria de la Universidad de Lleida y en el Curso Internacional de Tecnolog\u00eda y Manejo poscosecha de fruta desde su inicio.<\/p>\n<!-- \/wp:paragraph -->","post_title":"Rosario Torres","post_excerpt":"","post_status":"publish","comment_status":"closed","ping_status":"closed","post_password":"","post_name":"rosario-torres","to_ping":"","pinged":"","post_modified":"2021-01-08 11:39:26","post_modified_gmt":"2021-01-08 10:39:26","post_content_filtered":"","post_parent":0,"guid":"https:\/\/transferencia.irta.cat\/ponent\/rosario-torres\/","menu_order":0,"post_type":"ponent","post_mime_type":"","comment_count":"0","filter":"raw"}},{"ponent":{"ID":4691,"post_author":"32","post_date":"2020-10-19 19:52:55","post_date_gmt":"2020-10-19 17:52:55","post_content":"<!-- wp:paragraph -->\n<p><strong>Laura Torguet Pomar<\/strong> \u00e9s Enginyera Agr\u00f2noma per l'ETSEA, Universitat de Lleida (1997). Ha treballat cinc anys com a T\u00e8cnic de Defensa Vegetal (ADV) a la Cooperativa d'Albat\u00e0rrec (1999-2004), essent responsable de la protecci\u00f3 fitosanit\u00e0ria dels diferents cultius de la cooperativa aix\u00ed com de la qualitat de la fruita. Tamb\u00e9 ha treballat com a t\u00e8cnic comercial en l'empresa Agrom\u00f2dol (2004-2009), dedicada al comer\u00e7 de productes fitosanitaris. En Agrom\u00f2dol va treballar com a responsable de camp d\u2019una part dels seus clients i portant la part comercial de les cooperatives de la zona. Des de l'any 2009, treballa com a T\u00e8cnic de suport en Transfer\u00e8ncia Tecnologia i Assessorament en Fructicultura en l\u2019IRTA. Ha estat treballat com a responsable de Transfer\u00e8ncia del Programa de Fructicultura, i al mateix temps era responsable fitosanit\u00e0ria de les finques de fruiters de l\u2019Estaci\u00f3 Experimental. En els \u00faltims vuit anys ha treballat en tecnologia de cultiu de l'ametller com a especialista en plagues i malalties del cultiu. Ha participat en diferents projectes de R + D + t tant a nivell espanyol com europeu, i tamb\u00e9 a nivell internacional. Ha participat en diferents congressos internacionals de Fruits Secs. Tamb\u00e9, ha realitzat i realitza contractes amb el sector de la fruita seca espanyola i projectes amb l'administraci\u00f3 nacional i auton\u00f2mica. Participa en l\u2019assessorament del cultiu en la majoria de grans projectes que s'estan realitzant en els \u00faltims anys en el sector de l'ametller, tant a Espanya com a Portugal. Imparteix nombroses confer\u00e8ncies destinades a t\u00e8cnics i agricultors de el sector de la fruita seca.<\/p>\n<!-- \/wp:paragraph -->\n\n<!-- wp:paragraph -->\n<p>Ha participat en projectes nacionals i internacionals. \u00c9s autora i coautora d'articles t\u00e8cnics, cient\u00edfics i de divulgaci\u00f3. Ha executat m\u00e9s de 90 contractes amb el sector dels fitosanitaris per al cultiu de l'ametller i ha impartit nombroses Jornades t\u00e8cniques a Espanya i a l'estranger.<\/p>\n<!-- \/wp:paragraph -->","post_title":"Laura Torguet","post_excerpt":"","post_status":"publish","comment_status":"closed","ping_status":"closed","post_password":"","post_name":"laura-torguet","to_ping":"","pinged":"","post_modified":"2020-10-19 19:52:55","post_modified_gmt":"2020-10-19 17:52:55","post_content_filtered":"","post_parent":0,"guid":"https:\/\/transferencia.irta.cat\/?post_type=ponent&#038;p=4691","menu_order":0,"post_type":"ponent","post_mime_type":"","comment_count":"0","filter":"raw"}},{"ponent":{"ID":2216,"post_author":"0","post_date":"2020-03-11 15:54:51","post_date_gmt":"2020-03-11 14:54:51","post_content":"<!-- wp:paragraph {\"translatedWithWPMLTM\":\"1\"} -->\n<p>Dra. Gemma Reig: Ingeniera agr\u00f3noma y Doctor ingeniero agr\u00f3nomo (2013) por la Universidad de Lleida. Ha trabajado como t\u00e9cnico de apoyo en la investigaci\u00f3n en el departamento de pomolog\u00eda de la Estaci\u00f3n Experimental de Aula Dei - CSIC durante dos periodos diferentes (01 de octubre 2013 - 31 Marzo 2015 y 1 Abril 2017 a 27 Mayo 2018). Entre estos dos per\u00edodos, ha realizado una estancia postdoctoral de 2 a\u00f1os (1 Abril 2015 a 31 Marzo 2017) en el Hudson Valley Research Laboratory - Cornell University (Highland, New York), departamento de Fruticultura, donde su investigaci\u00f3n estuvo enfocada principalmente en portainjertos, sistemas de formaci\u00f3n, fisiopat\u00edas (golpe de sol y bitter pit), variedades y calidad del fruto del cultivo de manzano. Desde junio de 2018 realiza tareas como t\u00e9cnico de apoyo al programa de mejora de melocot\u00f3n, manzana y pera del IRTA, y actualmente tambi\u00e9n es responsable de la colecci\u00f3n de variedades comerciales de melocotonero de IRTA, investigadora principal de dos grupos operativos y participa en un proyecto europeo PRIMA. Cuenta con 29 art\u00edculos cient\u00edficos indexados en revistas listadas en el Science Citation Index (SCI), de los cuales 7 son actos horticulturae, y 16 art\u00edculos t\u00e9cnicos.<\/p>\n<!-- \/wp:paragraph -->","post_title":"Gemma Reig","post_excerpt":"","post_status":"publish","comment_status":"closed","ping_status":"closed","post_password":"","post_name":"gemma-reig","to_ping":"","pinged":"","post_modified":"2020-03-11 15:54:51","post_modified_gmt":"2020-03-11 14:54:51","post_content_filtered":"","post_parent":0,"guid":"https:\/\/transferencia.irta.cat\/ponent\/gemma-reig\/","menu_order":0,"post_type":"ponent","post_mime_type":"","comment_count":"0","filter":"raw"}},{"ponent":{"ID":9372,"post_author":"32","post_date":"2021-09-16 10:52:05","post_date_gmt":"2021-09-16 08:52:05","post_content":"<!-- wp:paragraph {\"translatedWithWPMLTM\":\"1\"} -->\n<p>La<strong> Dra. Carla Casals Rosell<\/strong>, Ingeniera agr\u00f3noma (2005) y Doctora en Sistema Agr\u00edcolas, Forestales y Alimentarios por la \u2018Universitat de Lleida\u2019 (2010). Su \u00e1mbito principal de trabajo se basa en el estudio epidemiol\u00f3gico de enfermedades que afectan en postcosecha de fruta de hueso, as\u00ed como el desarrollo de estrategias para su control, mediante el uso de antagonistas, sustancias qu\u00edmicas, m\u00e9todos f\u00edsicos o su combinaci\u00f3n. Ha publicado 26 art\u00edculos SCI a revistas de impacto internacional y 21 art\u00edculos de divulgaci\u00f3n. Ha presentado 46 comunicaciones a congresos, tanto nacionales como internacionales.<\/p>\n<!-- \/wp:paragraph -->","post_title":"Carla Casals","post_excerpt":"","post_status":"publish","comment_status":"closed","ping_status":"closed","post_password":"","post_name":"carla-casals-2","to_ping":"","pinged":"","post_modified":"2021-09-16 10:52:05","post_modified_gmt":"2021-09-16 08:52:05","post_content_filtered":"","post_parent":0,"guid":"https:\/\/transferencia.irta.cat\/ponent\/carla-casals-2\/","menu_order":0,"post_type":"ponent","post_mime_type":"","comment_count":"0","filter":"raw"}},{"ponent":{"ID":9348,"post_author":"33","post_date":"2021-09-16 10:07:34","post_date_gmt":"2021-09-16 08:07:34","post_content":"<!-- wp:paragraph {\"translatedWithWPMLTM\":\"1\"} -->\n<p>Jaume Lordan Sanahuja, Investigador en el IRTA desde Junio \u200b\u200b2018. Previamente investigador post-doctoral en la Universidad de Cornell (NY) (2015-2018), formando parte del grupo de fisiolog\u00eda y tecnolog\u00eda del cultivo. Actualmente, est\u00e1 trabajando en el IRTA en el desarrollo y la evaluaci\u00f3n de nuevos sistemas de formaci\u00f3n para optimizar su eficiencia fisiol\u00f3gica, as\u00ed como en el manejo de la carga y la evaluaci\u00f3n de nuevas variedades y pies de manzano.<\/p>\n<!-- \/wp:paragraph -->","post_title":"Jaume Lordan","post_excerpt":"","post_status":"publish","comment_status":"closed","ping_status":"closed","post_password":"","post_name":"jaume-lordan","to_ping":"","pinged":"","post_modified":"2021-09-16 10:07:35","post_modified_gmt":"2021-09-16 08:07:35","post_content_filtered":"","post_parent":0,"guid":"https:\/\/transferencia.irta.cat\/ponent\/jaume-lordan\/","menu_order":0,"post_type":"ponent","post_mime_type":"","comment_count":"0","filter":"raw"}},{"ponent":{"ID":9346,"post_author":"33","post_date":"2021-09-16 10:05:56","post_date_gmt":"2021-09-16 08:05:56","post_content":"<!-- wp:paragraph {\"translatedWithWPMLTM\":\"1\"} -->\n<p>Joaquim Carb\u00f3 Pericay es Ingeniero T\u00e9cnico Agr\u00edcola y desde 1984 llevar a cabo su actividad investigadora en la Estaci\u00f3n Experimental Agr\u00edcola Mas Badia. Es responsable t\u00e9cnico de las actividades que se desarrollan en el marco del Programa de Fruticultura: evaluaci\u00f3n de nuevas variedades y portainjertos, dise\u00f1o y manejo sostenible de plantaciones, biorreguladores e implementaci\u00f3n de la calidad de la fruta.<\/p>\n<!-- \/wp:paragraph --><!-- wp:paragraph -->\n<p><\/p>\n<!-- \/wp:paragraph -->","post_title":"Joaquim Carb\u00f3","post_excerpt":"","post_status":"publish","comment_status":"closed","ping_status":"closed","post_password":"","post_name":"joaquim-carbo","to_ping":"","pinged":"","post_modified":"2021-09-16 10:05:56","post_modified_gmt":"2021-09-16 08:05:56","post_content_filtered":"","post_parent":0,"guid":"https:\/\/transferencia.irta.cat\/ponent\/joaquim-carbo\/","menu_order":0,"post_type":"ponent","post_mime_type":"","comment_count":"0","filter":"raw"}},{"ponent":{"ID":9270,"post_author":"2","post_date":"2021-09-14 10:29:10","post_date_gmt":"2021-09-14 08:29:10","post_content":"<!-- wp:paragraph {\"translatedWithWPMLTM\":\"1\"} -->\n<p>Dolors Bosch Serra es Doctora Ingeniera Agr\u00f3noma por la Universidad de Lleida. Trabaja en el IRTA desde el a\u00f1o 1991. Sus l\u00edneas de investigaci\u00f3n se centran en estudios sobre la biolog\u00eda, el comportamiento y los m\u00e9todos de control de plagas de frutales, tanto los m\u00e9todos basados \u200b\u200ben el productos qu\u00edmicos como en el uso de semioqu\u00edmicos o control biol\u00f3gico.&#13;\nA partir de los resultados obtenidos en los diferentes proyectos de investigaci\u00f3n en que ha participado es autora o coautora de publicaciones en revistas cient\u00edficas. Tambi\u00e9n ha realizado numerosas actividades de transferencia y divulgaci\u00f3n hacia el sector, tanto en jornadas como en publicaciones divulgativas.<\/p>\n<!-- \/wp:paragraph -->","post_title":"Dolors Bosch","post_excerpt":"","post_status":"publish","comment_status":"closed","ping_status":"closed","post_password":"","post_name":"dolors-bosch","to_ping":"","pinged":"","post_modified":"2021-09-14 10:29:10","post_modified_gmt":"2021-09-14 08:29:10","post_content_filtered":"","post_parent":0,"guid":"https:\/\/transferencia.irta.cat\/ponent\/dolors-bosch\/","menu_order":0,"post_type":"ponent","post_mime_type":"","comment_count":"0","filter":"raw"}},{"ponent":{"ID":3606,"post_author":"33","post_date":"2020-07-23 10:16:10","post_date_gmt":"2020-07-23 08:16:10","post_content":"<!-- wp:paragraph -->\n<p><strong>Gl\u00f2ria \u00c0vila Casademont<\/strong> es Ingeniero T\u00e9cnico Agr\u00edcola por la Universidad Polit\u00e9cnica de Catalunya (2008) y con t\u00edtulo de M\u00e1ster Universitario en Agricultura Ecol\u00f3gica (2009) y Agrobiolog\u00eda Ambiental (2013) ambos por la Universidad de Barcelona. Desde 2008 es colaborador a la investigaci\u00f3n en el IRTA Mas Badia desarrollando las actividades en el marco del Programa de Fruticultura: evaluaci\u00f3n de nuevas variedades y portainjertos, dise\u00f1o y manejo sostenible de plantaciones, bioreguladores e implementaci\u00f3n de la calidad de la fruta.  Participa en publicaciones cientifico-t\u00e9cnicas, tiene una amplia experiencia en la organizaci\u00f3n de actividades de transferencia (jornadas, cursos, ...) y tambi\u00e9n en la realizaci\u00f3n de experimentaci\u00f3n contractada con empresas del sector. <\/p>\n<!-- \/wp:paragraph -->","post_title":"Gl\u00f2ria \u00c0vila","post_excerpt":"","post_status":"publish","comment_status":"closed","ping_status":"closed","post_password":"","post_name":"gloria-avila","to_ping":"","pinged":"","post_modified":"2020-07-23 10:35:02","post_modified_gmt":"2020-07-23 08:35:02","post_content_filtered":"","post_parent":0,"guid":"https:\/\/transferencia.irta.cat\/?post_type=ponent&#038;p=3606","menu_order":0,"post_type":"ponent","post_mime_type":"","comment_count":"0","filter":"raw"}},{"ponent":{"ID":7184,"post_author":"32","post_date":"2021-05-14 11:38:58","post_date_gmt":"2021-05-14 09:38:58","post_content":"<!-- wp:paragraph {\"translatedWithWPMLTM\":\"1\"} -->\n<p><strong>Estanis Torres<\/strong> es Doctor Ingeniero Agr\u00f3nomo con Master en Investigaci\u00f3n en Sistemas de Producci\u00f3n Agroalimentaria por la Universidad de Lleida. Desde 2006 trabaja en el IRTA como investigador especialista en el Programa de Fruticultura. Sus principales \u00e1mbitos de investigaci\u00f3n son el uso de la tecnolog\u00eda VIS-NIR en las diferentes etapas del cultivo, la fertilizaci\u00f3n y respuesta de las plantas al estr\u00e9s abi\u00f3tico, el desarrollo de estrategias para la predicci\u00f3n y mitigaci\u00f3n de fisiopat\u00edas , la regulaci\u00f3n de la carga, y la mejora de la calidad de los frutos. Ha participado en numerosos proyectos de investigaci\u00f3n y realizado ponencias y comunicaciones en congresos nacionales e internacionales, y es autor de m\u00e1s de 40 art\u00edculos en revistas t\u00e9cnicas de divulgaci\u00f3n y cient\u00edficas de impacto internacional.<\/p>\n<!-- \/wp:paragraph -->","post_title":"Estanis Torres","post_excerpt":"","post_status":"publish","comment_status":"closed","ping_status":"closed","post_password":"","post_name":"estanis-torres","to_ping":"","pinged":"","post_modified":"2021-05-14 11:38:58","post_modified_gmt":"2021-05-14 09:38:58","post_content_filtered":"","post_parent":0,"guid":"https:\/\/transferencia.irta.cat\/ponent\/estanis-torres\/","menu_order":0,"post_type":"ponent","post_mime_type":"","comment_count":"0","filter":"raw"}},{"ponent":{"ID":9429,"post_author":"32","post_date":"2021-09-16 13:57:47","post_date_gmt":"2021-09-16 11:57:47","post_content":"<!-- wp:paragraph {\"translatedWithWPMLTM\":\"1\"} -->\n<p>Miquel Peris Giner es Ingeniero Agr\u00f3nomo por la Universidad de Lleida (1997) y desde el a\u00f1o 2005 trabaja como especialista en fruticultura en el IRTA.<\/p>\n<!-- \/wp:paragraph --><!-- wp:paragraph {\"translatedWithWPMLTM\":\"1\"} -->\n<p>Su actividad principal ha sido el asesoramiento en el control de plagas y enfermedades, elecci\u00f3n de material vegetal, poda y formaci\u00f3n de \u00e1rboles, riego y nutrici\u00f3n en fruta dulce. Ha trabajado tambi\u00e9n en investigaci\u00f3n y experimentaci\u00f3n en producci\u00f3n frut\u00edcola, incluyendo la ejecuci\u00f3n de ensayos GLP (Buenas Pr\u00e1cticas de Laboratorio) y en diversos proyectos de investigaci\u00f3n y asesoramiento nacionales e internacionales.<\/p>\n<!-- \/wp:paragraph -->","post_title":"Miquel Peris","post_excerpt":"","post_status":"publish","comment_status":"closed","ping_status":"closed","post_password":"","post_name":"miquel-peris","to_ping":"","pinged":"","post_modified":"2021-09-16 13:57:48","post_modified_gmt":"2021-09-16 11:57:48","post_content_filtered":"","post_parent":0,"guid":"https:\/\/transferencia.irta.cat\/ponent\/miquel-peris\/","menu_order":0,"post_type":"ponent","post_mime_type":"","comment_count":"0","filter":"raw"}}],"organitza":[{"imatge":"https:\/\/transferencia.irta.cat\/wp-content\/uploads\/2021\/02\/IRTA_logo_R.png","nom":"","link":""},{"imatge":"https:\/\/transferencia.irta.cat\/wp-content\/uploads\/2021\/07\/dacc-2.jpg","nom":"","link":""},{"imatge":"https:\/\/transferencia.irta.cat\/wp-content\/uploads\/2021\/02\/PATT-2021-desglossat.png","nom":"","link":""},{"imatge":"https:\/\/transferencia.irta.cat\/wp-content\/uploads\/2020\/03\/logo-xarxa-i-color.jpg","nom":"","link":""},{"imatge":"https:\/\/transferencia.irta.cat\/wp-content\/uploads\/2020\/03\/FEADER-Europa-inverteix-en-les-zones-rurals.png","nom":"","link":""}],"patrocina":false,"colabora":false,"serveis":false,"materials":[{"material":{"ID":10933,"post_author":"32","post_date":"2021-11-10 14:52:43","post_date_gmt":"2021-11-10 13:52:43","post_content":"","post_title":"VIDEOS Semana Frut\u00edcola 2021","post_excerpt":"","post_status":"publish","comment_status":"closed","ping_status":"closed","post_password":"","post_name":"videos-semana-fruticola-2021","to_ping":"","pinged":"","post_modified":"2021-11-10 14:52:44","post_modified_gmt":"2021-11-10 13:52:44","post_content_filtered":"","post_parent":0,"guid":"https:\/\/transferencia.irta.cat\/?post_type=material&#038;p=10933","menu_order":0,"post_type":"material","post_mime_type":"","comment_count":"0","filter":"raw"}}],"activitats_relacionades":false,"te_enquesta":true,"id_enquesta":"96","enquesta_externa":"","subscribe_external_link":"","en_construccio":false,"wait_list":false},"yoast_head":"<!-- This site is optimized with the Yoast SEO plugin v15.2 - https:\/\/yoast.com\/wordpress\/plugins\/seo\/ -->\n<title>Semana Frut\u00edcola 2021 - IRTA<\/title>\n<meta name=\"description\" content=\"\u00a1Este 2021 volvemos a campo! \u00a1Volvemos a Mollerussa! Los d\u00edas 20, 21 y 22 de octubre nos vemos en Mollerussa: 20 octubre: D\u00eda del Almendro (sesiones en\" \/>\n<meta name=\"robots\" content=\"index, follow, max-snippet:-1, max-image-preview:large, max-video-preview:-1\" \/>\n<link rel=\"canonical\" href=\"https:\/\/transferencia.irta.cat\/es\/activitats\/semana-fruticola-2021\/\" \/>\n<meta property=\"og:locale\" content=\"es_ES\" \/>\n<meta property=\"og:type\" content=\"article\" \/>\n<meta property=\"og:title\" content=\"Semana Frut\u00edcola 2021 - IRTA\" \/>\n<meta property=\"og:description\" content=\"\u00a1Este 2021 volvemos a campo! \u00a1Volvemos a Mollerussa! Los d\u00edas 20, 21 y 22 de octubre nos vemos en Mollerussa: 20 octubre: D\u00eda del Almendro (sesiones en\" \/>\n<meta property=\"og:url\" content=\"https:\/\/transferencia.irta.cat\/es\/activitats\/semana-fruticola-2021\/\" \/>\n<meta property=\"og:site_name\" content=\"IRTA\" \/>\n<meta property=\"article:modified_time\" content=\"2021-11-10T13:53:18+00:00\" \/>\n<meta property=\"og:image\" content=\"https:\/\/transferencia.irta.cat\/wp-content\/uploads\/2021\/07\/setmana_fructicola_2021.jpg\" \/>\n\t<meta property=\"og:image:width\" content=\"1920\" \/>\n\t<meta property=\"og:image:height\" content=\"1280\" \/>\n<meta name=\"twitter:card\" content=\"summary_large_image\" \/>\n<meta name=\"twitter:label1\" value=\"Escrito por\">\n\t<meta name=\"twitter:data1\" value=\"Montse\">\n\t<meta name=\"twitter:label2\" value=\"Tiempo de lectura\">\n\t<meta name=\"twitter:data2\" value=\"1 minuto\">\n<script type=\"application\/ld+json\" class=\"yoast-schema-graph\">{\"@context\":\"https:\/\/schema.org\",\"@graph\":[{\"@type\":\"WebSite\",\"@id\":\"https:\/\/transferencia.irta.cat\/es\/#website\",\"url\":\"https:\/\/transferencia.irta.cat\/es\/\",\"name\":\"IRTA\",\"description\":\"Transfer\\u00e8ncia de coneixement\",\"potentialAction\":[{\"@type\":\"SearchAction\",\"target\":\"https:\/\/transferencia.irta.cat\/es\/?s={search_term_string}\",\"query-input\":\"required name=search_term_string\"}],\"inLanguage\":\"es\"},{\"@type\":\"ImageObject\",\"@id\":\"https:\/\/transferencia.irta.cat\/es\/activitats\/semana-fruticola-2021\/#primaryimage\",\"inLanguage\":\"es\",\"url\":\"https:\/\/transferencia.irta.cat\/wp-content\/uploads\/2021\/07\/setmana_fructicola_2021.jpg\",\"width\":1920,\"height\":1280},{\"@type\":\"WebPage\",\"@id\":\"https:\/\/transferencia.irta.cat\/es\/activitats\/semana-fruticola-2021\/#webpage\",\"url\":\"https:\/\/transferencia.irta.cat\/es\/activitats\/semana-fruticola-2021\/\",\"name\":\"Semana Frut\\u00edcola 2021 - IRTA\",\"isPartOf\":{\"@id\":\"https:\/\/transferencia.irta.cat\/es\/#website\"},\"primaryImageOfPage\":{\"@id\":\"https:\/\/transferencia.irta.cat\/es\/activitats\/semana-fruticola-2021\/#primaryimage\"},\"datePublished\":\"2021-07-19T12:37:11+00:00\",\"dateModified\":\"2021-11-10T13:53:18+00:00\",\"description\":\"\\u00a1Este 2021 volvemos a campo! \\u00a1Volvemos a Mollerussa! Los d\\u00edas 20, 21 y 22 de octubre nos vemos en Mollerussa: 20 octubre: D\\u00eda del Almendro (sesiones en\",\"inLanguage\":\"es\",\"potentialAction\":[{\"@type\":\"ReadAction\",\"target\":[\"https:\/\/transferencia.irta.cat\/es\/activitats\/semana-fruticola-2021\/\"]}]}]}<\/script>\n<!-- \/ Yoast SEO plugin. -->","_links":{"self":[{"href":"https:\/\/transferencia.irta.cat\/es\/wp-json\/wp\/v2\/activitats\/8581","targetHints":{"allow":["GET"]}}],"collection":[{"href":"https:\/\/transferencia.irta.cat\/es\/wp-json\/wp\/v2\/activitats"}],"about":[{"href":"https:\/\/transferencia.irta.cat\/es\/wp-json\/wp\/v2\/types\/activitats"}],"wp:featuredmedia":[{"embeddable":true,"href":"https:\/\/transferencia.irta.cat\/es\/wp-json\/wp\/v2\/media\/8580"}],"wp:attachment":[{"href":"https:\/\/transferencia.irta.cat\/es\/wp-json\/wp\/v2\/media?parent=8581"}],"wp:term":[{"taxonomy":"category","embeddable":true,"href":"https:\/\/transferencia.irta.cat\/es\/wp-json\/wp\/v2\/categories?post=8581"},{"taxonomy":"post_tag","embeddable":true,"href":"https:\/\/transferencia.irta.cat\/es\/wp-json\/wp\/v2\/tags?post=8581"},{"taxonomy":"objectius_estrategics","embeddable":true,"href":"https:\/\/transferencia.irta.cat\/es\/wp-json\/wp\/v2\/objectius_estrategics?post=8581"},{"taxonomy":"ods","embeddable":true,"href":"https:\/\/transferencia.irta.cat\/es\/wp-json\/wp\/v2\/ods?post=8581"},{"taxonomy":"programa_irta","embeddable":true,"href":"https:\/\/transferencia.irta.cat\/es\/wp-json\/wp\/v2\/programa_irta?post=8581"},{"taxonomy":"trainings","embeddable":true,"href":"https:\/\/transferencia.irta.cat\/es\/wp-json\/wp\/v2\/trainings?post=8581"}],"curies":[{"name":"wp","href":"https:\/\/api.w.org\/{rel}","templated":true}]}}