{"id":7310,"date":"2021-05-28T11:19:43","date_gmt":"2021-05-28T09:19:43","guid":{"rendered":"https:\/\/transferencia.irta.cat\/?post_type=activitats&#038;p=7310"},"modified":"2021-06-18T11:26:20","modified_gmt":"2021-06-18T09:26:20","slug":"curso-de-capacitacion-en-el-cultivo-de-corvina-argyrosomus-regius","status":"publish","type":"activitats","link":"https:\/\/transferencia.irta.cat\/es\/activitats\/curso-de-capacitacion-en-el-cultivo-de-corvina-argyrosomus-regius\/","title":{"rendered":"Curso de capacitaci\u00f3n en el cultivo de corvina (Argyrosomus regius)"},"content":{"rendered":"\n<p>Curso de capacitaci\u00f3n para investigadores y t\u00e9cnicos de Fondo Nacional de Desarrollo Pesquera (FONDEPES) en el cultivo de corvina (Argyrosomus regius) y peces marinos en general.<\/p>\n\n\n\n<figure class=\"wp-block-image size-large is-resized\"><img loading=\"lazy\" decoding=\"async\" src=\"https:\/\/transferencia.irta.cat\/wp-content\/uploads\/2021\/05\/1.jpg\" alt=\"\" class=\"wp-image-7311\" width=\"343\" height=\"257\"\/><\/figure>\n","protected":false},"featured_media":7348,"template":"","categories":[],"tags":[],"objectius_estrategics":[],"ods":[1264,1263,1262,1261,1272,1268,1267],"programa_irta":[1229],"trainings":[],"class_list":["post-7310","activitats","type-activitats","status-publish","has-post-thumbnail","hentry","ods-12-consumo-y-produccion-responsables","ods-13-accion-climatica","ods-14-vida-submarina-es","ods-15-vida-terrestre-es","ods-4-educacion-de-calidad","ods-8-trabajo-digno-y-crecimiento-economico","ods-9-industria-innovacion-infraestructura","programa_irta-a3-acuicultura"],"acf":{"codi":"","data":"17\/06\/2021","data_fi":"17\/06\/2021","horari":"16:00h - 18:30h","idioma":"Castellano","original_language":"es","preu":"T\u00e9cnicos del FONDEPES","places":"-1","ciutat":"Online","lloc_de_realitzacio":"<p>Curso online<\/p>\n","ubicacio":{"address":"sant carles IRTA","lat":40.6278381,"lng":0.6598212,"zoom":14,"place_id":"ChIJ4wSDnQyqoRIR5VWB8_l2848","street_number":"km 5,5","street_name":"Carretera Villafranco","street_name_short":"Ctra. Villafranco","city":"Sant Carles de la R\u00e0pita","state":"Catalunya","state_short":"CT","post_code":"43540","country":"Espanya","country_short":"ES"},"imatge_ubicacio":"https:\/\/transferencia.irta.cat\/wp-content\/uploads\/2020\/04\/Blanco-Foto-Mar-Paisaje-Respira-Facebook-Portada.png","persona_contacte_nom":"Neil Duncan","persona_contacte_email":"neil.duncan@irta.cat","programa":{"ID":7342,"id":7342,"title":"Programa","filename":"Programa.docx","filesize":21125,"url":"https:\/\/transferencia.irta.cat\/wp-content\/uploads\/2021\/05\/Programa.docx","link":"https:\/\/transferencia.irta.cat\/es\/activitats\/curso-de-capacitacion-en-el-cultivo-de-corvina-argyrosomus-regius\/programa\/","alt":"","author":"2","description":"","caption":"","name":"programa","status":"inherit","uploaded_to":7310,"date":"2021-05-28 10:17:01","modified":"2021-05-28 10:17:01","menu_order":0,"mime_type":"application\/vnd.openxmlformats-officedocument.wordprocessingml.document","type":"application","subtype":"vnd.openxmlformats-officedocument.wordprocessingml.document","icon":"https:\/\/transferencia.irta.cat\/wp-includes\/images\/media\/document.png"},"programacio":"<p><strong>Programa<\/strong><\/p>\n<hr \/>\n<p><em><strong>Mi\u00e9rcoles 2 de junio: Espa\u00f1a (16:00 - 16:30h) Per\u00fa: (09:00 - 09:30)<\/strong><\/em><\/p>\n<p>Introducci\u00f3n y reproducci\u00f3n en peces, estabulaci\u00f3n corvina, muestreos de madurez e inducci\u00f3n hormonal. <em>Neil Duncan y Jonathan Chac\u00f3n.<\/em><\/p>\n<hr \/>\n<p><em><strong>Jueves 3 de junio: Espa\u00f1a (16:00 - 16:30h) Per\u00fa: (09:00 - 09:30)<\/strong><\/em><br \/>\nReproducci\u00f3n, para producir familias, discusi\u00f3n. Cultivario larvario \/pre -engorda. <em>Neil Duncan y Alicia Est\u00e9vez.<\/em><\/p>\n<hr \/>\n<p><em><strong>Lunes 7 de junio: Espa\u00f1a (16:00 - 16:30h) Per\u00fa: (09:00 - 09:30)<\/strong><\/em><\/p>\n<p>Transporte + engorde pre-engorde, cultivo en jaulas en Costa Rica, Ensayo de engorde y discusi\u00f3n. Isasi Gairin, Jonathan Chacon y Neil Duncan.<\/p>\n<hr \/>\n<p><em><strong>Martes 8 de junio: Espa\u00f1a (16:00 - 16:30h) Per\u00fa: (09:00 - 09:30)<\/strong><\/em><br \/>\nJaulas para condiciones extremas, Cultivo de corvinas en jaulas y discusi\u00f3n. Darko Lisac, Jordi Comas.<\/p>\n<hr \/>\n<p><em><strong>Mi\u00e9rcoles 9 de junio: Espa\u00f1a (16:00 - 16:30h) Per\u00fa: (09:00 - 09:30)<\/strong><\/em><br \/>\nGesti\u00f3n de Jaulas, instalaci\u00f3n, gesti\u00f3n, corvina, ambiental. Jordi Carreras.<\/p>\n<hr \/>\n<p><em><strong>Jueves. 10 de junio: Espa\u00f1a (16:00 - 16:30h) Per\u00fa: (09:00 - 09:30)<\/strong><\/em><br \/>\nGesti\u00f3n de Jaulas, instalaci\u00f3n, gesti\u00f3n, corvina, ambiental. Jordi Carreras.<\/p>\n<hr \/>\n<p><em><strong>Lunes 14 de junio: Espa\u00f1a (16:00 - 16:30h) Per\u00fa: (09:00 - 09:30)<\/strong><\/em><br \/>\nSalud, Sampling theory, sampling parasites y parasites. Karl Andree y Ana Roque.<\/p>\n<hr \/>\n<p><em><strong>Martes 15 de junio: Espa\u00f1a (16:00 - 16:30h) Per\u00fa: (09:00 - 09:30)<\/strong><\/em><br \/>\nNutrici\u00f3n larvaria y engorde. Enric Gisbert<\/p>\n<hr \/>\n<p><em><strong>Mi\u00e9rcoles 16 de junio: Espa\u00f1a (16:00 - 16:30h) Per\u00fa: (09:00 - 09:30)<\/strong><\/em><br \/>\nGesti\u00f3n Hatchery industrial, Ras y sistemas cerrados (Aquaponia y Biofloc). Crist\u00f3bal Aguilera y Ricard Carb\u00f3.<\/p>\n<hr \/>\n<p><em><strong>Jueves 16 de junio: Espa\u00f1a (16:00 - 16:30h) Per\u00fa: (09:00 - 09:30)<\/strong><\/em><\/p>\n<p>Visita instalaciones de IRTA y Clausura.<\/p>\n<hr \/>\n<p>&nbsp;<\/p>\n","ponents":[{"ponent":{"ID":7324,"post_author":"2","post_date":"2021-05-28 11:26:51","post_date_gmt":"2021-05-28 09:26:51","post_content":"<!-- wp:paragraph -->\n<p>Neil Duncan disfruta trabajando en la investigaci\u00f3n aplicada en el control de la reproducci\u00f3n y el cultivo de peces. Neil tiene una licenciatura en Biolog\u00eda Marina y Oceanograf\u00eda de la Universidad de Bangor y un doctorado en Acuicultura de la Universidad de Stirling. Su principal inter\u00e9s est\u00e1 en los estudios para producir la calidad y cantidad de huevos de peses necesarios para una hatchery comercial, asegurando que las familias se produzcan con los rasgos requeridos para un programa de mejora. Adem\u00e1s, ha trabajado en la mejora de la cr\u00eda larvaria y el crecimiento juvenil. Neil ha trabajado en Espa\u00f1a, M\u00e9xico y Escocia con una amplia gama de especies europeas y latinoamericanas.<\/p>\n<!-- \/wp:paragraph -->\n\n<!-- wp:paragraph -->\n<p><a href=\"https:\/\/orcid.org\/0000-0001-5456-9217\">https:\/\/orcid.org\/0000-0001-5456-9217<\/a><\/p>\n<!-- \/wp:paragraph -->\n\n<!-- wp:paragraph -->\n<p><a href=\"http:\/\/www.researcherid.com\/rid\/B-8906-2013\">http:\/\/www.researcherid.com\/rid\/B-8906-2013<\/a><\/p>\n<!-- \/wp:paragraph -->","post_title":"Neil Duncan","post_excerpt":"","post_status":"publish","comment_status":"closed","ping_status":"closed","post_password":"","post_name":"neil-duncan","to_ping":"","pinged":"","post_modified":"2021-05-31 11:59:47","post_modified_gmt":"2021-05-31 09:59:47","post_content_filtered":"","post_parent":0,"guid":"https:\/\/transferencia.irta.cat\/?post_type=ponent&#038;p=7324","menu_order":0,"post_type":"ponent","post_mime_type":"","comment_count":"0","filter":"raw"}},{"ponent":{"ID":7333,"post_author":"2","post_date":"2021-05-28 11:29:03","post_date_gmt":"2021-05-28 09:29:03","post_content":"<!-- wp:paragraph -->\n<p>Crist\u00f3bal Aguilera. Licenciado en Ciencia Biol\u00f3gicas en la especialidad de Zoolog\u00eda (Universidad de Barcelona). Actualmente ejerzo como Gestor de Innovaci\u00f3n en Acuicultura en el IRTA. He sido impulsor y gerente del Cl\u00faster Acuiplus (www.acuiplus.org) hasta junio del 2016. Acumulo 30 a\u00f1os de experiencia en el mundo acu\u00edcola, tanto en el sector privado como p\u00fablico. He trabajado con diversas especies de peces y bivalvos, principalmente en proyectos relacionados con la mejora de la zootecnia, gen\u00e9tica y mejora, programas sanitarios y salud de los animales, tecnolog\u00eda de recirculaci\u00f3n y aplicaci\u00f3n e implementaci\u00f3n de normas ISO. Asesor y colaborador internacional con experiencia en diversos pa\u00edses.<br>Co-autor de 35 art\u00edculos cient\u00edficos y participante en m\u00e1s de 20 proyectos de investigaci\u00f3n (Public profile). Participo como docente habitual en cursos de postgrado y m\u00e1ster y he sido invitado en m\u00e1s de 60 conferencias tem\u00e1ticas.<br>Actualmente coordino dos grupos de trabajo en dos proyectos H2020 MedAID y NewTechAqua.<br>Divulgador convencido, soy bloguero a trav\u00e9s de \u201cAcuatopia\u201d (www.cristobalaguilera.com) donde escribo acerca de la innovaci\u00f3n y las nuevas tendencias y donde explico la acuicultura sin tapujos y desde dentro. Este blog ha dado lugar al libro: Historias acu\u00edcolas. La acuicultura desde dentro (Ediciones Ende, Sevilla marzo, 2017, ISBN: 978-84-17054-04-5)<\/p>\n<!-- \/wp:paragraph -->\n\n<!-- wp:paragraph -->\n<p>College of Biologists of Catalonia, colleague n\u00ba 21903-C<\/p>\n<!-- \/wp:paragraph -->","post_title":"Crist\u00f3bal Aguilera","post_excerpt":"","post_status":"publish","comment_status":"closed","ping_status":"closed","post_password":"","post_name":"cristobal-aguilera","to_ping":"","pinged":"","post_modified":"2021-05-31 11:59:58","post_modified_gmt":"2021-05-31 09:59:58","post_content_filtered":"","post_parent":0,"guid":"https:\/\/transferencia.irta.cat\/ponent\/cristobal-aguilera\/","menu_order":0,"post_type":"ponent","post_mime_type":"","comment_count":"0","filter":"raw"}},{"ponent":{"ID":7369,"post_author":"2","post_date":"2021-05-31 12:01:04","post_date_gmt":"2021-05-31 10:01:04","post_content":"<!-- wp:paragraph -->\n<p>\u2022 Coordinador del Programa de Acuicultura del Parque Marino del Pac\u00edfico<br>\u2022 Acad\u00e9mico de la Universidad Nacional de Costa Rica<br>\u2022 Miembro de la Red Iberoamericana CYTED Larva Plus<br>\u2022 Jonathan es Bi\u00f3logo Marino de profesi\u00f3n, Master en Ciencias Marinas y Costeras, cursa actualmente un doctorado en Ciencias Naturales para el Desarrollo en Costa Rica.<br>\u2022 Actualmente desarrolla la investigaci\u00f3n \u201cOPTIMIZACI\u00d3N DEL CULTIVO DE LARVAS Y JUVENILES DE CORVINA REINA (Cynoscion albus, G\u00fcnther 1864) EN CONDICIONES DE LABORATORIO\u201d<br>\u2022 Por 20 a\u00f1os ha laborado en investigaci\u00f3n y desarrollo de tecnolog\u00edas de producci\u00f3n de juveniles de peces marinos y en la transferencia tecnol\u00f3gica y extensi\u00f3n en granjas marinas.<br>\u2022 Actualmente gerencia proyectos estrat\u00e9gicos nacionales de pol\u00edtica p\u00fablica orientados al fomento de la Acuicultura Marina.<\/p>\n<!-- \/wp:paragraph -->","post_title":"Jonathan Chac\u00f3n Guzm\u00e1n","post_excerpt":"","post_status":"publish","comment_status":"closed","ping_status":"closed","post_password":"","post_name":"jonathan-chacon-guzman","to_ping":"","pinged":"","post_modified":"2021-05-31 12:01:04","post_modified_gmt":"2021-05-31 10:01:04","post_content_filtered":"","post_parent":0,"guid":"https:\/\/transferencia.irta.cat\/?post_type=ponent&#038;p=7369","menu_order":0,"post_type":"ponent","post_mime_type":"","comment_count":"0","filter":"raw"}},{"ponent":{"ID":7373,"post_author":"2","post_date":"2021-05-31 12:02:08","post_date_gmt":"2021-05-31 10:02:08","post_content":"<!-- wp:paragraph -->\n<p>Licenciado en veterinaria que desde la licenciatura me interes\u00e9 por la acuicultura. Empec\u00e9 conociendo el sector de los peces de agua dulce: Trucha. Tuve la oportunidad de incorporarme a la acuicultura marina trabajando en reproducci\u00f3n de bivalvos y en el preengorde y engorde de diferentes especies de peces: dorada, lubina y llenguado. Posteriormente estuve unos a\u00f1os como agente t\u00e9cnico-comercial trabajando en asesor\u00eda, comercializaci\u00f3n y transporte de alevines de dorada, lubina y corvina por toda Espa\u00f1a. Actualmente me dedico a la investigaci\u00f3n de la reproducci\u00f3n y engorde de diferentes especies de bivalvos en el centro IRTA.<\/p>\n<!-- \/wp:paragraph -->","post_title":"Ignasi Gair\u00edn","post_excerpt":"","post_status":"publish","comment_status":"closed","ping_status":"closed","post_password":"","post_name":"ignasi-gairin","to_ping":"","pinged":"","post_modified":"2021-05-31 12:02:18","post_modified_gmt":"2021-05-31 10:02:18","post_content_filtered":"","post_parent":0,"guid":"https:\/\/transferencia.irta.cat\/?post_type=ponent&#038;p=7373","menu_order":0,"post_type":"ponent","post_mime_type":"","comment_count":"0","filter":"raw"}},{"ponent":{"ID":7377,"post_author":"2","post_date":"2021-05-31 12:03:26","post_date_gmt":"2021-05-31 10:03:26","post_content":"<!-- wp:paragraph -->\n<p>Su trabajo se centra en temas relacionados con la salud de peces y mariscos (patolog\u00eda, nutrici\u00f3n, diagn\u00f3stico). Karl tiene una licenciatura en Ciencias Biol\u00f3gicas de la Universidad Aurora Illinois (EE. UU.) y un doctorado en Microbiolog\u00eda de la Universidad de California, Davis (EE. UU.). Adem\u00e1s, contribuye a la investigaci\u00f3n sobre floraciones de microalgas marinas t\u00f3xicas. Dentro de la acuicultura, existe una falta de grandes \u00e1reas de conocimiento para las especies no modelo cultivadas en sistemas de acuicultura. A trav\u00e9s del desarrollo y la aplicaci\u00f3n de t\u00e9cnicas moleculares y microbiolog\u00eda, especialmente el desarrollo de diagn\u00f3sticos basados en ADN para organismos no modelo, adquirimos conocimientos sobre las funciones inmunol\u00f3gicas, el metabolismo y la fisiolog\u00eda digestiva de las especies de acuicultura y sus amenazas pat\u00f3genas.<\/p>\n<!-- \/wp:paragraph -->","post_title":"Karl B. Andree","post_excerpt":"","post_status":"publish","comment_status":"closed","ping_status":"closed","post_password":"","post_name":"karl-b-andree","to_ping":"","pinged":"","post_modified":"2025-03-06 13:03:19","post_modified_gmt":"2025-03-06 12:03:19","post_content_filtered":"","post_parent":0,"guid":"https:\/\/transferencia.irta.cat\/?post_type=ponent&#038;p=7377","menu_order":0,"post_type":"ponent","post_mime_type":"","comment_count":"0","filter":"raw"}},{"ponent":{"ID":7381,"post_author":"2","post_date":"2021-05-31 12:04:56","post_date_gmt":"2021-05-31 10:04:56","post_content":"<!-- wp:paragraph -->\n<p>Doctor en Biolog\u00eda por la Universidad de Barcelona (Espa\u00f1a). Investigador especializado en biolog\u00eda de peces y acuicultura (nutrici\u00f3n). Mi puesto actual es investigador senior y director del Programa de Acuicultura del IRTA. He estado trabajando en estudios de acuicultura desde 1999 cuando obtuve mi doctorado, desde all\u00ed he consolidado mi experiencia y conocimientos trabajando en USA (Universidad de Davis, California) y Francia (Ifremer, Brest), mientras que en 2004 fui reclutado por el IRTA. Desde entonces, he realizado investigaciones en la interfase entre la academia y la industria, especialmente en relaci\u00f3n con estudios nutricionales en peces, en fases de cultivo larvario y engorde. A nivel cient\u00edfico he publicado un total de 212 en revistas, siete cap\u00edtulos de libros. Coordinador de la Red CYTED LARVAplus.<\/p>\n<!-- \/wp:paragraph -->\n\n<!-- wp:embed {\"url\":\"https:\/\/loop.frontiersin.org\/people\/606918\"} -->\n<figure class=\"wp-block-embed\"><div class=\"wp-block-embed__wrapper\">\nhttps:\/\/loop.frontiersin.org\/people\/606918\n<\/div><\/figure>\n<!-- \/wp:embed -->\n\n<!-- wp:paragraph -->\n<p><\/p>\n<!-- \/wp:paragraph -->","post_title":"Enric Gisbert","post_excerpt":"","post_status":"publish","comment_status":"closed","ping_status":"closed","post_password":"","post_name":"enric-gisbert","to_ping":"","pinged":"","post_modified":"2021-05-31 12:04:57","post_modified_gmt":"2021-05-31 10:04:57","post_content_filtered":"","post_parent":0,"guid":"https:\/\/transferencia.irta.cat\/?post_type=ponent&#038;p=7381","menu_order":0,"post_type":"ponent","post_mime_type":"","comment_count":"0","filter":"raw"}},{"ponent":{"ID":7385,"post_author":"2","post_date":"2021-05-31 12:05:54","post_date_gmt":"2021-05-31 10:05:54","post_content":"<!-- wp:paragraph -->\n<p>Licenciada en Biolog\u00eda por la Universidad Complutense de Madrid. Doctora en Pesquer\u00edas por la Univ. De Kagoshima (Japon), con dos estancias post-doctorales en la Univ de Stirling (NERC Unit of Fish Nutrition) y Kyoto. En el IRTA desde el a\u00f1o 2000 centrada sobre todo en el cultivo larvario de nuevas especies de peces, estudio de requerimientos nutricionales, sobre todo de \u00e1cidos grasos, de larvas y juveniles y en los \u00faltimos a\u00f1os en la b\u00fasqueda de nuevos ingredientes para piensos (harina de insectos, subproductos de la industria, etc). Miembro del grupo de expertos europeos de producci\u00f3n org\u00e1nica (EGTOP) desde el a\u00f1o 2013.<\/p>\n<!-- \/wp:paragraph -->","post_title":"Alicia Est\u00e9vez","post_excerpt":"","post_status":"publish","comment_status":"closed","ping_status":"closed","post_password":"","post_name":"alicia-estevez","to_ping":"","pinged":"","post_modified":"2021-05-31 12:05:54","post_modified_gmt":"2021-05-31 10:05:54","post_content_filtered":"","post_parent":0,"guid":"https:\/\/transferencia.irta.cat\/?post_type=ponent&#038;p=7385","menu_order":0,"post_type":"ponent","post_mime_type":"","comment_count":"0","filter":"raw"}},{"ponent":{"ID":7389,"post_author":"2","post_date":"2021-05-31 12:06:58","post_date_gmt":"2021-05-31 10:06:58","post_content":"<!-- wp:paragraph -->\n<p>Licenciada en Ciencias, con grado (microbiolog\u00eda), por la Universitat de les Illes Balears (UIB). Realiz\u00f3 su tesis doctoral en el Fish Diseases Laboratory, actual CEFAS, (Weymouth_ Reino Unido) y en el Biological Sciences Department de la Universidad de Plymouth (Reino Unido), estudiando los mecanismos de patogenicidad de Yersinia ruckeri (1990)<br>Su trayectoria profesional se ha desarrollado combinando gesti\u00f3n e investigaci\u00f3n. Ha sido Directora del Centro del IRTA_ Sant Cales de la R\u00e0pita (1999-2018) y responsable de su Programa de Acuicultura (1999-2015) Ha sido miembro del Think_tank del IRTA desde su creaci\u00f3n hasta su clausura en 2019. Actualmente es miembro del comit\u00e9 de bioseguridad el IRTA. Impuls\u00f3 la creaci\u00f3n y ha sido miembro del comit\u00e9 ejecutivo de Acuiplus; ha sido miembro de la junta ejecutiva de PTEPA. Es miembro de la sociedad espa\u00f1ola de acuicultura (SEA), a la que ha tenido el honor de presidir<br>Como investigadora del grupo de salud acu\u00e1tica del IRTA, trabaja en epidemiolog\u00eda, bioseguridad y modelos in vivo de pat\u00f3genos de peces y moluscos, fundamentalmente los relacionados con la acuicultura mediterr\u00e1nea. Ha participado en: 35 proyectos de I+D+i (IP de 15), 20 contratos con empresas (IP de 16), 60 publicaciones, asistencia \/ participaci\u00f3n en 120 congresos, 1 patente. Grandes proyectos recientes a destacar: H2020_VIVALDI (http:\/\/www.vivaldi-project.eu\/ ) y H2020_MedAID (http:\/\/www.medaidh2020.eu\/ ), en los que ha sido, IP_IRTA, work package leader y , en el caso de MedAID, coordinadora cient\u00edfica ,<br>Links: https:\/\/publons.com\/researcher\/L-1652-2014\/<\/p>\n<!-- \/wp:paragraph -->","post_title":"Dolors Furones","post_excerpt":"","post_status":"publish","comment_status":"closed","ping_status":"closed","post_password":"","post_name":"dolors-furones","to_ping":"","pinged":"","post_modified":"2021-05-31 12:06:58","post_modified_gmt":"2021-05-31 10:06:58","post_content_filtered":"","post_parent":0,"guid":"https:\/\/transferencia.irta.cat\/?post_type=ponent&#038;p=7389","menu_order":0,"post_type":"ponent","post_mime_type":"","comment_count":"0","filter":"raw"}},{"ponent":{"ID":7393,"post_author":"2","post_date":"2021-05-31 12:08:19","post_date_gmt":"2021-05-31 10:08:19","post_content":"<!-- wp:paragraph -->\n<p>Darko Lisac ha dedicado su carrera al desarrollo de la piscicultura marina y su establecimiento como una industria sostenible. Pionero en la instalaci\u00f3n de las primeras jaulas flotantes en el Mediterr\u00e1neo en 1977, ha allanado el camino para muchas de las empresas comerciales exitosas de la actualidad.<\/p>\n<!-- \/wp:paragraph -->\n\n<!-- wp:paragraph -->\n<p>Despu\u00e9s de consolidar la gesti\u00f3n operativa de las instalaciones de producci\u00f3n marina, se centr\u00f3 en el dise\u00f1o, desarrollo e implementaci\u00f3n de tecnolog\u00eda de jaulas marinas.<\/p>\n<!-- \/wp:paragraph -->\n\n<!-- wp:paragraph -->\n<p>Darko es cofundador y director ejecutivo de Refa Med, Italia, y combina la fabricaci\u00f3n de estructuras de cr\u00eda de peces con la prestaci\u00f3n de servicios de consultor\u00eda, formaci\u00f3n y experiencia t\u00e9cnica para sistemas de cultivo en mar abierto.<\/p>\n<!-- \/wp:paragraph -->","post_title":"Darko Lisac","post_excerpt":"","post_status":"publish","comment_status":"closed","ping_status":"closed","post_password":"","post_name":"darko-lisac","to_ping":"","pinged":"","post_modified":"2021-05-31 12:08:19","post_modified_gmt":"2021-05-31 10:08:19","post_content_filtered":"","post_parent":0,"guid":"https:\/\/transferencia.irta.cat\/?post_type=ponent&#038;p=7393","menu_order":0,"post_type":"ponent","post_mime_type":"","comment_count":"0","filter":"raw"}},{"ponent":{"ID":7397,"post_author":"2","post_date":"2021-05-31 12:09:13","post_date_gmt":"2021-05-31 10:09:13","post_content":"<!-- wp:paragraph -->\n<p>Soy Licenciado en Biolog\u00eda por la Universidad de Barcelona. Master en Acuicultura marina por la Universidad de Barcelona. T\u00e9cnico en Auditor\u00eda Ambiental por la Universidad Polit\u00e9cnica de Catalu\u00f1a. T\u00e9cnico en gesti\u00f3n de recursos pesqueros. Citotecn\u00f3logo por la Academia Internacional de Citolog\u00eda. Buzo profesional de 1\u00aa clase gran profundidad. Patr\u00f3n de Yate y patr\u00f3n de pesca de litoral de 1\u00aa, entre otras titulaciones.<br>Desde 1988 soy bi\u00f3logo asesor de diferentes empresas y administraciones de acuicultura, -mi especialidad son las estructuras de cultivo en mar abierto-, en Catalu\u00f1a, Espa\u00f1a, el Mediterr\u00e1neo, el Magreb, West \u00c1frica, Centro y Sudam\u00e9rica y en Oriente medio. Siempre como trabajador aut\u00f3nomo y desde mi empresa como Director General en Litoralgesti\u00f3n de Producciones acu\u00edcolas S.L.<br>Fui de los primeros asesores en temas de seguros en el sector de Acuicultura privada y p\u00fablica. Tambi\u00e9n ejerzo como Profesor de diferentes M\u00e1steres de Acuicultura en Universidades espa\u00f1olas y sudamericanas. Act\u00fao como Perito Judicial en temas Acu\u00edcolas.<br>Miembro de las mesas sectoriales de la pesca y la acuicultura, designado directamente por el Consejero del Departamento de Agricultura Ganader\u00eda y Pesca del Gobierno de Catalu\u00f1a, desde 2001.<br>Miembro de las comisiones de trabajo en los planes de investigaci\u00f3n de la \"Junta Nacional Asesora de Cultivos Marinos del Ministerio de Medio Ambiente y Medio Rural y Marino del Gobierno de Espa\u00f1a\".<br>En la actualidad soy el Vicedecano del colegio de Bi\u00f3logos de Catalu\u00f1a.<\/p>\n<!-- \/wp:paragraph -->\n\n<!-- wp:paragraph -->\n<p><br>Perfil a linkedin: https:\/\/es.linkedin.com\/in\/jordicarrerasdoll<\/p>\n<!-- \/wp:paragraph -->\n\n<!-- wp:paragraph -->\n<p><br>Web: https:\/\/www.jordicarrerasdoll.com\u2003<\/p>\n<!-- \/wp:paragraph -->","post_title":"Jordi Carreras Doll","post_excerpt":"","post_status":"publish","comment_status":"closed","ping_status":"closed","post_password":"","post_name":"jordi-carreras-doll","to_ping":"","pinged":"","post_modified":"2021-05-31 12:09:13","post_modified_gmt":"2021-05-31 10:09:13","post_content_filtered":"","post_parent":0,"guid":"https:\/\/transferencia.irta.cat\/?post_type=ponent&#038;p=7397","menu_order":0,"post_type":"ponent","post_mime_type":"","comment_count":"0","filter":"raw"}},{"ponent":{"ID":7401,"post_author":"2","post_date":"2021-05-31 12:10:10","post_date_gmt":"2021-05-31 10:10:10","post_content":"<!-- wp:paragraph -->\n<p>Jordi Comas se licenci\u00f3 en Zoolog\u00eda en 2000 en la Universitat Aut\u00f2noma de Barcelona y poco despu\u00e9s (2001) obtuvo su Maestr\u00eda en Acuicultura en el Instituto de Acuicultura de la Universidad de Stirling. Con una amplia experiencia en el sector de la acuicultura y tras casi 20 a\u00f1os en diferentes puestos en algunos de los colectivos m\u00e1s importantes del Mediterr\u00e1neo, Jordi inici\u00f3 su doctorado en acuicultura en 2015 en el marco de un programa de doctorado industrial de la Generalitat de Catalunya en sociedad entre el l\u00edder mundial noruego y proveedor de la industria de la acuicultura M\u00f8renot y la Universitat Aut\u00f2noma de Barcelona (UAB). Los principales intereses de Jordi son la producci\u00f3n y fisiolog\u00eda de especies marinas. Actualmente Jordi trabaja en la industria de la acuicultura ayudando a desarrollarla en el norte de \u00c1frica y pa\u00edses de oriente medio.<br>morenot.no<\/p>\n<!-- \/wp:paragraph -->","post_title":"Jordi Comas","post_excerpt":"","post_status":"publish","comment_status":"closed","ping_status":"closed","post_password":"","post_name":"jordi-comas","to_ping":"","pinged":"","post_modified":"2021-05-31 12:10:10","post_modified_gmt":"2021-05-31 10:10:10","post_content_filtered":"","post_parent":0,"guid":"https:\/\/transferencia.irta.cat\/?post_type=ponent&#038;p=7401","menu_order":0,"post_type":"ponent","post_mime_type":"","comment_count":"0","filter":"raw"}},{"ponent":{"ID":7405,"post_author":"2","post_date":"2021-05-31 12:10:57","post_date_gmt":"2021-05-31 10:10:57","post_content":"<!-- wp:paragraph -->\n<p>Ana Roque centr\u00f3 su investigaci\u00f3n en los ultimos 10 a\u00f1os en el bienestar de los peces de acuicultura. Ella tiene licenciatura en Medicina Veterinaria de la Universidad de Lisboa y un doctorado en Acuicultura de la Universidad de Stirling.<br>El desarrollo de su investigaci\u00f3n se dirige al desarrollo de protocolos de atordimiento y su validaci\u00f3n y a la validaci\u00f3n de indicadores operacionales de bienestar. Actualmente, parte de la investigaci\u00f3n es financiada por organizaciones humanitarias y associaciones acuicultores. Es autora de mas de 80 articulos internacionales con revision de pares y varios capitulos de libro.<br>Ana ha trabajado en Espa\u00f1a, M\u00e9xico, Tailandia y Escocia y tiene tmabien una ampla experiencia en salud de bivalvos y crustaceos de cultivo.<br>http:\/\/www.researcherid.com\/rid\/B-7571-2013<\/p>\n<!-- \/wp:paragraph -->","post_title":"Ana Roque","post_excerpt":"","post_status":"publish","comment_status":"closed","ping_status":"closed","post_password":"","post_name":"ana-roque","to_ping":"","pinged":"","post_modified":"2021-05-31 12:10:57","post_modified_gmt":"2021-05-31 10:10:57","post_content_filtered":"","post_parent":0,"guid":"https:\/\/transferencia.irta.cat\/?post_type=ponent&#038;p=7405","menu_order":0,"post_type":"ponent","post_mime_type":"","comment_count":"0","filter":"raw"}},{"ponent":{"ID":7559,"post_author":"2","post_date":"2021-06-03 10:12:21","post_date_gmt":"2021-06-03 08:12:21","post_content":"<!-- wp:paragraph -->\n<p>Ricard Carb\u00f3 es el Gerente del IRTA Sant Carles de la R\u00e0pita desde 2018, es Ingeniero t\u00e9cnico Agr\u00edcola por la Universidad Polit\u00e9cnica de Catalunya 1992. Trabaj\u00f3 en una Hatchery de Dorada y Lubina en Grecia (1995). Trabaj\u00f3 como director t\u00e9cnico en una piscifactor\u00eda de jaulas flotantes de dorada y lubina en Espa\u00f1a (1996-98). Desde 1999 hasta la actualidad ha trabajado en IRTA especializ\u00e1ndose en el dise\u00f1o y la ingenier\u00eda de instalaciones de cultivo y m\u00e1s concretamente en sistemas de recirculaci\u00f3n donde ha desarrollado la patente IRTAmar que son los equipos de recirculaci\u00f3n y tratamiento del agua, donde se llevan a cabo la mayor\u00eda de los ensayos del programa de Acuicultura del IRTA. Ha participado en proyectos de investigaci\u00f3n y ha publicado art\u00edculos en revistas especializadas de Ingenier\u00eda y el sector acu\u00edcola. Tambi\u00e9n ha participado como profesor en varios cursos internacionales de sistemas de recirculaci\u00f3n como el que organiza el CIHEAM.<\/p>\n<!-- \/wp:paragraph -->","post_title":"Ricard Carb\u00f3","post_excerpt":"","post_status":"publish","comment_status":"closed","ping_status":"closed","post_password":"","post_name":"ricard-carbo","to_ping":"","pinged":"","post_modified":"2021-06-03 10:12:21","post_modified_gmt":"2021-06-03 08:12:21","post_content_filtered":"","post_parent":0,"guid":"https:\/\/transferencia.irta.cat\/?post_type=ponent&#038;p=7559","menu_order":0,"post_type":"ponent","post_mime_type":"","comment_count":"0","filter":"raw"}}],"organitza":[{"imatge":"https:\/\/transferencia.irta.cat\/wp-content\/uploads\/2021\/02\/IRTA_logo_R.png","nom":"","link":""},{"imatge":"https:\/\/transferencia.irta.cat\/wp-content\/uploads\/2021\/05\/Imagen1.jpg","nom":"","link":""}],"patrocina":false,"colabora":false,"serveis":false,"materials":[{"material":{"ID":7849,"post_author":"2","post_date":"2021-06-08 11:19:09","post_date_gmt":"2021-06-08 09:19:09","post_content":"","post_title":"Bloque 1. Introducci\u00f3n reproducci\u00f3n, larvario y pre-engorde","post_excerpt":"","post_status":"publish","comment_status":"closed","ping_status":"closed","post_password":"","post_name":"bloque-1-introduccion-reproduccion-larvario-y-pre-engorde","to_ping":"","pinged":"","post_modified":"2022-06-08 12:17:03","post_modified_gmt":"2022-06-08 10:17:03","post_content_filtered":"","post_parent":0,"guid":"https:\/\/transferencia.irta.cat\/?post_type=material&#038;p=7849","menu_order":0,"post_type":"material","post_mime_type":"","comment_count":"0","filter":"raw"}},{"material":{"ID":8161,"post_author":"2","post_date":"2021-06-17 14:20:39","post_date_gmt":"2021-06-17 12:20:39","post_content":"","post_title":"Bloque 2. Engorde en jaulas","post_excerpt":"","post_status":"publish","comment_status":"closed","ping_status":"closed","post_password":"","post_name":"bloque-2-engorde-en-jaulas-parte-1","to_ping":"","pinged":"","post_modified":"2022-06-08 12:17:14","post_modified_gmt":"2022-06-08 10:17:14","post_content_filtered":"","post_parent":0,"guid":"https:\/\/transferencia.irta.cat\/?post_type=material&#038;p=8161","menu_order":0,"post_type":"material","post_mime_type":"","comment_count":"0","filter":"raw"}},{"material":{"ID":8195,"post_author":"2","post_date":"2021-06-18 10:35:05","post_date_gmt":"2021-06-18 08:35:05","post_content":"","post_title":"Bloque 3.  Nutrici\u00f3n, salud e instalaciones","post_excerpt":"","post_status":"publish","comment_status":"closed","ping_status":"closed","post_password":"","post_name":"bloque-3-nutricion-salud-e-instalaciones","to_ping":"","pinged":"","post_modified":"2022-06-08 12:17:34","post_modified_gmt":"2022-06-08 10:17:34","post_content_filtered":"","post_parent":0,"guid":"https:\/\/transferencia.irta.cat\/?post_type=material&#038;p=8195","menu_order":0,"post_type":"material","post_mime_type":"","comment_count":"0","filter":"raw"}},{"material":{"ID":8198,"post_author":"2","post_date":"2021-06-18 10:38:23","post_date_gmt":"2021-06-18 08:38:23","post_content":"","post_title":"V\u00eddeo visita al centro","post_excerpt":"","post_status":"publish","comment_status":"closed","ping_status":"closed","post_password":"","post_name":"video-visita-al-centro","to_ping":"","pinged":"","post_modified":"2022-06-08 12:18:16","post_modified_gmt":"2022-06-08 10:18:16","post_content_filtered":"","post_parent":0,"guid":"https:\/\/transferencia.irta.cat\/?post_type=material&#038;p=8198","menu_order":0,"post_type":"material","post_mime_type":"","comment_count":"0","filter":"raw"}},{"material":{"ID":8155,"post_author":"2","post_date":"2021-06-17 14:00:14","post_date_gmt":"2021-06-17 12:00:14","post_content":"","post_title":"Cuestiones Curso Corvina Prueba Final","post_excerpt":"","post_status":"publish","comment_status":"closed","ping_status":"closed","post_password":"","post_name":"questiones-curso-corvina-prueba-final","to_ping":"","pinged":"","post_modified":"2021-06-18 09:13:06","post_modified_gmt":"2021-06-18 07:13:06","post_content_filtered":"","post_parent":0,"guid":"https:\/\/transferencia.irta.cat\/?post_type=material&#038;p=8155","menu_order":0,"post_type":"material","post_mime_type":"","comment_count":"0","filter":"raw"}},{"material":{"ID":7546,"post_author":"2","post_date":"2021-06-03 09:40:01","post_date_gmt":"2021-06-03 07:40:01","post_content":"","post_title":"Cuestionario Curso Corvina Prueba Inicial","post_excerpt":"","post_status":"publish","comment_status":"closed","ping_status":"closed","post_password":"","post_name":"questiones-curso-corvina-prueba-inicial","to_ping":"","pinged":"","post_modified":"2021-06-18 11:26:36","post_modified_gmt":"2021-06-18 09:26:36","post_content_filtered":"","post_parent":0,"guid":"https:\/\/transferencia.irta.cat\/?post_type=material&#038;p=7546","menu_order":0,"post_type":"material","post_mime_type":"","comment_count":"0","filter":"raw"}}],"activitats_relacionades":false,"te_enquesta":true,"id_enquesta":"","enquesta_externa":"","subscribe_external_link":"","en_construccio":false,"wait_list":false},"yoast_head":"<!-- This site is optimized with the Yoast SEO plugin v15.2 - https:\/\/yoast.com\/wordpress\/plugins\/seo\/ -->\n<title>Curso de capacitaci\u00f3n en el cultivo de corvina (Argyrosomus regius) - IRTA<\/title>\n<meta name=\"description\" content=\"Curso de capacitaci\u00f3n para investigadores y t\u00e9cnicos de Fondo Nacional de Desarrollo Pesquera (FONDEPES) en el cultivo de corvina (Argyrosomus regius) y\" \/>\n<meta name=\"robots\" content=\"index, follow, max-snippet:-1, max-image-preview:large, max-video-preview:-1\" \/>\n<link rel=\"canonical\" href=\"https:\/\/transferencia.irta.cat\/es\/activitats\/curso-de-capacitacion-en-el-cultivo-de-corvina-argyrosomus-regius\/\" \/>\n<meta property=\"og:locale\" content=\"es_ES\" \/>\n<meta property=\"og:type\" content=\"article\" \/>\n<meta property=\"og:title\" content=\"Curso de capacitaci\u00f3n en el cultivo de corvina (Argyrosomus regius) - IRTA\" \/>\n<meta property=\"og:description\" content=\"Curso de capacitaci\u00f3n para investigadores y t\u00e9cnicos de Fondo Nacional de Desarrollo Pesquera (FONDEPES) en el cultivo de corvina (Argyrosomus regius) y\" \/>\n<meta property=\"og:url\" content=\"https:\/\/transferencia.irta.cat\/es\/activitats\/curso-de-capacitacion-en-el-cultivo-de-corvina-argyrosomus-regius\/\" \/>\n<meta property=\"og:site_name\" content=\"IRTA\" \/>\n<meta property=\"article:modified_time\" content=\"2021-06-18T09:26:20+00:00\" \/>\n<meta property=\"og:image\" content=\"https:\/\/transferencia.irta.cat\/wp-content\/uploads\/2021\/05\/corvina-009.jpg\" \/>\n\t<meta property=\"og:image:width\" content=\"1600\" \/>\n\t<meta property=\"og:image:height\" content=\"1200\" \/>\n<meta name=\"twitter:card\" content=\"summary_large_image\" \/>\n<meta name=\"twitter:label1\" value=\"Escrito por\">\n\t<meta name=\"twitter:data1\" value=\"jtobal\">\n\t<meta name=\"twitter:label2\" value=\"Tiempo de lectura\">\n\t<meta name=\"twitter:data2\" value=\"0 minutos\">\n<script type=\"application\/ld+json\" class=\"yoast-schema-graph\">{\"@context\":\"https:\/\/schema.org\",\"@graph\":[{\"@type\":\"WebSite\",\"@id\":\"https:\/\/transferencia.irta.cat\/es\/#website\",\"url\":\"https:\/\/transferencia.irta.cat\/es\/\",\"name\":\"IRTA\",\"description\":\"Transfer\\u00e8ncia de coneixement\",\"potentialAction\":[{\"@type\":\"SearchAction\",\"target\":\"https:\/\/transferencia.irta.cat\/es\/?s={search_term_string}\",\"query-input\":\"required name=search_term_string\"}],\"inLanguage\":\"es\"},{\"@type\":\"ImageObject\",\"@id\":\"https:\/\/transferencia.irta.cat\/es\/activitats\/curso-de-capacitacion-en-el-cultivo-de-corvina-argyrosomus-regius\/#primaryimage\",\"inLanguage\":\"es\",\"url\":\"https:\/\/transferencia.irta.cat\/wp-content\/uploads\/2021\/05\/corvina-009.jpg\",\"width\":1600,\"height\":1200},{\"@type\":\"WebPage\",\"@id\":\"https:\/\/transferencia.irta.cat\/es\/activitats\/curso-de-capacitacion-en-el-cultivo-de-corvina-argyrosomus-regius\/#webpage\",\"url\":\"https:\/\/transferencia.irta.cat\/es\/activitats\/curso-de-capacitacion-en-el-cultivo-de-corvina-argyrosomus-regius\/\",\"name\":\"Curso de capacitaci\\u00f3n en el cultivo de corvina (Argyrosomus regius) - IRTA\",\"isPartOf\":{\"@id\":\"https:\/\/transferencia.irta.cat\/es\/#website\"},\"primaryImageOfPage\":{\"@id\":\"https:\/\/transferencia.irta.cat\/es\/activitats\/curso-de-capacitacion-en-el-cultivo-de-corvina-argyrosomus-regius\/#primaryimage\"},\"datePublished\":\"2021-05-28T09:19:43+00:00\",\"dateModified\":\"2021-06-18T09:26:20+00:00\",\"description\":\"Curso de capacitaci\\u00f3n para investigadores y t\\u00e9cnicos de Fondo Nacional de Desarrollo Pesquera (FONDEPES) en el cultivo de corvina (Argyrosomus regius) y\",\"inLanguage\":\"es\",\"potentialAction\":[{\"@type\":\"ReadAction\",\"target\":[\"https:\/\/transferencia.irta.cat\/es\/activitats\/curso-de-capacitacion-en-el-cultivo-de-corvina-argyrosomus-regius\/\"]}]}]}<\/script>\n<!-- \/ Yoast SEO plugin. -->","_links":{"self":[{"href":"https:\/\/transferencia.irta.cat\/es\/wp-json\/wp\/v2\/activitats\/7310","targetHints":{"allow":["GET"]}}],"collection":[{"href":"https:\/\/transferencia.irta.cat\/es\/wp-json\/wp\/v2\/activitats"}],"about":[{"href":"https:\/\/transferencia.irta.cat\/es\/wp-json\/wp\/v2\/types\/activitats"}],"wp:featuredmedia":[{"embeddable":true,"href":"https:\/\/transferencia.irta.cat\/es\/wp-json\/wp\/v2\/media\/7348"}],"wp:attachment":[{"href":"https:\/\/transferencia.irta.cat\/es\/wp-json\/wp\/v2\/media?parent=7310"}],"wp:term":[{"taxonomy":"category","embeddable":true,"href":"https:\/\/transferencia.irta.cat\/es\/wp-json\/wp\/v2\/categories?post=7310"},{"taxonomy":"post_tag","embeddable":true,"href":"https:\/\/transferencia.irta.cat\/es\/wp-json\/wp\/v2\/tags?post=7310"},{"taxonomy":"objectius_estrategics","embeddable":true,"href":"https:\/\/transferencia.irta.cat\/es\/wp-json\/wp\/v2\/objectius_estrategics?post=7310"},{"taxonomy":"ods","embeddable":true,"href":"https:\/\/transferencia.irta.cat\/es\/wp-json\/wp\/v2\/ods?post=7310"},{"taxonomy":"programa_irta","embeddable":true,"href":"https:\/\/transferencia.irta.cat\/es\/wp-json\/wp\/v2\/programa_irta?post=7310"},{"taxonomy":"trainings","embeddable":true,"href":"https:\/\/transferencia.irta.cat\/es\/wp-json\/wp\/v2\/trainings?post=7310"}],"curies":[{"name":"wp","href":"https:\/\/api.w.org\/{rel}","templated":true}]}}