{"id":6116,"date":"2021-03-02T11:01:22","date_gmt":"2021-03-02T10:01:22","guid":{"rendered":"https:\/\/transferencia.irta.cat\/?post_type=activitats&#038;p=6116"},"modified":"2021-03-02T11:02:04","modified_gmt":"2021-03-02T10:02:04","slug":"xx-jornada-intercomarcal-sobre-el-cultivo-del-maiz","status":"publish","type":"activitats","link":"https:\/\/transferencia.irta.cat\/es\/activitats\/xx-jornada-intercomarcal-sobre-el-cultivo-del-maiz\/","title":{"rendered":"XX Jornada intercomarcal sobre el cultivo del ma\u00edz"},"content":{"rendered":"\n<p>Este a\u00f1o celebraremos la XX jornada t\u00e9cnica del ma\u00edz, apenas en la misma fecha en el a\u00f1o 2020 tuvo lugar una de las \u00faltimas jornadas PATT que se pudieron realizar de forma presencial, por las circunstancias sanitarias.<\/p>\n\n\n\n<p>La XX edici\u00f3n demuestra el gran inter\u00e9s, seguimiento y trascendencia de la Intercomarcal del ma\u00edz, por lo tanto ya pesar de la afectaci\u00f3n del coronavirus SARS-Covidien-2, se mantiene su realizaci\u00f3n, aprovechando las nuevas tecnolog\u00edas y proponiendo la jornada en l\u00ednea, con un programa muy completo y participativo que tratar\u00e1 diversas tem\u00e1ticas, con el objetivo de presentar una jornada din\u00e1mica y puntera, dirigida a un sector tambi\u00e9n l\u00edder y din\u00e1mico del sector agrario catal\u00e1n.<\/p>\n\n\n\n<p>En esta XX edici\u00f3n mencionar la colaboraci\u00f3n mantenida a lo largo de los a\u00f1os entre los organizadores, que ha posicionado \"La Intercormarcal del ma\u00edz\", como una jornada de referencia.<\/p>\n\n\n\n<figure class=\"wp-block-image size-large is-resized\"><img loading=\"lazy\" decoding=\"async\" src=\"https:\/\/transferencia.irta.cat\/wp-content\/uploads\/2021\/02\/blat_de_moro.jpg\" alt=\"\" class=\"wp-image-5915\" width=\"463\" height=\"359\" srcset=\"https:\/\/transferencia.irta.cat\/wp-content\/uploads\/2021\/02\/blat_de_moro.jpg 494w, https:\/\/transferencia.irta.cat\/wp-content\/uploads\/2021\/02\/blat_de_moro-300x233.jpg 300w\" sizes=\"auto, (max-width: 463px) 100vw, 463px\" \/><\/figure>\n","protected":false},"featured_media":5915,"template":"","categories":[],"tags":[],"objectius_estrategics":[],"ods":[1264,1263,1261],"programa_irta":[1238],"trainings":[],"class_list":["post-6116","activitats","type-activitats","status-publish","has-post-thumbnail","hentry","ods-12-consumo-y-produccion-responsables","ods-13-accion-climatica","ods-15-vida-terrestre-es","programa_irta-v3-cultivos-extensivos"],"acf":{"codi":"","data":"10\/03\/2021","data_fi":"","horari":"10:00h - 12:45h","idioma":"Catalan","original_language":"ca","preu":"Gratuita","places":"-1","ciutat":"En l\u00ednea","lloc_de_realitzacio":"<p>Jornada en l\u00ednea<\/p>\n","ubicacio":false,"imatge_ubicacio":"https:\/\/transferencia.irta.cat\/wp-content\/uploads\/2020\/04\/Blanco-Foto-Mar-Paisaje-Respira-Facebook-Portada.png","persona_contacte_nom":"Montse Palau","persona_contacte_email":"montserrat.palau@irta.cat","programa":{"ID":6117,"id":6117,"title":"En-l\u00ef\u00bf\u00bdnia_100321_210143_JORNADA-PANIS","filename":"En-l\u00ef\u00bf\u00bdnia_100321_210143_JORNADA-PANIS.pdf","filesize":126345,"url":"https:\/\/transferencia.irta.cat\/wp-content\/uploads\/2021\/03\/En-l\u00ef\u00bf\u00bdnia_100321_210143_JORNADA-PANIS.pdf","link":"https:\/\/transferencia.irta.cat\/es\/activitats\/xx-jornada-intercomarcal-sobre-el-cultivo-del-maiz\/en-li%c2%bdnia_100321_210143_jornada-panis\/","alt":"","author":"2","description":"","caption":"","name":"en-li%c2%bdnia_100321_210143_jornada-panis","status":"inherit","uploaded_to":6116,"date":"2021-03-02 09:59:37","modified":"2021-03-02 09:59:37","menu_order":0,"mime_type":"application\/pdf","type":"application","subtype":"pdf","icon":"https:\/\/transferencia.irta.cat\/wp-includes\/images\/media\/document.png"},"programacio":"<p>10.00 h Presentaci\u00f3 de la Jornada Sr. Ferran de Noguera Betriu, director dels Serveis Territorials del DARP a Lleida.<\/p>\n<hr \/>\n<p>10.05 h Comportament dels nous h\u00edbrids de pan\u00eds a Catalunya. Resultats dels assaigs IRTA 2020 Sr. Josep Anton Betbes\u00e9, Programa Cultius Extensius Sostenibles, IRTA.<\/p>\n<hr \/>\n<p>10.35 h Estrat\u00e8gies de control de l\u2019aranya roja en pan\u00eds Sra. Dolors Villegas, Programa Cultius Extensius Sostenibles, IRTA.<\/p>\n<hr \/>\n<p>10.50 h El control mec\u00e0nic de males herbes en blat de moro Sr. Eduard Gonzalo, Programa Cultius Extensius Sostenibles, IRTA.<\/p>\n<hr \/>\n<p>11.05 h Problem\u00e0tica en les segones sembres de pan\u00eds Sr. Josep Anton Betbes\u00e9, Programa Cultius Extensius Sostenibles, IRTA.<\/p>\n<hr \/>\n<p>11.20 h Situaci\u00f3 actual dels tractaments de la llavor en blat de moro Sr. Joan Serra, Programa Cultius Extensius Sostenibles, IRTA.<\/p>\n<hr \/>\n<p>11.45 h Situaci\u00f3 actual de les males herbes invasores Teosinte i Amaranthus palmeri a Catalunya Sr. Josep M. Llenes, Servei de Sanitat Vegetal, DARP.<\/p>\n<hr \/>\n<p>12.00 h Aptitud de les varietats de blat de moro pel cultiu en el sistema de producci\u00f3 ecol\u00f2gic Sra. Roser Sayeras, Programa Cultius Extensius Sostenibles, IRTA.<\/p>\n<hr \/>\n<p>12.15 h Torn de preguntes<\/p>\n","ponents":[{"ponent":{"ID":4035,"post_author":"32","post_date":"2020-08-06 14:29:27","post_date_gmt":"2020-08-06 12:29:27","post_content":"<!-- wp:paragraph {\"translatedWithWPMLTM\":\"1\"} -->\n<p>Josep Anton Betbes\u00e9 es Ingeniero T\u00e9cnico Agr\u00edcola especializado en Explotaciones Agropecuarias por la Universidad de Lleida. Se incorpor\u00f3 al IRTA primero con varios Convenios Universidad - Empresa en 1992 y 1994. Desde 1995 trabaja en el Programa de Cultivos Extensivos del IRTA en Lleida como personal T\u00e9cnico de Apoyo. Directamente implicado en la gesti\u00f3n t\u00e9cnica del todo el dispositivo experimental del Programa, ha colaborado en proyectos de investigaci\u00f3n, contratos, publicaciones, jornadas y diversas actividades relacionadas con los cultivos extensivos.<\/p>\n<!-- \/wp:paragraph -->","post_title":"Josep Anton Betbes\u00e9","post_excerpt":"","post_status":"publish","comment_status":"closed","ping_status":"closed","post_password":"","post_name":"josep-anton-betbese","to_ping":"","pinged":"","post_modified":"2020-08-06 14:29:27","post_modified_gmt":"2020-08-06 12:29:27","post_content_filtered":"","post_parent":0,"guid":"https:\/\/transferencia.irta.cat\/ponent\/josep-anton-betbese\/","menu_order":0,"post_type":"ponent","post_mime_type":"","comment_count":"0","filter":"raw"}},{"ponent":{"ID":4034,"post_author":"2","post_date":"2020-08-06 14:29:05","post_date_gmt":"2020-08-06 12:29:05","post_content":"<!-- wp:paragraph {\"translatedWithWPMLTM\":\"1\"} -->\n<p>Roser Sayeras, licenciada en Biolog\u00eda por la Universidad de Girona (2004-2008). Dispone del reconocimiento oficial del Departamento de Sanidad Vegetal de Catalu\u00f1a como asesora en gesti\u00f3n integrada de plagas. El a\u00f1o 2013 se incorpor\u00f3 como t\u00e9cnica de apoyo al programa de Cultivos Extensivos de Mas Badia. Participa en contratos con empresas del sector relacionados con la evaluaci\u00f3n de nuevo material vegetal y con la evaluaci\u00f3n y eficacia de productos fitosanitarios, y en los ensayos de variedades para registro de la Oficina Espa\u00f1ola de Variedades Vegetales (OEVV). Ha participado en proyectos de \u00e1mbito auton\u00f3mico de financiaci\u00f3n p\u00fablica promovidos por el DARP (actividades demostrativas y grupos operativos). Principalmente trabaja en la red de ensayos de variedades de cereal de Catalu\u00f1a, desde la siembra, haciendo los diversos controles durante el desarrollo del cultivo, hasta la cosecha y la evaluaci\u00f3n de los par\u00e1metros de post-cosecha, y finalmente haciendo el tratamiento de todas los datos de los ensayos de la red de colza, trigo blando, cebada, avena, centeno, guisante y ma\u00edz. Participa tambi\u00e9n en la coordinaci\u00f3n del Grupo para la Evaluaci\u00f3n de Nuevas Variedades de Cultivos Extensivos (GENVCE).<\/p>\n<!-- \/wp:paragraph --><!-- wp:paragraph -->\n<p><\/p>\n<!-- \/wp:paragraph -->","post_title":"Roser Sayeras","post_excerpt":"","post_status":"publish","comment_status":"closed","ping_status":"closed","post_password":"","post_name":"roser-sayeras","to_ping":"","pinged":"","post_modified":"2020-08-06 14:29:05","post_modified_gmt":"2020-08-06 12:29:05","post_content_filtered":"","post_parent":0,"guid":"https:\/\/transferencia.irta.cat\/ponent\/roser-sayeras\/","menu_order":0,"post_type":"ponent","post_mime_type":"","comment_count":"0","filter":"raw"}},{"ponent":{"ID":4033,"post_author":"32","post_date":"2020-08-06 14:28:18","post_date_gmt":"2020-08-06 12:28:18","post_content":"<!-- wp:paragraph {\"translatedWithWPMLTM\":\"1\"} -->\n<p>Joan Serra Gironella. Investigador - especialista del Instituto de Investigaci\u00f3n y Tecnolog\u00eda Agroalimentarias (IRTA) del Programa de Cultivos Extensivos Sostenibles, con sede en la Estaci\u00f3n Experimental Agr\u00edcola Mas Badia. Durante m\u00e1s de 30 a\u00f1os ha desarrollado su actividad en el \u00c1rea de Cultivos Extensivos de la Fundaci\u00f3n Mas Badia, centro consorciado al IRTA, hasta su incorporaci\u00f3n en el instituto en enero de 2020. Ha centrado su actividad en el evaluaci\u00f3n de material vegetal, protecci\u00f3n fitosanitaria, calidad, etc. en cereales de invierno, ma\u00edz, proteaginosas, colza y forrajes. Tiene un elevado n\u00famero de publicaciones en revistas de divulgaci\u00f3n, una amplia experiencia en la organizaci\u00f3n de actividades de transferencia (jornadas, cursos, etc.) y tambi\u00e9n en la realizaci\u00f3n de experimentaci\u00f3n contratada con empresas del sector.<\/p>\n<!-- \/wp:paragraph -->","post_title":"Joan Serra","post_excerpt":"","post_status":"publish","comment_status":"closed","ping_status":"closed","post_password":"","post_name":"joan-serra","to_ping":"","pinged":"","post_modified":"2020-08-06 14:28:18","post_modified_gmt":"2020-08-06 12:28:18","post_content_filtered":"","post_parent":0,"guid":"https:\/\/transferencia.irta.cat\/ponent\/joan-serra\/","menu_order":0,"post_type":"ponent","post_mime_type":"","comment_count":"0","filter":"raw"}}],"organitza":[{"imatge":"https:\/\/transferencia.irta.cat\/wp-content\/uploads\/2020\/01\/darp.png","nom":"","link":""},{"imatge":"https:\/\/transferencia.irta.cat\/wp-content\/uploads\/2021\/02\/IRTA_logo_R.png","nom":"","link":""},{"imatge":"https:\/\/transferencia.irta.cat\/wp-content\/uploads\/2020\/03\/firamolle-Baner-Horizontal.jpg","nom":"","link":""}],"patrocina":false,"colabora":[{"imatge":"https:\/\/transferencia.irta.cat\/wp-content\/uploads\/2021\/02\/cooperativa_linyola.png","nom":"","link":""}],"serveis":false,"materials":false,"activitats_relacionades":false,"te_enquesta":false,"id_enquesta":"","enquesta_externa":"","subscribe_external_link":"","en_construccio":false,"wait_list":false},"yoast_head":"<!-- This site is optimized with the Yoast SEO plugin v15.2 - https:\/\/yoast.com\/wordpress\/plugins\/seo\/ -->\n<title>XX Jornada intercomarcal sobre el cultivo del ma\u00edz - IRTA<\/title>\n<meta name=\"description\" content=\"Este a\u00f1o celebraremos la XX jornada t\u00e9cnica del ma\u00edz, apenas en la misma fecha en el a\u00f1o 2020 tuvo lugar una de las \u00faltimas jornadas PATT que se pudieron\" \/>\n<meta name=\"robots\" content=\"index, follow, max-snippet:-1, max-image-preview:large, max-video-preview:-1\" \/>\n<link rel=\"canonical\" href=\"https:\/\/transferencia.irta.cat\/es\/activitats\/xx-jornada-intercomarcal-sobre-el-cultivo-del-maiz\/\" \/>\n<meta property=\"og:locale\" content=\"es_ES\" \/>\n<meta property=\"og:type\" content=\"article\" \/>\n<meta property=\"og:title\" content=\"XX Jornada intercomarcal sobre el cultivo del ma\u00edz - IRTA\" \/>\n<meta property=\"og:description\" content=\"Este a\u00f1o celebraremos la XX jornada t\u00e9cnica del ma\u00edz, apenas en la misma fecha en el a\u00f1o 2020 tuvo lugar una de las \u00faltimas jornadas PATT que se pudieron\" \/>\n<meta property=\"og:url\" content=\"https:\/\/transferencia.irta.cat\/es\/activitats\/xx-jornada-intercomarcal-sobre-el-cultivo-del-maiz\/\" \/>\n<meta property=\"og:site_name\" content=\"IRTA\" \/>\n<meta property=\"article:modified_time\" content=\"2021-03-02T10:02:04+00:00\" \/>\n<meta property=\"og:image\" content=\"https:\/\/transferencia.irta.cat\/wp-content\/uploads\/2021\/02\/blat_de_moro.jpg\" \/>\n\t<meta property=\"og:image:width\" content=\"494\" \/>\n\t<meta property=\"og:image:height\" content=\"383\" \/>\n<meta name=\"twitter:card\" content=\"summary_large_image\" \/>\n<meta name=\"twitter:label1\" value=\"Escrito por\">\n\t<meta name=\"twitter:data1\" value=\"jtobal\">\n\t<meta name=\"twitter:label2\" value=\"Tiempo de lectura\">\n\t<meta name=\"twitter:data2\" value=\"1 minuto\">\n<script type=\"application\/ld+json\" class=\"yoast-schema-graph\">{\"@context\":\"https:\/\/schema.org\",\"@graph\":[{\"@type\":\"WebSite\",\"@id\":\"https:\/\/transferencia.irta.cat\/es\/#website\",\"url\":\"https:\/\/transferencia.irta.cat\/es\/\",\"name\":\"IRTA\",\"description\":\"Transfer\\u00e8ncia de coneixement\",\"potentialAction\":[{\"@type\":\"SearchAction\",\"target\":\"https:\/\/transferencia.irta.cat\/es\/?s={search_term_string}\",\"query-input\":\"required name=search_term_string\"}],\"inLanguage\":\"es\"},{\"@type\":\"ImageObject\",\"@id\":\"https:\/\/transferencia.irta.cat\/es\/activitats\/xx-jornada-intercomarcal-sobre-el-cultivo-del-maiz\/#primaryimage\",\"inLanguage\":\"es\",\"url\":\"https:\/\/transferencia.irta.cat\/wp-content\/uploads\/2021\/02\/blat_de_moro.jpg\",\"width\":494,\"height\":383},{\"@type\":\"WebPage\",\"@id\":\"https:\/\/transferencia.irta.cat\/es\/activitats\/xx-jornada-intercomarcal-sobre-el-cultivo-del-maiz\/#webpage\",\"url\":\"https:\/\/transferencia.irta.cat\/es\/activitats\/xx-jornada-intercomarcal-sobre-el-cultivo-del-maiz\/\",\"name\":\"XX Jornada intercomarcal sobre el cultivo del ma\\u00edz - IRTA\",\"isPartOf\":{\"@id\":\"https:\/\/transferencia.irta.cat\/es\/#website\"},\"primaryImageOfPage\":{\"@id\":\"https:\/\/transferencia.irta.cat\/es\/activitats\/xx-jornada-intercomarcal-sobre-el-cultivo-del-maiz\/#primaryimage\"},\"datePublished\":\"2021-03-02T10:01:22+00:00\",\"dateModified\":\"2021-03-02T10:02:04+00:00\",\"description\":\"Este a\\u00f1o celebraremos la XX jornada t\\u00e9cnica del ma\\u00edz, apenas en la misma fecha en el a\\u00f1o 2020 tuvo lugar una de las \\u00faltimas jornadas PATT que se pudieron\",\"inLanguage\":\"es\",\"potentialAction\":[{\"@type\":\"ReadAction\",\"target\":[\"https:\/\/transferencia.irta.cat\/es\/activitats\/xx-jornada-intercomarcal-sobre-el-cultivo-del-maiz\/\"]}]}]}<\/script>\n<!-- \/ Yoast SEO plugin. -->","_links":{"self":[{"href":"https:\/\/transferencia.irta.cat\/es\/wp-json\/wp\/v2\/activitats\/6116","targetHints":{"allow":["GET"]}}],"collection":[{"href":"https:\/\/transferencia.irta.cat\/es\/wp-json\/wp\/v2\/activitats"}],"about":[{"href":"https:\/\/transferencia.irta.cat\/es\/wp-json\/wp\/v2\/types\/activitats"}],"wp:featuredmedia":[{"embeddable":true,"href":"https:\/\/transferencia.irta.cat\/es\/wp-json\/wp\/v2\/media\/5915"}],"wp:attachment":[{"href":"https:\/\/transferencia.irta.cat\/es\/wp-json\/wp\/v2\/media?parent=6116"}],"wp:term":[{"taxonomy":"category","embeddable":true,"href":"https:\/\/transferencia.irta.cat\/es\/wp-json\/wp\/v2\/categories?post=6116"},{"taxonomy":"post_tag","embeddable":true,"href":"https:\/\/transferencia.irta.cat\/es\/wp-json\/wp\/v2\/tags?post=6116"},{"taxonomy":"objectius_estrategics","embeddable":true,"href":"https:\/\/transferencia.irta.cat\/es\/wp-json\/wp\/v2\/objectius_estrategics?post=6116"},{"taxonomy":"ods","embeddable":true,"href":"https:\/\/transferencia.irta.cat\/es\/wp-json\/wp\/v2\/ods?post=6116"},{"taxonomy":"programa_irta","embeddable":true,"href":"https:\/\/transferencia.irta.cat\/es\/wp-json\/wp\/v2\/programa_irta?post=6116"},{"taxonomy":"trainings","embeddable":true,"href":"https:\/\/transferencia.irta.cat\/es\/wp-json\/wp\/v2\/trainings?post=6116"}],"curies":[{"name":"wp","href":"https:\/\/api.w.org\/{rel}","templated":true}]}}