{"id":5424,"date":"2020-12-16T16:01:13","date_gmt":"2020-12-16T15:01:13","guid":{"rendered":"https:\/\/transferencia.irta.cat\/?post_type=activitats&#038;p=5424"},"modified":"2025-06-16T11:18:40","modified_gmt":"2025-06-16T09:18:40","slug":"jornada-tecnica-de-referencia-del-arroz-2021","status":"publish","type":"activitats","link":"https:\/\/transferencia.irta.cat\/es\/activitats\/jornada-tecnica-de-referencia-del-arroz-2021\/","title":{"rendered":"XVI Jornada t\u00e9cnica de referencia del arroz 2021"},"content":{"rendered":"\n<h2 class=\"wp-block-heading\">XVI Jornada t\u00e9cnica del arroz<\/h2>\n\n\n<p>Por primera vez, este a\u00f1o la jornada t\u00e9cnica del arroz se realizar\u00e1 en formato en l\u00ednea, lo cual nos permitir\u00e1 transferir los principales resultados de los experimentos realizados por el IRTA en la Estaci\u00f3n Experimental del Ebro, a un mayor n\u00famero de t\u00e9cnicos y agricultores vinculados al cultivo del arroz. Las ponencias que se abordar\u00e1n pretenden ayudar en la mejora de la sostenibilidad del cultivo y adaptarnos al nuevo escenario de la Europa verde. Por todo esto, os invitamos a conectaros y esperamos que os sea muy provechosa.<\/p>\n<p><!-- \/wp:post-content --><\/p>\n<p><!-- wp:paragraph --><\/p>\n<p>En esta jornada se presentar\u00e1 una parte de las actividades de demostraci\u00f3n \u201cGesti\u00f3n sostenible del f\u00f3sforo en los arrozales (GESFORICE) y Estrategias sostenibles de control de enfermedades en arroz: hacia el residuo cero\u201d, operaci\u00f3n 01.02.01 del PDR de Catalu\u00f1a 2014-2020.<\/p>\n<p><!-- wp:image {\"align\":\"center\",\"id\":5625,\"sizeSlug\":\"medium\"} --><\/p>\n<p><!-- \/wp:image --><\/p>\n<p><!-- wp:image {\"id\":5625,\"width\":518,\"height\":388,\"sizeSlug\":\"large\"} --><\/p>\n<p><!-- wp:core-embed\/youtube {\"url\":\"https:\/\/www.youtube.com\/watch?v=nqowO5Ixztk\",\"type\":\"video\",\"providerNameSlug\":\"youtube\",\"align\":\"center\",\"className\":\"wp-embed-aspect-4-3 wp-has-aspect-ratio\"} --><\/p>\n<figure class=\"wp-block-embed-youtube aligncenter wp-block-embed is-type-video is-provider-youtube wp-embed-aspect-4-3 wp-has-aspect-ratio\">\n<div class=\"wp-block-embed__wrapper\">\n<iframe loading=\"lazy\" title=\"VIDEO promocional XVI Jornada t\u00e9cnica de referencia del arroz 2021\" width=\"500\" height=\"375\" src=\"https:\/\/www.youtube.com\/embed\/nqowO5Ixztk?feature=oembed\" frameborder=\"0\" allow=\"accelerometer; autoplay; clipboard-write; encrypted-media; gyroscope; picture-in-picture; web-share\" referrerpolicy=\"strict-origin-when-cross-origin\" allowfullscreen><\/iframe>\n<\/div>\n<\/figure>\n<p><!-- \/wp:core-embed\/youtube --><\/p>\n<p><!-- wp:image {\"align\":\"left\",\"id\":5625,\"width\":547,\"height\":410,\"sizeSlug\":\"medium\"} --><\/p>\n<div class=\"wp-block-image\">\n<figure class=\"alignleft size-medium is-resized\"><img loading=\"lazy\" decoding=\"async\" src=\"https:\/\/transferencia.irta.cat\/wp-content\/uploads\/2020\/12\/Imagen1-300x225.jpg\" alt=\"\" class=\"wp-image-5625\" width=\"547\" height=\"410\" srcset=\"https:\/\/transferencia.irta.cat\/wp-content\/uploads\/2020\/12\/Imagen1-300x225.jpg 300w, https:\/\/transferencia.irta.cat\/wp-content\/uploads\/2020\/12\/Imagen1-1024x769.jpg 1024w, https:\/\/transferencia.irta.cat\/wp-content\/uploads\/2020\/12\/Imagen1-768x576.jpg 768w, https:\/\/transferencia.irta.cat\/wp-content\/uploads\/2020\/12\/Imagen1.jpg 1299w\" sizes=\"auto, (max-width: 547px) 100vw, 547px\" \/><\/figure>\n<\/div>\n<p><!-- \/wp:image --><\/p><!-- \/wp:image -->","protected":false},"featured_media":5625,"template":"","categories":[636,635],"tags":[1375,1412],"objectius_estrategics":[1204,1209],"ods":[1264,1263,1261],"programa_irta":[1238],"trainings":[],"class_list":["post-5424","activitats","type-activitats","status-publish","has-post-thumbnail","hentry","category-arros-cereales","category-produccion-vegetal","tag-arroz-es","tag-jornada-arroz-2","objectius_estrategics-canvio-climatico","objectius_estrategics-sanidad-vegetal","ods-12-consumo-y-produccion-responsables","ods-13-accion-climatica","ods-15-vida-terrestre-es","programa_irta-v3-cultivos-extensivos"],"acf":{"codi":"","data":"16\/02\/2021","data_fi":"16\/02\/2021","horari":"09:15h - 11:45h","idioma":"Castellano","original_language":"ca","preu":"Gratuita","places":"-1","ciutat":"En l\u00ednea","lloc_de_realitzacio":"<p><img loading=\"lazy\" decoding=\"async\" class=\"alignnone size-medium wp-image-2439\" src=\"https:\/\/transferencia.irta.cat\/wp-content\/uploads\/2020\/04\/Blanco-Foto-Mar-Paisaje-Respira-Facebook-Portada-300x111.png\" alt=\"\" width=\"300\" height=\"111\" srcset=\"https:\/\/transferencia.irta.cat\/wp-content\/uploads\/2020\/04\/Blanco-Foto-Mar-Paisaje-Respira-Facebook-Portada-300x111.png 300w, https:\/\/transferencia.irta.cat\/wp-content\/uploads\/2020\/04\/Blanco-Foto-Mar-Paisaje-Respira-Facebook-Portada-768x284.png 768w, https:\/\/transferencia.irta.cat\/wp-content\/uploads\/2020\/04\/Blanco-Foto-Mar-Paisaje-Respira-Facebook-Portada.png 851w\" sizes=\"auto, (max-width: 300px) 100vw, 300px\" \/><\/p>\n","ubicacio":false,"imatge_ubicacio":false,"persona_contacte_nom":"Montse Palau","persona_contacte_email":"montserrat.palau@irta.cat","programa":{"ID":5635,"id":5635,"title":"En l\u00ednia_Arr\u00f2s_160221_cast","filename":"En-l\u00ednia_Arr\u00f2s_160221_cast.pdf","filesize":282746,"url":"https:\/\/transferencia.irta.cat\/wp-content\/uploads\/2020\/12\/En-l\u00ednia_Arr\u00f2s_160221_cast.pdf","link":"https:\/\/transferencia.irta.cat\/es\/activitats\/jornada-tecnica-de-referencia-del-arroz-2021\/en-linia_arros_160221_cast\/","alt":"","author":"32","description":"","caption":"","name":"en-linia_arros_160221_cast","status":"inherit","uploaded_to":5424,"date":"2021-01-22 10:53:14","modified":"2021-01-22 10:53:14","menu_order":0,"mime_type":"application\/pdf","type":"application","subtype":"pdf","icon":"https:\/\/transferencia.irta.cat\/wp-includes\/images\/media\/document.png"},"programacio":"<p><strong>9.15 h Bienvenida y presentaci\u00f3n de la jornada<\/strong><\/p>\n<hr \/>\n<p><strong>9.30 h Inauguraci\u00f3n de la jornada<\/strong><br \/>\nSr. Jos\u00e9 Miguel Campos, delegado Institucional del IRTA en las Tierras del Ebro.<\/p>\n<hr \/>\n<p><strong>9.45 h Resumen de actividades en fertilizaci\u00f3n del arroz.<\/strong><\/p>\n<p>Sra. N\u00faria Tom\u00e0s, IRTA.<\/p>\n<hr \/>\n<p><strong>10.30 h Nuevas variedades de arroz: 2017-2021. <\/strong><\/p>\n<p>Sra. Eva Pla, IRTA.<\/p>\n<hr \/>\n<p><strong>11.00 h Acciones para una gesti\u00f3n sostenible de las enfermedades del arroz. <\/strong><\/p>\n<p>Sra. M\u00aa del Mar Catal\u00e0, IRTA.<\/p>\n<hr \/>\n<p><strong>11.45 h Preguntas y fin de la jornada<\/strong><\/p>\n","ponents":[{"ponent":{"ID":3858,"post_author":"2","post_date":"2020-07-30 13:20:56","post_date_gmt":"2020-07-30 11:20:56","post_content":"<!-- wp:paragraph {\"translatedWithWPMLTM\":\"1\"} -->\n<p> Nuria Tom\u00e1s es Ingeniera agr\u00f3noma (orientaci\u00f3n en Producci\u00f3n Vegetal) por la Universidad de Lleida (2008). Desde el a\u00f1o 2006 trabaja en el IRTA, en la Estaci\u00f3n Experimental del Ebro donde participa en diferentes proyectos del \u00c1rea de Cultivos Extensivos Sostenibles como son las actividades de demostraci\u00f3n, grupos operativos o proyectos, as\u00ed como en diferentes contratos con empresas del sector. Su \u00e1rea de trabajo es la agronom\u00eda del cultivo del arroz, realizando tareas experimentales y de transferencia de conocimiento, formaci\u00f3n y asesoramiento al sector arrocero.<\/p>\n<!-- \/wp:paragraph --><!-- wp:heading {\"level\":1} -->\n<h1><\/h1>\n<!-- \/wp:heading -->","post_title":"N\u00faria Tom\u00e0s","post_excerpt":"","post_status":"publish","comment_status":"closed","ping_status":"closed","post_password":"","post_name":"nuria-tomas","to_ping":"","pinged":"","post_modified":"2020-07-30 13:20:56","post_modified_gmt":"2020-07-30 11:20:56","post_content_filtered":"","post_parent":0,"guid":"https:\/\/transferencia.irta.cat\/ponent\/nuria-tomas\/","menu_order":0,"post_type":"ponent","post_mime_type":"","comment_count":"0","filter":"raw"}},{"ponent":{"ID":3838,"post_author":"2","post_date":"2020-07-28 14:25:08","post_date_gmt":"2020-07-28 12:25:08","post_content":"<!-- wp:paragraph {\"translatedWithWPMLTM\":\"1\"} -->\n<p>Eva Plan Mayor es licenciada en Biotecnolog\u00eda (2004) y en Bioqu\u00edmica (2005) por la Universidad Aut\u00f3noma de Barcelona. Trabaja en la Estaci\u00f3n Experimental del Ebro (EEE) desde 2005 donde desarrolla trabajos de experimentaci\u00f3n e investigaci\u00f3n relacionados con el cultivo del arroz, dentro del \u00e1rea de cultivos extensivos. Participa en diferentes tipos de proyectos, entre los m\u00e1s recientes destacan el NEURICE (New Commercial European Rice), el Estudio de la eficiencia agron\u00f3mica de deyecciones ganaderas en siembra en seco en el cultivo del arroz (DARP) y diferentes actividades demostrativas como Estrategias sostenibles de control de enfermedades en arroz: hacia residuo cero. Por otra parte, desde el a\u00f1o 2014, est\u00e1 realizando tareas de asesoramiento y formaci\u00f3n sobre la agronom\u00eda del cultivo del arroz a t\u00e9cnicos y agricultores del Programa Origins de Kellogg 's (Desarrollo e implantaci\u00f3n de buenas pr\u00e1cticas agr\u00edcolas en el cultivo del arroz).<\/p>\n<!-- \/wp:paragraph -->","post_title":"Eva Pla","post_excerpt":"","post_status":"publish","comment_status":"closed","ping_status":"closed","post_password":"","post_name":"eva-pla-2","to_ping":"","pinged":"","post_modified":"2020-07-28 14:25:08","post_modified_gmt":"2020-07-28 12:25:08","post_content_filtered":"","post_parent":0,"guid":"https:\/\/transferencia.irta.cat\/ponent\/eva-pla-2\/","menu_order":0,"post_type":"ponent","post_mime_type":"","comment_count":"0","filter":"raw"}},{"ponent":{"ID":3805,"post_author":"2","post_date":"2020-07-28 10:27:52","post_date_gmt":"2020-07-28 08:27:52","post_content":"<!-- wp:paragraph {\"translatedWithWPMLTM\":\"1\"} -->\n<p>M\u00aa del Mar Catal\u00e1n Forner, investigadora del IRTA y responsable de las actividades en arroz desarrolladas en la Estaci\u00f3n Experimental del Ebro. Es miembro de la mesa sectorial del arroz, ha sido nombrada experta en el cultivo del arroz por la comisi\u00f3n de evaluaci\u00f3n de la OEVV (Oficina Espa\u00f1ola de Variedades Vegetales) del MAGRAMA y forma parte del consejo asesor de Ediciones LAV. Ha desarrollado tareas en sanidad vegetal, mejora y manejo del cultivo, con una clara vertiente agron\u00f3mica. Ha participado en decenas de proyectos de investigaci\u00f3n en arroz en colaboraci\u00f3n con otros centros de investigaci\u00f3n tanto nacionales como internacionales, de \u00edndole p\u00fablico y privado. Responsable de las acciones de transferencia tanto a nivel t\u00e9cnico y sectorial mediante jornadas t\u00e9cnicas y de campo, y ha participado en congresos nacionales e internacionales del arroz como ponente invitada. Autora de numerosas publicaciones t\u00e9cnicas en revistas especializadas y revisora \u200b\u200bde proyectos de convocatorias p\u00fablicas.<\/p>\n<!-- \/wp:paragraph -->","post_title":"M\u00aa del Mar Catal\u00e0","post_excerpt":"","post_status":"publish","comment_status":"closed","ping_status":"closed","post_password":"","post_name":"ma-del-mar-catala","to_ping":"","pinged":"","post_modified":"2020-07-28 10:27:52","post_modified_gmt":"2020-07-28 08:27:52","post_content_filtered":"","post_parent":0,"guid":"https:\/\/transferencia.irta.cat\/ponent\/ma-del-mar-catala\/","menu_order":0,"post_type":"ponent","post_mime_type":"","comment_count":"0","filter":"raw"}},{"ponent":{"ID":5854,"post_author":"2","post_date":"2021-02-09 09:51:16","post_date_gmt":"2021-02-09 08:51:16","post_content":"<!-- wp:paragraph {\"translatedWithWPMLTM\":\"1\"} -->\n<p>Jos\u00e9 Miguel Campos Rivela es Ingeniero Agr\u00f3nomo por la Universidad Polit\u00e9cnica de Valencia y Doctor Ingeniero Agr\u00f3nomo por la Universidad Jaume I de Castell\u00f3n. Investigador del programa de Protecci\u00f3n Vegetal Sostenible desde 2004 y Delegado Institucional del IRTA desde 2019. Las principales \u00e1reas de trabajo como investigador pertenecen a la gesti\u00f3n integrada de plagas: bioecologia de especies plaga y entomofauna auxiliar, implementaci\u00f3n de m\u00e9todos de control biol\u00f3gico y biot\u00e9cnico y desarrollo de m\u00e9todos de muestreo y establecimiento de umbrales de econ\u00f3micos de intervenci\u00f3n. Es coautor de 66 publicaciones cient\u00edfico-t\u00e9cnicas en el campo de la entomolog\u00eda, la protecci\u00f3n vegetal, el control biol\u00f3gico y la gesti\u00f3n integrada de plagas, y ha realizado 23 contribuciones a congresos nacionales y 28 internacionales. Ha sido profesor asociado de Control de Cultivos en la titulaci\u00f3n de Hortofruticultura y Jardiner\u00eda (Universidad Internacional de Catalu\u00f1a (UIC). Miembro de la Sociedad Espa\u00f1ola de Entomolog\u00eda Aplicada (SEEA), del grupo de trabajo de \"Citrus-IPM\" de la IOBC (International Organization for Biological control) y del Comit\u00e9 de C\u00edtricos del programa Fruit.Net (Generalitat de Catalu\u00f1a). Ha participado en 13 proyectos I + D financiados en convocatorias p\u00fablicas, nacionales e internacionales, todos en el campo del control biol\u00f3gico e integrado de plagas de c\u00edtricos, frutales, arroz y cultivos mediterr\u00e1neos. Asimismo, ha participado en 19 contratos de I + D con empresas o administraciones (nacionales y \/ o internacionales relacionados con estos campos. ha impartido 44 jornadas y cursos dirigidos a el sector productivo relacionados con el control integrado de plagas.<\/p>\n<!-- \/wp:paragraph -->","post_title":"Jos\u00e9 Miguel Campos Rivela","post_excerpt":"","post_status":"publish","comment_status":"closed","ping_status":"closed","post_password":"","post_name":"jose-miguel-campos-rivela","to_ping":"","pinged":"","post_modified":"2021-02-09 09:51:17","post_modified_gmt":"2021-02-09 08:51:17","post_content_filtered":"","post_parent":0,"guid":"https:\/\/transferencia.irta.cat\/ponent\/jose-miguel-campos-rivela\/","menu_order":0,"post_type":"ponent","post_mime_type":"","comment_count":"0","filter":"raw"}}],"organitza":[{"imatge":"https:\/\/transferencia.irta.cat\/wp-content\/uploads\/2020\/01\/darp.png","nom":"","link":""},{"imatge":"https:\/\/transferencia.irta.cat\/wp-content\/uploads\/2019\/11\/irta_logo.png","nom":"","link":""}],"patrocina":[{"imatge":"https:\/\/transferencia.irta.cat\/wp-content\/uploads\/2020\/12\/ICL.jpg","nom":"","link":"https:\/\/icl-sf.com\/uploads\/IBERIA\/General_Downloads\/Spec%20Ag\/CATALOGUES\/Fertilizacion_integral_para_arroz%20.pdf?utm_source=irta"},{"imatge":"https:\/\/transferencia.irta.cat\/wp-content\/uploads\/2020\/12\/SYNGENTA.jpg","nom":"","link":"https:\/\/bit.ly\/3ooFJmN"},{"imatge":"https:\/\/transferencia.irta.cat\/wp-content\/uploads\/2020\/12\/NOMEN.jpg","nom":"","link":"www.nomenfoods.com"},{"imatge":"https:\/\/transferencia.irta.cat\/wp-content\/uploads\/2020\/12\/Logo-SAS.jpg","nom":"","link":"https:\/\/www.sas-agri.com\/"},{"imatge":"https:\/\/transferencia.irta.cat\/wp-content\/uploads\/2020\/12\/Arrossaires_logo.jpg","nom":"","link":"www.arrossaires.com"},{"imatge":"https:\/\/transferencia.irta.cat\/wp-content\/uploads\/2020\/12\/LOGO-SEMILLAS-CASTELLS-alta.jpg","nom":"","link":"www.grupocastells.com"}],"colabora":[{"imatge":"https:\/\/transferencia.irta.cat\/wp-content\/uploads\/2020\/03\/Oficina-fertilitzaci\u00f3-gran.jpg","nom":"","link":""},{"imatge":"https:\/\/transferencia.irta.cat\/wp-content\/uploads\/2020\/02\/UB-1.jpg","nom":"","link":""},{"imatge":"https:\/\/transferencia.irta.cat\/wp-content\/uploads\/2020\/02\/kellogs-origins.jpg","nom":"","link":""}],"serveis":false,"materials":[{"material":{"ID":6295,"post_author":"32","post_date":"2021-03-12 12:08:03","post_date_gmt":"2021-03-12 11:08:03","post_content":"","post_title":"VIDEO XVI Jornada t\u00e9cnica del arroz 2021","post_excerpt":"","post_status":"publish","comment_status":"closed","ping_status":"closed","post_password":"","post_name":"video-xvi-jornada-tecnica-del-arroz-2021","to_ping":"","pinged":"","post_modified":"2021-03-12 12:08:03","post_modified_gmt":"2021-03-12 11:08:03","post_content_filtered":"","post_parent":0,"guid":"https:\/\/transferencia.irta.cat\/?post_type=material&#038;p=6295","menu_order":0,"post_type":"material","post_mime_type":"","comment_count":"0","filter":"raw"}},{"material":{"ID":3807,"post_author":"2","post_date":"2020-07-28 10:29:32","post_date_gmt":"2020-07-28 08:29:32","post_content":"","post_title":"Video: XXV Jornada arroz","post_excerpt":"","post_status":"publish","comment_status":"closed","ping_status":"closed","post_password":"","post_name":"video-xxv-jornada-arroz","to_ping":"","pinged":"","post_modified":"2020-07-28 10:29:32","post_modified_gmt":"2020-07-28 08:29:32","post_content_filtered":"","post_parent":0,"guid":"https:\/\/transferencia.irta.cat\/?post_type=material&#038;p=3807","menu_order":0,"post_type":"material","post_mime_type":"","comment_count":"0","filter":"raw"}},{"material":{"ID":28330,"post_author":"2","post_date":"2025-06-16 11:18:04","post_date_gmt":"2025-06-16 09:18:04","post_content":"","post_title":"Programaci\u00f3n del acto institucional 40\u00e8 aniversario IRTA","post_excerpt":"","post_status":"publish","comment_status":"closed","ping_status":"closed","post_password":"","post_name":"programacion-del-acto-institucional-40e-aniversario-irta","to_ping":"","pinged":"","post_modified":"2025-06-16 11:18:04","post_modified_gmt":"2025-06-16 09:18:04","post_content_filtered":"","post_parent":0,"guid":"https:\/\/transferencia.irta.cat\/?post_type=material&#038;p=28330","menu_order":0,"post_type":"material","post_mime_type":"","comment_count":"0","filter":"raw"}}],"activitats_relacionades":[{"relacionades":{"ID":2348,"post_author":"32","post_date":"2020-03-26 10:18:15","post_date_gmt":"2020-03-26 09:18:15","post_content":"<!-- wp:paragraph -->\n<p>Presentaci\u00f3n<\/p>\n<!-- \/wp:paragraph -->\n\n<!-- wp:paragraph -->\n<p>Este a\u00f1o, m\u00e1s que nunca, nos tenemos que plantear c\u00f3mo afrontar Nuevos retos en el sistema productivo que nos ayuden a superar esta situaci\u00f3n tan particular que estamos viviendo. Aspectos como la biodiversidad, el medio ambiente y la seguredad alimentaria cogen un mayor protagonismo y es por eso que en esta jornada os queremos mostrar nuevas t\u00e9cnicas que os pueden ayudar a una mejora continua del cultivo del arroz.<\/p>\n<!-- \/wp:paragraph -->\n\n<!-- wp:paragraph -->\n<p>Esta jornada forma parte de la actividad de demostraci\u00f3n \u201cEnsayo de valoraci\u00f3n de nuevas variedades en fase de registro\u201d, \u201cEnsayo de introducci\u00f3n y evaluaci\u00f3n de nuevas variedades de arroz\u201d y \u201cEstrategias sostenibles de control de enfermedades en arroz: hacia el residuo cero\u201d, operaci\u00f3n 01.02.01 (transferencia tecnol\u00f3gica) del PDR de Catalunya 2014-2020.<\/p>\n<!-- \/wp:paragraph -->\n\n<!-- wp:paragraph -->\n<p>ATENCI\u00d3N.  Medidas COVID: <\/p>\n<!-- \/wp:paragraph -->\n\n<!-- wp:paragraph -->\n<p>\u2022    Si tienes s\u00edntomas, qu\u00e9date en casa.<br>\n\u2022    Distancia m\u00ednima 1,5 metres con todo el mundo.<br>\n\u2022    Uso obligatorio de mascarilla durante toda la jornada, excepto durante la ingesta de bebidas o aliment\u00f3s, en que se deber\u00e1 garantizar la distancia m\u00ednima de un metro y medio <br>\n\u2022    Higiene frecuente de manos: agua y jab\u00f3n o geles hidroalcoh\u00f3licos, sobre todo antes y despu\u00e9s de tocar instrumentos y maquinaria.<br>\n\u2022    No compartas bebidas ni comida.<\/p>\n<!-- \/wp:paragraph -->\n\n<!-- wp:paragraph -->\n<p>Los asistentes tienen la obligaci\u00f3n de informar a los organizadores de la jornada de la aparici\u00f3n de cualquier caso de Covid-19 en su entorno familiar<\/p>\n<!-- \/wp:paragraph -->\n\n<!-- wp:image {\"id\":1545,\"width\":512,\"height\":341,\"sizeSlug\":\"large\"} -->\n<figure class=\"wp-block-image size-large is-resized\"><img src=\"https:\/\/transferencia.irta.cat\/wp-content\/uploads\/2020\/02\/DSC_0139-1024x681.jpg\" alt=\"\" class=\"wp-image-1545\" width=\"512\" height=\"341\"\/><\/figure>\n<!-- \/wp:image -->\n\n<!-- wp:image {\"id\":4104,\"sizeSlug\":\"large\"} -->\n<figure class=\"wp-block-image size-large\"><a href=\"https:\/\/bit.ly\/OrgulloDeFamilia\"><img src=\"https:\/\/transferencia.irta.cat\/wp-content\/uploads\/2020\/08\/BANNER-IRTA-OrgulloDeFamilia.gif\" alt=\"\" class=\"wp-image-4104\"\/><\/a><\/figure>\n<!-- \/wp:image -->\n\n<!-- wp:paragraph -->\n<p><\/p>\n<!-- \/wp:paragraph -->","post_title":"XXVI Jornada de campo del cultivo de arroz","post_excerpt":"","post_status":"publish","comment_status":"closed","ping_status":"closed","post_password":"","post_name":"xxvi-jornada-de-campo-del-cultivo-de-arroz","to_ping":"","pinged":"","post_modified":"2020-09-02 09:19:30","post_modified_gmt":"2020-09-02 07:19:30","post_content_filtered":"","post_parent":0,"guid":"https:\/\/transferencia.irta.cat\/?post_type=activitats&#038;p=2348","menu_order":0,"post_type":"activitats","post_mime_type":"","comment_count":"0","filter":"raw"}},{"relacionades":{"ID":5366,"post_author":"2","post_date":"2020-12-11 09:13:10","post_date_gmt":"2020-12-11 08:13:10","post_content":"<!-- wp:heading -->\n<h2>Presentaci\u00f3n de resultados <\/h2>\n<!-- \/wp:heading -->\n\n<!-- wp:paragraph -->\n<p>El programa Origins de Kellogg, naci\u00f3 en el delta del Ebro en 2013 con el objetivo de promover la sostenibilidad del cultivo del arroz, con una voluntad de mejora econ\u00f3mica, social y medioambiental del territorio.<\/p>\n<!-- \/wp:paragraph -->\n\n<!-- wp:paragraph -->\n<p>La presente jornada hace un balance de las principales actividades que se han realizado durante esta \u00faltima campa\u00f1a, abordando tem\u00e1ticas de agua y cambio clim\u00e1tico, gesti\u00f3n de la fertilizaci\u00f3n y la biodiversidad.<\/p>\n<!-- \/wp:paragraph -->\n\n<!-- wp:image {\"id\":5389,\"width\":547,\"height\":410,\"sizeSlug\":\"large\"} -->\n<figure class=\"wp-block-image size-large is-resized\"><img src=\"https:\/\/transferencia.irta.cat\/wp-content\/uploads\/2020\/12\/1.jpg\" alt=\"\" class=\"wp-image-5389\" width=\"547\" height=\"410\"\/><\/figure>\n<!-- \/wp:image -->","post_title":"Actividades Origins - Delta del Ebro","post_excerpt":"","post_status":"publish","comment_status":"closed","ping_status":"closed","post_password":"","post_name":"actividades-origins","to_ping":"","pinged":"","post_modified":"2020-12-15 10:04:07","post_modified_gmt":"2020-12-15 09:04:07","post_content_filtered":"","post_parent":0,"guid":"https:\/\/transferencia.irta.cat\/?post_type=activitats&#038;p=5366","menu_order":0,"post_type":"activitats","post_mime_type":"","comment_count":"0","filter":"raw"}}],"te_enquesta":true,"id_enquesta":"61","enquesta_externa":"","subscribe_external_link":"","en_construccio":false,"wait_list":false},"yoast_head":"<!-- This site is optimized with the Yoast SEO plugin v15.2 - https:\/\/yoast.com\/wordpress\/plugins\/seo\/ -->\n<title>XVI Jornada t\u00e9cnica de referencia del arroz 2021 - IRTA<\/title>\n<meta name=\"description\" content=\"XVI Jornada t\u00e9cnica del arroz Por primera vez, este a\u00f1o la jornada t\u00e9cnica del arroz se realizar\u00e1 en formato en l\u00ednea, lo cual nos permitir\u00e1 transferir\" \/>\n<meta name=\"robots\" content=\"index, follow, max-snippet:-1, max-image-preview:large, max-video-preview:-1\" \/>\n<link rel=\"canonical\" href=\"https:\/\/transferencia.irta.cat\/es\/activitats\/jornada-tecnica-de-referencia-del-arroz-2021\/\" \/>\n<meta property=\"og:locale\" content=\"es_ES\" \/>\n<meta property=\"og:type\" content=\"article\" \/>\n<meta property=\"og:title\" content=\"XVI Jornada t\u00e9cnica de referencia del arroz 2021 - IRTA\" \/>\n<meta property=\"og:description\" content=\"XVI Jornada t\u00e9cnica del arroz Por primera vez, este a\u00f1o la jornada t\u00e9cnica del arroz se realizar\u00e1 en formato en l\u00ednea, lo cual nos permitir\u00e1 transferir\" \/>\n<meta property=\"og:url\" content=\"https:\/\/transferencia.irta.cat\/es\/activitats\/jornada-tecnica-de-referencia-del-arroz-2021\/\" \/>\n<meta property=\"og:site_name\" content=\"IRTA\" \/>\n<meta property=\"article:modified_time\" content=\"2025-06-16T09:18:40+00:00\" \/>\n<meta property=\"og:image\" content=\"https:\/\/transferencia.irta.cat\/wp-content\/uploads\/2020\/12\/Imagen1.jpg\" \/>\n\t<meta property=\"og:image:width\" content=\"1299\" \/>\n\t<meta property=\"og:image:height\" content=\"975\" \/>\n<meta name=\"twitter:card\" content=\"summary_large_image\" \/>\n<meta name=\"twitter:label1\" value=\"Escrito por\">\n\t<meta name=\"twitter:data1\" value=\"jtobal\">\n\t<meta name=\"twitter:label2\" value=\"Tiempo de lectura\">\n\t<meta name=\"twitter:data2\" value=\"1 minuto\">\n<script type=\"application\/ld+json\" class=\"yoast-schema-graph\">{\"@context\":\"https:\/\/schema.org\",\"@graph\":[{\"@type\":\"WebSite\",\"@id\":\"https:\/\/transferencia.irta.cat\/es\/#website\",\"url\":\"https:\/\/transferencia.irta.cat\/es\/\",\"name\":\"IRTA\",\"description\":\"Transfer\\u00e8ncia de coneixement\",\"potentialAction\":[{\"@type\":\"SearchAction\",\"target\":\"https:\/\/transferencia.irta.cat\/es\/?s={search_term_string}\",\"query-input\":\"required name=search_term_string\"}],\"inLanguage\":\"es\"},{\"@type\":\"ImageObject\",\"@id\":\"https:\/\/transferencia.irta.cat\/es\/activitats\/jornada-tecnica-de-referencia-del-arroz-2021\/#primaryimage\",\"inLanguage\":\"es\",\"url\":\"https:\/\/transferencia.irta.cat\/wp-content\/uploads\/2020\/12\/Imagen1.jpg\",\"width\":1299,\"height\":975},{\"@type\":\"WebPage\",\"@id\":\"https:\/\/transferencia.irta.cat\/es\/activitats\/jornada-tecnica-de-referencia-del-arroz-2021\/#webpage\",\"url\":\"https:\/\/transferencia.irta.cat\/es\/activitats\/jornada-tecnica-de-referencia-del-arroz-2021\/\",\"name\":\"XVI Jornada t\\u00e9cnica de referencia del arroz 2021 - IRTA\",\"isPartOf\":{\"@id\":\"https:\/\/transferencia.irta.cat\/es\/#website\"},\"primaryImageOfPage\":{\"@id\":\"https:\/\/transferencia.irta.cat\/es\/activitats\/jornada-tecnica-de-referencia-del-arroz-2021\/#primaryimage\"},\"datePublished\":\"2020-12-16T15:01:13+00:00\",\"dateModified\":\"2025-06-16T09:18:40+00:00\",\"description\":\"XVI Jornada t\\u00e9cnica del arroz Por primera vez, este a\\u00f1o la jornada t\\u00e9cnica del arroz se realizar\\u00e1 en formato en l\\u00ednea, lo cual nos permitir\\u00e1 transferir\",\"inLanguage\":\"es\",\"potentialAction\":[{\"@type\":\"ReadAction\",\"target\":[\"https:\/\/transferencia.irta.cat\/es\/activitats\/jornada-tecnica-de-referencia-del-arroz-2021\/\"]}]}]}<\/script>\n<!-- \/ Yoast SEO plugin. -->","_links":{"self":[{"href":"https:\/\/transferencia.irta.cat\/es\/wp-json\/wp\/v2\/activitats\/5424","targetHints":{"allow":["GET"]}}],"collection":[{"href":"https:\/\/transferencia.irta.cat\/es\/wp-json\/wp\/v2\/activitats"}],"about":[{"href":"https:\/\/transferencia.irta.cat\/es\/wp-json\/wp\/v2\/types\/activitats"}],"wp:featuredmedia":[{"embeddable":true,"href":"https:\/\/transferencia.irta.cat\/es\/wp-json\/wp\/v2\/media\/5625"}],"wp:attachment":[{"href":"https:\/\/transferencia.irta.cat\/es\/wp-json\/wp\/v2\/media?parent=5424"}],"wp:term":[{"taxonomy":"category","embeddable":true,"href":"https:\/\/transferencia.irta.cat\/es\/wp-json\/wp\/v2\/categories?post=5424"},{"taxonomy":"post_tag","embeddable":true,"href":"https:\/\/transferencia.irta.cat\/es\/wp-json\/wp\/v2\/tags?post=5424"},{"taxonomy":"objectius_estrategics","embeddable":true,"href":"https:\/\/transferencia.irta.cat\/es\/wp-json\/wp\/v2\/objectius_estrategics?post=5424"},{"taxonomy":"ods","embeddable":true,"href":"https:\/\/transferencia.irta.cat\/es\/wp-json\/wp\/v2\/ods?post=5424"},{"taxonomy":"programa_irta","embeddable":true,"href":"https:\/\/transferencia.irta.cat\/es\/wp-json\/wp\/v2\/programa_irta?post=5424"},{"taxonomy":"trainings","embeddable":true,"href":"https:\/\/transferencia.irta.cat\/es\/wp-json\/wp\/v2\/trainings?post=5424"}],"curies":[{"name":"wp","href":"https:\/\/api.w.org\/{rel}","templated":true}]}}