{"id":5366,"date":"2020-12-11T09:13:10","date_gmt":"2020-12-11T08:13:10","guid":{"rendered":"https:\/\/transferencia.irta.cat\/?post_type=activitats&#038;p=5366"},"modified":"2020-12-15T10:04:07","modified_gmt":"2020-12-15T09:04:07","slug":"actividades-origins","status":"publish","type":"activitats","link":"https:\/\/transferencia.irta.cat\/es\/activitats\/actividades-origins\/","title":{"rendered":"Actividades Origins - Delta del Ebro"},"content":{"rendered":"\n<h2 class=\"wp-block-heading\">Presentaci\u00f3n de resultados <\/h2>\n\n\n\n<p>El programa Origins de Kellogg, naci\u00f3 en el delta del Ebro en 2013 con el objetivo de promover la sostenibilidad del cultivo del arroz, con una voluntad de mejora econ\u00f3mica, social y medioambiental del territorio.<\/p>\n\n\n\n<p>La presente jornada hace un balance de las principales actividades que se han realizado durante esta \u00faltima campa\u00f1a, abordando tem\u00e1ticas de agua y cambio clim\u00e1tico, gesti\u00f3n de la fertilizaci\u00f3n y la biodiversidad.<\/p>\n\n\n\n<figure class=\"wp-block-image size-large is-resized\"><img loading=\"lazy\" decoding=\"async\" src=\"https:\/\/transferencia.irta.cat\/wp-content\/uploads\/2020\/12\/1.jpg\" alt=\"\" class=\"wp-image-5389\" width=\"547\" height=\"410\" srcset=\"https:\/\/transferencia.irta.cat\/wp-content\/uploads\/2020\/12\/1.jpg 872w, https:\/\/transferencia.irta.cat\/wp-content\/uploads\/2020\/12\/1-300x225.jpg 300w, https:\/\/transferencia.irta.cat\/wp-content\/uploads\/2020\/12\/1-768x576.jpg 768w\" sizes=\"auto, (max-width: 547px) 100vw, 547px\" \/><\/figure>\n","protected":false},"featured_media":5389,"template":"","categories":[636,635],"tags":[],"objectius_estrategics":[1204,1209],"ods":[],"programa_irta":[1238],"trainings":[],"class_list":["post-5366","activitats","type-activitats","status-publish","has-post-thumbnail","hentry","category-arros-cereales","category-produccion-vegetal","objectius_estrategics-canvio-climatico","objectius_estrategics-sanidad-vegetal","programa_irta-v3-cultivos-extensivos"],"acf":{"codi":"","data":"18\/12\/2020","data_fi":"","horari":"09:30h - 11:30h","idioma":"Castellano","original_language":"es","preu":"Gratuita","places":"-1","ciutat":"En l\u00ednea","lloc_de_realitzacio":"<p>Jornada en l\u00ednea<\/p>\n","ubicacio":false,"imatge_ubicacio":"https:\/\/transferencia.irta.cat\/wp-content\/uploads\/2020\/04\/Blanco-Foto-Mar-Paisaje-Respira-Facebook-Portada.png","persona_contacte_nom":"Javier Tobal ","persona_contacte_email":"javier.tobal@irta.cat","programa":{"ID":5418,"id":5418,"title":"PROGRAMA 18 DICIEMBRE KELLOGG ORIGINS 2020","filename":"PROGRAMA-18-DICIEMBRE-KELLOGG-ORIGINS-2020-1.pdf","filesize":393738,"url":"https:\/\/transferencia.irta.cat\/wp-content\/uploads\/2020\/12\/PROGRAMA-18-DICIEMBRE-KELLOGG-ORIGINS-2020-1.pdf","link":"https:\/\/transferencia.irta.cat\/es\/activitats\/actividades-origins\/programa-18-diciembre-kellogg-origins-2020\/","alt":"","author":"2","description":"","caption":"","name":"programa-18-diciembre-kellogg-origins-2020","status":"inherit","uploaded_to":5366,"date":"2020-12-15 09:03:58","modified":"2020-12-15 09:03:58","menu_order":0,"mime_type":"application\/pdf","type":"application","subtype":"pdf","icon":"https:\/\/transferencia.irta.cat\/wp-includes\/images\/media\/document.png"},"programacio":"<p><strong>9:30h Estrategia de futuro del programa Origins de Kellogg<\/strong><\/p>\n<p><em>Amparo Lobato, Kellog Company<\/em><\/p>\n<hr \/>\n<p><strong>9:45h Resumen actividades realizadas en el Delta del Ebro<\/strong><\/p>\n<p><em>Mar Catal\u00e0, Eva Pla, N\u00faria Tom\u00e0s, Oriol Ferr\u00e9 i N\u00e9stor P\u00e9rez, IRTA\/EEE<\/em><\/p>\n<hr \/>\n<p><strong>11:20h Presentaci\u00f3n actividades campa\u00f1a 2021<\/strong><\/p>\n<hr \/>\n<p><strong>11:30h Fin de la jornada<\/strong><\/p>\n","ponents":[{"ponent":{"ID":5400,"post_author":"2","post_date":"2020-12-11 09:50:00","post_date_gmt":"2020-12-11 08:50:00","post_content":"<!-- wp:paragraph {\"translatedWithWPMLTM\":\"1\"} -->\n<p>Licenciada en Ciencias de la Informaci\u00f3n de la Universidad Pontificia de Salamanca (UPSA), especialidad de Periodismo. Desde el comienzo de mi carrera profesional me he dedicado a la comunicaci\u00f3n institucional y empresarial, iniciando mi trayectoria en el Gabinete de Comunicaci\u00f3n de la UPSA. Posteriormente, como Directora de Comunicaci\u00f3n de la Organizaci\u00f3n Interprofesional del Huevo y sus Productos (INPROVO), durante casi 10 a\u00f1os desarroll\u00e9 y ejecut\u00e9 la estrategia de comunicaci\u00f3n del sector. En el a\u00f1o 2009 me incorpor\u00e9 a Kellogg Company, l\u00edder mundial en producci\u00f3n de cereales de desayuno y aperitivos, como responsable de Nutrici\u00f3n y Relaciones Institucionales para Espa\u00f1a y Portugal. Desde 2012 ocupo la posici\u00f3n de Corporate Affairs &amp; Communications Manager Iberia. Mis responsabilidades incluyen la gesti\u00f3n de la Responsabilidad Social Corporativa, y como parte de ella el desarrollo de los programas de sostenibilidad realizados por la compa\u00f1\u00eda en Espa\u00f1a.<\/p>\n<!-- \/wp:paragraph -->","post_title":"Amparo Lobato","post_excerpt":"","post_status":"publish","comment_status":"closed","ping_status":"closed","post_password":"","post_name":"amparo-lobato","to_ping":"","pinged":"","post_modified":"2020-12-11 09:50:00","post_modified_gmt":"2020-12-11 08:50:00","post_content_filtered":"","post_parent":0,"guid":"https:\/\/transferencia.irta.cat\/ponent\/amparo-lobato\/","menu_order":0,"post_type":"ponent","post_mime_type":"","comment_count":"0","filter":"raw"}},{"ponent":{"ID":3805,"post_author":"2","post_date":"2020-07-28 10:27:52","post_date_gmt":"2020-07-28 08:27:52","post_content":"<!-- wp:paragraph {\"translatedWithWPMLTM\":\"1\"} -->\n<p>M\u00aa del Mar Catal\u00e1n Forner, investigadora del IRTA y responsable de las actividades en arroz desarrolladas en la Estaci\u00f3n Experimental del Ebro. Es miembro de la mesa sectorial del arroz, ha sido nombrada experta en el cultivo del arroz por la comisi\u00f3n de evaluaci\u00f3n de la OEVV (Oficina Espa\u00f1ola de Variedades Vegetales) del MAGRAMA y forma parte del consejo asesor de Ediciones LAV. Ha desarrollado tareas en sanidad vegetal, mejora y manejo del cultivo, con una clara vertiente agron\u00f3mica. Ha participado en decenas de proyectos de investigaci\u00f3n en arroz en colaboraci\u00f3n con otros centros de investigaci\u00f3n tanto nacionales como internacionales, de \u00edndole p\u00fablico y privado. Responsable de las acciones de transferencia tanto a nivel t\u00e9cnico y sectorial mediante jornadas t\u00e9cnicas y de campo, y ha participado en congresos nacionales e internacionales del arroz como ponente invitada. Autora de numerosas publicaciones t\u00e9cnicas en revistas especializadas y revisora \u200b\u200bde proyectos de convocatorias p\u00fablicas.<\/p>\n<!-- \/wp:paragraph -->","post_title":"M\u00aa del Mar Catal\u00e0","post_excerpt":"","post_status":"publish","comment_status":"closed","ping_status":"closed","post_password":"","post_name":"ma-del-mar-catala","to_ping":"","pinged":"","post_modified":"2020-07-28 10:27:52","post_modified_gmt":"2020-07-28 08:27:52","post_content_filtered":"","post_parent":0,"guid":"https:\/\/transferencia.irta.cat\/ponent\/ma-del-mar-catala\/","menu_order":0,"post_type":"ponent","post_mime_type":"","comment_count":"0","filter":"raw"}},{"ponent":{"ID":3838,"post_author":"2","post_date":"2020-07-28 14:25:08","post_date_gmt":"2020-07-28 12:25:08","post_content":"<!-- wp:paragraph {\"translatedWithWPMLTM\":\"1\"} -->\n<p>Eva Plan Mayor es licenciada en Biotecnolog\u00eda (2004) y en Bioqu\u00edmica (2005) por la Universidad Aut\u00f3noma de Barcelona. Trabaja en la Estaci\u00f3n Experimental del Ebro (EEE) desde 2005 donde desarrolla trabajos de experimentaci\u00f3n e investigaci\u00f3n relacionados con el cultivo del arroz, dentro del \u00e1rea de cultivos extensivos. Participa en diferentes tipos de proyectos, entre los m\u00e1s recientes destacan el NEURICE (New Commercial European Rice), el Estudio de la eficiencia agron\u00f3mica de deyecciones ganaderas en siembra en seco en el cultivo del arroz (DARP) y diferentes actividades demostrativas como Estrategias sostenibles de control de enfermedades en arroz: hacia residuo cero. Por otra parte, desde el a\u00f1o 2014, est\u00e1 realizando tareas de asesoramiento y formaci\u00f3n sobre la agronom\u00eda del cultivo del arroz a t\u00e9cnicos y agricultores del Programa Origins de Kellogg 's (Desarrollo e implantaci\u00f3n de buenas pr\u00e1cticas agr\u00edcolas en el cultivo del arroz).<\/p>\n<!-- \/wp:paragraph -->","post_title":"Eva Pla","post_excerpt":"","post_status":"publish","comment_status":"closed","ping_status":"closed","post_password":"","post_name":"eva-pla-2","to_ping":"","pinged":"","post_modified":"2020-07-28 14:25:08","post_modified_gmt":"2020-07-28 12:25:08","post_content_filtered":"","post_parent":0,"guid":"https:\/\/transferencia.irta.cat\/ponent\/eva-pla-2\/","menu_order":0,"post_type":"ponent","post_mime_type":"","comment_count":"0","filter":"raw"}},{"ponent":{"ID":3858,"post_author":"2","post_date":"2020-07-30 13:20:56","post_date_gmt":"2020-07-30 11:20:56","post_content":"<!-- wp:paragraph {\"translatedWithWPMLTM\":\"1\"} -->\n<p> Nuria Tom\u00e1s es Ingeniera agr\u00f3noma (orientaci\u00f3n en Producci\u00f3n Vegetal) por la Universidad de Lleida (2008). Desde el a\u00f1o 2006 trabaja en el IRTA, en la Estaci\u00f3n Experimental del Ebro donde participa en diferentes proyectos del \u00c1rea de Cultivos Extensivos Sostenibles como son las actividades de demostraci\u00f3n, grupos operativos o proyectos, as\u00ed como en diferentes contratos con empresas del sector. Su \u00e1rea de trabajo es la agronom\u00eda del cultivo del arroz, realizando tareas experimentales y de transferencia de conocimiento, formaci\u00f3n y asesoramiento al sector arrocero.<\/p>\n<!-- \/wp:paragraph --><!-- wp:heading {\"level\":1} -->\n<h1><\/h1>\n<!-- \/wp:heading -->","post_title":"N\u00faria Tom\u00e0s","post_excerpt":"","post_status":"publish","comment_status":"closed","ping_status":"closed","post_password":"","post_name":"nuria-tomas","to_ping":"","pinged":"","post_modified":"2020-07-30 13:20:56","post_modified_gmt":"2020-07-30 11:20:56","post_content_filtered":"","post_parent":0,"guid":"https:\/\/transferencia.irta.cat\/ponent\/nuria-tomas\/","menu_order":0,"post_type":"ponent","post_mime_type":"","comment_count":"0","filter":"raw"}},{"ponent":{"ID":3716,"post_author":"2","post_date":"2020-07-27 10:24:58","post_date_gmt":"2020-07-27 08:24:58","post_content":"<!-- wp:paragraph {\"translatedWithWPMLTM\":\"1\"} -->\n<p>Oriol Ferr\u00e9 Navarro, es t\u00e9cnico de gesti\u00f3n de recursos paisaj\u00edsticos del medio ambiente (2008) por el Instituto de Horticultura y Jardiner\u00eda de Reus y licenciado en Ciencias Ambientales (2013) por la Universidad Aut\u00f3noma de Barcelona. Contratado como t\u00e9cnico de laboratorio y campo en la Estaci\u00f3n Experimental del Ebro en el Grupo del Arroz dentro del programa de Cultivos Extensivos del IRTA desde 2016. En la actualidad se centra dando soporte t\u00e9cnico en proyectos y contratos de empresas en el grupo del arroz.<\/p>\n<!-- \/wp:paragraph -->","post_title":"Oriol Ferr\u00e9 Navarro","post_excerpt":"","post_status":"publish","comment_status":"closed","ping_status":"closed","post_password":"","post_name":"oriol-ferre-navarro","to_ping":"","pinged":"","post_modified":"2020-07-27 10:24:58","post_modified_gmt":"2020-07-27 08:24:58","post_content_filtered":"","post_parent":0,"guid":"https:\/\/transferencia.irta.cat\/ponent\/oriol-ferre-navarro\/","menu_order":0,"post_type":"ponent","post_mime_type":"","comment_count":"0","filter":"raw"}},{"ponent":{"ID":3708,"post_author":"2","post_date":"2020-07-27 10:19:33","post_date_gmt":"2020-07-27 08:19:33","post_content":"<!-- wp:paragraph {\"translatedWithWPMLTM\":\"1\"} -->\n<p>N\u00e9stor P\u00e9rez-M\u00e9ndez es licenciado en Biolog\u00eda (2008) y Doctor en Ciencias Medioambientales (2016) por la Estaci\u00f3n Biol\u00f3gica de Do\u00f1ana (EBD-CSIC) y la Universidad Pablo de Olavide. Trabaja como t\u00e9cnico en conservaci\u00f3n de la biodiversidad en el grupo del arroz del programa de cultivos extensivos sostenibles del IRTA. Est\u00e1 especialmente interesado en conocer el papel de la biodiversidad en la producci\u00f3n agr\u00edcola y la provisi\u00f3n de servicios ecosist\u00e9micos (polinizaci\u00f3n y control biol\u00f3gico de plagas).  <\/p>\n<!-- \/wp:paragraph -->","post_title":"N\u00e9stor P\u00e9rez-M\u00e9ndez","post_excerpt":"","post_status":"publish","comment_status":"closed","ping_status":"closed","post_password":"","post_name":"nestor-perez-mendez","to_ping":"","pinged":"","post_modified":"2020-07-27 10:19:33","post_modified_gmt":"2020-07-27 08:19:33","post_content_filtered":"","post_parent":0,"guid":"https:\/\/transferencia.irta.cat\/ponent\/nestor-perez-mendez\/","menu_order":0,"post_type":"ponent","post_mime_type":"","comment_count":"0","filter":"raw"}}],"organitza":[{"imatge":"https:\/\/transferencia.irta.cat\/wp-content\/uploads\/2020\/02\/IRTA.svg_.png","nom":"","link":""},{"imatge":"https:\/\/transferencia.irta.cat\/wp-content\/uploads\/2020\/12\/Captura-1.jpg","nom":"","link":""}],"patrocina":false,"colabora":[{"imatge":"https:\/\/transferencia.irta.cat\/wp-content\/uploads\/2020\/12\/1200px-Logotipo_de_la_Generalitat_de_Catalunya.svg_.png","nom":"","link":""}],"serveis":false,"materials":false,"activitats_relacionades":false,"te_enquesta":true,"id_enquesta":"","enquesta_externa":"","subscribe_external_link":"","en_construccio":false,"wait_list":false},"yoast_head":"<!-- This site is optimized with the Yoast SEO plugin v15.2 - https:\/\/yoast.com\/wordpress\/plugins\/seo\/ -->\n<title>Actividades Origins - Delta del Ebro - IRTA<\/title>\n<meta name=\"description\" content=\"Presentaci\u00f3n de resultados El programa Origins de Kellogg, naci\u00f3 en el delta del Ebro en 2013 con el objetivo de promover la sostenibilidad del cultivo\" \/>\n<meta name=\"robots\" content=\"index, follow, max-snippet:-1, max-image-preview:large, max-video-preview:-1\" \/>\n<link rel=\"canonical\" href=\"https:\/\/transferencia.irta.cat\/es\/activitats\/actividades-origins\/\" \/>\n<meta property=\"og:locale\" content=\"es_ES\" \/>\n<meta property=\"og:type\" content=\"article\" \/>\n<meta property=\"og:title\" content=\"Actividades Origins - Delta del Ebro - IRTA\" \/>\n<meta property=\"og:description\" content=\"Presentaci\u00f3n de resultados El programa Origins de Kellogg, naci\u00f3 en el delta del Ebro en 2013 con el objetivo de promover la sostenibilidad del cultivo\" \/>\n<meta property=\"og:url\" content=\"https:\/\/transferencia.irta.cat\/es\/activitats\/actividades-origins\/\" \/>\n<meta property=\"og:site_name\" content=\"IRTA\" \/>\n<meta property=\"article:modified_time\" content=\"2020-12-15T09:04:07+00:00\" \/>\n<meta property=\"og:image\" content=\"https:\/\/transferencia.irta.cat\/wp-content\/uploads\/2020\/12\/1.jpg\" \/>\n\t<meta property=\"og:image:width\" content=\"872\" \/>\n\t<meta property=\"og:image:height\" content=\"654\" \/>\n<meta name=\"twitter:card\" content=\"summary_large_image\" \/>\n<meta name=\"twitter:label1\" value=\"Escrito por\">\n\t<meta name=\"twitter:data1\" value=\"jtobal\">\n\t<meta name=\"twitter:label2\" value=\"Tiempo de lectura\">\n\t<meta name=\"twitter:data2\" value=\"0 minutos\">\n<script type=\"application\/ld+json\" class=\"yoast-schema-graph\">{\"@context\":\"https:\/\/schema.org\",\"@graph\":[{\"@type\":\"WebSite\",\"@id\":\"https:\/\/transferencia.irta.cat\/es\/#website\",\"url\":\"https:\/\/transferencia.irta.cat\/es\/\",\"name\":\"IRTA\",\"description\":\"Transfer\\u00e8ncia de coneixement\",\"potentialAction\":[{\"@type\":\"SearchAction\",\"target\":\"https:\/\/transferencia.irta.cat\/es\/?s={search_term_string}\",\"query-input\":\"required name=search_term_string\"}],\"inLanguage\":\"es\"},{\"@type\":\"ImageObject\",\"@id\":\"https:\/\/transferencia.irta.cat\/es\/activitats\/actividades-origins\/#primaryimage\",\"inLanguage\":\"es\",\"url\":\"https:\/\/transferencia.irta.cat\/wp-content\/uploads\/2020\/12\/1.jpg\",\"width\":872,\"height\":654},{\"@type\":\"WebPage\",\"@id\":\"https:\/\/transferencia.irta.cat\/es\/activitats\/actividades-origins\/#webpage\",\"url\":\"https:\/\/transferencia.irta.cat\/es\/activitats\/actividades-origins\/\",\"name\":\"Actividades Origins - Delta del Ebro - IRTA\",\"isPartOf\":{\"@id\":\"https:\/\/transferencia.irta.cat\/es\/#website\"},\"primaryImageOfPage\":{\"@id\":\"https:\/\/transferencia.irta.cat\/es\/activitats\/actividades-origins\/#primaryimage\"},\"datePublished\":\"2020-12-11T08:13:10+00:00\",\"dateModified\":\"2020-12-15T09:04:07+00:00\",\"description\":\"Presentaci\\u00f3n de resultados El programa Origins de Kellogg, naci\\u00f3 en el delta del Ebro en 2013 con el objetivo de promover la sostenibilidad del cultivo\",\"inLanguage\":\"es\",\"potentialAction\":[{\"@type\":\"ReadAction\",\"target\":[\"https:\/\/transferencia.irta.cat\/es\/activitats\/actividades-origins\/\"]}]}]}<\/script>\n<!-- \/ Yoast SEO plugin. -->","_links":{"self":[{"href":"https:\/\/transferencia.irta.cat\/es\/wp-json\/wp\/v2\/activitats\/5366","targetHints":{"allow":["GET"]}}],"collection":[{"href":"https:\/\/transferencia.irta.cat\/es\/wp-json\/wp\/v2\/activitats"}],"about":[{"href":"https:\/\/transferencia.irta.cat\/es\/wp-json\/wp\/v2\/types\/activitats"}],"wp:featuredmedia":[{"embeddable":true,"href":"https:\/\/transferencia.irta.cat\/es\/wp-json\/wp\/v2\/media\/5389"}],"wp:attachment":[{"href":"https:\/\/transferencia.irta.cat\/es\/wp-json\/wp\/v2\/media?parent=5366"}],"wp:term":[{"taxonomy":"category","embeddable":true,"href":"https:\/\/transferencia.irta.cat\/es\/wp-json\/wp\/v2\/categories?post=5366"},{"taxonomy":"post_tag","embeddable":true,"href":"https:\/\/transferencia.irta.cat\/es\/wp-json\/wp\/v2\/tags?post=5366"},{"taxonomy":"objectius_estrategics","embeddable":true,"href":"https:\/\/transferencia.irta.cat\/es\/wp-json\/wp\/v2\/objectius_estrategics?post=5366"},{"taxonomy":"ods","embeddable":true,"href":"https:\/\/transferencia.irta.cat\/es\/wp-json\/wp\/v2\/ods?post=5366"},{"taxonomy":"programa_irta","embeddable":true,"href":"https:\/\/transferencia.irta.cat\/es\/wp-json\/wp\/v2\/programa_irta?post=5366"},{"taxonomy":"trainings","embeddable":true,"href":"https:\/\/transferencia.irta.cat\/es\/wp-json\/wp\/v2\/trainings?post=5366"}],"curies":[{"name":"wp","href":"https:\/\/api.w.org\/{rel}","templated":true}]}}