{"id":4641,"date":"2020-10-15T18:53:58","date_gmt":"2020-10-15T16:53:58","guid":{"rendered":"https:\/\/transferencia.irta.cat\/?post_type=activitats&#038;p=4641"},"modified":"2020-11-02T12:35:51","modified_gmt":"2020-11-02T11:35:51","slug":"semana-fruticola-innovaciones-comerciales","status":"publish","type":"activitats","link":"https:\/\/transferencia.irta.cat\/es\/activitats\/semana-fruticola-innovaciones-comerciales\/","title":{"rendered":"Semana Frut\u00edcola Innovaciones Comerciales"},"content":{"rendered":"\n<p>En el marco de la Semana Frut\u00edcola, <strong>del 3 al 6 de noviembre<\/strong>, descubriremos las novedades del sector a las <strong>Ponencias de Innovaci\u00f3n comerciales y agron\u00f3micas.<\/strong><br><br>Las actividades y ponencias que se llevar\u00e1n a cabo esta segunda semana consistir\u00e1n en ponencias en l\u00ednea para conocer las novedades comerciales de las empresas del sector frut\u00edcola. Tambi\u00e9n podremos visualizar nuevamente, en formato v\u00eddeo, las demostraciones de campo que los investigadores del IRTA habr\u00e1n hecho presencialmente durante la primera semana.<\/p>\n","protected":false},"featured_media":4663,"template":"","categories":[637,635],"tags":[],"objectius_estrategics":[1204,1209,1211],"ods":[1264,1263,1261],"programa_irta":[1237],"trainings":[],"class_list":["post-4641","activitats","type-activitats","status-publish","has-post-thumbnail","hentry","category-fruticultura-es","category-produccion-vegetal","objectius_estrategics-canvio-climatico","objectius_estrategics-sanidad-vegetal","objectius_estrategics-sistemas-agroalimentarios","ods-12-consumo-y-produccion-responsables","ods-13-accion-climatica","ods-15-vida-terrestre-es","programa_irta-v2-fructicultura-es"],"acf":{"codi":"","data":"03\/11\/2020","data_fi":"06\/11\/2020","horari":"9:30h - 11:30h","idioma":"Castellano","original_language":"ca","preu":"","places":"-1","ciutat":"En l\u00ednea","lloc_de_realitzacio":"<p>DIAS 3 y 6 de noviembre: <a href=\"https:\/\/ruralcat.adobeconnect.com\/irta2\/\" target=\"_blank\" rel=\"noopener\">SALA VIRTUAL Adobe Connect<\/a><\/p>\n<p>DIAS 4 y 5 de noviembre: <a href=\"https:\/\/ruralcat.adobeconnect.com\/irta\" target=\"_blank\" rel=\"noopener\">SALA VIRTUAL Adobe Connect<\/a><\/p>\n","ubicacio":false,"imatge_ubicacio":false,"persona_contacte_nom":"Montse Palau","persona_contacte_email":"montserrat.palau@irta.cat","programa":{"ID":4727,"id":4727,"title":"ESP_PROGRAMA SET FRUTICOLA 2020 IRTA","filename":"ESP_PROGRAMA-SET-FRUTICOLA-2020-IRTA.pdf","filesize":915741,"url":"https:\/\/transferencia.irta.cat\/wp-content\/uploads\/2020\/07\/ESP_PROGRAMA-SET-FRUTICOLA-2020-IRTA.pdf","link":"https:\/\/transferencia.irta.cat\/es\/activitats\/semana-fruticola\/esp_programa-set-fruticola-2020-irta-2\/","alt":"","author":"32","description":"","caption":"","name":"esp_programa-set-fruticola-2020-irta-2","status":"inherit","uploaded_to":3573,"date":"2020-10-20 15:10:29","modified":"2021-02-09 14:54:35","menu_order":0,"mime_type":"application\/pdf","type":"application","subtype":"pdf","icon":"https:\/\/transferencia.irta.cat\/wp-includes\/images\/media\/document.png"},"programacio":"<p>MARTES 3 noviembre<br \/>\n17 h Cidetrak CM Meso, el nuevo difusor para Carpocapsa m\u00e1s eficaz, rentable y respetuoso. Sr. Elias Mas, Portfolio Manager Certis Espa\u00f1a.<br \/>\n17:20 h Caracter\u00edsticas agron\u00f3micas y productivas de \u2018Vairo\u2019 frente \u2018Nonpareil\u2019. Sra. Marta Maldonado, IRTA<br \/>\n17:40 h Ditianona y las nuevas soluciones para el control de moteado. Sr. Miquel Sans, Responsable t\u00e9cnico de frutales y vi\u00f1a BASF<br \/>\n18:00 h Nuevos sistemas de formaci\u00f3n: m\u00e1s ejes y menos calle. Dr. Jaume Lordan, IRTA<br \/>\nPreguntas<\/p>\n<hr \/>\n<p><strong>MI\u00c9RCOLES 4 noviembre<\/strong><br \/>\n9:30 h Brevis y BreviSmart, la tecnolog\u00eda puesta al servicio del agricultor para conseguir el aclareo deseado y fruta de calidad. Sr. Jes\u00fas Encina, Product Manager y Sr. Enric Porta, Campaign Manager. Adama.<br \/>\n9:50 h La poda de \u2018Vairo\u2019 frente \u2018Nonpareil\u2019. Sr. Ramon Girabet, IRTA<br \/>\n10:10 h Soluci\u00f3n global para el control del riego. Sr. Josep M\u00aa Torres, responsable comercial de Sistemes Electr\u00f2nics Progr\u00e9s, S.A.<br \/>\n10:30 h FRUITMONITOR, tecnolog\u00edas de monitorizaci\u00f3n microclim\u00e1tica y estado h\u00eddrico. Sr. Miquel Peris, IRTA<br \/>\nPreguntas<\/p>\n<hr \/>\n<p><strong>JUEVES 5 noviembre<\/strong><br \/>\n9:00 h Puffer Fruit Multi, \u00faltima t\u00e9cnica de confusi\u00f3n sexual en Europa para el control ecol\u00f3gico y combinado de plagas en frutal de pepita. Sr. Carlos Col\u00e1s, Account Manager Espa\u00f1a SUTERRA<br \/>\n9:20 h M\u00e1rgenes florales, refugios y nidos para favorecer la fauna auxiliar. Dra. Georgina Alins, IRTA<br \/>\n9:40 h Eficacia de Fontelis\u00ae (Penthiopirad) en las enfermedades de la Mancha negra del peral (Stemphylium vesicarium) y Alternariosis del manzano (Alternaria alternata). Sr. Riccardo Ambri, Customer Technology Specialist \u2013 Crop Protection. CORTEVA AGRISCIENCE<br \/>\n10:00 h Aplicaci\u00f3n de fitosanitarios mediante un sistema fijo. Sr. Carlos Faro, IRTA<br \/>\nPreguntas<\/p>\n<hr \/>\n<p><strong>VIERNES 6 noviembre<\/strong><br \/>\n9:30 h El caso del almendro: Un modelo productivo de alta rentabilidad. Transformaci\u00f3n de fincas de extensivo a cultivos de alto valor. Sr. Gabriel Sevillano, gerente de zona Noreste en Suez Agriculture.<br \/>\n9:50 h Presentaci\u00f3n de la parcela de almendros de variedades americanas y espa\u00f1olas. Dr. Xavier Miarnau, IRTA<br \/>\n10:10 h Vacciplant\u00ae Max, control de Moteado en manzano eficaz y libre de residuos. Goactiv\u00ae Color, aumento de coloraci\u00f3n en variedades de manzana roja. Sr. Javier Garc\u00eda, Crop Manager para frutal, UPL<br \/>\n10:30 h \u00bfQu\u00e9 variedad de almendro presenta menos residuos fitosanitarios, \u2018Nonpareil\u2019 o \u2018Vairo\u2019? Sra. Laura Torguet<br \/>\nPreguntas<\/p>\n","ponents":false,"organitza":[{"imatge":"https:\/\/transferencia.irta.cat\/wp-content\/uploads\/2020\/02\/IRTA.svg_.png","nom":"","link":""},{"imatge":"https:\/\/transferencia.irta.cat\/wp-content\/uploads\/2020\/01\/darp.png","nom":"","link":""},{"imatge":"https:\/\/transferencia.irta.cat\/wp-content\/uploads\/2020\/03\/FEADER-Europa-inverteix-en-les-zones-rurals.png","nom":"","link":""},{"imatge":"https:\/\/transferencia.irta.cat\/wp-content\/uploads\/2020\/03\/logo-xarxa-i-color.jpg","nom":"","link":""}],"patrocina":false,"colabora":false,"serveis":false,"materials":false,"activitats_relacionades":false,"te_enquesta":false,"id_enquesta":"","enquesta_externa":"","subscribe_external_link":"","en_construccio":false,"wait_list":false},"yoast_head":"<!-- This site is optimized with the Yoast SEO plugin v15.2 - https:\/\/yoast.com\/wordpress\/plugins\/seo\/ -->\n<title>Semana Frut\u00edcola Innovaciones Comerciales - IRTA<\/title>\n<meta name=\"description\" content=\"En el marco de la Semana Frut\u00edcola, del 3 al 6 de noviembre, descubriremos las novedades del sector a las Ponencias de Innovaci\u00f3n comerciales y\" \/>\n<meta name=\"robots\" content=\"index, follow, max-snippet:-1, max-image-preview:large, max-video-preview:-1\" \/>\n<link rel=\"canonical\" href=\"https:\/\/transferencia.irta.cat\/es\/activitats\/semana-fruticola-innovaciones-comerciales\/\" \/>\n<meta property=\"og:locale\" content=\"es_ES\" \/>\n<meta property=\"og:type\" content=\"article\" \/>\n<meta property=\"og:title\" content=\"Semana Frut\u00edcola Innovaciones Comerciales - IRTA\" \/>\n<meta property=\"og:description\" content=\"En el marco de la Semana Frut\u00edcola, del 3 al 6 de noviembre, descubriremos las novedades del sector a las Ponencias de Innovaci\u00f3n comerciales y\" \/>\n<meta property=\"og:url\" content=\"https:\/\/transferencia.irta.cat\/es\/activitats\/semana-fruticola-innovaciones-comerciales\/\" \/>\n<meta property=\"og:site_name\" content=\"IRTA\" \/>\n<meta property=\"article:modified_time\" content=\"2020-11-02T11:35:51+00:00\" \/>\n<meta property=\"og:image\" content=\"https:\/\/transferencia.irta.cat\/wp-content\/uploads\/2020\/10\/CAP\u00c7ALERA_esp_ponencies.jpg\" \/>\n\t<meta property=\"og:image:width\" content=\"792\" \/>\n\t<meta property=\"og:image:height\" content=\"291\" \/>\n<meta name=\"twitter:card\" content=\"summary_large_image\" \/>\n<meta name=\"twitter:label1\" value=\"Escrito por\">\n\t<meta name=\"twitter:data1\" value=\"Montse\">\n\t<meta name=\"twitter:label2\" value=\"Tiempo de lectura\">\n\t<meta name=\"twitter:data2\" value=\"0 minutos\">\n<script type=\"application\/ld+json\" class=\"yoast-schema-graph\">{\"@context\":\"https:\/\/schema.org\",\"@graph\":[{\"@type\":\"WebSite\",\"@id\":\"https:\/\/transferencia.irta.cat\/es\/#website\",\"url\":\"https:\/\/transferencia.irta.cat\/es\/\",\"name\":\"IRTA\",\"description\":\"Transfer\\u00e8ncia de coneixement\",\"potentialAction\":[{\"@type\":\"SearchAction\",\"target\":\"https:\/\/transferencia.irta.cat\/es\/?s={search_term_string}\",\"query-input\":\"required name=search_term_string\"}],\"inLanguage\":\"es\"},{\"@type\":\"ImageObject\",\"@id\":\"https:\/\/transferencia.irta.cat\/es\/activitats\/semana-fruticola-innovaciones-comerciales\/#primaryimage\",\"inLanguage\":\"es\",\"url\":\"https:\/\/transferencia.irta.cat\/wp-content\/uploads\/2020\/10\/CAP\\u00c7ALERA_esp_ponencies.jpg\",\"width\":792,\"height\":291},{\"@type\":\"WebPage\",\"@id\":\"https:\/\/transferencia.irta.cat\/es\/activitats\/semana-fruticola-innovaciones-comerciales\/#webpage\",\"url\":\"https:\/\/transferencia.irta.cat\/es\/activitats\/semana-fruticola-innovaciones-comerciales\/\",\"name\":\"Semana Frut\\u00edcola Innovaciones Comerciales - IRTA\",\"isPartOf\":{\"@id\":\"https:\/\/transferencia.irta.cat\/es\/#website\"},\"primaryImageOfPage\":{\"@id\":\"https:\/\/transferencia.irta.cat\/es\/activitats\/semana-fruticola-innovaciones-comerciales\/#primaryimage\"},\"datePublished\":\"2020-10-15T16:53:58+00:00\",\"dateModified\":\"2020-11-02T11:35:51+00:00\",\"description\":\"En el marco de la Semana Frut\\u00edcola, del 3 al 6 de noviembre, descubriremos las novedades del sector a las Ponencias de Innovaci\\u00f3n comerciales y\",\"inLanguage\":\"es\",\"potentialAction\":[{\"@type\":\"ReadAction\",\"target\":[\"https:\/\/transferencia.irta.cat\/es\/activitats\/semana-fruticola-innovaciones-comerciales\/\"]}]}]}<\/script>\n<!-- \/ Yoast SEO plugin. -->","_links":{"self":[{"href":"https:\/\/transferencia.irta.cat\/es\/wp-json\/wp\/v2\/activitats\/4641","targetHints":{"allow":["GET"]}}],"collection":[{"href":"https:\/\/transferencia.irta.cat\/es\/wp-json\/wp\/v2\/activitats"}],"about":[{"href":"https:\/\/transferencia.irta.cat\/es\/wp-json\/wp\/v2\/types\/activitats"}],"wp:featuredmedia":[{"embeddable":true,"href":"https:\/\/transferencia.irta.cat\/es\/wp-json\/wp\/v2\/media\/4663"}],"wp:attachment":[{"href":"https:\/\/transferencia.irta.cat\/es\/wp-json\/wp\/v2\/media?parent=4641"}],"wp:term":[{"taxonomy":"category","embeddable":true,"href":"https:\/\/transferencia.irta.cat\/es\/wp-json\/wp\/v2\/categories?post=4641"},{"taxonomy":"post_tag","embeddable":true,"href":"https:\/\/transferencia.irta.cat\/es\/wp-json\/wp\/v2\/tags?post=4641"},{"taxonomy":"objectius_estrategics","embeddable":true,"href":"https:\/\/transferencia.irta.cat\/es\/wp-json\/wp\/v2\/objectius_estrategics?post=4641"},{"taxonomy":"ods","embeddable":true,"href":"https:\/\/transferencia.irta.cat\/es\/wp-json\/wp\/v2\/ods?post=4641"},{"taxonomy":"programa_irta","embeddable":true,"href":"https:\/\/transferencia.irta.cat\/es\/wp-json\/wp\/v2\/programa_irta?post=4641"},{"taxonomy":"trainings","embeddable":true,"href":"https:\/\/transferencia.irta.cat\/es\/wp-json\/wp\/v2\/trainings?post=4641"}],"curies":[{"name":"wp","href":"https:\/\/api.w.org\/{rel}","templated":true}]}}