{"id":31874,"date":"2026-02-04T11:20:43","date_gmt":"2026-02-04T10:20:43","guid":{"rendered":"https:\/\/transferencia.irta.cat\/?post_type=activitats&#038;p=31874"},"modified":"2026-04-13T09:13:05","modified_gmt":"2026-04-13T07:13:05","slug":"jornada-de-divulgacion-cientifica-neuro-coop","status":"publish","type":"activitats","link":"https:\/\/transferencia.irta.cat\/es\/activitats\/jornada-de-divulgacion-cientifica-neuro-coop\/","title":{"rendered":"Jornada de divulgaci\u00f3n cient\u00edfica Neuro-Coop"},"content":{"rendered":"\n<p class=\"wp-block-paragraph\">Jornada en formato mixto ONLINE\/PRESENCIAL de divulgaci\u00f3n cient\u00edfica sobre enfermedades neurodegenerativas desde una perspectiva <em>one-health<\/em>.<\/p>\n\n\n\n<p class=\"wp-block-paragraph\"><\/p>\n\n\n\n<p class=\"wp-block-paragraph\"><em>El proyecto Neuro-Coop ha sido cofinanciado por el Fondo Europeo de Desarrollo Regional (FEDER) a trave\u0301s del Programa Interreg VI-A Espan\u0303a-Francia-Andorra (POCTEFA 2021-2027) creado por la Unio\u0301n Europea.&nbsp;<\/em><\/p>\n\n\n\n<figure class=\"wp-block-image size-large is-resized\"><img loading=\"lazy\" decoding=\"async\" width=\"709\" height=\"1024\" src=\"https:\/\/transferencia.irta.cat\/wp-content\/uploads\/2026\/02\/Foto_Programa-Jornada-NeuroCoop-Barcelona-709x1024.jpg\" alt=\"\" class=\"wp-image-32299\" style=\"width:583px;height:auto\" srcset=\"https:\/\/transferencia.irta.cat\/wp-content\/uploads\/2026\/02\/Foto_Programa-Jornada-NeuroCoop-Barcelona-709x1024.jpg 709w, https:\/\/transferencia.irta.cat\/wp-content\/uploads\/2026\/02\/Foto_Programa-Jornada-NeuroCoop-Barcelona-208x300.jpg 208w, https:\/\/transferencia.irta.cat\/wp-content\/uploads\/2026\/02\/Foto_Programa-Jornada-NeuroCoop-Barcelona.jpg 720w\" sizes=\"auto, (max-width: 709px) 100vw, 709px\" \/><\/figure>\n","protected":false},"featured_media":31873,"template":"","categories":[],"tags":[],"objectius_estrategics":[],"ods":[],"programa_irta":[],"trainings":[],"class_list":["post-31874","activitats","type-activitats","status-publish","has-post-thumbnail","hentry"],"acf":{"codi":"","data":"12\/05\/2026","data_fi":"12\/05\/2026","horari":"11:00h - 14:00h","idioma":"Castellano","original_language":"es","preu":"Gratuito","places":"-1","ciutat":"Online \/ Universitat Aut\u00f2noma de Barcelona, Cerdanyola del Vall\u00e8s","lloc_de_realitzacio":"<p><span data-olk-copy-source=\"MessageBody\">Online \/ Sala de Graus, Facultad Veterinaria, Universitat Aut\u00f2noma de Barcelona (Bellaterra)<\/span><\/p>\n","ubicacio":{"address":"Facultat de Veterin\u00e0ria - UAB, Travessera dels Turons, Cerdanyola del Vall\u00e8s, Espanya","lat":41.504005,"lng":2.0978591,"zoom":14,"place_id":"ChIJR0nhTSiUpBIR2dyvlL0z4Ik","name":"Facultat de Veterin\u00e0ria - UAB","street_number":"s\/n","street_name":"Travessera dels Turons","city":"Cerdanyola del Vall\u00e8s","state":"Catalunya","state_short":"CT","post_code":"08193","country":"Espanya","country_short":"ES"},"imatge_ubicacio":false,"persona_contacte_nom":"Enric Vidal","persona_contacte_email":"enric.vidal@irta.cat","programa":{"ID":32297,"id":32297,"title":"Programa Jornada NeuroCoop Barcelona_v2_Enric","filename":"Programa-Jornada-NeuroCoop-Barcelona_v2_Enric.pdf","filesize":365351,"url":"https:\/\/transferencia.irta.cat\/wp-content\/uploads\/2026\/02\/Programa-Jornada-NeuroCoop-Barcelona_v2_Enric.pdf","link":"https:\/\/transferencia.irta.cat\/es\/activitats\/jornada-de-divulgacion-cientifica-neuro-coop\/programa-jornada-neurocoop-barcelona_v2_enric\/","alt":"","author":"32","description":"","caption":"","name":"programa-jornada-neurocoop-barcelona_v2_enric","status":"inherit","uploaded_to":31874,"date":"2026-02-18 11:36:24","modified":"2026-02-18 11:36:24","menu_order":0,"mime_type":"application\/pdf","type":"application","subtype":"pdf","icon":"https:\/\/transferencia.irta.cat\/wp-includes\/images\/media\/document.png"},"programacio":"<p><strong>11:00-11:15 Bienvenida<\/strong><\/p>\n<hr \/>\n<p><strong>11:15-11:30 Detecci\u00f3n de priones en ovocitos y ovarios de animales afectados por enfermedades pri\u00f3nicas.<\/strong><br \/>\nPaula Ariadna Marco Lorente, UNIZAR<\/p>\n<hr \/>\n<p><strong>11:30 -11:45 INCJD gen\u00e9tico - Una ventana para comprender como empiezan las enfermedades pri\u00f3nicas<\/strong><br \/>\nOihane Alzuguren Ramos, INRAE<\/p>\n<hr \/>\n<p><strong>11:45-12:00 Im\u00e1genes de los s\u00edndromes parkinsonianos<\/strong><br \/>\nPatrice Peran, INSERM - UT<\/p>\n<hr \/>\n<p><strong>12:00-12:15\u00a0Investigaci\u00f3n en alianza con pacientes. Un enfoque participativo en el desarrollo de futuras terapias g\u00e9nicas<\/strong><\/p>\n<p>Joaquin Castilla, CICbioGUNE<\/p>\n<hr \/>\n<p><strong>12:15-12:45 Pausa caf\u00e9<\/strong><\/p>\n<hr \/>\n<p><strong>12:45-13:00 Acerc\u00e1ndose a la detecci\u00f3n mejorada de fibrillas amiloides mediante RT-QuIC<\/strong><br \/>\nHasier Era\u00f1a, ATLAS Molecular Pharma<\/p>\n<hr \/>\n<p><strong>13:00 -13:15 Explorando un potencial v\u00ednculo entre los priones idiop\u00e1ticos humanos y el scrapie de los peque\u00f1os rumiantes.<\/strong><br \/>\nIn\u00e9s Xanc\u00f3, IRTA-CReSA<\/p>\n<hr \/>\n<p><strong>13:15 \u2013 14:00 Avances terap\u00e9uticos en demencias neurodegenerativas. <\/strong><\/p>\n<p>Raquel Sanchez, Hospital Cl\u00ednic de Barcelona<\/p>\n","ponents":false,"organitza":[{"imatge":"https:\/\/transferencia.irta.cat\/wp-content\/uploads\/2026\/02\/Logo-IRTA-CReSA-2025-1.png","nom":"","link":""},{"imatge":"https:\/\/transferencia.irta.cat\/wp-content\/uploads\/2026\/02\/LogoNEUROCOOP_H_PNG.png","nom":"","link":"https:\/\/neuro-coop.es\/"}],"patrocina":false,"colabora":false,"serveis":false,"materials":false,"activitats_relacionades":false,"te_enquesta":false,"id_enquesta":"","enquesta_externa":"","subscribe_external_link":"","en_construccio":false,"wait_list":false},"yoast_head":"<!-- This site is optimized with the Yoast SEO plugin v28.4 - https:\/\/yoast.com\/product\/yoast-seo-wordpress\/ -->\n<title>Jornada de divulgaci\u00f3n cient\u00edfica Neuro-Coop - IRTA<\/title>\n<meta name=\"description\" content=\"Jornada en formato mixto ONLINE\/PRESENCIAL de divulgaci\u00f3n cient\u00edfica sobre enfermedades neurodegenerativas desde una perspectiva one-health. El proyecto\" \/>\n<meta name=\"robots\" content=\"index, follow, max-snippet:-1, max-image-preview:large, max-video-preview:-1\" \/>\n<link rel=\"canonical\" href=\"https:\/\/transferencia.irta.cat\/es\/activitats\/jornada-de-divulgacion-cientifica-neuro-coop\/\" \/>\n<meta property=\"og:locale\" content=\"es_ES\" \/>\n<meta property=\"og:type\" content=\"article\" \/>\n<meta property=\"og:title\" content=\"Jornada de divulgaci\u00f3n cient\u00edfica Neuro-Coop - IRTA\" \/>\n<meta property=\"og:description\" content=\"Jornada en formato mixto ONLINE\/PRESENCIAL de divulgaci\u00f3n cient\u00edfica sobre enfermedades neurodegenerativas desde una perspectiva one-health. El proyecto\" \/>\n<meta property=\"og:url\" content=\"https:\/\/transferencia.irta.cat\/es\/activitats\/jornada-de-divulgacion-cientifica-neuro-coop\/\" \/>\n<meta property=\"og:site_name\" content=\"IRTA\" \/>\n<meta property=\"article:modified_time\" content=\"2026-04-13T07:13:05+00:00\" \/>\n<meta property=\"og:image\" content=\"https:\/\/transferencia.irta.cat\/wp-content\/uploads\/2026\/02\/neurocop_capcalera.jpg\" \/>\n\t<meta property=\"og:image:width\" content=\"1791\" \/>\n\t<meta property=\"og:image:height\" content=\"413\" \/>\n\t<meta property=\"og:image:type\" content=\"image\/jpeg\" \/>\n<meta name=\"twitter:card\" content=\"summary_large_image\" \/>\n<script type=\"application\/ld+json\" class=\"yoast-schema-graph\">{\"@context\":\"https:\\\/\\\/schema.org\",\"@graph\":[{\"@type\":\"WebPage\",\"@id\":\"https:\\\/\\\/transferencia.irta.cat\\\/es\\\/activitats\\\/jornada-de-divulgacion-cientifica-neuro-coop\\\/\",\"url\":\"https:\\\/\\\/transferencia.irta.cat\\\/es\\\/activitats\\\/jornada-de-divulgacion-cientifica-neuro-coop\\\/\",\"name\":\"Jornada de divulgaci\u00f3n cient\u00edfica Neuro-Coop - IRTA\",\"isPartOf\":{\"@id\":\"https:\\\/\\\/transferencia.irta.cat\\\/es\\\/#website\"},\"primaryImageOfPage\":{\"@id\":\"https:\\\/\\\/transferencia.irta.cat\\\/es\\\/activitats\\\/jornada-de-divulgacion-cientifica-neuro-coop\\\/#primaryimage\"},\"image\":{\"@id\":\"https:\\\/\\\/transferencia.irta.cat\\\/es\\\/activitats\\\/jornada-de-divulgacion-cientifica-neuro-coop\\\/#primaryimage\"},\"thumbnailUrl\":\"https:\\\/\\\/transferencia.irta.cat\\\/wp-content\\\/uploads\\\/2026\\\/02\\\/neurocop_capcalera.jpg\",\"datePublished\":\"2026-02-04T10:20:43+00:00\",\"dateModified\":\"2026-04-13T07:13:05+00:00\",\"description\":\"Jornada en formato mixto ONLINE\\\/PRESENCIAL de divulgaci\u00f3n cient\u00edfica sobre enfermedades neurodegenerativas desde una perspectiva one-health. El proyecto\",\"breadcrumb\":{\"@id\":\"https:\\\/\\\/transferencia.irta.cat\\\/es\\\/activitats\\\/jornada-de-divulgacion-cientifica-neuro-coop\\\/#breadcrumb\"},\"inLanguage\":\"es\",\"potentialAction\":[{\"@type\":\"ReadAction\",\"target\":[\"https:\\\/\\\/transferencia.irta.cat\\\/es\\\/activitats\\\/jornada-de-divulgacion-cientifica-neuro-coop\\\/\"]}]},{\"@type\":\"ImageObject\",\"inLanguage\":\"es\",\"@id\":\"https:\\\/\\\/transferencia.irta.cat\\\/es\\\/activitats\\\/jornada-de-divulgacion-cientifica-neuro-coop\\\/#primaryimage\",\"url\":\"https:\\\/\\\/transferencia.irta.cat\\\/wp-content\\\/uploads\\\/2026\\\/02\\\/neurocop_capcalera.jpg\",\"contentUrl\":\"https:\\\/\\\/transferencia.irta.cat\\\/wp-content\\\/uploads\\\/2026\\\/02\\\/neurocop_capcalera.jpg\",\"width\":1791,\"height\":413},{\"@type\":\"BreadcrumbList\",\"@id\":\"https:\\\/\\\/transferencia.irta.cat\\\/es\\\/activitats\\\/jornada-de-divulgacion-cientifica-neuro-coop\\\/#breadcrumb\",\"itemListElement\":[{\"@type\":\"ListItem\",\"position\":1,\"name\":\"Inici\",\"item\":\"https:\\\/\\\/transferencia.irta.cat\\\/es\\\/\"},{\"@type\":\"ListItem\",\"position\":2,\"name\":\"Actividades\",\"item\":\"https:\\\/\\\/transferencia.irta.cat\\\/es\\\/activitats\\\/\"},{\"@type\":\"ListItem\",\"position\":3,\"name\":\"Jornada de divulgaci\u00f3n cient\u00edfica Neuro-Coop\"}]},{\"@type\":\"WebSite\",\"@id\":\"https:\\\/\\\/transferencia.irta.cat\\\/es\\\/#website\",\"url\":\"https:\\\/\\\/transferencia.irta.cat\\\/es\\\/\",\"name\":\"IRTA\",\"description\":\"Transfer\u00e8ncia de coneixement\",\"potentialAction\":[{\"@type\":\"SearchAction\",\"target\":{\"@type\":\"EntryPoint\",\"urlTemplate\":\"https:\\\/\\\/transferencia.irta.cat\\\/es\\\/?s={search_term_string}\"},\"query-input\":{\"@type\":\"PropertyValueSpecification\",\"valueRequired\":true,\"valueName\":\"search_term_string\"}}],\"inLanguage\":\"es\"}]}<\/script>\n<!-- \/ Yoast SEO plugin. -->","yoast_head_json":{"title":"Jornada de divulgaci\u00f3n cient\u00edfica Neuro-Coop - IRTA","description":"Jornada en formato mixto ONLINE\/PRESENCIAL de divulgaci\u00f3n cient\u00edfica sobre enfermedades neurodegenerativas desde una perspectiva one-health. El proyecto","robots":{"index":"index","follow":"follow","max-snippet":"max-snippet:-1","max-image-preview":"max-image-preview:large","max-video-preview":"max-video-preview:-1"},"canonical":"https:\/\/transferencia.irta.cat\/es\/activitats\/jornada-de-divulgacion-cientifica-neuro-coop\/","og_locale":"es_ES","og_type":"article","og_title":"Jornada de divulgaci\u00f3n cient\u00edfica Neuro-Coop - IRTA","og_description":"Jornada en formato mixto ONLINE\/PRESENCIAL de divulgaci\u00f3n cient\u00edfica sobre enfermedades neurodegenerativas desde una perspectiva one-health. El proyecto","og_url":"https:\/\/transferencia.irta.cat\/es\/activitats\/jornada-de-divulgacion-cientifica-neuro-coop\/","og_site_name":"IRTA","article_modified_time":"2026-04-13T07:13:05+00:00","og_image":[{"width":1791,"height":413,"url":"https:\/\/transferencia.irta.cat\/wp-content\/uploads\/2026\/02\/neurocop_capcalera.jpg","type":"image\/jpeg"}],"twitter_card":"summary_large_image","schema":{"@context":"https:\/\/schema.org","@graph":[{"@type":"WebPage","@id":"https:\/\/transferencia.irta.cat\/es\/activitats\/jornada-de-divulgacion-cientifica-neuro-coop\/","url":"https:\/\/transferencia.irta.cat\/es\/activitats\/jornada-de-divulgacion-cientifica-neuro-coop\/","name":"Jornada de divulgaci\u00f3n cient\u00edfica Neuro-Coop - IRTA","isPartOf":{"@id":"https:\/\/transferencia.irta.cat\/es\/#website"},"primaryImageOfPage":{"@id":"https:\/\/transferencia.irta.cat\/es\/activitats\/jornada-de-divulgacion-cientifica-neuro-coop\/#primaryimage"},"image":{"@id":"https:\/\/transferencia.irta.cat\/es\/activitats\/jornada-de-divulgacion-cientifica-neuro-coop\/#primaryimage"},"thumbnailUrl":"https:\/\/transferencia.irta.cat\/wp-content\/uploads\/2026\/02\/neurocop_capcalera.jpg","datePublished":"2026-02-04T10:20:43+00:00","dateModified":"2026-04-13T07:13:05+00:00","description":"Jornada en formato mixto ONLINE\/PRESENCIAL de divulgaci\u00f3n cient\u00edfica sobre enfermedades neurodegenerativas desde una perspectiva one-health. El proyecto","breadcrumb":{"@id":"https:\/\/transferencia.irta.cat\/es\/activitats\/jornada-de-divulgacion-cientifica-neuro-coop\/#breadcrumb"},"inLanguage":"es","potentialAction":[{"@type":"ReadAction","target":["https:\/\/transferencia.irta.cat\/es\/activitats\/jornada-de-divulgacion-cientifica-neuro-coop\/"]}]},{"@type":"ImageObject","inLanguage":"es","@id":"https:\/\/transferencia.irta.cat\/es\/activitats\/jornada-de-divulgacion-cientifica-neuro-coop\/#primaryimage","url":"https:\/\/transferencia.irta.cat\/wp-content\/uploads\/2026\/02\/neurocop_capcalera.jpg","contentUrl":"https:\/\/transferencia.irta.cat\/wp-content\/uploads\/2026\/02\/neurocop_capcalera.jpg","width":1791,"height":413},{"@type":"BreadcrumbList","@id":"https:\/\/transferencia.irta.cat\/es\/activitats\/jornada-de-divulgacion-cientifica-neuro-coop\/#breadcrumb","itemListElement":[{"@type":"ListItem","position":1,"name":"Inici","item":"https:\/\/transferencia.irta.cat\/es\/"},{"@type":"ListItem","position":2,"name":"Actividades","item":"https:\/\/transferencia.irta.cat\/es\/activitats\/"},{"@type":"ListItem","position":3,"name":"Jornada de divulgaci\u00f3n cient\u00edfica Neuro-Coop"}]},{"@type":"WebSite","@id":"https:\/\/transferencia.irta.cat\/es\/#website","url":"https:\/\/transferencia.irta.cat\/es\/","name":"IRTA","description":"Transfer\u00e8ncia de coneixement","potentialAction":[{"@type":"SearchAction","target":{"@type":"EntryPoint","urlTemplate":"https:\/\/transferencia.irta.cat\/es\/?s={search_term_string}"},"query-input":{"@type":"PropertyValueSpecification","valueRequired":true,"valueName":"search_term_string"}}],"inLanguage":"es"}]}},"_links":{"self":[{"href":"https:\/\/transferencia.irta.cat\/es\/wp-json\/wp\/v2\/activitats\/31874","targetHints":{"allow":["GET"]}}],"collection":[{"href":"https:\/\/transferencia.irta.cat\/es\/wp-json\/wp\/v2\/activitats"}],"about":[{"href":"https:\/\/transferencia.irta.cat\/es\/wp-json\/wp\/v2\/types\/activitats"}],"wp:featuredmedia":[{"embeddable":true,"href":"https:\/\/transferencia.irta.cat\/es\/wp-json\/wp\/v2\/media\/31873"}],"wp:attachment":[{"href":"https:\/\/transferencia.irta.cat\/es\/wp-json\/wp\/v2\/media?parent=31874"}],"wp:term":[{"taxonomy":"category","embeddable":true,"href":"https:\/\/transferencia.irta.cat\/es\/wp-json\/wp\/v2\/categories?post=31874"},{"taxonomy":"post_tag","embeddable":true,"href":"https:\/\/transferencia.irta.cat\/es\/wp-json\/wp\/v2\/tags?post=31874"},{"taxonomy":"objectius_estrategics","embeddable":true,"href":"https:\/\/transferencia.irta.cat\/es\/wp-json\/wp\/v2\/objectius_estrategics?post=31874"},{"taxonomy":"ods","embeddable":true,"href":"https:\/\/transferencia.irta.cat\/es\/wp-json\/wp\/v2\/ods?post=31874"},{"taxonomy":"programa_irta","embeddable":true,"href":"https:\/\/transferencia.irta.cat\/es\/wp-json\/wp\/v2\/programa_irta?post=31874"},{"taxonomy":"trainings","embeddable":true,"href":"https:\/\/transferencia.irta.cat\/es\/wp-json\/wp\/v2\/trainings?post=31874"}],"curies":[{"name":"wp","href":"https:\/\/api.w.org\/{rel}","templated":true}]}}