{"id":31174,"date":"2025-12-04T16:10:52","date_gmt":"2025-12-04T15:10:52","guid":{"rendered":"https:\/\/transferencia.irta.cat\/?post_type=activitats&#038;p=31174"},"modified":"2026-01-28T11:48:36","modified_gmt":"2026-01-28T10:48:36","slug":"41a-jornada-fruticola-2026","status":"publish","type":"activitats","link":"https:\/\/transferencia.irta.cat\/es\/activitats\/41a-jornada-fruticola-2026\/","title":{"rendered":"41\u00aa Jornada frut\u00edcola 2026"},"content":{"rendered":"\n<p>Un a\u00f1o m\u00e1s, nos complace invitaros a participar en esta jornada frut\u00edcola dedicada a la producci\u00f3n sostenible de manzana. En esta edici\u00f3n contaremos con la participaci\u00f3n de expertos internacionales de reconocido prestigio en el sector. El programa incluye ponencias centradas en algunos de los principales retos a los que se enfrenta el sector productor de manzana, como el <em>bitter pit<\/em> o la <em>Glomerella<\/em>. Asimismo, se abordar\u00e1n las \u00faltimas innovaciones relacionadas con el uso de nuevas tecnolog\u00edas para el aclareo qu\u00edmico, la promoci\u00f3n de insectos polinizadores, la fruticultura regenerativa y las novedades en variedades, portainjertos y sistemas de formaci\u00f3n.<\/p>\n\n\n\n<p>Esta jornada es una buena oportunidad para adquirir conocimientos pr\u00e1cticos actualizados y para compartir experiencias con profesionales del sector.<\/p>\n\n\n\n<figure class=\"wp-block-image size-large is-resized\"><img loading=\"lazy\" decoding=\"async\" width=\"1024\" height=\"683\" src=\"https:\/\/transferencia.irta.cat\/wp-content\/uploads\/2021\/07\/fructicola_estiu_mas_badia-1024x683.jpg\" alt=\"\" class=\"wp-image-8632\" style=\"width:504px;height:auto\" srcset=\"https:\/\/transferencia.irta.cat\/wp-content\/uploads\/2021\/07\/fructicola_estiu_mas_badia-1024x683.jpg 1024w, https:\/\/transferencia.irta.cat\/wp-content\/uploads\/2021\/07\/fructicola_estiu_mas_badia-300x200.jpg 300w, https:\/\/transferencia.irta.cat\/wp-content\/uploads\/2021\/07\/fructicola_estiu_mas_badia-768x512.jpg 768w, https:\/\/transferencia.irta.cat\/wp-content\/uploads\/2021\/07\/fructicola_estiu_mas_badia-1536x1024.jpg 1536w, https:\/\/transferencia.irta.cat\/wp-content\/uploads\/2021\/07\/fructicola_estiu_mas_badia.jpg 1920w\" sizes=\"auto, (max-width: 1024px) 100vw, 1024px\" \/><\/figure>\n","protected":false},"featured_media":8632,"template":"","categories":[],"tags":[891,1729,880],"objectius_estrategics":[],"ods":[],"programa_irta":[1237],"trainings":[],"class_list":["post-31174","activitats","type-activitats","status-publish","has-post-thumbnail","hentry","tag-bitter-pit-es","tag-fructicultura-es","tag-poma-es","programa_irta-v2-fructicultura-es"],"acf":{"codi":"","data":"18\/02\/2026","data_fi":"18\/02\/2026","horari":"09:45h - 13:00h","idioma":"Catal\u00e1n","original_language":"ca","preu":"Gratuito","places":"-1","ciutat":"La Tallada d'Empord\u00e0","lloc_de_realitzacio":"<p>IRTA Mas Badia<\/p>\n","ubicacio":{"address":"IRTA Mas Badia, La Tallada d'Empord\u00e0, Espanya","lat":42.0541889,"lng":3.0618693,"zoom":14,"place_id":"ChIJPXItxZ73uhIRrsa1LAMZwK0","name":"IRTA Mas Badia","city":"La Tallada d'Empord\u00e0","state":"Catalunya","state_short":"CT","post_code":"17134","country":"Espanya","country_short":"ES"},"imatge_ubicacio":false,"persona_contacte_nom":"Montse Palau","persona_contacte_email":"montserrat.palau@irta.cat","programa":{"ID":31560,"id":31560,"title":"Tallada d'Empord\u00e0_Jornada Fructicola_1802_2026_46","filename":"Tallada-dEmporda_Jornada-Fructicola_1802_2026_46.pdf","filesize":898499,"url":"https:\/\/transferencia.irta.cat\/wp-content\/uploads\/2025\/12\/Tallada-dEmporda_Jornada-Fructicola_1802_2026_46.pdf","link":"https:\/\/transferencia.irta.cat\/es\/activitats\/41a-jornada-fruticola-2026\/tallada-demporda_jornada-fructicola_1802_2026_46-2\/","alt":"","author":"32","description":"","caption":"","name":"tallada-demporda_jornada-fructicola_1802_2026_46-2","status":"inherit","uploaded_to":31174,"date":"2026-01-28 09:52:28","modified":"2026-01-28 09:52:28","menu_order":0,"mime_type":"application\/pdf","type":"application","subtype":"pdf","icon":"https:\/\/transferencia.irta.cat\/wp-includes\/images\/media\/document.png"},"programacio":"<p><strong>09:45 h Registro de asistentes y entrega de la documentaci\u00f3n<\/strong><\/p>\n<div>\n<div class=\"paragraph-in-scc-markdown-text ___1ngh792 ftgm304 f1iaxwol\">\n<hr \/>\n<p><strong>10:00 h Bienvenida de la jornada<\/strong><br \/>\nJoan Bonany. Director Estaci\u00f3 Exp. Agric. IRTA Mas Badia<\/p>\n<hr \/>\n<\/div>\n<div class=\"paragraph-in-scc-markdown-text ___1ngh792 ftgm304 f1iaxwol\"><strong>10:10 h Fisiolog\u00eda del <em>bitter pit<\/em> y estrategias pr\u00e1cticas para reducir su incidencia<\/strong><br \/>\nBernardita Sallato. Washington State University (EE. UU.)<\/p>\n<hr \/>\n<\/div>\n<div class=\"paragraph-in-scc-markdown-text ___1ngh792 ftgm304 f1iaxwol\"><strong>10:40 h Variedades, portainjertos y sistemas de formaci\u00f3n: nuevos resultados<\/strong><br \/>\nLuis Gonz\u00e1lez. Investigador especialista del Programa de Fruticultura del IRTA<\/p>\n<hr \/>\n<\/div>\n<div class=\"paragraph-in-scc-markdown-text ___1ngh792 ftgm304 f1iaxwol\"><strong>10:50 h Gesti\u00f3n del aclareo y monitorizaci\u00f3n de los frutos con c\u00e1maras embarcadas<\/strong><br \/>\nBorja Aramburu. Soporte al Programa de Protecci\u00f3n Vegetal Sostenible del IRTA<br \/>\nLuis Gonz\u00e1lez. Investigador especialista del Programa de Fruticultura del IRTA<\/p>\n<hr \/>\n<\/div>\n<div class=\"paragraph-in-scc-markdown-text ___1ngh792 ftgm304 f1iaxwol\"><strong>11:00 h Pausa y visita libre a la exposici\u00f3n de variedades<\/strong><\/p>\n<hr \/>\n<\/div>\n<div class=\"paragraph-in-scc-markdown-text ___1ngh792 ftgm304 f1iaxwol\"><strong>11:30 h Fruticultura regenerativa: primeros resultados (2023\u20132025)<\/strong><br \/>\nCarlota Gonz\u00e1lez. Investigadora especialista del Programa de Fruticultura del IRTA<br \/>\nAlba Basacoma. Soporte al Programa de Fruticultura del IRTA<\/p>\n<hr \/>\n<\/div>\n<div class=\"paragraph-in-scc-markdown-text ___1ngh792 ftgm304 f1iaxwol\"><strong>11:50 h Restauraci\u00f3n de los h\u00e1bitats de los polinizadores. \u00bfC\u00f3mo puede contribuir a la mejora de la producci\u00f3n de manzana?<\/strong><br \/>\nLaura Roquer. CREAF-UAB<\/p>\n<hr \/>\n<\/div>\n<div class=\"paragraph-in-scc-markdown-text ___1ngh792 ftgm304 f1iaxwol\"><strong>12:20 h La <em>Glomerella<\/em> en manzano: Tirol del Sur y Girona, \u00bfc\u00f3mo afrontan su control?<\/strong><br \/>\nSabine Ottle. Laimburg Research Centre (Italia)<br \/>\nJordi Cabrefiga. Investigador especialista del Programa de Protecci\u00f3n Vegetal Sostenible del IRTA<\/p>\n<hr \/>\n<\/div>\n<div class=\"paragraph-in-scc-markdown-text ___1ngh792 ftgm304 f1iaxwol\"><strong>13:00 h Clausura de la jornada<\/strong><\/div>\n<\/div>\n","ponents":false,"organitza":[{"imatge":"https:\/\/transferencia.irta.cat\/wp-content\/uploads\/2025\/05\/Logo_IRTA_sense-descriptor_principal.png","nom":"","link":""},{"imatge":"https:\/\/transferencia.irta.cat\/wp-content\/uploads\/2020\/03\/Gencat_color.gif","nom":"","link":""}],"patrocina":false,"colabora":[{"imatge":"https:\/\/transferencia.irta.cat\/wp-content\/uploads\/2023\/02\/FEDER.png","nom":"","link":""},{"imatge":"https:\/\/transferencia.irta.cat\/wp-content\/uploads\/2020\/03\/logo-xarxa-i-color.jpg","nom":"","link":""},{"imatge":"https:\/\/transferencia.irta.cat\/wp-content\/uploads\/2020\/02\/logo-ADVFluvi\u00e0.png","nom":"","link":""},{"imatge":"https:\/\/transferencia.irta.cat\/wp-content\/uploads\/2025\/12\/florenci_fruits-1.png","nom":"","link":""},{"imatge":"https:\/\/transferencia.irta.cat\/wp-content\/uploads\/2022\/08\/13-diputacio-girona-logo.jpg","nom":"","link":""},{"imatge":"https:\/\/transferencia.irta.cat\/wp-content\/uploads\/2019\/11\/pomagirona.jpg","nom":"","link":""},{"imatge":"https:\/\/transferencia.irta.cat\/wp-content\/uploads\/2025\/02\/Empord\u00e0-fruct.jpg","nom":"","link":""},{"imatge":"https:\/\/transferencia.irta.cat\/wp-content\/uploads\/2019\/11\/girofruits.jpg","nom":"","link":""},{"imatge":"https:\/\/transferencia.irta.cat\/wp-content\/uploads\/2025\/02\/logo-ADV-inde.jpg","nom":"","link":""},{"imatge":"https:\/\/transferencia.irta.cat\/wp-content\/uploads\/2025\/02\/Associaci\u00f3-Fructicultora-Girona.jpg","nom":"","link":""},{"imatge":"https:\/\/transferencia.irta.cat\/wp-content\/uploads\/2019\/11\/logo-giropoma.jpg","nom":"","link":""},{"imatge":"https:\/\/transferencia.irta.cat\/wp-content\/uploads\/2023\/12\/LOGO-HUB-1.png","nom":"","link":""},{"imatge":"https:\/\/transferencia.irta.cat\/wp-content\/uploads\/2025\/11\/X_AGRITECH.jpg","nom":"","link":""}],"serveis":false,"materials":false,"activitats_relacionades":false,"te_enquesta":true,"id_enquesta":"344","enquesta_externa":"","subscribe_external_link":"","en_construccio":false,"wait_list":false},"yoast_head":"<!-- This site is optimized with the Yoast SEO plugin v15.2 - https:\/\/yoast.com\/wordpress\/plugins\/seo\/ -->\n<title>41\u00aa Jornada frut\u00edcola 2026 - IRTA<\/title>\n<meta name=\"description\" content=\"Un a\u00f1o m\u00e1s, nos complace invitaros a participar en esta jornada frut\u00edcola dedicada a la producci\u00f3n sostenible de manzana. En esta edici\u00f3n contaremos con\" \/>\n<meta name=\"robots\" content=\"index, follow, max-snippet:-1, max-image-preview:large, max-video-preview:-1\" \/>\n<link rel=\"canonical\" href=\"https:\/\/transferencia.irta.cat\/es\/activitats\/41a-jornada-fruticola-2026\/\" \/>\n<meta property=\"og:locale\" content=\"es_ES\" \/>\n<meta property=\"og:type\" content=\"article\" \/>\n<meta property=\"og:title\" content=\"41\u00aa Jornada frut\u00edcola 2026 - IRTA\" \/>\n<meta property=\"og:description\" content=\"Un a\u00f1o m\u00e1s, nos complace invitaros a participar en esta jornada frut\u00edcola dedicada a la producci\u00f3n sostenible de manzana. En esta edici\u00f3n contaremos con\" \/>\n<meta property=\"og:url\" content=\"https:\/\/transferencia.irta.cat\/es\/activitats\/41a-jornada-fruticola-2026\/\" \/>\n<meta property=\"og:site_name\" content=\"IRTA\" \/>\n<meta property=\"article:modified_time\" content=\"2026-01-28T10:48:36+00:00\" \/>\n<meta property=\"og:image\" content=\"https:\/\/transferencia.irta.cat\/wp-content\/uploads\/2021\/07\/fructicola_estiu_mas_badia.jpg\" \/>\n\t<meta property=\"og:image:width\" content=\"1920\" \/>\n\t<meta property=\"og:image:height\" content=\"1280\" \/>\n<meta name=\"twitter:card\" content=\"summary_large_image\" \/>\n<meta name=\"twitter:label1\" value=\"Escrito por\">\n\t<meta name=\"twitter:data1\" value=\"Montse\">\n\t<meta name=\"twitter:label2\" value=\"Tiempo de lectura\">\n\t<meta name=\"twitter:data2\" value=\"1 minuto\">\n<script type=\"application\/ld+json\" class=\"yoast-schema-graph\">{\"@context\":\"https:\/\/schema.org\",\"@graph\":[{\"@type\":\"WebSite\",\"@id\":\"https:\/\/transferencia.irta.cat\/es\/#website\",\"url\":\"https:\/\/transferencia.irta.cat\/es\/\",\"name\":\"IRTA\",\"description\":\"Transfer\\u00e8ncia de coneixement\",\"potentialAction\":[{\"@type\":\"SearchAction\",\"target\":\"https:\/\/transferencia.irta.cat\/es\/?s={search_term_string}\",\"query-input\":\"required name=search_term_string\"}],\"inLanguage\":\"es\"},{\"@type\":\"ImageObject\",\"@id\":\"https:\/\/transferencia.irta.cat\/es\/activitats\/41a-jornada-fruticola-2026\/#primaryimage\",\"inLanguage\":\"es\",\"url\":\"https:\/\/transferencia.irta.cat\/wp-content\/uploads\/2021\/07\/fructicola_estiu_mas_badia.jpg\",\"width\":1920,\"height\":1280},{\"@type\":\"WebPage\",\"@id\":\"https:\/\/transferencia.irta.cat\/es\/activitats\/41a-jornada-fruticola-2026\/#webpage\",\"url\":\"https:\/\/transferencia.irta.cat\/es\/activitats\/41a-jornada-fruticola-2026\/\",\"name\":\"41\\u00aa Jornada frut\\u00edcola 2026 - IRTA\",\"isPartOf\":{\"@id\":\"https:\/\/transferencia.irta.cat\/es\/#website\"},\"primaryImageOfPage\":{\"@id\":\"https:\/\/transferencia.irta.cat\/es\/activitats\/41a-jornada-fruticola-2026\/#primaryimage\"},\"datePublished\":\"2025-12-04T15:10:52+00:00\",\"dateModified\":\"2026-01-28T10:48:36+00:00\",\"description\":\"Un a\\u00f1o m\\u00e1s, nos complace invitaros a participar en esta jornada frut\\u00edcola dedicada a la producci\\u00f3n sostenible de manzana. En esta edici\\u00f3n contaremos con\",\"inLanguage\":\"es\",\"potentialAction\":[{\"@type\":\"ReadAction\",\"target\":[\"https:\/\/transferencia.irta.cat\/es\/activitats\/41a-jornada-fruticola-2026\/\"]}]}]}<\/script>\n<!-- \/ Yoast SEO plugin. -->","_links":{"self":[{"href":"https:\/\/transferencia.irta.cat\/es\/wp-json\/wp\/v2\/activitats\/31174","targetHints":{"allow":["GET"]}}],"collection":[{"href":"https:\/\/transferencia.irta.cat\/es\/wp-json\/wp\/v2\/activitats"}],"about":[{"href":"https:\/\/transferencia.irta.cat\/es\/wp-json\/wp\/v2\/types\/activitats"}],"wp:featuredmedia":[{"embeddable":true,"href":"https:\/\/transferencia.irta.cat\/es\/wp-json\/wp\/v2\/media\/8632"}],"wp:attachment":[{"href":"https:\/\/transferencia.irta.cat\/es\/wp-json\/wp\/v2\/media?parent=31174"}],"wp:term":[{"taxonomy":"category","embeddable":true,"href":"https:\/\/transferencia.irta.cat\/es\/wp-json\/wp\/v2\/categories?post=31174"},{"taxonomy":"post_tag","embeddable":true,"href":"https:\/\/transferencia.irta.cat\/es\/wp-json\/wp\/v2\/tags?post=31174"},{"taxonomy":"objectius_estrategics","embeddable":true,"href":"https:\/\/transferencia.irta.cat\/es\/wp-json\/wp\/v2\/objectius_estrategics?post=31174"},{"taxonomy":"ods","embeddable":true,"href":"https:\/\/transferencia.irta.cat\/es\/wp-json\/wp\/v2\/ods?post=31174"},{"taxonomy":"programa_irta","embeddable":true,"href":"https:\/\/transferencia.irta.cat\/es\/wp-json\/wp\/v2\/programa_irta?post=31174"},{"taxonomy":"trainings","embeddable":true,"href":"https:\/\/transferencia.irta.cat\/es\/wp-json\/wp\/v2\/trainings?post=31174"}],"curies":[{"name":"wp","href":"https:\/\/api.w.org\/{rel}","templated":true}]}}