{"id":27862,"date":"2025-04-15T08:56:40","date_gmt":"2025-04-15T06:56:40","guid":{"rendered":"https:\/\/transferencia.irta.cat\/?post_type=activitats&#038;p=27862"},"modified":"2025-05-06T14:50:28","modified_gmt":"2025-05-06T12:50:28","slug":"xxiii-jornada-tecnica-de-postcosecha","status":"publish","type":"activitats","link":"https:\/\/transferencia.irta.cat\/es\/activitats\/xxiii-jornada-tecnica-de-postcosecha\/","title":{"rendered":"XXIII Jornada t\u00e9cnica de postcosecha"},"content":{"rendered":"\n<p><\/p>\n\n\n\n<figure class=\"wp-block-table\"><table><tbody><tr><td>En un contexto en el que la eficiencia, la calidad y la sostenibilidad son exigencias ineludibles para el sector agroalimentario, la capacidad de anticiparse se ha convertido en un factor determinante. Hoy en d\u00eda ya no basta con reaccionar ante los problemas cuando \u00e9stos se manifiestan; el verdadero desaf\u00edo es adelantarse a ellos. En el \u00e1mbito de la postcosecha, conocer c\u00f3mo se comportar\u00e1 la fruta en un escenario de cambio clim\u00e1tico, prever posibles patolog\u00edas, modelizar el comportamiento de las c\u00e1maras o utilizar tecnolog\u00edas no destructivas para la detecci\u00f3n de problem\u00e1ticas, son herramientas muy interesantes y algunas de las tem\u00e1ticas que se abordar\u00e1n en esta jornada. Anticipar el comportamiento de la fruta durante la conservaci\u00f3n y prever la evoluci\u00f3n de la calidad son clave para ayudarnos a tomar decisiones m\u00e1s acertadas y eficientes. Gracias a los avances en modelizaci\u00f3n, sensorizaci\u00f3n, inteligencia artificial y an\u00e1lisis de datos, la capacidad de predicci\u00f3n puede mejorar susceptiblemente en los pr\u00f3ximos a\u00f1os y transformar\u00e1 la forma en que entendemos y gestionamos la postcosecha.<\/td><\/tr><\/tbody><\/table><\/figure>\n\n\n\n<div class=\"wp-block-image\"><figure class=\"aligncenter size-large\"><img loading=\"lazy\" decoding=\"async\" width=\"381\" height=\"286\" src=\"https:\/\/transferencia.irta.cat\/wp-content\/uploads\/2025\/04\/XXIII-Jornada-postcollita-2025.jpg\" alt=\"\" class=\"wp-image-27883\" srcset=\"https:\/\/transferencia.irta.cat\/wp-content\/uploads\/2025\/04\/XXIII-Jornada-postcollita-2025.jpg 381w, https:\/\/transferencia.irta.cat\/wp-content\/uploads\/2025\/04\/XXIII-Jornada-postcollita-2025-300x225.jpg 300w\" sizes=\"auto, (max-width: 381px) 100vw, 381px\" \/><\/figure><\/div>\n","protected":false},"featured_media":1841,"template":"","categories":[637,635,638],"tags":[],"objectius_estrategics":[],"ods":[],"programa_irta":[1236],"trainings":[],"class_list":["post-27862","activitats","type-activitats","status-publish","has-post-thumbnail","hentry","category-fruticultura-es","category-produccion-vegetal","category-sanidad-vegetal","programa_irta-v1-postcosecha"],"acf":{"codi":"","data":"08\/05\/2025","data_fi":"08\/05\/2025","horari":"09:00h - 17:00h","idioma":"Castellano","original_language":"ca","preu":"40\u20ac (clientes STP) \/ 50\u20ac (otros inscritos)","places":"-1","ciutat":"Lleida","lloc_de_realitzacio":"<p>Auditori Joan Or\u00f3 Edifici CeDiCo<\/p>\n<p>Parc Agrobiotech Lleida<\/p>\n<p>Parc de Gardeny<\/p>\n<p>25003 Lleida<\/p>\n","ubicacio":{"address":"Parc Agrobiotech, Lugar Parc Gardeny, Lleida, Espanya","lat":41.60508720000001,"lng":0.6059278,"zoom":14,"place_id":"ChIJ____vxngphIRccPH6uVJKcM","name":"Parc Agrobiotech Lleida","street_number":"0","street_name":"Lugar Parc Gardeny","city":"Lleida","state":"Catalunya","state_short":"CT","post_code":"25003","country":"Espanya","country_short":"ES"},"imatge_ubicacio":false,"persona_contacte_nom":"Montse Palau","persona_contacte_email":"montserrat.palau@irta.cat","programa":{"ID":28032,"id":28032,"title":"ES_Lleida_XXIII Jornada Postcosecha 20250508","filename":"ES_Lleida_XXIII-Jornada-Postcosecha-20250508.pdf","filesize":877699,"url":"https:\/\/transferencia.irta.cat\/wp-content\/uploads\/2025\/04\/ES_Lleida_XXIII-Jornada-Postcosecha-20250508.pdf","link":"https:\/\/transferencia.irta.cat\/es\/activitats\/xxiii-jornada-tecnica-de-postcosecha\/es_lleida_xxiii-jornada-postcosecha-20250508\/","alt":"","author":"32","description":"","caption":"","name":"es_lleida_xxiii-jornada-postcosecha-20250508","status":"inherit","uploaded_to":27862,"date":"2025-05-06 11:49:22","modified":"2025-05-06 11:49:22","menu_order":0,"mime_type":"application\/pdf","type":"application","subtype":"pdf","icon":"https:\/\/transferencia.irta.cat\/wp-includes\/images\/media\/document.png"},"programacio":"<p>8.30 h Validaci\u00f3n de inscripciones<\/p>\n<hr \/>\n<p>9.00 h Presentaci\u00f3n de la jornada<br \/>\nNeus Teixid\u00f3. Directora del Programa Postcosecha del IRTA<\/p>\n<hr \/>\n<p>9.25 h Modelos predictivos en la producci\u00f3n y postcosecha de fruta. La perspectiva del IRTA<br \/>\nJoan Bonany. Programa Fruticultura del IRTA<br \/>\nElena Costa. Programa Postcosecha del IRTA<\/p>\n<hr \/>\n<p>9.50 h Simulaci\u00f3n de escenarios de cambio clim\u00e1tico para conocer el efecto en nuestros frutales<br \/>\nJaume Lordan. Programa Fruticultura del IRTA<br \/>\nGemma Echeverria. Programa Postcosecha del IRTA<\/p>\n<hr \/>\n<p>10.15 h An\u00e1lisis predictivo y trazabilidad en postcosecha: c\u00f3mo el ecosistema digital de Agrofresh transforma la cadena de suministro<br \/>\nCarlos Javier Guerra. Technical account manager, Agrofresh<\/p>\n<hr \/>\n<p>Las alternativas postcosecha sin residuos para la fruta de hueso y pepita<br \/>\nMiguel Martorell. T\u00e9cnico comercial postcosecha, Sanifruit<\/p>\n<hr \/>\n<p>10.35 h Los compuestos vol\u00e1tiles org\u00e1nicos emitidos durante la interacci\u00f3n nectarina- Monilinia spp.: \u00bfse podr\u00eda predecir la podredumbre?<br \/>\nRosario Torres. Programa Postcosecha del IRTA<\/p>\n<hr \/>\n<p>11.00 h Pausa<\/p>\n<hr \/>\n<p>12.00 h Cambra sensorizada. Apoyo a la predicci\u00f3n y a la mejora de la conservaci\u00f3n<br \/>\nMeritxell Planes. Programa Postcosecha del IRTA<\/p>\n<hr \/>\n<p>12.20 h WaterManage4You, una nueva herramienta para gestionar la calidad microbiol\u00f3gica del agua<br \/>\nMaribel Abadias. Programa Postcosecha del IRTA.<\/p>\n<hr \/>\n<p>12.20 h Rypen, tecnolog\u00eda inteligente; una mejor condici\u00f3n, mayor satisfacci\u00f3n.<br \/>\nJorge Garcia, Global sales director, Rypen<\/p>\n<hr \/>\n<p>Optiflux: Quality from pick to pack<br \/>\nJoost Dirckx. Business Developer,Optiflux<\/p>\n<hr \/>\n<p>12.40 h Actualidad y perspectivas de la inspecci\u00f3n no destructiva de frutas en postcosecha<br \/>\nSergio Cubero. Investigador del Centro de Agroingenier\u00eda del IVIA<\/p>\n<hr \/>\n<p>13.30 h Clausura y final de la jornada de ma\u00f1ana<\/p>\n<hr \/>\n<p>14.00 h Comida networking (IRTA-Fruitcentre)<\/p>\n<hr \/>\n<p><strong>15.00 h Sesi\u00f3n demostraci\u00f3n de equipos:<\/strong><\/p>\n<hr \/>\n<p>Revolucionando la calidad: detecci\u00f3n no invasiva de defectos y grados brix en calibrado<br \/>\nJoan Charles. Director t\u00e9cnico, Maf Roda<\/p>\n<hr \/>\n<p>Quality insights: medir el calibre y el color con una simple foto<br \/>\nJoost Dirckx. Business developer, Optiflux<\/p>\n<hr \/>\n<p>Demostraci\u00f3n del dispositivo Rubens para determinar el momento de la cosecha y control de calidad en postcosecha<br \/>\nCarlos Javier Guerra. Technical account manager, Agrofresh<\/p>\n<hr \/>\n<p>Sistema Citrocide para la desinfecci\u00f3n automatizada de aguas de procesado postcosecha con \u00e1cid perac\u00e9tico. Soluciones comerciales y casos de \u00e9xito<br \/>\nDaniel Tormo. R+D manager, Productos Citrosol<\/p>\n<hr \/>\n<p>16.00 h Fin de la jornada<\/p>\n","ponents":false,"organitza":[{"imatge":"https:\/\/transferencia.irta.cat\/wp-content\/uploads\/2022\/12\/IRTA_logo_PNG_amb_R_cerca.png","nom":"","link":""},{"imatge":"https:\/\/transferencia.irta.cat\/wp-content\/uploads\/2020\/03\/Gencat_color.gif","nom":"","link":""},{"imatge":"https:\/\/transferencia.irta.cat\/wp-content\/uploads\/2025\/01\/PATT-2025-desglossat.png","nom":"","link":""}],"patrocina":[{"imatge":"https:\/\/transferencia.irta.cat\/wp-content\/uploads\/2025\/04\/absoger.jpg","nom":"","link":"https:\/\/www.absoger.fr\/domaines\/fruits-et-legumes\/"},{"imatge":"https:\/\/transferencia.irta.cat\/wp-content\/uploads\/2023\/12\/AgroFresh-Logo-Color.png","nom":"","link":"https:\/\/www.agrofresh.com\/es\/"},{"imatge":"https:\/\/transferencia.irta.cat\/wp-content\/uploads\/2022\/12\/AGROBORGESj.jpg","nom":"","link":"https:\/\/www.agroborges.com\/"},{"imatge":"https:\/\/transferencia.irta.cat\/wp-content\/uploads\/2020\/07\/BASF.jpg","nom":"","link":"hhttps:\/\/www.agro.basf.es\/es\/"},{"imatge":"https:\/\/transferencia.irta.cat\/wp-content\/uploads\/2025\/02\/BIOCONSERVACION.png","nom":"","link":"https:\/\/www.bioconservacion.com\/es\/division-postcosecha"},{"imatge":"https:\/\/transferencia.irta.cat\/wp-content\/uploads\/2023\/12\/citrosol.jpg","nom":"","link":"https:\/\/www.citrosol.com\/"},{"imatge":"https:\/\/transferencia.irta.cat\/wp-content\/uploads\/2023\/12\/Decco_2024_marc.jpg","nom":"","link":"https:\/\/www.deccopostharvest.com\/es"},{"imatge":"https:\/\/transferencia.irta.cat\/wp-content\/uploads\/2020\/10\/Eurofins.jpg","nom":"","link":"https:\/\/www.eurofins.es\/"},{"imatge":"https:\/\/transferencia.irta.cat\/wp-content\/uploads\/2023\/12\/FRUIT-CONTROL.png","nom":"","link":"https:\/\/www.fruitcontrol.it"},{"imatge":"https:\/\/transferencia.irta.cat\/wp-content\/uploads\/2021\/05\/Ilerdagua_OK.jpg","nom":"","link":"https:\/\/www.ilerdagua.com\/"},{"imatge":"https:\/\/transferencia.irta.cat\/wp-content\/uploads\/2019\/11\/ilerfred.jpg","nom":"","link":"https:\/\/www.ilerfred.com\/"},{"imatge":"https:\/\/transferencia.irta.cat\/wp-content\/uploads\/2023\/12\/maf-roda.jpg","nom":"","link":"https:\/\/www.maf-roda.com\/es\/"},{"imatge":"https:\/\/transferencia.irta.cat\/wp-content\/uploads\/2023\/12\/tim-fred.jpg","nom":"","link":""},{"imatge":"https:\/\/transferencia.irta.cat\/wp-content\/uploads\/2023\/12\/logo-nabaco.png","nom":"","link":"https:\/\/www.nabacoinc.com"},{"imatge":"https:\/\/transferencia.irta.cat\/wp-content\/uploads\/2025\/02\/Optiflux.png","nom":"","link":""},{"imatge":"https:\/\/transferencia.irta.cat\/wp-content\/uploads\/2021\/05\/Pampols_rgb.jpg","nom":"","link":"https:\/\/pampols.es\/?utm_source=web-patrocini&utm_medium=logotip&utm_id=Jornada-Postcosecha-IRTA"},{"imatge":"https:\/\/transferencia.irta.cat\/wp-content\/uploads\/2025\/02\/RYPEN.png","nom":"","link":"https:\/\/rypen.io\/"},{"imatge":"https:\/\/transferencia.irta.cat\/wp-content\/uploads\/2021\/12\/SANIFRUIT.png","nom":"","link":"https:\/\/www.sanifruit.com"},{"imatge":"https:\/\/transferencia.irta.cat\/wp-content\/uploads\/2021\/05\/StePac_logo_800x800_final.png","nom":"","link":"https:\/\/www.stepacppc.com\/"},{"imatge":"https:\/\/transferencia.irta.cat\/wp-content\/uploads\/2023\/12\/logo-talleres-y-montajes-ceba.jpg","nom":"","link":"https:\/\/tmceba.es\/"}],"colabora":[{"imatge":"https:\/\/transferencia.irta.cat\/wp-content\/uploads\/2023\/12\/LOGO-HUB-1.png","nom":"","link":""},{"imatge":"https:\/\/transferencia.irta.cat\/wp-content\/uploads\/2023\/12\/PATRONAT-DIPU-LLEIDA-2024_2.jpg","nom":"","link":""}],"serveis":false,"materials":false,"activitats_relacionades":false,"te_enquesta":false,"id_enquesta":"","enquesta_externa":"","subscribe_external_link":"","en_construccio":false,"wait_list":false},"yoast_head":"<!-- This site is optimized with the Yoast SEO plugin v15.2 - https:\/\/yoast.com\/wordpress\/plugins\/seo\/ -->\n<title>XXIII Jornada t\u00e9cnica de postcosecha - IRTA<\/title>\n<meta name=\"description\" content=\"En un contexto en el que la eficiencia, la calidad y la sostenibilidad son exigencias ineludibles para el sector agroalimentario, la capacidad de\" \/>\n<meta name=\"robots\" content=\"index, follow, max-snippet:-1, max-image-preview:large, max-video-preview:-1\" \/>\n<link rel=\"canonical\" href=\"https:\/\/transferencia.irta.cat\/es\/activitats\/xxiii-jornada-tecnica-de-postcosecha\/\" \/>\n<meta property=\"og:locale\" content=\"es_ES\" \/>\n<meta property=\"og:type\" content=\"article\" \/>\n<meta property=\"og:title\" content=\"XXIII Jornada t\u00e9cnica de postcosecha - IRTA\" \/>\n<meta property=\"og:description\" content=\"En un contexto en el que la eficiencia, la calidad y la sostenibilidad son exigencias ineludibles para el sector agroalimentario, la capacidad de\" \/>\n<meta property=\"og:url\" content=\"https:\/\/transferencia.irta.cat\/es\/activitats\/xxiii-jornada-tecnica-de-postcosecha\/\" \/>\n<meta property=\"og:site_name\" content=\"IRTA\" \/>\n<meta property=\"article:modified_time\" content=\"2025-05-06T12:50:28+00:00\" \/>\n<meta property=\"og:image\" content=\"https:\/\/transferencia.irta.cat\/wp-content\/uploads\/2020\/03\/CursPostcollita2017-38medium_large.1523311438.jpg\" \/>\n\t<meta property=\"og:image:width\" content=\"800\" \/>\n\t<meta property=\"og:image:height\" content=\"532\" \/>\n<meta name=\"twitter:card\" content=\"summary_large_image\" \/>\n<meta name=\"twitter:label1\" value=\"Escrito por\">\n\t<meta name=\"twitter:data1\" value=\"Montse\">\n\t<meta name=\"twitter:label2\" value=\"Tiempo de lectura\">\n\t<meta name=\"twitter:data2\" value=\"1 minuto\">\n<script type=\"application\/ld+json\" class=\"yoast-schema-graph\">{\"@context\":\"https:\/\/schema.org\",\"@graph\":[{\"@type\":\"WebSite\",\"@id\":\"https:\/\/transferencia.irta.cat\/es\/#website\",\"url\":\"https:\/\/transferencia.irta.cat\/es\/\",\"name\":\"IRTA\",\"description\":\"Transfer\\u00e8ncia de coneixement\",\"potentialAction\":[{\"@type\":\"SearchAction\",\"target\":\"https:\/\/transferencia.irta.cat\/es\/?s={search_term_string}\",\"query-input\":\"required name=search_term_string\"}],\"inLanguage\":\"es\"},{\"@type\":\"ImageObject\",\"@id\":\"https:\/\/transferencia.irta.cat\/es\/activitats\/xxiii-jornada-tecnica-de-postcosecha\/#primaryimage\",\"inLanguage\":\"es\",\"url\":\"https:\/\/transferencia.irta.cat\/wp-content\/uploads\/2020\/03\/CursPostcollita2017-38medium_large.1523311438.jpg\",\"width\":800,\"height\":532},{\"@type\":\"WebPage\",\"@id\":\"https:\/\/transferencia.irta.cat\/es\/activitats\/xxiii-jornada-tecnica-de-postcosecha\/#webpage\",\"url\":\"https:\/\/transferencia.irta.cat\/es\/activitats\/xxiii-jornada-tecnica-de-postcosecha\/\",\"name\":\"XXIII Jornada t\\u00e9cnica de postcosecha - IRTA\",\"isPartOf\":{\"@id\":\"https:\/\/transferencia.irta.cat\/es\/#website\"},\"primaryImageOfPage\":{\"@id\":\"https:\/\/transferencia.irta.cat\/es\/activitats\/xxiii-jornada-tecnica-de-postcosecha\/#primaryimage\"},\"datePublished\":\"2025-04-15T06:56:40+00:00\",\"dateModified\":\"2025-05-06T12:50:28+00:00\",\"description\":\"En un contexto en el que la eficiencia, la calidad y la sostenibilidad son exigencias ineludibles para el sector agroalimentario, la capacidad de\",\"inLanguage\":\"es\",\"potentialAction\":[{\"@type\":\"ReadAction\",\"target\":[\"https:\/\/transferencia.irta.cat\/es\/activitats\/xxiii-jornada-tecnica-de-postcosecha\/\"]}]}]}<\/script>\n<!-- \/ Yoast SEO plugin. -->","_links":{"self":[{"href":"https:\/\/transferencia.irta.cat\/es\/wp-json\/wp\/v2\/activitats\/27862","targetHints":{"allow":["GET"]}}],"collection":[{"href":"https:\/\/transferencia.irta.cat\/es\/wp-json\/wp\/v2\/activitats"}],"about":[{"href":"https:\/\/transferencia.irta.cat\/es\/wp-json\/wp\/v2\/types\/activitats"}],"wp:featuredmedia":[{"embeddable":true,"href":"https:\/\/transferencia.irta.cat\/es\/wp-json\/wp\/v2\/media\/1841"}],"wp:attachment":[{"href":"https:\/\/transferencia.irta.cat\/es\/wp-json\/wp\/v2\/media?parent=27862"}],"wp:term":[{"taxonomy":"category","embeddable":true,"href":"https:\/\/transferencia.irta.cat\/es\/wp-json\/wp\/v2\/categories?post=27862"},{"taxonomy":"post_tag","embeddable":true,"href":"https:\/\/transferencia.irta.cat\/es\/wp-json\/wp\/v2\/tags?post=27862"},{"taxonomy":"objectius_estrategics","embeddable":true,"href":"https:\/\/transferencia.irta.cat\/es\/wp-json\/wp\/v2\/objectius_estrategics?post=27862"},{"taxonomy":"ods","embeddable":true,"href":"https:\/\/transferencia.irta.cat\/es\/wp-json\/wp\/v2\/ods?post=27862"},{"taxonomy":"programa_irta","embeddable":true,"href":"https:\/\/transferencia.irta.cat\/es\/wp-json\/wp\/v2\/programa_irta?post=27862"},{"taxonomy":"trainings","embeddable":true,"href":"https:\/\/transferencia.irta.cat\/es\/wp-json\/wp\/v2\/trainings?post=27862"}],"curies":[{"name":"wp","href":"https:\/\/api.w.org\/{rel}","templated":true}]}}