{"id":27244,"date":"2025-02-20T11:01:18","date_gmt":"2025-02-20T10:01:18","guid":{"rendered":"https:\/\/transferencia.irta.cat\/?post_type=activitats&#038;p=27244"},"modified":"2025-11-13T12:59:32","modified_gmt":"2025-11-13T11:59:32","slug":"xxx-jornada-fruticola-de-mollerussa-2025","status":"publish","type":"activitats","link":"https:\/\/transferencia.irta.cat\/es\/activitats\/xxx-jornada-fruticola-de-mollerussa-2025\/","title":{"rendered":"XXX Jornada frut\u00edcola de l'IRTA en Mollerussa 2025"},"content":{"rendered":"\n<p>La Jornada Frut\u00edcola del IRTA en Mollerussa llega a su 30\u00aa edici\u00f3n. El \u00e1gora frut\u00edcola reunir\u00e1 investigadores, productores y t\u00e9cnicos del sur de Europa para ponerse al d\u00eda sobre los avances y novedades del sector.<\/p>\n\n\n\n<p>Casi 100 empresas participar\u00e1n en esta jornada, un punto de encuentro de referencia para tomar el pulso al sector frut\u00edcola y conocer los retos que nos depara el futuro.<\/p>\n\n\n\n<p>La jornada combina ponencias de investigadores y t\u00e9cnicos del IRTA, con stands de empresas del sector y demostraciones de campo. \u00a1No te lo pierdas!<\/p>\n\n\n\n<p><strong>22 de octubre: en catal\u00e1n \/ 23 de octubre: en castellano<\/strong><\/p>\n\n\n\n<figure class=\"wp-block-embed is-type-video is-provider-youtube wp-block-embed-youtube wp-embed-aspect-16-9 wp-has-aspect-ratio\"><div class=\"wp-block-embed__wrapper\">\n<iframe loading=\"lazy\" title=\"V\u00eddeo bienvenida XXX Jornada Frut\u00edcola del IRTA en Mollerussa\" width=\"500\" height=\"281\" src=\"https:\/\/www.youtube.com\/embed\/6KV4VyYnJ6o?feature=oembed\" frameborder=\"0\" allow=\"accelerometer; autoplay; clipboard-write; encrypted-media; gyroscope; picture-in-picture; web-share\" referrerpolicy=\"strict-origin-when-cross-origin\" allowfullscreen><\/iframe>\n<\/div><\/figure>\n\n\n\n<figure class=\"wp-block-image size-large is-resized\"><img loading=\"lazy\" decoding=\"async\" width=\"1024\" height=\"305\" src=\"https:\/\/transferencia.irta.cat\/wp-content\/uploads\/2025\/02\/Logo_30a_jornada_fructicola_clar_1linia-1024x305.png\" alt=\"\" class=\"wp-image-29557\" style=\"width:589px;height:auto\" srcset=\"https:\/\/transferencia.irta.cat\/wp-content\/uploads\/2025\/02\/Logo_30a_jornada_fructicola_clar_1linia-1024x305.png 1024w, https:\/\/transferencia.irta.cat\/wp-content\/uploads\/2025\/02\/Logo_30a_jornada_fructicola_clar_1linia-300x89.png 300w, https:\/\/transferencia.irta.cat\/wp-content\/uploads\/2025\/02\/Logo_30a_jornada_fructicola_clar_1linia-768x228.png 768w, https:\/\/transferencia.irta.cat\/wp-content\/uploads\/2025\/02\/Logo_30a_jornada_fructicola_clar_1linia-1536x457.png 1536w, https:\/\/transferencia.irta.cat\/wp-content\/uploads\/2025\/02\/Logo_30a_jornada_fructicola_clar_1linia.png 1920w\" sizes=\"auto, (max-width: 1024px) 100vw, 1024px\" \/><\/figure>\n\n\n\n<figure class=\"wp-block-image size-large is-resized\"><img loading=\"lazy\" decoding=\"async\" width=\"1024\" height=\"683\" src=\"https:\/\/transferencia.irta.cat\/wp-content\/uploads\/2022\/10\/jornada_molle-1-1024x683.jpg\" alt=\"\" class=\"wp-image-16246\" style=\"width:468px;height:311px\" srcset=\"https:\/\/transferencia.irta.cat\/wp-content\/uploads\/2022\/10\/jornada_molle-1-1024x683.jpg 1024w, https:\/\/transferencia.irta.cat\/wp-content\/uploads\/2022\/10\/jornada_molle-1-300x200.jpg 300w, https:\/\/transferencia.irta.cat\/wp-content\/uploads\/2022\/10\/jornada_molle-1-768x512.jpg 768w, https:\/\/transferencia.irta.cat\/wp-content\/uploads\/2022\/10\/jornada_molle-1-1536x1024.jpg 1536w, https:\/\/transferencia.irta.cat\/wp-content\/uploads\/2022\/10\/jornada_molle-1.jpg 1920w\" sizes=\"auto, (max-width: 1024px) 100vw, 1024px\" \/><\/figure>\n","protected":false},"featured_media":16246,"template":"","categories":[],"tags":[809,1142],"objectius_estrategics":[],"ods":[],"programa_irta":[1237],"trainings":[],"class_list":["post-27244","activitats","type-activitats","status-publish","has-post-thumbnail","hentry","tag-fruta-dulce-es","tag-fruticultura-2","programa_irta-v2-fructicultura-es"],"acf":{"codi":"","data":"22\/10\/2025","data_fi":"23\/10\/2025","horari":"09:00h - 17:30h","idioma":"Catal\u00e1n (22 octubre) \/ Castellano (23 cotubre)","original_language":"ca","preu":"Gratuita","places":"-1","ciutat":"Mollerussa","lloc_de_realitzacio":"<p>Finca IRTA Mollerussa<\/p>\n","ubicacio":{"address":"Institut La Serra Mollerussa, Ctra. Torregrossa, Mollerussa, Espanya","lat":41.6174796,"lng":0.8681173999999999,"zoom":14,"place_id":"ChIJg9WHT-nqphIRoh-q6q3_-iY","name":"Institut La Serra Mollerussa","street_number":"Km 1","street_name":"Carretera Torregrossa","street_name_short":"Ctra. Torregrossa","city":"Mollerussa","state":"Catalunya","state_short":"CT","post_code":"25230","country":"Espanya","country_short":"ES"},"imatge_ubicacio":false,"persona_contacte_nom":"Montse Palau","persona_contacte_email":"montserrat.palau@irta.cat","programa":{"ID":29644,"id":29644,"title":"ES_Programa_30a Jornada Fruct\u00edcola de Mollerussa","filename":"ES_Programa_30a-Jornada-Fructicola-de-Mollerussa-1.pdf","filesize":10249049,"url":"https:\/\/transferencia.irta.cat\/wp-content\/uploads\/2025\/02\/ES_Programa_30a-Jornada-Fructicola-de-Mollerussa-1.pdf","link":"https:\/\/transferencia.irta.cat\/es\/activitats\/xxx-jornada-fruticola-de-mollerussa-2025\/es_programa_30a-jornada-fructicola-de-mollerussa-2\/","alt":"","author":"32","description":"","caption":"","name":"es_programa_30a-jornada-fructicola-de-mollerussa-2","status":"inherit","uploaded_to":27244,"date":"2025-10-14 08:29:49","modified":"2025-10-14 08:29:49","menu_order":0,"mime_type":"application\/pdf","type":"application","subtype":"pdf","icon":"https:\/\/transferencia.irta.cat\/wp-includes\/images\/media\/document.png"},"programacio":"<p><strong>9:30 h Tecnolog\u00edas digitales de apoyo al riego a trav\u00e9s de las comunidades de regantes.<\/strong><br \/>\nJaume Casadesus, Programa Uso eficiente del agua IRTA<\/p>\n<hr \/>\n<p><strong>9:50 h SEVENGIB: el nuevo fitorregulador para el aclareo de melocotones y nectarinas.<\/strong><br \/>\nEstanis Torres, Programa Fruticultura IRTA<\/p>\n<hr \/>\n<p><strong>10:10 h Ensayos de semicampo con productos alternativos a los insecticidas qu\u00edmicos para combatir la psila del peral.<\/strong><br \/>\nDolors Bosch y Ainara Pe\u00f1alver, Programa Protecci\u00f3n vegetal sostenible IRTA<\/p>\n<hr \/>\n<p><strong>10:30 h Exposici\u00f3n de variedades de melocot\u00f3n y nectarina: agosto y septiembre.<\/strong><br \/>\nEstanis Torres, Programa Fruticultura IRTA<\/p>\n<hr \/>\n<p><strong>11:00 h Pausa<\/strong><\/p>\n<hr \/>\n<p><strong>11:40 h La estemfiliosis del peral, situaci\u00f3n actual y estrategias de control (GO ESTEMPERA).<\/strong><br \/>\nJordi Cabrefiga, Programa Protecci\u00f3n Vegetal Sostenible IRTA<br \/>\nRub\u00e9n Rufo, Programa Protecci\u00f3n vegetal sostenible IRTA<\/p>\n<hr \/>\n<p><strong>12:00 h Aplicaci\u00f3n precosecha de 1-MCP (Harvista\u2122) en manzana: resultados y experiencia pr\u00e1ctica para mejorar la calidad del fruto.<\/strong><br \/>\nCarlota Gonz\u00e1lez, Programa Fruticultura IRTA<\/p>\n<hr \/>\n<p><strong>12:20 h Campa\u00f1a 2025: Lo mejor de las variedades de manzana.<\/strong><br \/>\nJaume Lordan y Luis Gonz\u00e1lez, Programa Fruticultura IRTA<\/p>\n<hr \/>\n<p><strong>12:40 h Clima extremo: \u00bfqu\u00e9 pasar\u00e1 con los episodios de calor y las granizadas en Catalu\u00f1a?<\/strong><br \/>\nMarc Prohom y Jordi Cunillera, Servicio Meteorol\u00f3gico de Catalu\u00f1a<\/p>\n<hr \/>\n<p><strong>13:00 h Fin de la sesi\u00f3n de ma\u00f1ana<\/strong><\/p>\n<hr \/>\n<p><strong>TARDE<\/strong><br \/>\n<strong>15:30 a 17:30 h Demostraciones de campo IRTA<\/strong><\/p>\n<hr \/>\n<p><strong>Robot recolector de fruta. Salto tecnol\u00f3gico en la producci\u00f3n frut\u00edcola.<\/strong><br \/>\nSergi Moreno, Moreno InTec del Pla SL y Luis As\u00edn, Programa Fruticultura IRTA<\/p>\n<hr \/>\n<p><strong>Alternativas de microaspersi\u00f3n para la lucha contra las heladas en frutales (MICROGEL).<\/strong><br \/>\nMiquel Peris, Programa Fruticultura IRTA<\/p>\n<hr \/>\n<p><strong>Cobertura, eficiencia y sostenibilidad: evaluaci\u00f3n de la pulverizaci\u00f3n variable en frutales (Agrolabs Digitales IRTA).<\/strong><br \/>\nCarla Roman, Programa Fruticultura IRTA<\/p>\n<hr \/>\n<p><strong>FruitMeasureApp: aplicaci\u00f3n m\u00f3vil basada en IA para medir frutos en campo (Agrolabs Digitales IRTA).<\/strong><br \/>\nJordi Gen\u00e9, Programa Uso eficiente del agua IRTA<br \/>\nEduard Gregorio L\u00f3pez, Universidad de Lleida<\/p>\n<hr \/>\n<p><strong>Gesti\u00f3n de una finca de manzanos en agricultura regenerativa.<\/strong><br \/>\nGeorgina Alins, Programa Fruticultura IRTA<\/p>\n<hr \/>\n<p><strong>PROGRAMA DEMOSTRACIONES DE CAMPO EMPRESAS<\/strong><br \/>\n<strong>10:00 h VICENS MAQUINARIA AGR\u00cdCOLA<\/strong><br \/>\nTrituraci\u00f3n y limpieza de hierbas entre filas con trituradora KUHN BV180 y desbrozadora de hilos DM5010 y John Deere 5ML Narrow<br \/>\nVicens Maquinaria Agr\u00edcola<br \/>\nDemostraci\u00f3n de trituraci\u00f3n de restos vegetales y desbrozadora lateral desplazable de hilos, que elimina las malas hierbas entre los \u00e1rboles. El John Deere 5ML Narrow incorpora soluciones de agricultura de precisi\u00f3n.<\/p>\n<hr \/>\n<p><strong>10:30 h CONTROL DE HELADAS<\/strong><br \/>\nControl de heladas con baja aplicaci\u00f3n de agua.<br \/>\nCarlos Arenes, Control Heladas<br \/>\nVisualizaremos el sistema de control de heladas en pleno rendimiento y veremos los equipos a\u00fan m\u00e1s eficientes con menor volumen de agua.<\/p>\n<hr \/>\n<p><strong>11:30 h FAMA<\/strong><br \/>\nDesfoliadora grande para frutales FAMA, modelo DF2000.<br \/>\nJoan Pijoan, FAMA<br \/>\nDemostraci\u00f3n de m\u00e1quina desfoliadora para frutales, mejorando la exposici\u00f3n de la fruta a la radiaci\u00f3n solar para aumentar sensiblemente la coloraci\u00f3n.<\/p>\n<hr \/>\n<p><strong>12:00 h TRAPVIEW<\/strong><br \/>\nMonitoreo y predicci\u00f3n inteligente de plagas con TRAPVIEW<br \/>\nSistema de monitoreo y predicci\u00f3n de plagas que combina trampas automatizadas y an\u00e1lisis de datos. Una herramienta pr\u00e1ctica para reducir costes, mejorar la toma de decisiones y avanzar hacia una agricultura m\u00e1s sostenible.<\/p>\n<hr \/>\n<p><strong>12:30 h MAQUINARIA FERRO<\/strong><br \/>\nBIO 200 V: SEMBRADORA DE SIEMBRA DIRECTA INTERFILA AGUIRRE<br \/>\nDiana Borrell, Maquinaria Ferro<br \/>\nSembradora neum\u00e1tica dise\u00f1ada para la siembra de cubiertas vegetales entre filas. Ligera, compacta y robusta, y de gran precisi\u00f3n en todo tipo de terrenos. Permite la realizaci\u00f3n de siembra directa.<\/p>\n<hr \/>\n<p><strong>13:00 h MAQUINARIA FERRO<\/strong><br \/>\nROTOFROM: ESCARIFICADOR PARA AIREAR EL SUELO<br \/>\nNicolas Froment, Maquinaria Ferro<br \/>\nEscarificador con dientes aireadores motorizados que combina el avance del tractor con la rotaci\u00f3n de sus dientes. Permite airear el suelo de manera eficaz sin arrancar ni da\u00f1ar las ra\u00edces.<\/p>\n","ponents":false,"organitza":[{"imatge":"https:\/\/transferencia.irta.cat\/wp-content\/uploads\/2025\/05\/Logo_IRTA_sense-descriptor_principal.png","nom":"","link":""},{"imatge":"https:\/\/transferencia.irta.cat\/wp-content\/uploads\/2020\/03\/Gencat_color.gif","nom":"","link":""},{"imatge":"https:\/\/transferencia.irta.cat\/wp-content\/uploads\/2025\/01\/PATT-2025-desglossat.png","nom":"","link":""}],"patrocina":[{"imatge":"https:\/\/transferencia.irta.cat\/wp-content\/uploads\/2024\/12\/LOGO-SANTANDER.jpg","nom":"","link":""},{"imatge":"https:\/\/transferencia.irta.cat\/wp-content\/uploads\/2023\/12\/UPL-logo.jpg","nom":"","link":""},{"imatge":"https:\/\/transferencia.irta.cat\/wp-content\/uploads\/2023\/12\/FRUTARIA-Innovation_1-TINTA-AZUL.jpg","nom":"","link":""},{"imatge":"https:\/\/transferencia.irta.cat\/wp-content\/uploads\/2023\/02\/seipassa.jpg","nom":"","link":""}],"colabora":[{"imatge":"https:\/\/transferencia.irta.cat\/wp-content\/uploads\/2023\/12\/PATRONAT-DIPU-LLEIDA-2024-2.jpg","nom":"","link":""},{"imatge":"https:\/\/transferencia.irta.cat\/wp-content\/uploads\/2023\/12\/Logotip_X_AgriTech_color_png.png","nom":"","link":""},{"imatge":"https:\/\/transferencia.irta.cat\/wp-content\/uploads\/2022\/12\/Logotipo_del_Ministerio_de_Agricultura_y_Pesca_Alimentaci\u00f3n_y_Medio_Ambiente.svg_.png","nom":"","link":""},{"imatge":"https:\/\/transferencia.irta.cat\/wp-content\/uploads\/2025\/02\/cofinan\u00e7at-UE.jpg","nom":"","link":""},{"imatge":"https:\/\/transferencia.irta.cat\/wp-content\/uploads\/2020\/03\/Gencat_color.gif","nom":"","link":""}],"serveis":false,"materials":[{"material":{"ID":30278,"post_author":"32","post_date":"2025-10-30 16:14:28","post_date_gmt":"2025-10-30 15:14:28","post_content":"","post_title":"DOCUMENTACI\u00d3N XXX JORNADA FRUT\u00cdCOLA DEL IRTA EN MOLLERUSSA 2025","post_excerpt":"","post_status":"publish","comment_status":"closed","ping_status":"closed","post_password":"","post_name":"documentacion-xxx-jornada-fruticola-el-irta-en-mollerussa-2025","to_ping":"","pinged":"","post_modified":"2025-11-13 12:59:24","post_modified_gmt":"2025-11-13 11:59:24","post_content_filtered":"","post_parent":0,"guid":"https:\/\/transferencia.irta.cat\/?post_type=material&#038;p=30278","menu_order":0,"post_type":"material","post_mime_type":"","comment_count":"0","filter":"raw"}}],"activitats_relacionades":false,"te_enquesta":true,"id_enquesta":"","enquesta_externa":"","subscribe_external_link":"","en_construccio":false,"wait_list":false},"yoast_head":"<!-- This site is optimized with the Yoast SEO plugin v15.2 - https:\/\/yoast.com\/wordpress\/plugins\/seo\/ -->\n<title>XXX Jornada frut\u00edcola de l&#039;IRTA en Mollerussa 2025 - IRTA<\/title>\n<meta name=\"description\" content=\"La Jornada Frut\u00edcola del IRTA en Mollerussa llega a su 30\u00aa edici\u00f3n. El \u00e1gora frut\u00edcola reunir\u00e1 investigadores, productores y t\u00e9cnicos del sur de Europa\" \/>\n<meta name=\"robots\" content=\"index, follow, max-snippet:-1, max-image-preview:large, max-video-preview:-1\" \/>\n<link rel=\"canonical\" href=\"https:\/\/transferencia.irta.cat\/es\/activitats\/xxx-jornada-fruticola-de-mollerussa-2025\/\" \/>\n<meta property=\"og:locale\" content=\"es_ES\" \/>\n<meta property=\"og:type\" content=\"article\" \/>\n<meta property=\"og:title\" content=\"XXX Jornada frut\u00edcola de l&#039;IRTA en Mollerussa 2025 - IRTA\" \/>\n<meta property=\"og:description\" content=\"La Jornada Frut\u00edcola del IRTA en Mollerussa llega a su 30\u00aa edici\u00f3n. El \u00e1gora frut\u00edcola reunir\u00e1 investigadores, productores y t\u00e9cnicos del sur de Europa\" \/>\n<meta property=\"og:url\" content=\"https:\/\/transferencia.irta.cat\/es\/activitats\/xxx-jornada-fruticola-de-mollerussa-2025\/\" \/>\n<meta property=\"og:site_name\" content=\"IRTA\" \/>\n<meta property=\"article:modified_time\" content=\"2025-11-13T11:59:32+00:00\" \/>\n<meta property=\"og:image\" content=\"https:\/\/transferencia.irta.cat\/wp-content\/uploads\/2022\/10\/jornada_molle-1.jpg\" \/>\n\t<meta property=\"og:image:width\" content=\"1920\" \/>\n\t<meta property=\"og:image:height\" content=\"1280\" \/>\n<meta name=\"twitter:card\" content=\"summary_large_image\" \/>\n<meta name=\"twitter:label1\" value=\"Escrito por\">\n\t<meta name=\"twitter:data1\" value=\"Montse\">\n\t<meta name=\"twitter:label2\" value=\"Tiempo de lectura\">\n\t<meta name=\"twitter:data2\" value=\"0 minutos\">\n<script type=\"application\/ld+json\" class=\"yoast-schema-graph\">{\"@context\":\"https:\/\/schema.org\",\"@graph\":[{\"@type\":\"WebSite\",\"@id\":\"https:\/\/transferencia.irta.cat\/es\/#website\",\"url\":\"https:\/\/transferencia.irta.cat\/es\/\",\"name\":\"IRTA\",\"description\":\"Transfer\\u00e8ncia de coneixement\",\"potentialAction\":[{\"@type\":\"SearchAction\",\"target\":\"https:\/\/transferencia.irta.cat\/es\/?s={search_term_string}\",\"query-input\":\"required name=search_term_string\"}],\"inLanguage\":\"es\"},{\"@type\":\"ImageObject\",\"@id\":\"https:\/\/transferencia.irta.cat\/es\/activitats\/xxx-jornada-fruticola-de-mollerussa-2025\/#primaryimage\",\"inLanguage\":\"es\",\"url\":\"https:\/\/transferencia.irta.cat\/wp-content\/uploads\/2022\/10\/jornada_molle-1.jpg\",\"width\":1920,\"height\":1280},{\"@type\":\"WebPage\",\"@id\":\"https:\/\/transferencia.irta.cat\/es\/activitats\/xxx-jornada-fruticola-de-mollerussa-2025\/#webpage\",\"url\":\"https:\/\/transferencia.irta.cat\/es\/activitats\/xxx-jornada-fruticola-de-mollerussa-2025\/\",\"name\":\"XXX Jornada frut\\u00edcola de l'IRTA en Mollerussa 2025 - IRTA\",\"isPartOf\":{\"@id\":\"https:\/\/transferencia.irta.cat\/es\/#website\"},\"primaryImageOfPage\":{\"@id\":\"https:\/\/transferencia.irta.cat\/es\/activitats\/xxx-jornada-fruticola-de-mollerussa-2025\/#primaryimage\"},\"datePublished\":\"2025-02-20T10:01:18+00:00\",\"dateModified\":\"2025-11-13T11:59:32+00:00\",\"description\":\"La Jornada Frut\\u00edcola del IRTA en Mollerussa llega a su 30\\u00aa edici\\u00f3n. El \\u00e1gora frut\\u00edcola reunir\\u00e1 investigadores, productores y t\\u00e9cnicos del sur de Europa\",\"inLanguage\":\"es\",\"potentialAction\":[{\"@type\":\"ReadAction\",\"target\":[\"https:\/\/transferencia.irta.cat\/es\/activitats\/xxx-jornada-fruticola-de-mollerussa-2025\/\"]}]}]}<\/script>\n<!-- \/ Yoast SEO plugin. -->","_links":{"self":[{"href":"https:\/\/transferencia.irta.cat\/es\/wp-json\/wp\/v2\/activitats\/27244","targetHints":{"allow":["GET"]}}],"collection":[{"href":"https:\/\/transferencia.irta.cat\/es\/wp-json\/wp\/v2\/activitats"}],"about":[{"href":"https:\/\/transferencia.irta.cat\/es\/wp-json\/wp\/v2\/types\/activitats"}],"wp:featuredmedia":[{"embeddable":true,"href":"https:\/\/transferencia.irta.cat\/es\/wp-json\/wp\/v2\/media\/16246"}],"wp:attachment":[{"href":"https:\/\/transferencia.irta.cat\/es\/wp-json\/wp\/v2\/media?parent=27244"}],"wp:term":[{"taxonomy":"category","embeddable":true,"href":"https:\/\/transferencia.irta.cat\/es\/wp-json\/wp\/v2\/categories?post=27244"},{"taxonomy":"post_tag","embeddable":true,"href":"https:\/\/transferencia.irta.cat\/es\/wp-json\/wp\/v2\/tags?post=27244"},{"taxonomy":"objectius_estrategics","embeddable":true,"href":"https:\/\/transferencia.irta.cat\/es\/wp-json\/wp\/v2\/objectius_estrategics?post=27244"},{"taxonomy":"ods","embeddable":true,"href":"https:\/\/transferencia.irta.cat\/es\/wp-json\/wp\/v2\/ods?post=27244"},{"taxonomy":"programa_irta","embeddable":true,"href":"https:\/\/transferencia.irta.cat\/es\/wp-json\/wp\/v2\/programa_irta?post=27244"},{"taxonomy":"trainings","embeddable":true,"href":"https:\/\/transferencia.irta.cat\/es\/wp-json\/wp\/v2\/trainings?post=27244"}],"curies":[{"name":"wp","href":"https:\/\/api.w.org\/{rel}","templated":true}]}}