{"id":26818,"date":"2025-01-08T10:36:50","date_gmt":"2025-01-08T09:36:50","guid":{"rendered":"https:\/\/transferencia.irta.cat\/?post_type=activitats&#038;p=26818"},"modified":"2025-01-08T10:36:50","modified_gmt":"2025-01-08T09:36:50","slug":"dia-de-la-acuicultura-2025","status":"publish","type":"activitats","link":"https:\/\/transferencia.irta.cat\/es\/activitats\/dia-de-la-acuicultura-2025\/","title":{"rendered":"D\u00eda de la acuicultura 2025"},"content":{"rendered":"\n<p>Fecha orientativa de la jornada.<br>Pr\u00f3ximamente publicaremos m\u00e1s informaci\u00f3n sobre el evento.<br>Si quieres recibir m\u00e1s informaci\u00f3n clica en el bot\u00f3n <strong>\"Me interesa\".<\/strong><\/p>\n\n\n\n<figure class=\"wp-block-image size-large\"><img loading=\"lazy\" decoding=\"async\" width=\"1024\" height=\"768\" src=\"https:\/\/transferencia.irta.cat\/wp-content\/uploads\/2020\/02\/photo-1545368832-17e601321b7e-1024x768.jpg\" alt=\"\" class=\"wp-image-1146\" srcset=\"https:\/\/transferencia.irta.cat\/wp-content\/uploads\/2020\/02\/photo-1545368832-17e601321b7e-1024x768.jpg 1024w, https:\/\/transferencia.irta.cat\/wp-content\/uploads\/2020\/02\/photo-1545368832-17e601321b7e-300x225.jpg 300w, https:\/\/transferencia.irta.cat\/wp-content\/uploads\/2020\/02\/photo-1545368832-17e601321b7e-768x576.jpg 768w, https:\/\/transferencia.irta.cat\/wp-content\/uploads\/2020\/02\/photo-1545368832-17e601321b7e.jpg 1267w\" sizes=\"auto, (max-width: 1024px) 100vw, 1024px\" \/><\/figure>\n","protected":false},"featured_media":1146,"template":"","categories":[],"tags":[],"objectius_estrategics":[],"ods":[],"programa_irta":[1224],"trainings":[],"class_list":["post-26818","activitats","type-activitats","status-publish","has-post-thumbnail","hentry","programa_irta-a3-aquicultura"],"acf":{"codi":"","data":"21\/11\/2025","data_fi":"","horari":"10:00h - 17:00h","idioma":"Catal\u00e1n","original_language":"ca","preu":"Gratuito","places":"-1","ciutat":"La R\u00e1pita","lloc_de_realitzacio":"","ubicacio":false,"imatge_ubicacio":false,"persona_contacte_nom":"","persona_contacte_email":"","programa":false,"programacio":"","ponents":false,"organitza":false,"patrocina":false,"colabora":false,"serveis":false,"materials":false,"activitats_relacionades":false,"te_enquesta":false,"id_enquesta":"","enquesta_externa":"","subscribe_external_link":"","en_construccio":true,"wait_list":false},"yoast_head":"<!-- This site is optimized with the Yoast SEO plugin v15.2 - https:\/\/yoast.com\/wordpress\/plugins\/seo\/ -->\n<title>D\u00eda de la acuicultura 2025 - IRTA<\/title>\n<meta name=\"description\" content=\"Fecha orientativa de la jornada.Pr\u00f3ximamente publicaremos m\u00e1s informaci\u00f3n sobre el evento.Si quieres recibir m\u00e1s informaci\u00f3n clica en el bot\u00f3n &quot;Me\" \/>\n<meta name=\"robots\" content=\"index, follow, max-snippet:-1, max-image-preview:large, max-video-preview:-1\" \/>\n<link rel=\"canonical\" href=\"https:\/\/transferencia.irta.cat\/es\/activitats\/dia-de-la-acuicultura-2025\/\" \/>\n<meta property=\"og:locale\" content=\"es_ES\" \/>\n<meta property=\"og:type\" content=\"article\" \/>\n<meta property=\"og:title\" content=\"D\u00eda de la acuicultura 2025 - IRTA\" \/>\n<meta property=\"og:description\" content=\"Fecha orientativa de la jornada.Pr\u00f3ximamente publicaremos m\u00e1s informaci\u00f3n sobre el evento.Si quieres recibir m\u00e1s informaci\u00f3n clica en el bot\u00f3n &quot;Me\" \/>\n<meta property=\"og:url\" content=\"https:\/\/transferencia.irta.cat\/es\/activitats\/dia-de-la-acuicultura-2025\/\" \/>\n<meta property=\"og:site_name\" content=\"IRTA\" \/>\n<meta property=\"og:image\" content=\"https:\/\/transferencia.irta.cat\/wp-content\/uploads\/2020\/02\/photo-1545368832-17e601321b7e.jpg\" \/>\n\t<meta property=\"og:image:width\" content=\"1267\" \/>\n\t<meta property=\"og:image:height\" content=\"950\" \/>\n<meta name=\"twitter:card\" content=\"summary_large_image\" \/>\n<meta name=\"twitter:label1\" value=\"Escrito por\">\n\t<meta name=\"twitter:data1\" value=\"jtobal\">\n\t<meta name=\"twitter:label2\" value=\"Tiempo de lectura\">\n\t<meta name=\"twitter:data2\" value=\"0 minutos\">\n<script type=\"application\/ld+json\" class=\"yoast-schema-graph\">{\"@context\":\"https:\/\/schema.org\",\"@graph\":[{\"@type\":\"WebSite\",\"@id\":\"https:\/\/transferencia.irta.cat\/es\/#website\",\"url\":\"https:\/\/transferencia.irta.cat\/es\/\",\"name\":\"IRTA\",\"description\":\"Transfer\\u00e8ncia de coneixement\",\"potentialAction\":[{\"@type\":\"SearchAction\",\"target\":\"https:\/\/transferencia.irta.cat\/es\/?s={search_term_string}\",\"query-input\":\"required name=search_term_string\"}],\"inLanguage\":\"es\"},{\"@type\":\"ImageObject\",\"@id\":\"https:\/\/transferencia.irta.cat\/es\/activitats\/dia-de-la-acuicultura-2025\/#primaryimage\",\"inLanguage\":\"es\",\"url\":\"https:\/\/transferencia.irta.cat\/wp-content\/uploads\/2020\/02\/photo-1545368832-17e601321b7e.jpg\",\"width\":1267,\"height\":950},{\"@type\":\"WebPage\",\"@id\":\"https:\/\/transferencia.irta.cat\/es\/activitats\/dia-de-la-acuicultura-2025\/#webpage\",\"url\":\"https:\/\/transferencia.irta.cat\/es\/activitats\/dia-de-la-acuicultura-2025\/\",\"name\":\"D\\u00eda de la acuicultura 2025 - IRTA\",\"isPartOf\":{\"@id\":\"https:\/\/transferencia.irta.cat\/es\/#website\"},\"primaryImageOfPage\":{\"@id\":\"https:\/\/transferencia.irta.cat\/es\/activitats\/dia-de-la-acuicultura-2025\/#primaryimage\"},\"datePublished\":\"2025-01-08T09:36:50+00:00\",\"dateModified\":\"2025-01-08T09:36:50+00:00\",\"description\":\"Fecha orientativa de la jornada.Pr\\u00f3ximamente publicaremos m\\u00e1s informaci\\u00f3n sobre el evento.Si quieres recibir m\\u00e1s informaci\\u00f3n clica en el bot\\u00f3n \\\"Me\",\"inLanguage\":\"es\",\"potentialAction\":[{\"@type\":\"ReadAction\",\"target\":[\"https:\/\/transferencia.irta.cat\/es\/activitats\/dia-de-la-acuicultura-2025\/\"]}]}]}<\/script>\n<!-- \/ Yoast SEO plugin. -->","_links":{"self":[{"href":"https:\/\/transferencia.irta.cat\/es\/wp-json\/wp\/v2\/activitats\/26818","targetHints":{"allow":["GET"]}}],"collection":[{"href":"https:\/\/transferencia.irta.cat\/es\/wp-json\/wp\/v2\/activitats"}],"about":[{"href":"https:\/\/transferencia.irta.cat\/es\/wp-json\/wp\/v2\/types\/activitats"}],"wp:featuredmedia":[{"embeddable":true,"href":"https:\/\/transferencia.irta.cat\/es\/wp-json\/wp\/v2\/media\/1146"}],"wp:attachment":[{"href":"https:\/\/transferencia.irta.cat\/es\/wp-json\/wp\/v2\/media?parent=26818"}],"wp:term":[{"taxonomy":"category","embeddable":true,"href":"https:\/\/transferencia.irta.cat\/es\/wp-json\/wp\/v2\/categories?post=26818"},{"taxonomy":"post_tag","embeddable":true,"href":"https:\/\/transferencia.irta.cat\/es\/wp-json\/wp\/v2\/tags?post=26818"},{"taxonomy":"objectius_estrategics","embeddable":true,"href":"https:\/\/transferencia.irta.cat\/es\/wp-json\/wp\/v2\/objectius_estrategics?post=26818"},{"taxonomy":"ods","embeddable":true,"href":"https:\/\/transferencia.irta.cat\/es\/wp-json\/wp\/v2\/ods?post=26818"},{"taxonomy":"programa_irta","embeddable":true,"href":"https:\/\/transferencia.irta.cat\/es\/wp-json\/wp\/v2\/programa_irta?post=26818"},{"taxonomy":"trainings","embeddable":true,"href":"https:\/\/transferencia.irta.cat\/es\/wp-json\/wp\/v2\/trainings?post=26818"}],"curies":[{"name":"wp","href":"https:\/\/api.w.org\/{rel}","templated":true}]}}