{"id":26758,"date":"2024-12-11T15:54:27","date_gmt":"2024-12-11T14:54:27","guid":{"rendered":"https:\/\/transferencia.irta.cat\/?post_type=activitats&#038;p=26758"},"modified":"2025-02-20T14:28:47","modified_gmt":"2025-02-20T13:28:47","slug":"xviii-jornada-tecnica-del-arroz-2025","status":"publish","type":"activitats","link":"https:\/\/transferencia.irta.cat\/es\/activitats\/xviii-jornada-tecnica-del-arroz-2025\/","title":{"rendered":"XVIII Jornada t\u00e9cnica del arroz 2025"},"content":{"rendered":"\n<p>Le damos la bienvenida a la jornada t\u00e9cnica, un espacio clave para abordar los retos y oportunidades del sector arrocero. Organizada por el IRTA, y con la participaci\u00f3n del Ministerio de Agricultura, Pesca y Alimentaci\u00f3n (MAPA) y el apoyo del Fondo Latinoamericano para el Arroz de Riego (FLAR), exploraremos soluciones innovadoras frente a desaf\u00edos globales como el cambio clim\u00e1tico , la protecci\u00f3n vegetal , la optimizaci\u00f3n de la fertilizaci\u00f3n y la sostenibilidad econ\u00f3mica.<\/p>\n\n\n\n<p>Este encuentro tambi\u00e9n destacar\u00e1 la importancia de futuras colaboraciones con Latinoam\u00e9rica, reforzando alianzas estrat\u00e9gicas para garantizar un futuro sostenible y competitivo para el arroz, un cultivo esencial en nuestra econom\u00eda, alimentaci\u00f3n y ecosistema. \u00a1Os invitamos a esta jornada encaminada a conseguir una producci\u00f3n arrocera m\u00e1s eficiente, sostenible y resiliente! Se mostrar\u00e1n los resultados m\u00e1s relevantes de los ensayos del proyecto RiceFertiSat, financiado a trav\u00e9s de la Operaci\u00f3n 16.01.01 de Cooperaci\u00f3n para la innovaci\u00f3n del Programa de desarrollo rural de Catalu\u00f1a 2014-2020; proyectos 'BestRice', 'Ricres' y 'Ricescape', financiados por la Agencia Estatal de Investigaci\u00f3n, Ministerio de Ciencia e Innovaci\u00f3n y Fondo clim\u00e1tico: AgriregenCat, AgriCarboniCat y Mitigaci\u00f3n arrozales. Proyectos financiados por los Fondos Clim\u00e1ticos de Catalu\u00f1a.<\/p>\n\n\n\n<div class=\"wp-block-image\"><figure class=\"aligncenter size-large is-resized\"><img loading=\"lazy\" decoding=\"async\" src=\"https:\/\/transferencia.irta.cat\/wp-content\/uploads\/2024\/12\/IMG_1687-1024x768.jpg\" alt=\"\" class=\"wp-image-26750\" width=\"484\" height=\"363\" srcset=\"https:\/\/transferencia.irta.cat\/wp-content\/uploads\/2024\/12\/IMG_1687-1024x768.jpg 1024w, https:\/\/transferencia.irta.cat\/wp-content\/uploads\/2024\/12\/IMG_1687-300x225.jpg 300w, https:\/\/transferencia.irta.cat\/wp-content\/uploads\/2024\/12\/IMG_1687-768x576.jpg 768w, https:\/\/transferencia.irta.cat\/wp-content\/uploads\/2024\/12\/IMG_1687-1536x1152.jpg 1536w, https:\/\/transferencia.irta.cat\/wp-content\/uploads\/2024\/12\/IMG_1687.jpg 1920w\" sizes=\"auto, (max-width: 484px) 100vw, 484px\" \/><\/figure><\/div>\n","protected":false},"featured_media":26757,"template":"","categories":[],"tags":[1375,1044,651,777],"objectius_estrategics":[],"ods":[],"programa_irta":[1238],"trainings":[],"class_list":["post-26758","activitats","type-activitats","status-publish","has-post-thumbnail","hentry","tag-arroz-es","tag-canvi-climatic-es","tag-cultius-extensius-es","tag-sostenibilitat-es","programa_irta-v3-cultivos-extensivos"],"acf":{"codi":"","data":"12\/02\/2025","data_fi":"12\/02\/2025","horari":"08:30h - 13:30h","idioma":"Castellano","original_language":"ca","preu":"Gratuito","places":"-1","ciutat":"Deltebre","lloc_de_realitzacio":"<p>Cooperativa Arrossaires del Delta<br \/>\nde l\u2019Ebre<br \/>\nCarretera, km 6,5<br \/>\n43580 Camarles<\/p>\n","ubicacio":{"address":"Cooperativa Arrossaires del Delta de l\u2019Ebre Carretera, km 6,5 43580 Camarles","lat":40.73499289999999,"lng":0.7039641999999999,"zoom":14,"place_id":"ChIJM7Ofk-QFoRIRBCs18mRwIxE","city":"Deltebre","state":"Catalu\u00f1a","state_short":"CT","post_code":"43580","country":"Espanya","country_short":"ES"},"imatge_ubicacio":false,"persona_contacte_nom":"Montse Palau","persona_contacte_email":"montserrat.palau@irta.cat","programa":{"ID":26974,"id":26974,"title":"ES_Deltebre_jornada-arr\u00f2s_1202_2025_05_v2","filename":"ES_Deltebre_jornada-arr\u00f2s_1202_2025_05_v2.pdf","filesize":540674,"url":"https:\/\/transferencia.irta.cat\/wp-content\/uploads\/2024\/12\/ES_Deltebre_jornada-arr\u00f2s_1202_2025_05_v2.pdf","link":"https:\/\/transferencia.irta.cat\/es\/activitats\/xviii-jornada-tecnica-del-arroz-2025\/es_deltebre_jornada-arros_1202_2025_05_v2\/","alt":"","author":"32","description":"","caption":"","name":"es_deltebre_jornada-arros_1202_2025_05_v2","status":"inherit","uploaded_to":26758,"date":"2025-01-17 07:31:19","modified":"2025-01-17 07:31:19","menu_order":0,"mime_type":"application\/pdf","type":"application","subtype":"pdf","icon":"https:\/\/transferencia.irta.cat\/wp-includes\/images\/media\/document.png"},"programacio":"<p><strong>8.30 h Recepci\u00f3n y validaci\u00f3n de inscripciones<\/strong><\/p>\n<hr \/>\n<p><strong>9.15 h Bienvenida y presentaci\u00f3n de la jornada<\/strong><\/p>\n<hr \/>\n<p><strong>SESI\u00d3N PLENARIA<\/strong><\/p>\n<hr \/>\n<p><strong>9.30 h El arroz en Am\u00e9rica Latina: logros y desaf\u00edos para la producci\u00f3n eficiente y sostenible<\/strong><br \/>\nEduardo Graterol. Director ejecutivo del Fondo Latinoamericano para Arroz de Riego, FLAR<\/p>\n<hr \/>\n<p><strong>CAMBIO CLIM\u00c1TICO Y SECUESTRO DE CARBONO<\/strong><\/p>\n<hr \/>\n<p><strong>10.15 h Efecto de la fertilizaci\u00f3n org\u00e1nica en las emisiones de gases de efecto invernadero y secuestro del carbono<\/strong><br \/>\nMaite Martinez. IRTA<\/p>\n<hr \/>\n<p><strong>10.35 h Pausa<\/strong><\/p>\n<hr \/>\n<p><strong>SANIDAD VEGETAL<\/strong><\/p>\n<hr \/>\n<p><strong>11.00 h Gesti\u00f3n de las malas hierbas: el caso de Echinochloa spp<\/strong><br \/>\nJosep M\u00aa Llenes. DARPA<\/p>\n<hr \/>\n<p><strong>11.20 h Control biol\u00f3gico de plagas de almac\u00e9n mediante el parasitoide Habrobracon hebetor<\/strong><br \/>\nJos\u00e9 Miguel Campos. IRTA<\/p>\n<hr \/>\n<p><strong>11.40 h Control biol\u00f3gico del Lissorhoptrus spp<\/strong><br \/>\nN\u00e9stor P\u00e9rez. IRTA<\/p>\n<hr \/>\n<p><strong>INNOVANTE PARA UNA FERTILIZACI\u00d3N M\u00c1S SOSTENIBLE<\/strong><\/p>\n<hr \/>\n<p><strong>12.00 h Uso de la teledetecci\u00f3n para optimizar la fertilizaci\u00f3n nitrogenada<\/strong><br \/>\nMar Catal\u00e1n. IRTA<\/p>\n<hr \/>\n<p><strong>12.20 h Opalo, nuevo fertilizante de liberaci\u00f3n controlada<\/strong><br \/>\nNuria Tom\u00e0s. IRTA<\/p>\n<hr \/>\n<p><strong>12.40 h La importancia de las variedades en la eficiencia del nitr\u00f3geno<\/strong><br \/>\nKaren Marti. IRTA<\/p>\n<hr \/>\n<p><strong>SOSTENIBILIDAD ECON\u00d3MICA<\/strong><\/p>\n<hr \/>\n<p><strong>13.00 h Balance econ\u00f3mico de las explotaciones arroceros<\/strong><br \/>\nSDGCHIAO. MAP<\/p>\n<hr \/>\n<p><strong>13.20 h Clausura de la jornada<\/strong><\/p>\n<hr \/>\n<p><strong>13.30 h Comida gentileza de Arroceros del Delta del Ebro y Nomen Foods<\/strong><\/p>\n","ponents":[{"ponent":{"ID":3805,"post_author":"2","post_date":"2020-07-28 10:27:52","post_date_gmt":"2020-07-28 08:27:52","post_content":"<!-- wp:paragraph {\"translatedWithWPMLTM\":\"1\"} -->\n<p>M\u00aa del Mar Catal\u00e1n Forner, investigadora del IRTA y responsable de las actividades en arroz desarrolladas en la Estaci\u00f3n Experimental del Ebro. Es miembro de la mesa sectorial del arroz, ha sido nombrada experta en el cultivo del arroz por la comisi\u00f3n de evaluaci\u00f3n de la OEVV (Oficina Espa\u00f1ola de Variedades Vegetales) del MAGRAMA y forma parte del consejo asesor de Ediciones LAV. Ha desarrollado tareas en sanidad vegetal, mejora y manejo del cultivo, con una clara vertiente agron\u00f3mica. Ha participado en decenas de proyectos de investigaci\u00f3n en arroz en colaboraci\u00f3n con otros centros de investigaci\u00f3n tanto nacionales como internacionales, de \u00edndole p\u00fablico y privado. Responsable de las acciones de transferencia tanto a nivel t\u00e9cnico y sectorial mediante jornadas t\u00e9cnicas y de campo, y ha participado en congresos nacionales e internacionales del arroz como ponente invitada. Autora de numerosas publicaciones t\u00e9cnicas en revistas especializadas y revisora \u200b\u200bde proyectos de convocatorias p\u00fablicas.<\/p>\n<!-- \/wp:paragraph -->","post_title":"M\u00aa del Mar Catal\u00e0","post_excerpt":"","post_status":"publish","comment_status":"closed","ping_status":"closed","post_password":"","post_name":"ma-del-mar-catala","to_ping":"","pinged":"","post_modified":"2020-07-28 10:27:52","post_modified_gmt":"2020-07-28 08:27:52","post_content_filtered":"","post_parent":0,"guid":"https:\/\/transferencia.irta.cat\/ponent\/ma-del-mar-catala\/","menu_order":0,"post_type":"ponent","post_mime_type":"","comment_count":"0","filter":"raw"}},{"ponent":{"ID":3861,"post_author":"2","post_date":"2020-07-30 13:59:09","post_date_gmt":"2020-07-30 11:59:09","post_content":"<!-- wp:paragraph -->\n<p>Es licenciada en Biolog\u00eda por la Universidad de Barcelona y doctora en Agronom\u00eda por la Universidad Polit\u00e9cnica de Valencia. Investigadora en el IRTA, el programa Aguas Marinas y Continentales. Especialista en agroecolog\u00eda, sobre todo en el cultivo del arroz y en el estudio de sus interacciones con el cambio clim\u00e1tico, especialmente en el ciclo del carbono y las emisiones de gases de efecto invernadero. Ha participado en diferentes proyectos de convocatorias p\u00fablicas europeas, espa\u00f1olas y catalanas, as\u00ed como en proyectos de colaboraci\u00f3n con empresa privada, donde ha ejercido de investigadora principal.<\/p>\n<!-- \/wp:paragraph -->","post_title":"Maite Mart\u00ednez-Eixarch","post_excerpt":"","post_status":"publish","comment_status":"closed","ping_status":"closed","post_password":"","post_name":"maite-martinez-eixarch","to_ping":"","pinged":"","post_modified":"2020-07-30 13:59:34","post_modified_gmt":"2020-07-30 11:59:34","post_content_filtered":"","post_parent":0,"guid":"https:\/\/transferencia.irta.cat\/?post_type=ponent&#038;p=3861","menu_order":0,"post_type":"ponent","post_mime_type":"","comment_count":"0","filter":"raw"}},{"ponent":{"ID":5854,"post_author":"2","post_date":"2021-02-09 09:51:16","post_date_gmt":"2021-02-09 08:51:16","post_content":"<!-- wp:paragraph {\"translatedWithWPMLTM\":\"1\"} -->\n<p>Jos\u00e9 Miguel Campos Rivela es Ingeniero Agr\u00f3nomo por la Universidad Polit\u00e9cnica de Valencia y Doctor Ingeniero Agr\u00f3nomo por la Universidad Jaume I de Castell\u00f3n. Investigador del programa de Protecci\u00f3n Vegetal Sostenible desde 2004 y Delegado Institucional del IRTA desde 2019. Las principales \u00e1reas de trabajo como investigador pertenecen a la gesti\u00f3n integrada de plagas: bioecologia de especies plaga y entomofauna auxiliar, implementaci\u00f3n de m\u00e9todos de control biol\u00f3gico y biot\u00e9cnico y desarrollo de m\u00e9todos de muestreo y establecimiento de umbrales de econ\u00f3micos de intervenci\u00f3n. Es coautor de 66 publicaciones cient\u00edfico-t\u00e9cnicas en el campo de la entomolog\u00eda, la protecci\u00f3n vegetal, el control biol\u00f3gico y la gesti\u00f3n integrada de plagas, y ha realizado 23 contribuciones a congresos nacionales y 28 internacionales. Ha sido profesor asociado de Control de Cultivos en la titulaci\u00f3n de Hortofruticultura y Jardiner\u00eda (Universidad Internacional de Catalu\u00f1a (UIC). Miembro de la Sociedad Espa\u00f1ola de Entomolog\u00eda Aplicada (SEEA), del grupo de trabajo de \"Citrus-IPM\" de la IOBC (International Organization for Biological control) y del Comit\u00e9 de C\u00edtricos del programa Fruit.Net (Generalitat de Catalu\u00f1a). Ha participado en 13 proyectos I + D financiados en convocatorias p\u00fablicas, nacionales e internacionales, todos en el campo del control biol\u00f3gico e integrado de plagas de c\u00edtricos, frutales, arroz y cultivos mediterr\u00e1neos. Asimismo, ha participado en 19 contratos de I + D con empresas o administraciones (nacionales y \/ o internacionales relacionados con estos campos. ha impartido 44 jornadas y cursos dirigidos a el sector productivo relacionados con el control integrado de plagas.<\/p>\n<!-- \/wp:paragraph -->","post_title":"Jos\u00e9 Miguel Campos Rivela","post_excerpt":"","post_status":"publish","comment_status":"closed","ping_status":"closed","post_password":"","post_name":"jose-miguel-campos-rivela","to_ping":"","pinged":"","post_modified":"2021-02-09 09:51:17","post_modified_gmt":"2021-02-09 08:51:17","post_content_filtered":"","post_parent":0,"guid":"https:\/\/transferencia.irta.cat\/ponent\/jose-miguel-campos-rivela\/","menu_order":0,"post_type":"ponent","post_mime_type":"","comment_count":"0","filter":"raw"}},{"ponent":{"ID":3708,"post_author":"2","post_date":"2020-07-27 10:19:33","post_date_gmt":"2020-07-27 08:19:33","post_content":"<!-- wp:paragraph {\"translatedWithWPMLTM\":\"1\"} -->\n<p>N\u00e9stor P\u00e9rez-M\u00e9ndez es licenciado en Biolog\u00eda (2008) y Doctor en Ciencias Medioambientales (2016) por la Estaci\u00f3n Biol\u00f3gica de Do\u00f1ana (EBD-CSIC) y la Universidad Pablo de Olavide. Trabaja como t\u00e9cnico en conservaci\u00f3n de la biodiversidad en el grupo del arroz del programa de cultivos extensivos sostenibles del IRTA. Est\u00e1 especialmente interesado en conocer el papel de la biodiversidad en la producci\u00f3n agr\u00edcola y la provisi\u00f3n de servicios ecosist\u00e9micos (polinizaci\u00f3n y control biol\u00f3gico de plagas).  <\/p>\n<!-- \/wp:paragraph -->","post_title":"N\u00e9stor P\u00e9rez-M\u00e9ndez","post_excerpt":"","post_status":"publish","comment_status":"closed","ping_status":"closed","post_password":"","post_name":"nestor-perez-mendez","to_ping":"","pinged":"","post_modified":"2020-07-27 10:19:33","post_modified_gmt":"2020-07-27 08:19:33","post_content_filtered":"","post_parent":0,"guid":"https:\/\/transferencia.irta.cat\/ponent\/nestor-perez-mendez\/","menu_order":0,"post_type":"ponent","post_mime_type":"","comment_count":"0","filter":"raw"}},{"ponent":{"ID":3858,"post_author":"2","post_date":"2020-07-30 13:20:56","post_date_gmt":"2020-07-30 11:20:56","post_content":"<!-- wp:paragraph {\"translatedWithWPMLTM\":\"1\"} -->\n<p> Nuria Tom\u00e1s es Ingeniera agr\u00f3noma (orientaci\u00f3n en Producci\u00f3n Vegetal) por la Universidad de Lleida (2008). Desde el a\u00f1o 2006 trabaja en el IRTA, en la Estaci\u00f3n Experimental del Ebro donde participa en diferentes proyectos del \u00c1rea de Cultivos Extensivos Sostenibles como son las actividades de demostraci\u00f3n, grupos operativos o proyectos, as\u00ed como en diferentes contratos con empresas del sector. Su \u00e1rea de trabajo es la agronom\u00eda del cultivo del arroz, realizando tareas experimentales y de transferencia de conocimiento, formaci\u00f3n y asesoramiento al sector arrocero.<\/p>\n<!-- \/wp:paragraph --><!-- wp:heading {\"level\":1} -->\n<h1><\/h1>\n<!-- \/wp:heading -->","post_title":"N\u00faria Tom\u00e0s","post_excerpt":"","post_status":"publish","comment_status":"closed","ping_status":"closed","post_password":"","post_name":"nuria-tomas","to_ping":"","pinged":"","post_modified":"2020-07-30 13:20:56","post_modified_gmt":"2020-07-30 11:20:56","post_content_filtered":"","post_parent":0,"guid":"https:\/\/transferencia.irta.cat\/ponent\/nuria-tomas\/","menu_order":0,"post_type":"ponent","post_mime_type":"","comment_count":"0","filter":"raw"}}],"organitza":[{"imatge":"https:\/\/transferencia.irta.cat\/wp-content\/uploads\/2022\/12\/IRTA_logo_PNG_amb_R_cerca.png","nom":"","link":""},{"imatge":"https:\/\/transferencia.irta.cat\/wp-content\/uploads\/2020\/12\/1200px-Logotipo_de_la_Generalitat_de_Catalunya.svg_.png","nom":"","link":""},{"imatge":"https:\/\/transferencia.irta.cat\/wp-content\/uploads\/2021\/12\/PATT-logo.png","nom":"","link":""}],"patrocina":[{"imatge":"https:\/\/transferencia.irta.cat\/wp-content\/uploads\/2024\/12\/LOGO-SANTANDER.jpg","nom":"","link":""}],"colabora":[{"imatge":"https:\/\/transferencia.irta.cat\/wp-content\/uploads\/2024\/12\/agaur.jpg","nom":"","link":""},{"imatge":"https:\/\/transferencia.irta.cat\/wp-content\/uploads\/2024\/12\/Logo-FLAR.png","nom":"","link":""},{"imatge":"https:\/\/transferencia.irta.cat\/wp-content\/uploads\/2022\/12\/nomen-foods.png","nom":"","link":""},{"imatge":"https:\/\/transferencia.irta.cat\/wp-content\/uploads\/2020\/12\/Arrossaires_logo.jpg","nom":"","link":""},{"imatge":"https:\/\/transferencia.irta.cat\/wp-content\/uploads\/2023\/12\/GO-Rice-FertiSAT.jpg","nom":"","link":""},{"imatge":"https:\/\/transferencia.irta.cat\/wp-content\/uploads\/2020\/03\/FEADER-Europa-inverteix-en-les-zones-rurals.png","nom":"","link":""},{"imatge":"https:\/\/transferencia.irta.cat\/wp-content\/uploads\/2023\/10\/ministerio.jpg","nom":"","link":""},{"imatge":"https:\/\/transferencia.irta.cat\/wp-content\/uploads\/2023\/12\/Logotip_X_AgriTech_color_png.png","nom":"","link":""}],"serveis":false,"materials":[{"material":{"ID":27283,"post_author":"32","post_date":"2025-02-20 14:24:43","post_date_gmt":"2025-02-20 13:24:43","post_content":"","post_title":"DOCUMENTACI\u00d3N Jornada arroz 2025","post_excerpt":"","post_status":"publish","comment_status":"closed","ping_status":"closed","post_password":"","post_name":"documentacion-jornada-arroz-2025","to_ping":"","pinged":"","post_modified":"2025-02-20 14:24:43","post_modified_gmt":"2025-02-20 13:24:43","post_content_filtered":"","post_parent":0,"guid":"https:\/\/transferencia.irta.cat\/?post_type=material&#038;p=27283","menu_order":0,"post_type":"material","post_mime_type":"","comment_count":"0","filter":"raw"}}],"activitats_relacionades":false,"te_enquesta":true,"id_enquesta":"290","enquesta_externa":"","subscribe_external_link":"","en_construccio":false,"wait_list":false},"yoast_head":"<!-- This site is optimized with the Yoast SEO plugin v15.2 - https:\/\/yoast.com\/wordpress\/plugins\/seo\/ -->\n<title>XVIII Jornada t\u00e9cnica del arroz 2025 - IRTA<\/title>\n<meta name=\"description\" content=\"Le damos la bienvenida a la jornada t\u00e9cnica, un espacio clave para abordar los retos y oportunidades del sector arrocero. Organizada por el IRTA, y con la\" \/>\n<meta name=\"robots\" content=\"index, follow, max-snippet:-1, max-image-preview:large, max-video-preview:-1\" \/>\n<link rel=\"canonical\" href=\"https:\/\/transferencia.irta.cat\/es\/activitats\/xviii-jornada-tecnica-del-arroz-2025\/\" \/>\n<meta property=\"og:locale\" content=\"es_ES\" \/>\n<meta property=\"og:type\" content=\"article\" \/>\n<meta property=\"og:title\" content=\"XVIII Jornada t\u00e9cnica del arroz 2025 - IRTA\" \/>\n<meta property=\"og:description\" content=\"Le damos la bienvenida a la jornada t\u00e9cnica, un espacio clave para abordar los retos y oportunidades del sector arrocero. Organizada por el IRTA, y con la\" \/>\n<meta property=\"og:url\" content=\"https:\/\/transferencia.irta.cat\/es\/activitats\/xviii-jornada-tecnica-del-arroz-2025\/\" \/>\n<meta property=\"og:site_name\" content=\"IRTA\" \/>\n<meta property=\"article:modified_time\" content=\"2025-02-20T13:28:47+00:00\" \/>\n<meta property=\"og:image\" content=\"https:\/\/transferencia.irta.cat\/wp-content\/uploads\/2024\/12\/arr\u00f2s_2.jpg\" \/>\n\t<meta property=\"og:image:width\" content=\"1920\" \/>\n\t<meta property=\"og:image:height\" content=\"832\" \/>\n<meta name=\"twitter:card\" content=\"summary_large_image\" \/>\n<meta name=\"twitter:label1\" value=\"Escrito por\">\n\t<meta name=\"twitter:data1\" value=\"Montse\">\n\t<meta name=\"twitter:label2\" value=\"Tiempo de lectura\">\n\t<meta name=\"twitter:data2\" value=\"1 minuto\">\n<script type=\"application\/ld+json\" class=\"yoast-schema-graph\">{\"@context\":\"https:\/\/schema.org\",\"@graph\":[{\"@type\":\"WebSite\",\"@id\":\"https:\/\/transferencia.irta.cat\/es\/#website\",\"url\":\"https:\/\/transferencia.irta.cat\/es\/\",\"name\":\"IRTA\",\"description\":\"Transfer\\u00e8ncia de coneixement\",\"potentialAction\":[{\"@type\":\"SearchAction\",\"target\":\"https:\/\/transferencia.irta.cat\/es\/?s={search_term_string}\",\"query-input\":\"required name=search_term_string\"}],\"inLanguage\":\"es\"},{\"@type\":\"ImageObject\",\"@id\":\"https:\/\/transferencia.irta.cat\/es\/activitats\/xviii-jornada-tecnica-del-arroz-2025\/#primaryimage\",\"inLanguage\":\"es\",\"url\":\"https:\/\/transferencia.irta.cat\/wp-content\/uploads\/2024\/12\/arr\\u00f2s_2.jpg\",\"width\":1920,\"height\":832},{\"@type\":\"WebPage\",\"@id\":\"https:\/\/transferencia.irta.cat\/es\/activitats\/xviii-jornada-tecnica-del-arroz-2025\/#webpage\",\"url\":\"https:\/\/transferencia.irta.cat\/es\/activitats\/xviii-jornada-tecnica-del-arroz-2025\/\",\"name\":\"XVIII Jornada t\\u00e9cnica del arroz 2025 - IRTA\",\"isPartOf\":{\"@id\":\"https:\/\/transferencia.irta.cat\/es\/#website\"},\"primaryImageOfPage\":{\"@id\":\"https:\/\/transferencia.irta.cat\/es\/activitats\/xviii-jornada-tecnica-del-arroz-2025\/#primaryimage\"},\"datePublished\":\"2024-12-11T14:54:27+00:00\",\"dateModified\":\"2025-02-20T13:28:47+00:00\",\"description\":\"Le damos la bienvenida a la jornada t\\u00e9cnica, un espacio clave para abordar los retos y oportunidades del sector arrocero. Organizada por el IRTA, y con la\",\"inLanguage\":\"es\",\"potentialAction\":[{\"@type\":\"ReadAction\",\"target\":[\"https:\/\/transferencia.irta.cat\/es\/activitats\/xviii-jornada-tecnica-del-arroz-2025\/\"]}]}]}<\/script>\n<!-- \/ Yoast SEO plugin. -->","_links":{"self":[{"href":"https:\/\/transferencia.irta.cat\/es\/wp-json\/wp\/v2\/activitats\/26758","targetHints":{"allow":["GET"]}}],"collection":[{"href":"https:\/\/transferencia.irta.cat\/es\/wp-json\/wp\/v2\/activitats"}],"about":[{"href":"https:\/\/transferencia.irta.cat\/es\/wp-json\/wp\/v2\/types\/activitats"}],"wp:featuredmedia":[{"embeddable":true,"href":"https:\/\/transferencia.irta.cat\/es\/wp-json\/wp\/v2\/media\/26757"}],"wp:attachment":[{"href":"https:\/\/transferencia.irta.cat\/es\/wp-json\/wp\/v2\/media?parent=26758"}],"wp:term":[{"taxonomy":"category","embeddable":true,"href":"https:\/\/transferencia.irta.cat\/es\/wp-json\/wp\/v2\/categories?post=26758"},{"taxonomy":"post_tag","embeddable":true,"href":"https:\/\/transferencia.irta.cat\/es\/wp-json\/wp\/v2\/tags?post=26758"},{"taxonomy":"objectius_estrategics","embeddable":true,"href":"https:\/\/transferencia.irta.cat\/es\/wp-json\/wp\/v2\/objectius_estrategics?post=26758"},{"taxonomy":"ods","embeddable":true,"href":"https:\/\/transferencia.irta.cat\/es\/wp-json\/wp\/v2\/ods?post=26758"},{"taxonomy":"programa_irta","embeddable":true,"href":"https:\/\/transferencia.irta.cat\/es\/wp-json\/wp\/v2\/programa_irta?post=26758"},{"taxonomy":"trainings","embeddable":true,"href":"https:\/\/transferencia.irta.cat\/es\/wp-json\/wp\/v2\/trainings?post=26758"}],"curies":[{"name":"wp","href":"https:\/\/api.w.org\/{rel}","templated":true}]}}