{"id":23047,"date":"2023-12-20T14:10:47","date_gmt":"2023-12-20T13:10:47","guid":{"rendered":"https:\/\/transferencia.irta.cat\/?post_type=activitats&#038;p=23047"},"modified":"2024-04-16T12:48:02","modified_gmt":"2024-04-16T10:48:02","slug":"produccion-de-trigo-blando-para-planificacion-en-cultivo-ecologico","status":"publish","type":"activitats","link":"https:\/\/transferencia.irta.cat\/es\/activitats\/produccion-de-trigo-blando-para-planificacion-en-cultivo-ecologico\/","title":{"rendered":"Producci\u00f3n de trigo blando para planificaci\u00f3n en cultivo ecol\u00f3gico"},"content":{"rendered":"\n<p>En esta jornada se presentar\u00e1n diversas innovaciones que se est\u00e1n realizando en el cultivo de cereales de invierno en ecol\u00f3gico. Se har\u00e1n diversas visitas en diferentes ensayos de material vegetal, deshierbe mec\u00e1nico, densidad de siembra, asociaci\u00f3n de cultivos, cultivos mejorantes y biodiversidad. Parte de la informaci\u00f3n que se presenta se ha obtenido en el marco de las siguientes actuaciones y proyectos:<\/p>\n\n\n\n<p>Grupos Operativos (Operaci\u00f3n 16.01.01 de Cooperaci\u00f3n para la Innovaci\u00f3n del PDR de Catalu\u00f1a 2014-2020):<\/p>\n\n\n\n<ul class=\"wp-block-list\"><li>Producci\u00f3n sostenible de trigo blando ecol\u00f3gico por la elaboraci\u00f3n de productos de panificaci\u00f3n que aporten una mayor tolerancia digestiva por parte de los consumidores (BLATECOsalud).<\/li><li>Fomento de pr\u00e1cticas agroecol\u00f3gicas para la mejora de la biodiversidad y la sostenibilidad de las producciones del cultivo del trigo blando (AGROECOblado).<\/li><\/ul>\n\n\n\n<p>Actividad demostrativa (Operaci\u00f3n 01.02.01 de Transferencia Tecnol\u00f3gica del PDR de Catalu\u00f1a 2014-2020):<\/p>\n\n\n\n<ul class=\"wp-block-list\"><li>Implementaci\u00f3n de sistemas de deshierbe innovadores para reducir el uso de herbicidas en cultivos extensivos (INNODES).<\/li><\/ul>\n\n\n\n<p>El proyecto 'MICROBI-SOL-ECO: Efectos en la biolog\u00eda del suelo de la aplicaci\u00f3n de esti\u00e9rcol en rotaciones de cultivos extensivos para grano en producci\u00f3n ecol\u00f3gica' est\u00e1 financiado por el Departamento de Acci\u00f3n Clim\u00e1tica, Alimentaci\u00f3n y Agenda Rural de la Generalitat de Catalu\u00f1a a trav\u00e9s de la ayuda para incentivar la investigaci\u00f3n aplicada en materia de producci\u00f3n agroalimentaria ecol\u00f3gica.<\/p>\n\n\n\n<p><\/p>\n\n\n\n<figure class=\"wp-block-image size-large\"><img loading=\"lazy\" decoding=\"async\" width=\"385\" height=\"270\" src=\"https:\/\/transferencia.irta.cat\/wp-content\/uploads\/2020\/03\/Captura-1.jpg\" alt=\"\" class=\"wp-image-4031\" srcset=\"https:\/\/transferencia.irta.cat\/wp-content\/uploads\/2020\/03\/Captura-1.jpg 385w, https:\/\/transferencia.irta.cat\/wp-content\/uploads\/2020\/03\/Captura-1-300x210.jpg 300w\" sizes=\"auto, (max-width: 385px) 100vw, 385px\" \/><\/figure>\n","protected":false},"featured_media":4031,"template":"","categories":[639,636,635],"tags":[1393,1707],"objectius_estrategics":[],"ods":[],"programa_irta":[1215,1238],"trainings":[],"class_list":["post-23047","activitats","type-activitats","status-publish","has-post-thumbnail","hentry","category-fertilizacion","category-arros-cereales","category-produccion-vegetal","tag-cereals-es","tag-trigo","programa_irta-v3-cultius-extensius","programa_irta-v3-cultivos-extensivos"],"acf":{"codi":"","data":"24\/04\/2024","data_fi":"24\/04\/2024","horari":"09:30h - 13:00h","idioma":"Catal\u00e1n","original_language":"ca","preu":"Gratuito","places":"-1","ciutat":"Cornell\u00e0 del Terri","lloc_de_realitzacio":"<p>Punto de encuentro en <a href=\"https:\/\/maps.app.goo.gl\/bg384oyphu5DuEu6A\">Cervi\u00e0 de Ter<\/a><\/p>\n<p>Jornada en <a href=\"https:\/\/maps.app.goo.gl\/4s8WHJGrydN9SSNs5\">Cornell\u00e0 de Terri<\/a><\/p>\n","ubicacio":false,"imatge_ubicacio":false,"persona_contacte_nom":"Montse Palau","persona_contacte_email":"montserrat.palau@irta.cat","programa":{"ID":24261,"id":24261,"title":"Cervi\u00e0 de Ter_blat tou eco_2404_240220_f","filename":"Cervi\u00e0-de-Ter_blat-tou-eco_2404_240220_f.pdf","filesize":198105,"url":"https:\/\/transferencia.irta.cat\/wp-content\/uploads\/2023\/12\/Cervi\u00e0-de-Ter_blat-tou-eco_2404_240220_f.pdf","link":"https:\/\/transferencia.irta.cat\/es\/activitats\/produccion-de-trigo-blando-para-planificacion-en-cultivo-ecologico\/cervia-de-ter_blat-tou-eco_2404_240220_f-2\/","alt":"","author":"32","description":"","caption":"","name":"cervia-de-ter_blat-tou-eco_2404_240220_f-2","status":"inherit","uploaded_to":23047,"date":"2024-04-15 08:59:31","modified":"2024-04-15 08:59:31","menu_order":0,"mime_type":"application\/pdf","type":"application","subtype":"pdf","icon":"https:\/\/transferencia.irta.cat\/wp-includes\/images\/media\/document.png"},"programacio":"<p>09.30 h Recepci\u00f3n y validaci\u00f3n inscripciones<\/p>\n<hr \/>\n<p>10:00 h Visita plataforma de ensayos de Cervi\u00e0 de Ter<br \/>\n- Variedades de trigo blando en cultivo ecol\u00f3gico<br \/>\n- Competencia de las variedades de trigo blando con las hierbas<br \/>\n- Densidad de siembra en variedades antiguas y poblaciones tradicionales<br \/>\n- Asociaci\u00f3n de trigo blando con fav\u00f3n<br \/>\n- Cultivos mejorantes. Capacidad de competir con las hierbas y biodiversidad<\/p>\n<hr \/>\n<p>12.00 h Visita plataforma demostrativa de Cornell\u00e0 de Terri<br \/>\n- Producci\u00f3n de la poblaci\u00f3n de trigo blando tradicional Montju\u00efc.<br \/>\n- Deshierbe mec\u00e1nico. Comparaci\u00f3n entre los trigos Montju\u00efc y Basilio<br \/>\n- Microbios en el suelo: \u00bfpor qu\u00e9 queremos?<br \/>\n- Bandas florales y hoteles de insectos.<\/p>\n<hr \/>\n<p>13.00 h Clausura de la Jornada<\/p>\n","ponents":[{"ponent":{"ID":4033,"post_author":"32","post_date":"2020-08-06 14:28:18","post_date_gmt":"2020-08-06 12:28:18","post_content":"<!-- wp:paragraph {\"translatedWithWPMLTM\":\"1\"} -->\n<p>Joan Serra Gironella. Investigador - especialista del Instituto de Investigaci\u00f3n y Tecnolog\u00eda Agroalimentarias (IRTA) del Programa de Cultivos Extensivos Sostenibles, con sede en la Estaci\u00f3n Experimental Agr\u00edcola Mas Badia. Durante m\u00e1s de 30 a\u00f1os ha desarrollado su actividad en el \u00c1rea de Cultivos Extensivos de la Fundaci\u00f3n Mas Badia, centro consorciado al IRTA, hasta su incorporaci\u00f3n en el instituto en enero de 2020. Ha centrado su actividad en el evaluaci\u00f3n de material vegetal, protecci\u00f3n fitosanitaria, calidad, etc. en cereales de invierno, ma\u00edz, proteaginosas, colza y forrajes. Tiene un elevado n\u00famero de publicaciones en revistas de divulgaci\u00f3n, una amplia experiencia en la organizaci\u00f3n de actividades de transferencia (jornadas, cursos, etc.) y tambi\u00e9n en la realizaci\u00f3n de experimentaci\u00f3n contratada con empresas del sector.<\/p>\n<!-- \/wp:paragraph -->","post_title":"Joan Serra","post_excerpt":"","post_status":"publish","comment_status":"closed","ping_status":"closed","post_password":"","post_name":"joan-serra","to_ping":"","pinged":"","post_modified":"2020-08-06 14:28:18","post_modified_gmt":"2020-08-06 12:28:18","post_content_filtered":"","post_parent":0,"guid":"https:\/\/transferencia.irta.cat\/ponent\/joan-serra\/","menu_order":0,"post_type":"ponent","post_mime_type":"","comment_count":"0","filter":"raw"}},{"ponent":{"ID":4034,"post_author":"2","post_date":"2020-08-06 14:29:05","post_date_gmt":"2020-08-06 12:29:05","post_content":"<!-- wp:paragraph {\"translatedWithWPMLTM\":\"1\"} -->\n<p>Roser Sayeras, licenciada en Biolog\u00eda por la Universidad de Girona (2004-2008). Dispone del reconocimiento oficial del Departamento de Sanidad Vegetal de Catalu\u00f1a como asesora en gesti\u00f3n integrada de plagas. El a\u00f1o 2013 se incorpor\u00f3 como t\u00e9cnica de apoyo al programa de Cultivos Extensivos de Mas Badia. Participa en contratos con empresas del sector relacionados con la evaluaci\u00f3n de nuevo material vegetal y con la evaluaci\u00f3n y eficacia de productos fitosanitarios, y en los ensayos de variedades para registro de la Oficina Espa\u00f1ola de Variedades Vegetales (OEVV). Ha participado en proyectos de \u00e1mbito auton\u00f3mico de financiaci\u00f3n p\u00fablica promovidos por el DARP (actividades demostrativas y grupos operativos). Principalmente trabaja en la red de ensayos de variedades de cereal de Catalu\u00f1a, desde la siembra, haciendo los diversos controles durante el desarrollo del cultivo, hasta la cosecha y la evaluaci\u00f3n de los par\u00e1metros de post-cosecha, y finalmente haciendo el tratamiento de todas los datos de los ensayos de la red de colza, trigo blando, cebada, avena, centeno, guisante y ma\u00edz. Participa tambi\u00e9n en la coordinaci\u00f3n del Grupo para la Evaluaci\u00f3n de Nuevas Variedades de Cultivos Extensivos (GENVCE).<\/p>\n<!-- \/wp:paragraph --><!-- wp:paragraph -->\n<p><\/p>\n<!-- \/wp:paragraph -->","post_title":"Roser Sayeras","post_excerpt":"","post_status":"publish","comment_status":"closed","ping_status":"closed","post_password":"","post_name":"roser-sayeras","to_ping":"","pinged":"","post_modified":"2020-08-06 14:29:05","post_modified_gmt":"2020-08-06 12:29:05","post_content_filtered":"","post_parent":0,"guid":"https:\/\/transferencia.irta.cat\/ponent\/roser-sayeras\/","menu_order":0,"post_type":"ponent","post_mime_type":"","comment_count":"0","filter":"raw"}},{"ponent":{"ID":1888,"post_author":"0","post_date":"2020-03-05 11:18:56","post_date_gmt":"2020-03-05 10:18:56","post_content":"<!-- wp:paragraph {\"translatedWithWPMLTM\":\"1\"} -->\n<p>Joan Fa\u00f1e es Ingeniero T\u00e9cnico Agr\u00edcola, especializado en hortofruticultura y jardiner\u00eda por la Universidad Polit\u00e9cnica de Catalu\u00f1a (2006-2010) y postgraduado en paisajismo por la Universidad Polit\u00e9cnica de Catalu\u00f1a (2010-2012). En el a\u00f1o 2007 hasta el 2012 se incorpor\u00f3 a la estaci\u00f3n experimental del IRTA - Mas Badia como ayudante de laboratorio y campo unos meses al a\u00f1o compaginando trabajo con los estudios. Es el a\u00f1o 2012, se incorpora de forma fija en el programa de Cultivos Extensivos del IRTA en Mas Badia donde ha participado en contratos con empresas del sector y en actividades de transferencia. Los principales proyectos de contratos con empresas del sector, son de asesoramiento al agricultor para la producci\u00f3n de cultivos extensivos. Proyectos como. \"\u00c9s Farina de Girona\" que asesora agricultores para la producci\u00f3n de trigo blando de calidad en producci\u00f3n integrada, entre otros. Ha participado y organizado jornadas de transferencia y participado en diferentes publicaciones de art\u00edculos t\u00e9cnicos en revistas del sector.<\/p>\n<!-- \/wp:paragraph -->","post_title":"Joan Fa\u00f1\u00e9","post_excerpt":"","post_status":"publish","comment_status":"closed","ping_status":"closed","post_password":"","post_name":"joan-fane","to_ping":"","pinged":"","post_modified":"2020-03-05 11:18:57","post_modified_gmt":"2020-03-05 10:18:57","post_content_filtered":"","post_parent":0,"guid":"https:\/\/transferencia.irta.cat\/ponent\/joan-fane\/","menu_order":0,"post_type":"ponent","post_mime_type":"","comment_count":"0","filter":"raw"}},{"ponent":{"ID":4523,"post_author":"30","post_date":"2020-10-09 12:16:41","post_date_gmt":"2020-10-09 10:16:41","post_content":"<!-- wp:paragraph {\"translatedWithWPMLTM\":\"1\"} -->\n<p>Investigador-Especialista en fertilizaci\u00f3n org\u00e1nica y mineral y manejo del suelo en cultivos extensivos, dentro del Programa de Cultivos Extensivos Sostenibles del IRTA (IRTA). Desde hace 20 a\u00f1os trabaja en la investigaci\u00f3n, transferencia y asesoramiento, desde el centro de Mas Badia, por la mejora en el manejo de las deyecciones ganaderas, la fertilizaci\u00f3n mineral y el manejo del suelo para aumentar la fertilidad (f\u00edsica, qu\u00edmica y biol\u00f3gica ) del suelo y su protecci\u00f3n.<\/p>\n<!-- \/wp:paragraph -->","post_title":"Francesc Domingo Oliv\u00e9","post_excerpt":"","post_status":"publish","comment_status":"closed","ping_status":"closed","post_password":"","post_name":"francesc-domingo-olive","to_ping":"","pinged":"","post_modified":"2020-10-09 12:16:41","post_modified_gmt":"2020-10-09 10:16:41","post_content_filtered":"","post_parent":0,"guid":"https:\/\/transferencia.irta.cat\/ponent\/francesc-domingo-olive\/","menu_order":0,"post_type":"ponent","post_mime_type":"","comment_count":"0","filter":"raw"}}],"organitza":[{"imatge":"https:\/\/transferencia.irta.cat\/wp-content\/uploads\/2022\/12\/IRTA_logo_PNG_amb_R_cerca.png","nom":"","link":""},{"imatge":"https:\/\/transferencia.irta.cat\/wp-content\/uploads\/2022\/12\/DACC.png","nom":"","link":""}],"patrocina":false,"colabora":false,"serveis":false,"materials":false,"activitats_relacionades":false,"te_enquesta":false,"id_enquesta":"","enquesta_externa":"","subscribe_external_link":"","en_construccio":false,"wait_list":false},"yoast_head":"<!-- This site is optimized with the Yoast SEO plugin v15.2 - https:\/\/yoast.com\/wordpress\/plugins\/seo\/ -->\n<title>Producci\u00f3n de trigo blando para planificaci\u00f3n en cultivo ecol\u00f3gico - IRTA<\/title>\n<meta name=\"description\" content=\"En esta jornada se presentar\u00e1n diversas innovaciones que se est\u00e1n realizando en el cultivo de cereales de invierno en ecol\u00f3gico. Se har\u00e1n diversas visitas\" \/>\n<meta name=\"robots\" content=\"index, follow, max-snippet:-1, max-image-preview:large, max-video-preview:-1\" \/>\n<link rel=\"canonical\" href=\"https:\/\/transferencia.irta.cat\/es\/activitats\/produccion-de-trigo-blando-para-planificacion-en-cultivo-ecologico\/\" \/>\n<meta property=\"og:locale\" content=\"es_ES\" \/>\n<meta property=\"og:type\" content=\"article\" \/>\n<meta property=\"og:title\" content=\"Producci\u00f3n de trigo blando para planificaci\u00f3n en cultivo ecol\u00f3gico - IRTA\" \/>\n<meta property=\"og:description\" content=\"En esta jornada se presentar\u00e1n diversas innovaciones que se est\u00e1n realizando en el cultivo de cereales de invierno en ecol\u00f3gico. Se har\u00e1n diversas visitas\" \/>\n<meta property=\"og:url\" content=\"https:\/\/transferencia.irta.cat\/es\/activitats\/produccion-de-trigo-blando-para-planificacion-en-cultivo-ecologico\/\" \/>\n<meta property=\"og:site_name\" content=\"IRTA\" \/>\n<meta property=\"article:modified_time\" content=\"2024-04-16T10:48:02+00:00\" \/>\n<meta property=\"og:image\" content=\"https:\/\/transferencia.irta.cat\/wp-content\/uploads\/2020\/03\/Captura-1.jpg\" \/>\n\t<meta property=\"og:image:width\" content=\"385\" \/>\n\t<meta property=\"og:image:height\" content=\"270\" \/>\n<meta name=\"twitter:card\" content=\"summary_large_image\" \/>\n<meta name=\"twitter:label1\" value=\"Escrito por\">\n\t<meta name=\"twitter:data1\" value=\"Montse\">\n\t<meta name=\"twitter:label2\" value=\"Tiempo de lectura\">\n\t<meta name=\"twitter:data2\" value=\"1 minuto\">\n<script type=\"application\/ld+json\" class=\"yoast-schema-graph\">{\"@context\":\"https:\/\/schema.org\",\"@graph\":[{\"@type\":\"WebSite\",\"@id\":\"https:\/\/transferencia.irta.cat\/es\/#website\",\"url\":\"https:\/\/transferencia.irta.cat\/es\/\",\"name\":\"IRTA\",\"description\":\"Transfer\\u00e8ncia de coneixement\",\"potentialAction\":[{\"@type\":\"SearchAction\",\"target\":\"https:\/\/transferencia.irta.cat\/es\/?s={search_term_string}\",\"query-input\":\"required name=search_term_string\"}],\"inLanguage\":\"es\"},{\"@type\":\"ImageObject\",\"@id\":\"https:\/\/transferencia.irta.cat\/es\/activitats\/produccion-de-trigo-blando-para-planificacion-en-cultivo-ecologico\/#primaryimage\",\"inLanguage\":\"es\",\"url\":\"https:\/\/transferencia.irta.cat\/wp-content\/uploads\/2020\/03\/Captura-1.jpg\",\"width\":385,\"height\":270},{\"@type\":\"WebPage\",\"@id\":\"https:\/\/transferencia.irta.cat\/es\/activitats\/produccion-de-trigo-blando-para-planificacion-en-cultivo-ecologico\/#webpage\",\"url\":\"https:\/\/transferencia.irta.cat\/es\/activitats\/produccion-de-trigo-blando-para-planificacion-en-cultivo-ecologico\/\",\"name\":\"Producci\\u00f3n de trigo blando para planificaci\\u00f3n en cultivo ecol\\u00f3gico - IRTA\",\"isPartOf\":{\"@id\":\"https:\/\/transferencia.irta.cat\/es\/#website\"},\"primaryImageOfPage\":{\"@id\":\"https:\/\/transferencia.irta.cat\/es\/activitats\/produccion-de-trigo-blando-para-planificacion-en-cultivo-ecologico\/#primaryimage\"},\"datePublished\":\"2023-12-20T13:10:47+00:00\",\"dateModified\":\"2024-04-16T10:48:02+00:00\",\"description\":\"En esta jornada se presentar\\u00e1n diversas innovaciones que se est\\u00e1n realizando en el cultivo de cereales de invierno en ecol\\u00f3gico. Se har\\u00e1n diversas visitas\",\"inLanguage\":\"es\",\"potentialAction\":[{\"@type\":\"ReadAction\",\"target\":[\"https:\/\/transferencia.irta.cat\/es\/activitats\/produccion-de-trigo-blando-para-planificacion-en-cultivo-ecologico\/\"]}]}]}<\/script>\n<!-- \/ Yoast SEO plugin. -->","_links":{"self":[{"href":"https:\/\/transferencia.irta.cat\/es\/wp-json\/wp\/v2\/activitats\/23047","targetHints":{"allow":["GET"]}}],"collection":[{"href":"https:\/\/transferencia.irta.cat\/es\/wp-json\/wp\/v2\/activitats"}],"about":[{"href":"https:\/\/transferencia.irta.cat\/es\/wp-json\/wp\/v2\/types\/activitats"}],"wp:featuredmedia":[{"embeddable":true,"href":"https:\/\/transferencia.irta.cat\/es\/wp-json\/wp\/v2\/media\/4031"}],"wp:attachment":[{"href":"https:\/\/transferencia.irta.cat\/es\/wp-json\/wp\/v2\/media?parent=23047"}],"wp:term":[{"taxonomy":"category","embeddable":true,"href":"https:\/\/transferencia.irta.cat\/es\/wp-json\/wp\/v2\/categories?post=23047"},{"taxonomy":"post_tag","embeddable":true,"href":"https:\/\/transferencia.irta.cat\/es\/wp-json\/wp\/v2\/tags?post=23047"},{"taxonomy":"objectius_estrategics","embeddable":true,"href":"https:\/\/transferencia.irta.cat\/es\/wp-json\/wp\/v2\/objectius_estrategics?post=23047"},{"taxonomy":"ods","embeddable":true,"href":"https:\/\/transferencia.irta.cat\/es\/wp-json\/wp\/v2\/ods?post=23047"},{"taxonomy":"programa_irta","embeddable":true,"href":"https:\/\/transferencia.irta.cat\/es\/wp-json\/wp\/v2\/programa_irta?post=23047"},{"taxonomy":"trainings","embeddable":true,"href":"https:\/\/transferencia.irta.cat\/es\/wp-json\/wp\/v2\/trainings?post=23047"}],"curies":[{"name":"wp","href":"https:\/\/api.w.org\/{rel}","templated":true}]}}