{"id":20950,"date":"2023-09-05T08:49:07","date_gmt":"2023-09-05T06:49:07","guid":{"rendered":"https:\/\/transferencia.irta.cat\/?post_type=activitats&#038;p=20950"},"modified":"2023-09-05T09:12:33","modified_gmt":"2023-09-05T07:12:33","slug":"2o-congreso-bit","status":"publish","type":"activitats","link":"https:\/\/transferencia.irta.cat\/es\/activitats\/2o-congreso-bit\/","title":{"rendered":"2\u00ba Congreso BIT"},"content":{"rendered":"\n<figure class=\"wp-block-embed-youtube wp-block-embed is-type-video is-provider-youtube wp-embed-aspect-16-9 wp-has-aspect-ratio\"><div class=\"wp-block-embed__wrapper\">\n<iframe loading=\"lazy\" title=\"Congr\u00e9s BIT 2023 Vic\" width=\"500\" height=\"281\" src=\"https:\/\/www.youtube.com\/embed\/_v2dTnKzVp8?feature=oembed\" frameborder=\"0\" allow=\"accelerometer; autoplay; clipboard-write; encrypted-media; gyroscope; picture-in-picture; web-share\" referrerpolicy=\"strict-origin-when-cross-origin\" allowfullscreen><\/iframe>\n<\/div><\/figure>\n\n\n\n<p class=\"wp-block-paragraph\"><br>La ciudad de Lleida albergar\u00e1 la segunda edici\u00f3n del Congreso BIT, que contar\u00e1 con 60 ponentes, 40 p\u00f3sters y 6 talleres participativos. <\/p>\n\n\n\n<p class=\"wp-block-paragraph\">Consulta el programa en este enlace: <a href=\"https:\/\/www.congresbit.cat\/es\/programa-lleida-2023\/\">https:\/\/www.congresbit.cat\/es\/programa-lleida-2023\/<\/a><\/p>\n","protected":false},"featured_media":20941,"template":"","categories":[],"tags":[],"objectius_estrategics":[],"ods":[],"programa_irta":[],"trainings":[],"class_list":["post-20950","activitats","type-activitats","status-publish","has-post-thumbnail","hentry"],"acf":{"codi":"","data":"28\/09\/2023","data_fi":"29\/09\/2023","horari":"09:00h - 18:00h","idioma":"","original_language":"ca","preu":"","places":"-1","ciutat":"Lleida","lloc_de_realitzacio":"<p>Palau de Congresos - La Llotja Lleida<\/p>\n","ubicacio":{"address":"La Llotja | Lleida, Avinguda de Tortosa, Lleida, Espanya","lat":41.6195015,"lng":0.6379104999999999,"zoom":14,"place_id":"ChIJb0m6z1_gphIRnJukez02wsE","name":"La Llotja | Lleida","street_number":"6","street_name":"Avinguda de Tortosa","city":"Lleida","state":"Catalunya","state_short":"CT","post_code":"25005","country":"Espanya","country_short":"ES"},"imatge_ubicacio":false,"persona_contacte_nom":"","persona_contacte_email":"","programa":false,"programacio":"<p><a href=\"https:\/\/www.congresbit.cat\/es\/programa-lleida-2023\/\">Programa 2\u00ba Congreso BIT<\/a><\/p>\n","ponents":false,"organitza":[{"imatge":"https:\/\/transferencia.irta.cat\/wp-content\/uploads\/2022\/12\/DACC_2023.png","nom":"","link":""},{"imatge":"https:\/\/transferencia.irta.cat\/wp-content\/uploads\/2023\/09\/ajuntament-vic.png","nom":"","link":""},{"imatge":"https:\/\/transferencia.irta.cat\/wp-content\/uploads\/2023\/09\/fira-lleida.jpg","nom":"","link":""}],"patrocina":[{"imatge":"https:\/\/transferencia.irta.cat\/wp-content\/uploads\/2023\/09\/AKIS.jpg","nom":"","link":""},{"imatge":"https:\/\/transferencia.irta.cat\/wp-content\/uploads\/2023\/09\/ALCARRAS-BIO-PRODUCTORS.jpg","nom":"","link":""},{"imatge":"https:\/\/transferencia.irta.cat\/wp-content\/uploads\/2023\/09\/ALFA-LAVAL.jpg","nom":"","link":""},{"imatge":"https:\/\/transferencia.irta.cat\/wp-content\/uploads\/2023\/09\/BIO-BOOST.jpg","nom":"","link":""},{"imatge":"https:\/\/transferencia.irta.cat\/wp-content\/uploads\/2023\/09\/CATALANA-BIOGAS.jpg","nom":"","link":""},{"imatge":"https:\/\/transferencia.irta.cat\/wp-content\/uploads\/2023\/09\/RCTA.jpg","nom":"","link":""},{"imatge":"https:\/\/transferencia.irta.cat\/wp-content\/uploads\/2023\/09\/BOU-CONTENIDORS.jpg","nom":"","link":""},{"imatge":"https:\/\/transferencia.irta.cat\/wp-content\/uploads\/2023\/09\/SENIA-BIOENERGY.jpg","nom":"","link":""},{"imatge":"https:\/\/transferencia.irta.cat\/wp-content\/uploads\/2023\/09\/GEPORK.jpg","nom":"","link":""},{"imatge":"https:\/\/transferencia.irta.cat\/wp-content\/uploads\/2023\/09\/ILERSAP.jpg","nom":"","link":""},{"imatge":"https:\/\/transferencia.irta.cat\/wp-content\/uploads\/2023\/09\/INNOFERTI.jpg","nom":"","link":""},{"imatge":"https:\/\/transferencia.irta.cat\/wp-content\/uploads\/2023\/09\/LIQUATS.jpg","nom":"","link":""},{"imatge":"https:\/\/transferencia.irta.cat\/wp-content\/uploads\/2023\/09\/MUNS.jpg","nom":"","link":""},{"imatge":"https:\/\/transferencia.irta.cat\/wp-content\/uploads\/2023\/09\/NACTIVA.jpg","nom":"","link":""},{"imatge":"https:\/\/transferencia.irta.cat\/wp-content\/uploads\/2023\/09\/NECTA.jpg","nom":"","link":""},{"imatge":"https:\/\/transferencia.irta.cat\/wp-content\/uploads\/2023\/09\/NEDGIA.jpg","nom":"","link":""},{"imatge":"https:\/\/transferencia.irta.cat\/wp-content\/uploads\/2023\/09\/COOP-PLANA-VIC.jpg","nom":"","link":""},{"imatge":"https:\/\/transferencia.irta.cat\/wp-content\/uploads\/2023\/09\/RECOOP.jpg","nom":"","link":""},{"imatge":"https:\/\/transferencia.irta.cat\/wp-content\/uploads\/2023\/09\/innovac.jpg","nom":"","link":""},{"imatge":"https:\/\/transferencia.irta.cat\/wp-content\/uploads\/2023\/09\/UNI-GIRONA.jpg","nom":"","link":""},{"imatge":"https:\/\/transferencia.irta.cat\/wp-content\/uploads\/2023\/09\/UNI-BARCELONA.jpg","nom":"","link":""},{"imatge":"https:\/\/transferencia.irta.cat\/wp-content\/uploads\/2023\/09\/UAB.jpg","nom":"","link":""},{"imatge":"https:\/\/transferencia.irta.cat\/wp-content\/uploads\/2023\/09\/RESIDU-RECURS.jpg","nom":"","link":""},{"imatge":"https:\/\/transferencia.irta.cat\/wp-content\/uploads\/2023\/09\/GLOBAL-LLEIDA.jpg","nom":"","link":""},{"imatge":"https:\/\/transferencia.irta.cat\/wp-content\/uploads\/2023\/09\/ENGINYERS-AGRO-CAT.jpg","nom":"","link":""},{"imatge":"https:\/\/transferencia.irta.cat\/wp-content\/uploads\/2023\/09\/CONSELL-CAMBRES.jpg","nom":"","link":""},{"imatge":"https:\/\/transferencia.irta.cat\/wp-content\/uploads\/2021\/02\/CREAF_logo_A4.png","nom":"","link":""},{"imatge":"https:\/\/transferencia.irta.cat\/wp-content\/uploads\/2023\/09\/DBA.jpg","nom":"","link":""},{"imatge":"https:\/\/transferencia.irta.cat\/wp-content\/uploads\/2022\/12\/femac.jpg","nom":"","link":""}],"colabora":[{"imatge":"https:\/\/transferencia.irta.cat\/wp-content\/uploads\/2023\/09\/ACCIO.jpg","nom":"","link":""},{"imatge":"https:\/\/transferencia.irta.cat\/wp-content\/uploads\/2023\/09\/BIOREGIONS.jpg","nom":"","link":""},{"imatge":"https:\/\/transferencia.irta.cat\/wp-content\/uploads\/2023\/09\/CAMBRA-COM-LLEIDA.jpg","nom":"","link":""},{"imatge":"https:\/\/transferencia.irta.cat\/wp-content\/uploads\/2023\/09\/CAMBRA-COM-TARR.jpg","nom":"","link":""},{"imatge":"https:\/\/transferencia.irta.cat\/wp-content\/uploads\/2020\/11\/CTFC.png","nom":"","link":""},{"imatge":"https:\/\/transferencia.irta.cat\/wp-content\/uploads\/2020\/02\/logodiputaciopetit.png","nom":"","link":""},{"imatge":"https:\/\/transferencia.irta.cat\/wp-content\/uploads\/2021\/12\/eurecat.jpg","nom":"","link":""},{"imatge":"https:\/\/transferencia.irta.cat\/wp-content\/uploads\/2020\/02\/Federaci\u00f3-Cooperatives.jpg","nom":"","link":""},{"imatge":"https:\/\/transferencia.irta.cat\/wp-content\/uploads\/2022\/12\/IRTA_logo_PNG_amb_R_cerca.png","nom":"","link":""},{"imatge":"https:\/\/transferencia.irta.cat\/wp-content\/uploads\/2023\/09\/PARC-AGROBIOTECH.jpg","nom":"","link":""},{"imatge":"https:\/\/transferencia.irta.cat\/wp-content\/uploads\/2020\/11\/udl.png","nom":"","link":""}],"serveis":false,"materials":false,"activitats_relacionades":false,"te_enquesta":false,"id_enquesta":"","enquesta_externa":"","subscribe_external_link":"https:\/\/www.congresbit.cat\/es\/","en_construccio":false,"wait_list":false},"yoast_head":"<!-- This site is optimized with the Yoast SEO plugin v28.4 - https:\/\/yoast.com\/product\/yoast-seo-wordpress\/ -->\n<title>2\u00ba Congreso BIT - IRTA<\/title>\n<meta name=\"description\" content=\"https:\/\/youtu.be\/_v2dTnKzVp8 La ciudad de Lleida albergar\u00e1 la segunda edici\u00f3n del Congreso BIT, que contar\u00e1 con 60 ponentes, 40 p\u00f3sters y 6 talleres\" \/>\n<meta name=\"robots\" content=\"index, follow, max-snippet:-1, max-image-preview:large, max-video-preview:-1\" \/>\n<link rel=\"canonical\" href=\"https:\/\/transferencia.irta.cat\/es\/activitats\/2o-congreso-bit\/\" \/>\n<meta property=\"og:locale\" content=\"es_ES\" \/>\n<meta property=\"og:type\" content=\"article\" \/>\n<meta property=\"og:title\" content=\"2\u00ba Congreso BIT - IRTA\" \/>\n<meta property=\"og:description\" content=\"https:\/\/youtu.be\/_v2dTnKzVp8 La ciudad de Lleida albergar\u00e1 la segunda edici\u00f3n del Congreso BIT, que contar\u00e1 con 60 ponentes, 40 p\u00f3sters y 6 talleres\" \/>\n<meta property=\"og:url\" content=\"https:\/\/transferencia.irta.cat\/es\/activitats\/2o-congreso-bit\/\" \/>\n<meta property=\"og:site_name\" content=\"IRTA\" \/>\n<meta property=\"article:modified_time\" content=\"2023-09-05T07:12:33+00:00\" \/>\n<meta property=\"og:image\" content=\"https:\/\/transferencia.irta.cat\/wp-content\/uploads\/2023\/09\/BIT.jpg\" \/>\n\t<meta property=\"og:image:width\" content=\"1532\" \/>\n\t<meta property=\"og:image:height\" content=\"324\" \/>\n\t<meta property=\"og:image:type\" content=\"image\/jpeg\" \/>\n<meta name=\"twitter:card\" content=\"summary_large_image\" \/>\n<script type=\"application\/ld+json\" class=\"yoast-schema-graph\">{\"@context\":\"https:\\\/\\\/schema.org\",\"@graph\":[{\"@type\":\"WebPage\",\"@id\":\"https:\\\/\\\/transferencia.irta.cat\\\/es\\\/activitats\\\/2o-congreso-bit\\\/\",\"url\":\"https:\\\/\\\/transferencia.irta.cat\\\/es\\\/activitats\\\/2o-congreso-bit\\\/\",\"name\":\"2\u00ba Congreso BIT - IRTA\",\"isPartOf\":{\"@id\":\"https:\\\/\\\/transferencia.irta.cat\\\/es\\\/#website\"},\"primaryImageOfPage\":{\"@id\":\"https:\\\/\\\/transferencia.irta.cat\\\/es\\\/activitats\\\/2o-congreso-bit\\\/#primaryimage\"},\"image\":{\"@id\":\"https:\\\/\\\/transferencia.irta.cat\\\/es\\\/activitats\\\/2o-congreso-bit\\\/#primaryimage\"},\"thumbnailUrl\":\"https:\\\/\\\/transferencia.irta.cat\\\/wp-content\\\/uploads\\\/2023\\\/09\\\/BIT.jpg\",\"datePublished\":\"2023-09-05T06:49:07+00:00\",\"dateModified\":\"2023-09-05T07:12:33+00:00\",\"description\":\"https:\\\/\\\/youtu.be\\\/_v2dTnKzVp8 La ciudad de Lleida albergar\u00e1 la segunda edici\u00f3n del Congreso BIT, que contar\u00e1 con 60 ponentes, 40 p\u00f3sters y 6 talleres\",\"breadcrumb\":{\"@id\":\"https:\\\/\\\/transferencia.irta.cat\\\/es\\\/activitats\\\/2o-congreso-bit\\\/#breadcrumb\"},\"inLanguage\":\"es\",\"potentialAction\":[{\"@type\":\"ReadAction\",\"target\":[\"https:\\\/\\\/transferencia.irta.cat\\\/es\\\/activitats\\\/2o-congreso-bit\\\/\"]}]},{\"@type\":\"ImageObject\",\"inLanguage\":\"es\",\"@id\":\"https:\\\/\\\/transferencia.irta.cat\\\/es\\\/activitats\\\/2o-congreso-bit\\\/#primaryimage\",\"url\":\"https:\\\/\\\/transferencia.irta.cat\\\/wp-content\\\/uploads\\\/2023\\\/09\\\/BIT.jpg\",\"contentUrl\":\"https:\\\/\\\/transferencia.irta.cat\\\/wp-content\\\/uploads\\\/2023\\\/09\\\/BIT.jpg\",\"width\":1532,\"height\":324},{\"@type\":\"BreadcrumbList\",\"@id\":\"https:\\\/\\\/transferencia.irta.cat\\\/es\\\/activitats\\\/2o-congreso-bit\\\/#breadcrumb\",\"itemListElement\":[{\"@type\":\"ListItem\",\"position\":1,\"name\":\"Inici\",\"item\":\"https:\\\/\\\/transferencia.irta.cat\\\/es\\\/\"},{\"@type\":\"ListItem\",\"position\":2,\"name\":\"Actividades\",\"item\":\"https:\\\/\\\/transferencia.irta.cat\\\/es\\\/activitats\\\/\"},{\"@type\":\"ListItem\",\"position\":3,\"name\":\"2\u00ba Congreso BIT\"}]},{\"@type\":\"WebSite\",\"@id\":\"https:\\\/\\\/transferencia.irta.cat\\\/es\\\/#website\",\"url\":\"https:\\\/\\\/transferencia.irta.cat\\\/es\\\/\",\"name\":\"IRTA\",\"description\":\"Transfer\u00e8ncia de coneixement\",\"potentialAction\":[{\"@type\":\"SearchAction\",\"target\":{\"@type\":\"EntryPoint\",\"urlTemplate\":\"https:\\\/\\\/transferencia.irta.cat\\\/es\\\/?s={search_term_string}\"},\"query-input\":{\"@type\":\"PropertyValueSpecification\",\"valueRequired\":true,\"valueName\":\"search_term_string\"}}],\"inLanguage\":\"es\"}]}<\/script>\n<!-- \/ Yoast SEO plugin. -->","yoast_head_json":{"title":"2\u00ba Congreso BIT - IRTA","description":"https:\/\/youtu.be\/_v2dTnKzVp8 La ciudad de Lleida albergar\u00e1 la segunda edici\u00f3n del Congreso BIT, que contar\u00e1 con 60 ponentes, 40 p\u00f3sters y 6 talleres","robots":{"index":"index","follow":"follow","max-snippet":"max-snippet:-1","max-image-preview":"max-image-preview:large","max-video-preview":"max-video-preview:-1"},"canonical":"https:\/\/transferencia.irta.cat\/es\/activitats\/2o-congreso-bit\/","og_locale":"es_ES","og_type":"article","og_title":"2\u00ba Congreso BIT - IRTA","og_description":"https:\/\/youtu.be\/_v2dTnKzVp8 La ciudad de Lleida albergar\u00e1 la segunda edici\u00f3n del Congreso BIT, que contar\u00e1 con 60 ponentes, 40 p\u00f3sters y 6 talleres","og_url":"https:\/\/transferencia.irta.cat\/es\/activitats\/2o-congreso-bit\/","og_site_name":"IRTA","article_modified_time":"2023-09-05T07:12:33+00:00","og_image":[{"width":1532,"height":324,"url":"https:\/\/transferencia.irta.cat\/wp-content\/uploads\/2023\/09\/BIT.jpg","type":"image\/jpeg"}],"twitter_card":"summary_large_image","schema":{"@context":"https:\/\/schema.org","@graph":[{"@type":"WebPage","@id":"https:\/\/transferencia.irta.cat\/es\/activitats\/2o-congreso-bit\/","url":"https:\/\/transferencia.irta.cat\/es\/activitats\/2o-congreso-bit\/","name":"2\u00ba Congreso BIT - IRTA","isPartOf":{"@id":"https:\/\/transferencia.irta.cat\/es\/#website"},"primaryImageOfPage":{"@id":"https:\/\/transferencia.irta.cat\/es\/activitats\/2o-congreso-bit\/#primaryimage"},"image":{"@id":"https:\/\/transferencia.irta.cat\/es\/activitats\/2o-congreso-bit\/#primaryimage"},"thumbnailUrl":"https:\/\/transferencia.irta.cat\/wp-content\/uploads\/2023\/09\/BIT.jpg","datePublished":"2023-09-05T06:49:07+00:00","dateModified":"2023-09-05T07:12:33+00:00","description":"https:\/\/youtu.be\/_v2dTnKzVp8 La ciudad de Lleida albergar\u00e1 la segunda edici\u00f3n del Congreso BIT, que contar\u00e1 con 60 ponentes, 40 p\u00f3sters y 6 talleres","breadcrumb":{"@id":"https:\/\/transferencia.irta.cat\/es\/activitats\/2o-congreso-bit\/#breadcrumb"},"inLanguage":"es","potentialAction":[{"@type":"ReadAction","target":["https:\/\/transferencia.irta.cat\/es\/activitats\/2o-congreso-bit\/"]}]},{"@type":"ImageObject","inLanguage":"es","@id":"https:\/\/transferencia.irta.cat\/es\/activitats\/2o-congreso-bit\/#primaryimage","url":"https:\/\/transferencia.irta.cat\/wp-content\/uploads\/2023\/09\/BIT.jpg","contentUrl":"https:\/\/transferencia.irta.cat\/wp-content\/uploads\/2023\/09\/BIT.jpg","width":1532,"height":324},{"@type":"BreadcrumbList","@id":"https:\/\/transferencia.irta.cat\/es\/activitats\/2o-congreso-bit\/#breadcrumb","itemListElement":[{"@type":"ListItem","position":1,"name":"Inici","item":"https:\/\/transferencia.irta.cat\/es\/"},{"@type":"ListItem","position":2,"name":"Actividades","item":"https:\/\/transferencia.irta.cat\/es\/activitats\/"},{"@type":"ListItem","position":3,"name":"2\u00ba Congreso BIT"}]},{"@type":"WebSite","@id":"https:\/\/transferencia.irta.cat\/es\/#website","url":"https:\/\/transferencia.irta.cat\/es\/","name":"IRTA","description":"Transfer\u00e8ncia de coneixement","potentialAction":[{"@type":"SearchAction","target":{"@type":"EntryPoint","urlTemplate":"https:\/\/transferencia.irta.cat\/es\/?s={search_term_string}"},"query-input":{"@type":"PropertyValueSpecification","valueRequired":true,"valueName":"search_term_string"}}],"inLanguage":"es"}]}},"_links":{"self":[{"href":"https:\/\/transferencia.irta.cat\/es\/wp-json\/wp\/v2\/activitats\/20950","targetHints":{"allow":["GET"]}}],"collection":[{"href":"https:\/\/transferencia.irta.cat\/es\/wp-json\/wp\/v2\/activitats"}],"about":[{"href":"https:\/\/transferencia.irta.cat\/es\/wp-json\/wp\/v2\/types\/activitats"}],"wp:featuredmedia":[{"embeddable":true,"href":"https:\/\/transferencia.irta.cat\/es\/wp-json\/wp\/v2\/media\/20941"}],"wp:attachment":[{"href":"https:\/\/transferencia.irta.cat\/es\/wp-json\/wp\/v2\/media?parent=20950"}],"wp:term":[{"taxonomy":"category","embeddable":true,"href":"https:\/\/transferencia.irta.cat\/es\/wp-json\/wp\/v2\/categories?post=20950"},{"taxonomy":"post_tag","embeddable":true,"href":"https:\/\/transferencia.irta.cat\/es\/wp-json\/wp\/v2\/tags?post=20950"},{"taxonomy":"objectius_estrategics","embeddable":true,"href":"https:\/\/transferencia.irta.cat\/es\/wp-json\/wp\/v2\/objectius_estrategics?post=20950"},{"taxonomy":"ods","embeddable":true,"href":"https:\/\/transferencia.irta.cat\/es\/wp-json\/wp\/v2\/ods?post=20950"},{"taxonomy":"programa_irta","embeddable":true,"href":"https:\/\/transferencia.irta.cat\/es\/wp-json\/wp\/v2\/programa_irta?post=20950"},{"taxonomy":"trainings","embeddable":true,"href":"https:\/\/transferencia.irta.cat\/es\/wp-json\/wp\/v2\/trainings?post=20950"}],"curies":[{"name":"wp","href":"https:\/\/api.w.org\/{rel}","templated":true}]}}