{"id":20632,"date":"2023-08-07T08:46:43","date_gmt":"2023-08-07T06:46:43","guid":{"rendered":"https:\/\/transferencia.irta.cat\/?post_type=activitats&#038;p=20632"},"modified":"2023-11-14T13:06:45","modified_gmt":"2023-11-14T12:06:45","slug":"xxviii-jornada-fruticola-mollerussa-2023","status":"publish","type":"activitats","link":"https:\/\/transferencia.irta.cat\/es\/activitats\/xxviii-jornada-fruticola-mollerussa-2023\/","title":{"rendered":"XXVIII Jornada Frut\u00edcola Mollerussa 2023"},"content":{"rendered":"\n<p><strong>Vig\u00e9simo octava edici\u00f3n de la Jornada Fruct\u00edcola de Mollerussa<\/strong> que este a\u00f1o contar\u00e1 con 90 empresas patrocinadoras y 80 stands.  <\/p>\n\n\n\n<p><strong>El encuentro del sector frut\u00edcola<\/strong> combinar\u00e1 ponencias y demostraciones de campos del personal investigador y t\u00e9cnico del IRTA con demostraciones de maquinaria agr\u00edcola de las empresas patrocinadoras. <\/p>\n\n\n\n<p>En esta edici\u00f3n, la Jornada Fruct\u00edcola de Mollerussa ha programado un <strong>monogr\u00e1fico sobre la sequ\u00eda<\/strong> en el que se explicar\u00e1 la investigaci\u00f3n m\u00e1s relevante que el IRTA ha llevado a cabo en los \u00faltimos a\u00f1os. <\/p>\n\n\n\n<p>Durante todo el d\u00eda se podr\u00e1 visitar los <strong>80 stands <\/strong>para conocer las \u00faltimas novedades de las principales empresas del sector frut\u00edcola. <\/p>\n\n\n\n<figure class=\"wp-block-image size-large\"><img loading=\"lazy\" decoding=\"async\" width=\"1024\" height=\"481\" src=\"https:\/\/transferencia.irta.cat\/wp-content\/uploads\/2023\/10\/ES_cap\u00e7alera_fructi_2023-1024x481.jpg\" alt=\"\" class=\"wp-image-21496\" srcset=\"https:\/\/transferencia.irta.cat\/wp-content\/uploads\/2023\/10\/ES_cap\u00e7alera_fructi_2023-1024x481.jpg 1024w, https:\/\/transferencia.irta.cat\/wp-content\/uploads\/2023\/10\/ES_cap\u00e7alera_fructi_2023-300x141.jpg 300w, https:\/\/transferencia.irta.cat\/wp-content\/uploads\/2023\/10\/ES_cap\u00e7alera_fructi_2023-768x361.jpg 768w, https:\/\/transferencia.irta.cat\/wp-content\/uploads\/2023\/10\/ES_cap\u00e7alera_fructi_2023-1536x721.jpg 1536w, https:\/\/transferencia.irta.cat\/wp-content\/uploads\/2023\/10\/ES_cap\u00e7alera_fructi_2023.jpg 1621w\" sizes=\"auto, (max-width: 1024px) 100vw, 1024px\" \/><\/figure>\n\n\n\n<div class=\"wp-block-image\"><figure class=\"aligncenter size-large is-resized\"><img loading=\"lazy\" decoding=\"async\" src=\"https:\/\/transferencia.irta.cat\/wp-content\/uploads\/2022\/10\/jornada_molle-1-1024x683.jpg\" alt=\"\" class=\"wp-image-16246\" width=\"421\" height=\"280\" srcset=\"https:\/\/transferencia.irta.cat\/wp-content\/uploads\/2022\/10\/jornada_molle-1-1024x683.jpg 1024w, https:\/\/transferencia.irta.cat\/wp-content\/uploads\/2022\/10\/jornada_molle-1-300x200.jpg 300w, https:\/\/transferencia.irta.cat\/wp-content\/uploads\/2022\/10\/jornada_molle-1-768x512.jpg 768w, https:\/\/transferencia.irta.cat\/wp-content\/uploads\/2022\/10\/jornada_molle-1-1536x1024.jpg 1536w, https:\/\/transferencia.irta.cat\/wp-content\/uploads\/2022\/10\/jornada_molle-1.jpg 1920w\" sizes=\"auto, (max-width: 421px) 100vw, 421px\" \/><\/figure><\/div>\n\n\n\n<p><\/p>\n","protected":false},"featured_media":16246,"template":"","categories":[637,635],"tags":[1729,808,809,1142,2586],"objectius_estrategics":[],"ods":[],"programa_irta":[1237],"trainings":[],"class_list":["post-20632","activitats","type-activitats","status-publish","has-post-thumbnail","hentry","category-fruticultura-es","category-produccion-vegetal","tag-fructicultura-es","tag-fruita-dolca-es","tag-fruta-dulce-es","tag-fruticultura-2","tag-sequia","programa_irta-v2-fructicultura-es"],"acf":{"codi":"","data":"18\/10\/2023","data_fi":"19\/10\/2023","horari":"09:00h - 18:30h","idioma":"Catal\u00e1n (18 octubre) \/ Castellano (19 octubre)","original_language":"ca","preu":"Gratuito","places":"-1","ciutat":"Mollerussa","lloc_de_realitzacio":"<p>Finca IRTA Mollerussa<\/p>\n<p>Ctra. Torregrossa, km 3<\/p>\n<p>25230 Mollerussa<\/p>\n","ubicacio":{"address":"Institut La Serra Mollerussa, Ctra. Torregrossa, Mollerussa, Espanya","lat":41.61747959999999,"lng":0.8681173999999997,"zoom":14,"place_id":"ChIJg9WHT-nqphIRoh-q6q3_-iY","name":"Institut La Serra Mollerussa","street_number":"Km 1","street_name":"Carretera Torregrossa","street_name_short":"Ctra. Torregrossa","city":"Mollerussa","state":"Catalunya","state_short":"CT","post_code":"25230","country":"Espanya","country_short":"ES"},"imatge_ubicacio":false,"persona_contacte_nom":"Montse Palau","persona_contacte_email":"montserrat.palau@irta.cat","programa":{"ID":21516,"id":21516,"title":"ES_Programa_XXVIII Jornada Frut\u00edcola de Mollerussa","filename":"ES_Programa_XXVIII-Jornada-Frut\u00edcola-de-Mollerussa.pdf","filesize":1515617,"url":"https:\/\/transferencia.irta.cat\/wp-content\/uploads\/2023\/08\/ES_Programa_XXVIII-Jornada-Frut\u00edcola-de-Mollerussa.pdf","link":"https:\/\/transferencia.irta.cat\/es\/activitats\/xxviii-jornada-fruticola-mollerussa-2023\/es_programa_xxviii-jornada-fruticola-de-mollerussa\/","alt":"","author":"32","description":"","caption":"","name":"es_programa_xxviii-jornada-fruticola-de-mollerussa","status":"inherit","uploaded_to":20632,"date":"2023-10-09 16:06:10","modified":"2023-10-09 16:06:10","menu_order":0,"mime_type":"application\/pdf","type":"application","subtype":"pdf","icon":"https:\/\/transferencia.irta.cat\/wp-includes\/images\/media\/document.png"},"programacio":"","ponents":[{"ponent":{"ID":2216,"post_author":"0","post_date":"2020-03-11 15:54:51","post_date_gmt":"2020-03-11 14:54:51","post_content":"<!-- wp:paragraph {\"translatedWithWPMLTM\":\"1\"} -->\n<p>Dra. Gemma Reig: Ingeniera agr\u00f3noma y Doctor ingeniero agr\u00f3nomo (2013) por la Universidad de Lleida. Ha trabajado como t\u00e9cnico de apoyo en la investigaci\u00f3n en el departamento de pomolog\u00eda de la Estaci\u00f3n Experimental de Aula Dei - CSIC durante dos periodos diferentes (01 de octubre 2013 - 31 Marzo 2015 y 1 Abril 2017 a 27 Mayo 2018). Entre estos dos per\u00edodos, ha realizado una estancia postdoctoral de 2 a\u00f1os (1 Abril 2015 a 31 Marzo 2017) en el Hudson Valley Research Laboratory - Cornell University (Highland, New York), departamento de Fruticultura, donde su investigaci\u00f3n estuvo enfocada principalmente en portainjertos, sistemas de formaci\u00f3n, fisiopat\u00edas (golpe de sol y bitter pit), variedades y calidad del fruto del cultivo de manzano. Desde junio de 2018 realiza tareas como t\u00e9cnico de apoyo al programa de mejora de melocot\u00f3n, manzana y pera del IRTA, y actualmente tambi\u00e9n es responsable de la colecci\u00f3n de variedades comerciales de melocotonero de IRTA, investigadora principal de dos grupos operativos y participa en un proyecto europeo PRIMA. Cuenta con 29 art\u00edculos cient\u00edficos indexados en revistas listadas en el Science Citation Index (SCI), de los cuales 7 son actos horticulturae, y 16 art\u00edculos t\u00e9cnicos.<\/p>\n<!-- \/wp:paragraph -->","post_title":"Gemma Reig","post_excerpt":"","post_status":"publish","comment_status":"closed","ping_status":"closed","post_password":"","post_name":"gemma-reig","to_ping":"","pinged":"","post_modified":"2020-03-11 15:54:51","post_modified_gmt":"2020-03-11 14:54:51","post_content_filtered":"","post_parent":0,"guid":"https:\/\/transferencia.irta.cat\/ponent\/gemma-reig\/","menu_order":0,"post_type":"ponent","post_mime_type":"","comment_count":"0","filter":"raw"}},{"ponent":{"ID":9346,"post_author":"33","post_date":"2021-09-16 10:05:56","post_date_gmt":"2021-09-16 08:05:56","post_content":"<!-- wp:paragraph {\"translatedWithWPMLTM\":\"1\"} -->\n<p>Joaquim Carb\u00f3 Pericay es Ingeniero T\u00e9cnico Agr\u00edcola y desde 1984 llevar a cabo su actividad investigadora en la Estaci\u00f3n Experimental Agr\u00edcola Mas Badia. Es responsable t\u00e9cnico de las actividades que se desarrollan en el marco del Programa de Fruticultura: evaluaci\u00f3n de nuevas variedades y portainjertos, dise\u00f1o y manejo sostenible de plantaciones, biorreguladores e implementaci\u00f3n de la calidad de la fruta.<\/p>\n<!-- \/wp:paragraph --><!-- wp:paragraph -->\n<p><\/p>\n<!-- \/wp:paragraph -->","post_title":"Joaquim Carb\u00f3","post_excerpt":"","post_status":"publish","comment_status":"closed","ping_status":"closed","post_password":"","post_name":"joaquim-carbo","to_ping":"","pinged":"","post_modified":"2021-09-16 10:05:56","post_modified_gmt":"2021-09-16 08:05:56","post_content_filtered":"","post_parent":0,"guid":"https:\/\/transferencia.irta.cat\/ponent\/joaquim-carbo\/","menu_order":0,"post_type":"ponent","post_mime_type":"","comment_count":"0","filter":"raw"}},{"ponent":{"ID":9348,"post_author":"33","post_date":"2021-09-16 10:07:34","post_date_gmt":"2021-09-16 08:07:34","post_content":"<!-- wp:paragraph {\"translatedWithWPMLTM\":\"1\"} -->\n<p>Jaume Lordan Sanahuja, Investigador en el IRTA desde Junio \u200b\u200b2018. Previamente investigador post-doctoral en la Universidad de Cornell (NY) (2015-2018), formando parte del grupo de fisiolog\u00eda y tecnolog\u00eda del cultivo. Actualmente, est\u00e1 trabajando en el IRTA en el desarrollo y la evaluaci\u00f3n de nuevos sistemas de formaci\u00f3n para optimizar su eficiencia fisiol\u00f3gica, as\u00ed como en el manejo de la carga y la evaluaci\u00f3n de nuevas variedades y pies de manzano.<\/p>\n<!-- \/wp:paragraph -->","post_title":"Jaume Lordan","post_excerpt":"","post_status":"publish","comment_status":"closed","ping_status":"closed","post_password":"","post_name":"jaume-lordan","to_ping":"","pinged":"","post_modified":"2021-09-16 10:07:35","post_modified_gmt":"2021-09-16 08:07:35","post_content_filtered":"","post_parent":0,"guid":"https:\/\/transferencia.irta.cat\/ponent\/jaume-lordan\/","menu_order":0,"post_type":"ponent","post_mime_type":"","comment_count":"0","filter":"raw"}},{"ponent":{"ID":9270,"post_author":"2","post_date":"2021-09-14 10:29:10","post_date_gmt":"2021-09-14 08:29:10","post_content":"<!-- wp:paragraph {\"translatedWithWPMLTM\":\"1\"} -->\n<p>Dolors Bosch Serra es Doctora Ingeniera Agr\u00f3noma por la Universidad de Lleida. Trabaja en el IRTA desde el a\u00f1o 1991. Sus l\u00edneas de investigaci\u00f3n se centran en estudios sobre la biolog\u00eda, el comportamiento y los m\u00e9todos de control de plagas de frutales, tanto los m\u00e9todos basados \u200b\u200ben el productos qu\u00edmicos como en el uso de semioqu\u00edmicos o control biol\u00f3gico.&#13;\nA partir de los resultados obtenidos en los diferentes proyectos de investigaci\u00f3n en que ha participado es autora o coautora de publicaciones en revistas cient\u00edficas. Tambi\u00e9n ha realizado numerosas actividades de transferencia y divulgaci\u00f3n hacia el sector, tanto en jornadas como en publicaciones divulgativas.<\/p>\n<!-- \/wp:paragraph -->","post_title":"Dolors Bosch","post_excerpt":"","post_status":"publish","comment_status":"closed","ping_status":"closed","post_password":"","post_name":"dolors-bosch","to_ping":"","pinged":"","post_modified":"2021-09-14 10:29:10","post_modified_gmt":"2021-09-14 08:29:10","post_content_filtered":"","post_parent":0,"guid":"https:\/\/transferencia.irta.cat\/ponent\/dolors-bosch\/","menu_order":0,"post_type":"ponent","post_mime_type":"","comment_count":"0","filter":"raw"}},{"ponent":{"ID":9354,"post_author":"32","post_date":"2021-09-16 10:19:03","post_date_gmt":"2021-09-16 08:19:03","post_content":"<!-- wp:paragraph {\"translatedWithWPMLTM\":\"1\"} -->\n<p>Luc\u00eda Adriana Escudero-Colomar se Doctora Ingeniera agr\u00f3noma por la Universidad Polit\u00e9cnica de Valencia. Investigadora del IRTA desde 2003. Sus principales l\u00edneas de investigaci\u00f3n se centran en el conocimiento de la biolog\u00eda y el comportamiento de ciertas plagas clave y en el desarrollo de m\u00e9todos y \/ o estrategias para controlarlas, dirigidas a la obtenci\u00f3n de fruta sin residuos de plaguicidas.<\/p>\n<!-- \/wp:paragraph --><!-- wp:paragraph {\"translatedWithWPMLTM\":\"1\"} -->\n<p>En el \u00e1mbito de la transferencia de tecnolog\u00eda, es coautora de un libro sobre las especies de Phytoseiidae asociadas a cultivos, de una Gu\u00eda t\u00e9cnica Fruit.Net para la producci\u00f3n de manzana y de otra Gu\u00eda t\u00e9cnica sobre Halyomorpha Halys. Tambi\u00e9n es autora o coautora de art\u00edculos en la prensa especializada sobre diversas plagas y m\u00e9todos de control.<\/p>\n<!-- \/wp:paragraph -->","post_title":"Luc\u00eda Adriana Escudero-Colomar","post_excerpt":"","post_status":"publish","comment_status":"closed","ping_status":"closed","post_password":"","post_name":"lucia-adriana-escudero-colomar","to_ping":"","pinged":"","post_modified":"2021-09-16 10:19:03","post_modified_gmt":"2021-09-16 08:19:03","post_content_filtered":"","post_parent":0,"guid":"https:\/\/transferencia.irta.cat\/ponent\/lucia-adriana-escudero-colomar\/","menu_order":0,"post_type":"ponent","post_mime_type":"","comment_count":"0","filter":"raw"}},{"ponent":{"ID":2214,"post_author":"0","post_date":"2020-03-11 15:47:14","post_date_gmt":"2020-03-11 14:47:14","post_content":"<!-- wp:paragraph {\"translatedWithWPMLTM\":\"1\"} -->\n<p>Felicidad de Herralde Traver\u00eda es Licenciada en biolog\u00eda (1996) y Doctora en Biolog\u00eda (2000) por la Universidad de Barcelona. Es investigadora en el programa de Fruticultura del IRTA y esta especializada en el estudio de las respuestas ecofisiol\u00f3gicas de las plantas al ambiente, especialmente al estr\u00e9s h\u00eddrico. Entre las especies estudiadas ha trabajado con los principales cultivos le\u00f1osos del \u00e1rea mediterr\u00e1nea: vid, olivo y almendro, as\u00ed como con especies forestales, encina, pino, roble, ornamentales y tambi\u00e9n hort\u00edcolas. Su \u00e1mbito de investigaci\u00f3n actual se centra en el estudio de la vulnerabilidad al cambio global y de las estrategias de adaptaci\u00f3n al cambio clim\u00e1tico de la viticultura mediterr\u00e1nea, haciendo especial \u00e9nfasis en el ciclo del agua, desde el vi\u00f1edo y su \u00e1rea de cultivo hasta el metabolismo secundario de la uva, pasando por la absorci\u00f3n radicular, el transporte de agua, la transpiraci\u00f3n y la eficiencia en el uso del agua. En la actualidad es presidenta del Grupo de Viticultura de la SECH. <\/p>\n<!-- \/wp:paragraph -->","post_title":"Felicidad de Herralde","post_excerpt":"","post_status":"publish","comment_status":"closed","ping_status":"closed","post_password":"","post_name":"felicidad-de-herralde","to_ping":"","pinged":"","post_modified":"2020-03-11 15:47:14","post_modified_gmt":"2020-03-11 14:47:14","post_content_filtered":"","post_parent":0,"guid":"https:\/\/transferencia.irta.cat\/ponent\/felicidad-de-herralde\/","menu_order":0,"post_type":"ponent","post_mime_type":"","comment_count":"0","filter":"raw"}},{"ponent":{"ID":9429,"post_author":"32","post_date":"2021-09-16 13:57:47","post_date_gmt":"2021-09-16 11:57:47","post_content":"<!-- wp:paragraph {\"translatedWithWPMLTM\":\"1\"} -->\n<p>Miquel Peris Giner es Ingeniero Agr\u00f3nomo por la Universidad de Lleida (1997) y desde el a\u00f1o 2005 trabaja como especialista en fruticultura en el IRTA.<\/p>\n<!-- \/wp:paragraph --><!-- wp:paragraph {\"translatedWithWPMLTM\":\"1\"} -->\n<p>Su actividad principal ha sido el asesoramiento en el control de plagas y enfermedades, elecci\u00f3n de material vegetal, poda y formaci\u00f3n de \u00e1rboles, riego y nutrici\u00f3n en fruta dulce. Ha trabajado tambi\u00e9n en investigaci\u00f3n y experimentaci\u00f3n en producci\u00f3n frut\u00edcola, incluyendo la ejecuci\u00f3n de ensayos GLP (Buenas Pr\u00e1cticas de Laboratorio) y en diversos proyectos de investigaci\u00f3n y asesoramiento nacionales e internacionales.<\/p>\n<!-- \/wp:paragraph -->","post_title":"Miquel Peris","post_excerpt":"","post_status":"publish","comment_status":"closed","ping_status":"closed","post_password":"","post_name":"miquel-peris","to_ping":"","pinged":"","post_modified":"2021-09-16 13:57:48","post_modified_gmt":"2021-09-16 11:57:48","post_content_filtered":"","post_parent":0,"guid":"https:\/\/transferencia.irta.cat\/ponent\/miquel-peris\/","menu_order":0,"post_type":"ponent","post_mime_type":"","comment_count":"0","filter":"raw"}},{"ponent":{"ID":9396,"post_author":"32","post_date":"2021-09-16 13:13:59","post_date_gmt":"2021-09-16 11:13:59","post_content":"<!-- wp:paragraph {\"translatedWithWPMLTM\":\"1\"} -->\n<p>Xavier Miarnau, Doctor Ingeniero Agr\u00f3nomo en Producci\u00f3n Vegetal, que trabaja desde 2007 en la Estaci\u00f3n experimental de Lleida en el Programa de fruticultura del IRTA. Su tarea se desarrolla principalmente como especialista en el cultivo del almendro, tanto en material vegetal como en tecnolog\u00eda del cultivo. Actualmente es el coordinador de frutos secos en el IRTA.<\/p>\n<!-- \/wp:paragraph --><!-- wp:paragraph {\"translatedWithWPMLTM\":\"1\"} -->\n<p>Ha participado y participa en proyectos de I + D + I tanto a nivel espa\u00f1ol (INIA y MICIN), europeo (FP7) y tambi\u00e9n internacional.<\/p>\n<!-- \/wp:paragraph --><!-- wp:paragraph {\"translatedWithWPMLTM\":\"1\"} -->\n<p>Es autor de numerosos art\u00edculos cient\u00edficos y de divulgaci\u00f3n, participando activamente en la transferencia tecnol\u00f3gica al sector, mediante la realizaci\u00f3n de numerosas jornadas y conferencias, as\u00ed como la coordinaci\u00f3n y ejecuci\u00f3n de contratos en el \u00e1mbito privado y p\u00fablico.<\/p>\n<!-- \/wp:paragraph -->","post_title":"Xavier Miarnau","post_excerpt":"","post_status":"publish","comment_status":"closed","ping_status":"closed","post_password":"","post_name":"xavier-miarnau","to_ping":"","pinged":"","post_modified":"2021-09-16 13:13:59","post_modified_gmt":"2021-09-16 11:13:59","post_content_filtered":"","post_parent":0,"guid":"https:\/\/transferencia.irta.cat\/ponent\/xavier-miarnau\/","menu_order":0,"post_type":"ponent","post_mime_type":"","comment_count":"0","filter":"raw"}},{"ponent":{"ID":7184,"post_author":"32","post_date":"2021-05-14 11:38:58","post_date_gmt":"2021-05-14 09:38:58","post_content":"<!-- wp:paragraph {\"translatedWithWPMLTM\":\"1\"} -->\n<p><strong>Estanis Torres<\/strong> es Doctor Ingeniero Agr\u00f3nomo con Master en Investigaci\u00f3n en Sistemas de Producci\u00f3n Agroalimentaria por la Universidad de Lleida. Desde 2006 trabaja en el IRTA como investigador especialista en el Programa de Fruticultura. Sus principales \u00e1mbitos de investigaci\u00f3n son el uso de la tecnolog\u00eda VIS-NIR en las diferentes etapas del cultivo, la fertilizaci\u00f3n y respuesta de las plantas al estr\u00e9s abi\u00f3tico, el desarrollo de estrategias para la predicci\u00f3n y mitigaci\u00f3n de fisiopat\u00edas , la regulaci\u00f3n de la carga, y la mejora de la calidad de los frutos. Ha participado en numerosos proyectos de investigaci\u00f3n y realizado ponencias y comunicaciones en congresos nacionales e internacionales, y es autor de m\u00e1s de 40 art\u00edculos en revistas t\u00e9cnicas de divulgaci\u00f3n y cient\u00edficas de impacto internacional.<\/p>\n<!-- \/wp:paragraph -->","post_title":"Estanis Torres","post_excerpt":"","post_status":"publish","comment_status":"closed","ping_status":"closed","post_password":"","post_name":"estanis-torres","to_ping":"","pinged":"","post_modified":"2021-05-14 11:38:58","post_modified_gmt":"2021-05-14 09:38:58","post_content_filtered":"","post_parent":0,"guid":"https:\/\/transferencia.irta.cat\/ponent\/estanis-torres\/","menu_order":0,"post_type":"ponent","post_mime_type":"","comment_count":"0","filter":"raw"}}],"organitza":[{"imatge":"https:\/\/transferencia.irta.cat\/wp-content\/uploads\/2022\/12\/IRTA_logo_PNG_amb_R_cerca.png","nom":"","link":""},{"imatge":"https:\/\/transferencia.irta.cat\/wp-content\/uploads\/2022\/12\/DACC_2023.png","nom":"","link":""}],"patrocina":[{"imatge":"https:\/\/transferencia.irta.cat\/wp-content\/uploads\/2020\/02\/upl.jpg","nom":"","link":""}],"colabora":[{"imatge":"https:\/\/transferencia.irta.cat\/wp-content\/uploads\/2022\/12\/PATRONAT-DIPU-LLEIDA.jpg","nom":"","link":""},{"imatge":"https:\/\/transferencia.irta.cat\/wp-content\/uploads\/2023\/08\/ajuntament-mollerussa.jpeg","nom":"","link":""}],"serveis":false,"materials":[{"material":{"ID":22154,"post_author":"32","post_date":"2023-11-14 12:41:51","post_date_gmt":"2023-11-14 11:41:51","post_content":"","post_title":"Documentaci\u00f3n Jornada Frut\u00edcola Mollerussa 2023","post_excerpt":"","post_status":"publish","comment_status":"closed","ping_status":"closed","post_password":"","post_name":"documentacion-jornada-fruticola-mollerussa-2023","to_ping":"","pinged":"","post_modified":"2024-01-10 09:45:11","post_modified_gmt":"2024-01-10 08:45:11","post_content_filtered":"","post_parent":0,"guid":"https:\/\/transferencia.irta.cat\/?post_type=material&#038;p=22154","menu_order":0,"post_type":"material","post_mime_type":"","comment_count":"0","filter":"raw"}}],"activitats_relacionades":false,"te_enquesta":true,"id_enquesta":"217","enquesta_externa":"","subscribe_external_link":"","en_construccio":false,"wait_list":false},"yoast_head":"<!-- This site is optimized with the Yoast SEO plugin v15.2 - https:\/\/yoast.com\/wordpress\/plugins\/seo\/ -->\n<title>XXVIII Jornada Frut\u00edcola Mollerussa 2023 - IRTA<\/title>\n<meta name=\"description\" content=\"Vig\u00e9simo octava edici\u00f3n de la Jornada Fruct\u00edcola de Mollerussa que este a\u00f1o contar\u00e1 con 90 empresas patrocinadoras y 80 stands. El encuentro del sector\" \/>\n<meta name=\"robots\" content=\"index, follow, max-snippet:-1, max-image-preview:large, max-video-preview:-1\" \/>\n<link rel=\"canonical\" href=\"https:\/\/transferencia.irta.cat\/es\/activitats\/xxviii-jornada-fruticola-mollerussa-2023\/\" \/>\n<meta property=\"og:locale\" content=\"es_ES\" \/>\n<meta property=\"og:type\" content=\"article\" \/>\n<meta property=\"og:title\" content=\"XXVIII Jornada Frut\u00edcola Mollerussa 2023 - IRTA\" \/>\n<meta property=\"og:description\" content=\"Vig\u00e9simo octava edici\u00f3n de la Jornada Fruct\u00edcola de Mollerussa que este a\u00f1o contar\u00e1 con 90 empresas patrocinadoras y 80 stands. El encuentro del sector\" \/>\n<meta property=\"og:url\" content=\"https:\/\/transferencia.irta.cat\/es\/activitats\/xxviii-jornada-fruticola-mollerussa-2023\/\" \/>\n<meta property=\"og:site_name\" content=\"IRTA\" \/>\n<meta property=\"article:modified_time\" content=\"2023-11-14T12:06:45+00:00\" \/>\n<meta property=\"og:image\" content=\"https:\/\/transferencia.irta.cat\/wp-content\/uploads\/2022\/10\/jornada_molle-1.jpg\" \/>\n\t<meta property=\"og:image:width\" content=\"1920\" \/>\n\t<meta property=\"og:image:height\" content=\"1280\" \/>\n<meta name=\"twitter:card\" content=\"summary_large_image\" \/>\n<meta name=\"twitter:label1\" value=\"Escrito por\">\n\t<meta name=\"twitter:data1\" value=\"Montse\">\n\t<meta name=\"twitter:label2\" value=\"Tiempo de lectura\">\n\t<meta name=\"twitter:data2\" value=\"0 minutos\">\n<script type=\"application\/ld+json\" class=\"yoast-schema-graph\">{\"@context\":\"https:\/\/schema.org\",\"@graph\":[{\"@type\":\"WebSite\",\"@id\":\"https:\/\/transferencia.irta.cat\/es\/#website\",\"url\":\"https:\/\/transferencia.irta.cat\/es\/\",\"name\":\"IRTA\",\"description\":\"Transfer\\u00e8ncia de coneixement\",\"potentialAction\":[{\"@type\":\"SearchAction\",\"target\":\"https:\/\/transferencia.irta.cat\/es\/?s={search_term_string}\",\"query-input\":\"required name=search_term_string\"}],\"inLanguage\":\"es\"},{\"@type\":\"ImageObject\",\"@id\":\"https:\/\/transferencia.irta.cat\/es\/activitats\/xxviii-jornada-fruticola-mollerussa-2023\/#primaryimage\",\"inLanguage\":\"es\",\"url\":\"https:\/\/transferencia.irta.cat\/wp-content\/uploads\/2022\/10\/jornada_molle-1.jpg\",\"width\":1920,\"height\":1280},{\"@type\":\"WebPage\",\"@id\":\"https:\/\/transferencia.irta.cat\/es\/activitats\/xxviii-jornada-fruticola-mollerussa-2023\/#webpage\",\"url\":\"https:\/\/transferencia.irta.cat\/es\/activitats\/xxviii-jornada-fruticola-mollerussa-2023\/\",\"name\":\"XXVIII Jornada Frut\\u00edcola Mollerussa 2023 - IRTA\",\"isPartOf\":{\"@id\":\"https:\/\/transferencia.irta.cat\/es\/#website\"},\"primaryImageOfPage\":{\"@id\":\"https:\/\/transferencia.irta.cat\/es\/activitats\/xxviii-jornada-fruticola-mollerussa-2023\/#primaryimage\"},\"datePublished\":\"2023-08-07T06:46:43+00:00\",\"dateModified\":\"2023-11-14T12:06:45+00:00\",\"description\":\"Vig\\u00e9simo octava edici\\u00f3n de la Jornada Fruct\\u00edcola de Mollerussa que este a\\u00f1o contar\\u00e1 con 90 empresas patrocinadoras y 80 stands. El encuentro del sector\",\"inLanguage\":\"es\",\"potentialAction\":[{\"@type\":\"ReadAction\",\"target\":[\"https:\/\/transferencia.irta.cat\/es\/activitats\/xxviii-jornada-fruticola-mollerussa-2023\/\"]}]}]}<\/script>\n<!-- \/ Yoast SEO plugin. -->","_links":{"self":[{"href":"https:\/\/transferencia.irta.cat\/es\/wp-json\/wp\/v2\/activitats\/20632","targetHints":{"allow":["GET"]}}],"collection":[{"href":"https:\/\/transferencia.irta.cat\/es\/wp-json\/wp\/v2\/activitats"}],"about":[{"href":"https:\/\/transferencia.irta.cat\/es\/wp-json\/wp\/v2\/types\/activitats"}],"wp:featuredmedia":[{"embeddable":true,"href":"https:\/\/transferencia.irta.cat\/es\/wp-json\/wp\/v2\/media\/16246"}],"wp:attachment":[{"href":"https:\/\/transferencia.irta.cat\/es\/wp-json\/wp\/v2\/media?parent=20632"}],"wp:term":[{"taxonomy":"category","embeddable":true,"href":"https:\/\/transferencia.irta.cat\/es\/wp-json\/wp\/v2\/categories?post=20632"},{"taxonomy":"post_tag","embeddable":true,"href":"https:\/\/transferencia.irta.cat\/es\/wp-json\/wp\/v2\/tags?post=20632"},{"taxonomy":"objectius_estrategics","embeddable":true,"href":"https:\/\/transferencia.irta.cat\/es\/wp-json\/wp\/v2\/objectius_estrategics?post=20632"},{"taxonomy":"ods","embeddable":true,"href":"https:\/\/transferencia.irta.cat\/es\/wp-json\/wp\/v2\/ods?post=20632"},{"taxonomy":"programa_irta","embeddable":true,"href":"https:\/\/transferencia.irta.cat\/es\/wp-json\/wp\/v2\/programa_irta?post=20632"},{"taxonomy":"trainings","embeddable":true,"href":"https:\/\/transferencia.irta.cat\/es\/wp-json\/wp\/v2\/trainings?post=20632"}],"curies":[{"name":"wp","href":"https:\/\/api.w.org\/{rel}","templated":true}]}}