{"id":17500,"date":"2022-12-05T12:15:41","date_gmt":"2022-12-05T11:15:41","guid":{"rendered":"https:\/\/transferencia.irta.cat\/?post_type=activitats&#038;p=17500"},"modified":"2023-06-27T14:24:47","modified_gmt":"2023-06-27T12:24:47","slug":"jornada-tecnica-almendro-2023","status":"publish","type":"activitats","link":"https:\/\/transferencia.irta.cat\/es\/activitats\/jornada-tecnica-almendro-2023\/","title":{"rendered":"XV Jornada del almendro 2023"},"content":{"rendered":"\n<p>Nos encontramos en un momento delicado en lo que respecta a las condiciones de <strong>sequ\u00eda<\/strong> que nos afectan. La jornada abordar\u00e1 esta tem\u00e1tica que preocupa al sector y plantear\u00e1 otros temas como la mejora de la <strong>productividad de Vairo<\/strong> y las estrategias de control para la <strong>antracnosis<\/strong>.<br>Como en la \u00faltima edici\u00f3n, durante la ma\u00f1ana se realizar\u00e1n charlas t\u00e9cnicas y por la tarde se realizar\u00e1 una visita de campo para explicar in situ algunos de los ensayos que se est\u00e1n llevando a cabo en la finca experimental del IRTA.<br>En este sentido, destacar\u00e1 un ensayo sobre c\u00f3mo gestionar las plantaciones con falta de agua de riego y otro, sobre c\u00f3mo rejuvenecer las plantaciones envejecidas.<br>Algunas ponencias forman parte de actividades de demostraci\u00f3n, operaci\u00f3n 01.02.01 (transferencia tecnol\u00f3gica) del PDR de Catalu\u00f1a 2014-2022.<\/p>\n\n\n\n<div class=\"wp-block-image\"><figure class=\"aligncenter size-large is-resized\"><img loading=\"lazy\" decoding=\"async\" src=\"https:\/\/transferencia.irta.cat\/wp-content\/uploads\/2022\/12\/programa_ametller_3-1024x768.jpg\" alt=\"\" class=\"wp-image-19918\" width=\"436\" height=\"327\" srcset=\"https:\/\/transferencia.irta.cat\/wp-content\/uploads\/2022\/12\/programa_ametller_3-1024x768.jpg 1024w, https:\/\/transferencia.irta.cat\/wp-content\/uploads\/2022\/12\/programa_ametller_3-300x225.jpg 300w, https:\/\/transferencia.irta.cat\/wp-content\/uploads\/2022\/12\/programa_ametller_3-768x576.jpg 768w, https:\/\/transferencia.irta.cat\/wp-content\/uploads\/2022\/12\/programa_ametller_3-1536x1152.jpg 1536w, https:\/\/transferencia.irta.cat\/wp-content\/uploads\/2022\/12\/programa_ametller_3.jpg 1920w\" sizes=\"auto, (max-width: 436px) 100vw, 436px\" \/><\/figure><\/div>\n","protected":false},"featured_media":17339,"template":"","categories":[637,635],"tags":[1753],"objectius_estrategics":[1204],"ods":[],"programa_irta":[1237,1521],"trainings":[],"class_list":["post-17500","activitats","type-activitats","status-publish","has-post-thumbnail","hentry","category-fruticultura-es","category-produccion-vegetal","tag-almendro-es","objectius_estrategics-canvio-climatico","programa_irta-v2-fructicultura-es","programa_irta-v2-fruit-growing"],"acf":{"codi":"","data":"28\/06\/2023","data_fi":"28\/06\/2023","horari":"09:00h-18:30h","idioma":"Catal\u00e1n \/ Castellano","original_language":"ca","preu":"Gratuito. 10\u20ac con comida","places":"-1","ciutat":"Les Borges Blanques","lloc_de_realitzacio":"<p>Escola Agr\u00e0ria de Les Borges Blanques<\/p>\n","ubicacio":{"address":"Escola Agr\u00e0ria de Les Borges Blanques - IRTA Finca experimental, Les Borges Blanques, Lleida, Espanya","lat":41.50405339999999,"lng":0.8492339999999999,"zoom":14,"place_id":"ChIJo3eJRMfGphIRQAS76gAL6go","name":"Escola Agr\u00e0ria de Les Borges Blanques - IRTA Finca experimental","city":"Les Borges Blanques, Lleida","state":"Catalunya","state_short":"CT","post_code":"25400","country":"Espanya","country_short":"ES"},"imatge_ubicacio":false,"persona_contacte_nom":"Montse Palau","persona_contacte_email":"montserrat.palau@irta.cat","programa":{"ID":19914,"id":19914,"title":"ES_Borges Blanques_ametller_2806_230367","filename":"ES_Borges-Blanques_ametller_2806_230367.pdf","filesize":320034,"url":"https:\/\/transferencia.irta.cat\/wp-content\/uploads\/2022\/12\/ES_Borges-Blanques_ametller_2806_230367.pdf","link":"https:\/\/transferencia.irta.cat\/es\/activitats\/jornada-tecnica-almendro-2023\/es_borges-blanques_ametller_2806_230367\/","alt":"","author":"32","description":"","caption":"","name":"es_borges-blanques_ametller_2806_230367","status":"inherit","uploaded_to":17500,"date":"2023-06-13 08:52:04","modified":"2023-06-13 08:52:04","menu_order":0,"mime_type":"application\/pdf","type":"application","subtype":"pdf","icon":"https:\/\/transferencia.irta.cat\/wp-includes\/images\/media\/document.png"},"programacio":"<p>9.30 h Registro de asistentes<\/p>\n<hr \/>\n<p>9.50 h Bienvenida a la jornada e <strong>inicio de la jornada en catal\u00e1n<\/strong><\/p>\n<hr \/>\n<p><strong>11.45 h INICIO DE LA JORNADA EN CASTELLANO<\/strong><\/p>\n<p>Cambio clim\u00e1tico y disponibilidad de agua. \u00bfQu\u00e9 futuro podemos esperar?<br \/>\nJordi Cunillera. Responsable Equipo de Cambio Clim\u00e1tico SMC.<\/p>\n<hr \/>\n<p>12.00 h C\u00f3mo regamos el almendro en situacions de sequia<br \/>\nJoan Girona. Programa Uso eficiente del agua en agricultura IRTA.<\/p>\n<hr \/>\n<p>12.15 h Qu\u00e9 sabemos de la variedad Vairo y c\u00f3mo mejoramos su productividad<br \/>\nXavier Miarnau. Programa Fruticultura IRTA.<\/p>\n<hr \/>\n<p>12.30 h Antracnosis, estrategias de control en el almendro<br \/>\nLaura Torguet. Programa Fruticultura IRTA.<\/p>\n<hr \/>\n<p>13.00 h Final sesi\u00f3n ma\u00f1ana<\/p>\n<hr \/>\n<p><strong>13.30 h Comida popular (10\u20ac)<\/strong><\/p>\n<hr \/>\n<p><strong>15.30 h Visitas a campo<\/strong>:<br \/>\n\u2022 C\u00f3mo gestionar nuestra finca con una reducci\u00f3n dr\u00e1stica del riego<br \/>\nJoaquim Bellvert. IRTA.<br \/>\n\u2022 Productividad de Vairo en ensayos y fincas comerciales<br \/>\nXavier Miarnau. IRTA.<br \/>\n\u2022 Estrategias para renovar las plantaciones envejecidas<br \/>\nRamon Girabet. IRTA.<br \/>\n\u2022 Manisol, protecci\u00f3n integral en el almendro<br \/>\nJoan Vila. Empresa Manica.<\/p>\n<hr \/>\n<p>17.30 h Final de la jornada<\/p>\n","ponents":[{"ponent":{"ID":9396,"post_author":"32","post_date":"2021-09-16 13:13:59","post_date_gmt":"2021-09-16 11:13:59","post_content":"<!-- wp:paragraph {\"translatedWithWPMLTM\":\"1\"} -->\n<p>Xavier Miarnau, Doctor Ingeniero Agr\u00f3nomo en Producci\u00f3n Vegetal, que trabaja desde 2007 en la Estaci\u00f3n experimental de Lleida en el Programa de fruticultura del IRTA. Su tarea se desarrolla principalmente como especialista en el cultivo del almendro, tanto en material vegetal como en tecnolog\u00eda del cultivo. Actualmente es el coordinador de frutos secos en el IRTA.<\/p>\n<!-- \/wp:paragraph --><!-- wp:paragraph {\"translatedWithWPMLTM\":\"1\"} -->\n<p>Ha participado y participa en proyectos de I + D + I tanto a nivel espa\u00f1ol (INIA y MICIN), europeo (FP7) y tambi\u00e9n internacional.<\/p>\n<!-- \/wp:paragraph --><!-- wp:paragraph {\"translatedWithWPMLTM\":\"1\"} -->\n<p>Es autor de numerosos art\u00edculos cient\u00edficos y de divulgaci\u00f3n, participando activamente en la transferencia tecnol\u00f3gica al sector, mediante la realizaci\u00f3n de numerosas jornadas y conferencias, as\u00ed como la coordinaci\u00f3n y ejecuci\u00f3n de contratos en el \u00e1mbito privado y p\u00fablico.<\/p>\n<!-- \/wp:paragraph -->","post_title":"Xavier Miarnau","post_excerpt":"","post_status":"publish","comment_status":"closed","ping_status":"closed","post_password":"","post_name":"xavier-miarnau","to_ping":"","pinged":"","post_modified":"2021-09-16 13:13:59","post_modified_gmt":"2021-09-16 11:13:59","post_content_filtered":"","post_parent":0,"guid":"https:\/\/transferencia.irta.cat\/ponent\/xavier-miarnau\/","menu_order":0,"post_type":"ponent","post_mime_type":"","comment_count":"0","filter":"raw"}},{"ponent":{"ID":4691,"post_author":"32","post_date":"2020-10-19 19:52:55","post_date_gmt":"2020-10-19 17:52:55","post_content":"<!-- wp:paragraph -->\n<p><strong>Laura Torguet Pomar<\/strong> \u00e9s Enginyera Agr\u00f2noma per l'ETSEA, Universitat de Lleida (1997). Ha treballat cinc anys com a T\u00e8cnic de Defensa Vegetal (ADV) a la Cooperativa d'Albat\u00e0rrec (1999-2004), essent responsable de la protecci\u00f3 fitosanit\u00e0ria dels diferents cultius de la cooperativa aix\u00ed com de la qualitat de la fruita. Tamb\u00e9 ha treballat com a t\u00e8cnic comercial en l'empresa Agrom\u00f2dol (2004-2009), dedicada al comer\u00e7 de productes fitosanitaris. En Agrom\u00f2dol va treballar com a responsable de camp d\u2019una part dels seus clients i portant la part comercial de les cooperatives de la zona. Des de l'any 2009, treballa com a T\u00e8cnic de suport en Transfer\u00e8ncia Tecnologia i Assessorament en Fructicultura en l\u2019IRTA. Ha estat treballat com a responsable de Transfer\u00e8ncia del Programa de Fructicultura, i al mateix temps era responsable fitosanit\u00e0ria de les finques de fruiters de l\u2019Estaci\u00f3 Experimental. En els \u00faltims vuit anys ha treballat en tecnologia de cultiu de l'ametller com a especialista en plagues i malalties del cultiu. Ha participat en diferents projectes de R + D + t tant a nivell espanyol com europeu, i tamb\u00e9 a nivell internacional. Ha participat en diferents congressos internacionals de Fruits Secs. Tamb\u00e9, ha realitzat i realitza contractes amb el sector de la fruita seca espanyola i projectes amb l'administraci\u00f3 nacional i auton\u00f2mica. Participa en l\u2019assessorament del cultiu en la majoria de grans projectes que s'estan realitzant en els \u00faltims anys en el sector de l'ametller, tant a Espanya com a Portugal. Imparteix nombroses confer\u00e8ncies destinades a t\u00e8cnics i agricultors de el sector de la fruita seca.<\/p>\n<!-- \/wp:paragraph -->\n\n<!-- wp:paragraph -->\n<p>Ha participat en projectes nacionals i internacionals. \u00c9s autora i coautora d'articles t\u00e8cnics, cient\u00edfics i de divulgaci\u00f3. Ha executat m\u00e9s de 90 contractes amb el sector dels fitosanitaris per al cultiu de l'ametller i ha impartit nombroses Jornades t\u00e8cniques a Espanya i a l'estranger.<\/p>\n<!-- \/wp:paragraph -->","post_title":"Laura Torguet","post_excerpt":"","post_status":"publish","comment_status":"closed","ping_status":"closed","post_password":"","post_name":"laura-torguet","to_ping":"","pinged":"","post_modified":"2020-10-19 19:52:55","post_modified_gmt":"2020-10-19 17:52:55","post_content_filtered":"","post_parent":0,"guid":"https:\/\/transferencia.irta.cat\/?post_type=ponent&#038;p=4691","menu_order":0,"post_type":"ponent","post_mime_type":"","comment_count":"0","filter":"raw"}}],"organitza":[{"imatge":"https:\/\/transferencia.irta.cat\/wp-content\/uploads\/2021\/02\/IRTA_logo_R.png","nom":"","link":""}],"patrocina":[{"imatge":"https:\/\/transferencia.irta.cat\/wp-content\/uploads\/2023\/02\/agromillora.jpg","nom":"","link":""},{"imatge":"https:\/\/transferencia.irta.cat\/wp-content\/uploads\/2022\/12\/BORELL.png","nom":"","link":""},{"imatge":"https:\/\/transferencia.irta.cat\/wp-content\/uploads\/2020\/10\/CRISOLAR_LOGO.jpg","nom":"","link":""},{"imatge":"https:\/\/transferencia.irta.cat\/wp-content\/uploads\/2022\/02\/BASFw_wh100dg_4c-01.jpg","nom":"","link":""},{"imatge":"https:\/\/transferencia.irta.cat\/wp-content\/uploads\/2021\/07\/bayer_logo.jpg","nom":"","link":""},{"imatge":"https:\/\/transferencia.irta.cat\/wp-content\/uploads\/2021\/12\/CERTIPLANT-logo.jpg","nom":"","link":""},{"imatge":"https:\/\/transferencia.irta.cat\/wp-content\/uploads\/2022\/12\/Certis-Belchim.png","nom":"","link":""},{"imatge":"https:\/\/transferencia.irta.cat\/wp-content\/uploads\/2022\/12\/MASSO_LOGO.jpg","nom":"","link":""},{"imatge":"https:\/\/transferencia.irta.cat\/wp-content\/uploads\/2022\/12\/DFINNOVA.jpg","nom":"","link":""},{"imatge":"https:\/\/transferencia.irta.cat\/wp-content\/uploads\/2022\/12\/FAMA.jpg","nom":"","link":""},{"imatge":"https:\/\/transferencia.irta.cat\/wp-content\/uploads\/2022\/12\/FRUITS_TEIXIDO.jpg","nom":"","link":""},{"imatge":"https:\/\/transferencia.irta.cat\/wp-content\/uploads\/2022\/12\/Global-Pistachio.jpg","nom":"","link":""},{"imatge":"https:\/\/transferencia.irta.cat\/wp-content\/uploads\/2022\/12\/herndonera.jpg","nom":"","link":""},{"imatge":"https:\/\/transferencia.irta.cat\/wp-content\/uploads\/2022\/12\/HIDROMATIC.png","nom":"","link":""},{"imatge":"https:\/\/transferencia.irta.cat\/wp-content\/uploads\/2022\/12\/INDUSTRIAS_GARRIGA_logo.jpg","nom":"","link":""},{"imatge":"https:\/\/transferencia.irta.cat\/wp-content\/uploads\/2022\/12\/IRRIGA.jpg","nom":"","link":""},{"imatge":"https:\/\/transferencia.irta.cat\/wp-content\/uploads\/2022\/12\/KENOGARD.jpg","nom":"","link":""},{"imatge":"https:\/\/transferencia.irta.cat\/wp-content\/uploads\/2022\/12\/LABIN.png","nom":"","link":""},{"imatge":"https:\/\/transferencia.irta.cat\/wp-content\/uploads\/2022\/12\/LizardAgro.png","nom":"","link":""},{"imatge":"https:\/\/transferencia.irta.cat\/wp-content\/uploads\/2022\/12\/MANICA.jpg","nom":"","link":""},{"imatge":"https:\/\/transferencia.irta.cat\/wp-content\/uploads\/2022\/12\/NUFARM-1.jpg","nom":"","link":""},{"imatge":"https:\/\/transferencia.irta.cat\/wp-content\/uploads\/2022\/12\/LOGO_VICENS.jpg","nom":"","link":""},{"imatge":"https:\/\/transferencia.irta.cat\/wp-content\/uploads\/2022\/12\/SEGUES.png","nom":"","link":""},{"imatge":"https:\/\/transferencia.irta.cat\/wp-content\/uploads\/2022\/12\/UNIO-NUTS.jpg","nom":"","link":""},{"imatge":"https:\/\/transferencia.irta.cat\/wp-content\/uploads\/2022\/12\/UPL.png","nom":"","link":""},{"imatge":"https:\/\/transferencia.irta.cat\/wp-content\/uploads\/2022\/12\/VALAGRO_logo.png","nom":"","link":""},{"imatge":"https:\/\/transferencia.irta.cat\/wp-content\/uploads\/2022\/12\/VIVERS-VILADEGUT.jpg","nom":"","link":""},{"imatge":"https:\/\/transferencia.irta.cat\/wp-content\/uploads\/2020\/10\/VIMAR-LOGO-HD.jpg","nom":"","link":""},{"imatge":"https:\/\/transferencia.irta.cat\/wp-content\/uploads\/2022\/12\/cropped-LOGO-SATGARDEN-OK.png","nom":"","link":""}],"colabora":[{"imatge":"https:\/\/transferencia.irta.cat\/wp-content\/uploads\/2022\/12\/escola_agraria_lesborges.jpg","nom":"","link":""},{"imatge":"https:\/\/transferencia.irta.cat\/wp-content\/uploads\/2022\/12\/PATRONAT-DIPU-LLEIDA.jpg","nom":"","link":""},{"imatge":"https:\/\/transferencia.irta.cat\/wp-content\/uploads\/2023\/02\/FEDER.png","nom":"","link":""},{"imatge":"https:\/\/transferencia.irta.cat\/wp-content\/uploads\/2020\/03\/logo-xarxa-i-color.jpg","nom":"","link":""}],"serveis":false,"materials":[{"material":{"ID":20108,"post_author":"32","post_date":"2023-06-27 11:54:48","post_date_gmt":"2023-06-27 09:54:48","post_content":"","post_title":"Material XV Jornada del almendro","post_excerpt":"","post_status":"publish","comment_status":"closed","ping_status":"closed","post_password":"","post_name":"material-xv-jornada-del-almendro","to_ping":"","pinged":"","post_modified":"2023-06-29 13:40:44","post_modified_gmt":"2023-06-29 11:40:44","post_content_filtered":"","post_parent":0,"guid":"https:\/\/transferencia.irta.cat\/?post_type=material&#038;p=20108","menu_order":0,"post_type":"material","post_mime_type":"","comment_count":"0","filter":"raw"}}],"activitats_relacionades":false,"te_enquesta":false,"id_enquesta":"","enquesta_externa":"","subscribe_external_link":"","en_construccio":false,"wait_list":false},"yoast_head":"<!-- This site is optimized with the Yoast SEO plugin v15.2 - https:\/\/yoast.com\/wordpress\/plugins\/seo\/ -->\n<title>XV Jornada del almendro 2023 - IRTA<\/title>\n<meta name=\"description\" content=\"Nos encontramos en un momento delicado en lo que respecta a las condiciones de sequ\u00eda que nos afectan. La jornada abordar\u00e1 esta tem\u00e1tica que preocupa al\" \/>\n<meta name=\"robots\" content=\"index, follow, max-snippet:-1, max-image-preview:large, max-video-preview:-1\" \/>\n<link rel=\"canonical\" href=\"https:\/\/transferencia.irta.cat\/es\/activitats\/jornada-tecnica-almendro-2023\/\" \/>\n<meta property=\"og:locale\" content=\"es_ES\" \/>\n<meta property=\"og:type\" content=\"article\" \/>\n<meta property=\"og:title\" content=\"XV Jornada del almendro 2023 - IRTA\" \/>\n<meta property=\"og:description\" content=\"Nos encontramos en un momento delicado en lo que respecta a las condiciones de sequ\u00eda que nos afectan. La jornada abordar\u00e1 esta tem\u00e1tica que preocupa al\" \/>\n<meta property=\"og:url\" content=\"https:\/\/transferencia.irta.cat\/es\/activitats\/jornada-tecnica-almendro-2023\/\" \/>\n<meta property=\"og:site_name\" content=\"IRTA\" \/>\n<meta property=\"article:modified_time\" content=\"2023-06-27T12:24:47+00:00\" \/>\n<meta property=\"og:image\" content=\"https:\/\/transferencia.irta.cat\/wp-content\/uploads\/2022\/12\/ametller-1024x743.png\" \/>\n\t<meta property=\"og:image:width\" content=\"1024\" \/>\n\t<meta property=\"og:image:height\" content=\"743\" \/>\n<meta name=\"twitter:card\" content=\"summary_large_image\" \/>\n<meta name=\"twitter:label1\" value=\"Escrito por\">\n\t<meta name=\"twitter:data1\" value=\"jtobal\">\n\t<meta name=\"twitter:label2\" value=\"Tiempo de lectura\">\n\t<meta name=\"twitter:data2\" value=\"1 minuto\">\n<script type=\"application\/ld+json\" class=\"yoast-schema-graph\">{\"@context\":\"https:\/\/schema.org\",\"@graph\":[{\"@type\":\"WebSite\",\"@id\":\"https:\/\/transferencia.irta.cat\/es\/#website\",\"url\":\"https:\/\/transferencia.irta.cat\/es\/\",\"name\":\"IRTA\",\"description\":\"Transfer\\u00e8ncia de coneixement\",\"potentialAction\":[{\"@type\":\"SearchAction\",\"target\":\"https:\/\/transferencia.irta.cat\/es\/?s={search_term_string}\",\"query-input\":\"required name=search_term_string\"}],\"inLanguage\":\"es\"},{\"@type\":\"ImageObject\",\"@id\":\"https:\/\/transferencia.irta.cat\/es\/activitats\/jornada-tecnica-almendro-2023\/#primaryimage\",\"inLanguage\":\"es\",\"url\":\"https:\/\/transferencia.irta.cat\/wp-content\/uploads\/2022\/12\/ametller.png\",\"width\":1313,\"height\":953},{\"@type\":\"WebPage\",\"@id\":\"https:\/\/transferencia.irta.cat\/es\/activitats\/jornada-tecnica-almendro-2023\/#webpage\",\"url\":\"https:\/\/transferencia.irta.cat\/es\/activitats\/jornada-tecnica-almendro-2023\/\",\"name\":\"XV Jornada del almendro 2023 - IRTA\",\"isPartOf\":{\"@id\":\"https:\/\/transferencia.irta.cat\/es\/#website\"},\"primaryImageOfPage\":{\"@id\":\"https:\/\/transferencia.irta.cat\/es\/activitats\/jornada-tecnica-almendro-2023\/#primaryimage\"},\"datePublished\":\"2022-12-05T11:15:41+00:00\",\"dateModified\":\"2023-06-27T12:24:47+00:00\",\"description\":\"Nos encontramos en un momento delicado en lo que respecta a las condiciones de sequ\\u00eda que nos afectan. La jornada abordar\\u00e1 esta tem\\u00e1tica que preocupa al\",\"inLanguage\":\"es\",\"potentialAction\":[{\"@type\":\"ReadAction\",\"target\":[\"https:\/\/transferencia.irta.cat\/es\/activitats\/jornada-tecnica-almendro-2023\/\"]}]}]}<\/script>\n<!-- \/ Yoast SEO plugin. -->","_links":{"self":[{"href":"https:\/\/transferencia.irta.cat\/es\/wp-json\/wp\/v2\/activitats\/17500","targetHints":{"allow":["GET"]}}],"collection":[{"href":"https:\/\/transferencia.irta.cat\/es\/wp-json\/wp\/v2\/activitats"}],"about":[{"href":"https:\/\/transferencia.irta.cat\/es\/wp-json\/wp\/v2\/types\/activitats"}],"wp:featuredmedia":[{"embeddable":true,"href":"https:\/\/transferencia.irta.cat\/es\/wp-json\/wp\/v2\/media\/17339"}],"wp:attachment":[{"href":"https:\/\/transferencia.irta.cat\/es\/wp-json\/wp\/v2\/media?parent=17500"}],"wp:term":[{"taxonomy":"category","embeddable":true,"href":"https:\/\/transferencia.irta.cat\/es\/wp-json\/wp\/v2\/categories?post=17500"},{"taxonomy":"post_tag","embeddable":true,"href":"https:\/\/transferencia.irta.cat\/es\/wp-json\/wp\/v2\/tags?post=17500"},{"taxonomy":"objectius_estrategics","embeddable":true,"href":"https:\/\/transferencia.irta.cat\/es\/wp-json\/wp\/v2\/objectius_estrategics?post=17500"},{"taxonomy":"ods","embeddable":true,"href":"https:\/\/transferencia.irta.cat\/es\/wp-json\/wp\/v2\/ods?post=17500"},{"taxonomy":"programa_irta","embeddable":true,"href":"https:\/\/transferencia.irta.cat\/es\/wp-json\/wp\/v2\/programa_irta?post=17500"},{"taxonomy":"trainings","embeddable":true,"href":"https:\/\/transferencia.irta.cat\/es\/wp-json\/wp\/v2\/trainings?post=17500"}],"curies":[{"name":"wp","href":"https:\/\/api.w.org\/{rel}","templated":true}]}}