{"id":17248,"date":"2022-11-28T11:57:19","date_gmt":"2022-11-28T10:57:19","guid":{"rendered":"https:\/\/transferencia.irta.cat\/?post_type=activitats&#038;p=17248"},"modified":"2023-01-18T12:52:47","modified_gmt":"2023-01-18T11:52:47","slug":"halyomorpha-halys-situacion-actual-y-perspectivas-futuras","status":"publish","type":"activitats","link":"https:\/\/transferencia.irta.cat\/es\/activitats\/halyomorpha-halys-situacion-actual-y-perspectivas-futuras\/","title":{"rendered":"Halyomorpha halys: Situaci\u00f3n actual y perspectivas futuras"},"content":{"rendered":"\n<p>La garza marr\u00f3n marbreada, Halyomorpha halys St\u00e5l se encontr\u00f3 por primera vez en Catalu\u00f1a en el a\u00f1o 2016. Desde entonces se ha ido extendiendo por la geograf\u00eda catalana y ya est\u00e1 presente en las cuatro provincias.<\/p>\n\n\n\n<p>Sus caracter\u00edsticas biol\u00f3gicas como la polifagia y la alta fecundidad convierten al insecto en una plaga agr\u00edcola muy peligrosa.<\/p>\n\n\n\n<p>En los \u00faltimos a\u00f1os se han llevado a cabo numerosos estudios con el objetivo de disponer de herramientas para su control en los diversos cultivos que pueden verse afectados. Adem\u00e1s, tambi\u00e9n se est\u00e1n desarrollando herramientas para controlarla en el entorno urbano y tambi\u00e9n en el medio natural, ambos reservorios de sus poblaciones.<\/p>\n\n\n\n<figure class=\"wp-block-image is-resized\"><img loading=\"lazy\" decoding=\"async\" src=\"https:\/\/transferencia.irta.cat\/wp-content\/uploads\/2022\/11\/Imagen1-8.jpg\" alt=\"Aquesta imatge t\u00e9 l'atribut alt buit; el seu nom \u00e9s Imagen1-8.jpg\" width=\"265\" height=\"353\"\/><\/figure>\n","protected":false},"featured_media":17243,"template":"","categories":[],"tags":[],"objectius_estrategics":[],"ods":[],"programa_irta":[],"trainings":[],"class_list":["post-17248","activitats","type-activitats","status-publish","has-post-thumbnail","hentry"],"acf":{"codi":"","data":"31\/01\/2023","data_fi":"","horari":"10:00h-11:45h","idioma":"Catal\u00e1n","original_language":"ca","preu":"Gratuito","places":"-1","ciutat":"Online","lloc_de_realitzacio":"<p>Jornada Online<\/p>\n","ubicacio":false,"imatge_ubicacio":"https:\/\/transferencia.irta.cat\/wp-content\/uploads\/2021\/10\/Blanco-Foto-Mar-Paisaje-Respira-Facebook-Portada-300x111-1.png","persona_contacte_nom":"Javier Tobal","persona_contacte_email":"javier.tobal@irta.cat","programa":{"ID":17842,"id":17842,"title":"En l\u00ednia_Halyomorpha_3101_2023_26","filename":"En-l\u00ednia_Halyomorpha_3101_2023_26.pdf","filesize":610406,"url":"https:\/\/transferencia.irta.cat\/wp-content\/uploads\/2022\/11\/En-l\u00ednia_Halyomorpha_3101_2023_26.pdf","link":"https:\/\/transferencia.irta.cat\/es\/activitats\/halyomorpha-halys-situacion-actual-y-perspectivas-futuras\/en-linia_halyomorpha_3101_2023_26-2\/","alt":"","author":"6523","description":"","caption":"","name":"en-linia_halyomorpha_3101_2023_26-2","status":"inherit","uploaded_to":17248,"date":"2023-01-18 11:49:40","modified":"2023-01-18 11:49:40","menu_order":0,"mime_type":"application\/pdf","type":"application","subtype":"pdf","icon":"https:\/\/transferencia.irta.cat\/wp-includes\/images\/media\/document.png"},"programacio":"<p><strong>10:00 h Presentaci\u00f3n de la jornada<\/strong><\/p>\n<p>Sr. Jordi Gin\u00e9, jefe del Servicio de Sanidad Vegetal del DACC.<\/p>\n<hr \/>\n<p><strong>10.15 h Situaci\u00f3n H. halys en Catalu\u00f1a en 2022<\/strong><\/p>\n<p>Sra. Isabel Pujadas, Servicio de Sanidad Vegetal del DACC.<\/p>\n<hr \/>\n<p><strong>10.30 h Nuevos conocimientos sobre su biolog\u00eda<\/strong><\/p>\n<p>Sr. L. Adriana Escudero, PVS IRTA Mas Badia.<\/p>\n<hr \/>\n<p><strong>10.45 h La garza marr\u00f3n marmoleada en cultivos extensivos<\/strong><\/p>\n<p>Sra. Cibelle Martins, PVS IRTA Mas Badia.<\/p>\n<hr \/>\n<p><strong>11.00 h Estrategias de control del H. halys en las plantaciones de avellano<\/strong><\/p>\n<p>Sra. Ver\u00f3nica Casado, Fruticultura IRTA Mas Bov\u00e9.<\/p>\n<hr \/>\n<p><strong>11.15 h Posibilidades de control en otros cultivos<\/strong><\/p>\n<p>Sra. L. Adriana Escudero, PVS IRTA Mas Badia.<\/p>\n<hr \/>\n<p><strong>11.30 h Turno abierto de preguntas<\/strong><\/p>\n<hr \/>\n<p><strong>11.45 h Clausura de la jornada<\/strong><\/p>\n","ponents":[{"ponent":{"ID":2218,"post_author":"32","post_date":"2020-03-11 16:04:55","post_date_gmt":"2020-03-11 15:04:55","post_content":"<!-- wp:paragraph {\"translatedWithWPMLTM\":\"1\"} -->\n<p>Jordi Gin\u00e9 Bordonaba, es Ingeniero T\u00e9cnico Agr\u00edcola (Universidad Rovira i Virgili, 2003), Ingeniero Agr\u00f3nomo (Universidad de Lleida, 2006), MSc Environmental Diagnostics (Cranfield University, 2007) y Doctor en Postharvest Biosciences por la Universidad de Cranfield (2010). Desde 2011 trabaja como investigador del programa de Poscosecha del IRTA estudiante principalmente la fisiolog\u00eda y bioqu\u00edmica asociada a los procesos de maduraci\u00f3n en frutas de hueso y pepita as\u00ed como tambi\u00e9n la utilizaci\u00f3n de herramientas moleculares y biomarcadores para predecir la incidencia de fisiopat\u00edas en postcosecha. Ha participado en m\u00faltiples proyectos nacionales e internacionales, ha liderado un proyecto INIA y cuenta con 1 patente, 37 publicaciones cient\u00edficas y varios cap\u00edtulos de libro.<\/p>\n<!-- \/wp:paragraph -->","post_title":"Jordi Gin\u00e9","post_excerpt":"","post_status":"publish","comment_status":"closed","ping_status":"closed","post_password":"","post_name":"jordi-gine","to_ping":"","pinged":"","post_modified":"2020-03-11 16:04:55","post_modified_gmt":"2020-03-11 15:04:55","post_content_filtered":"","post_parent":0,"guid":"https:\/\/transferencia.irta.cat\/ponent\/jordi-gine\/","menu_order":0,"post_type":"ponent","post_mime_type":"","comment_count":"0","filter":"raw"}},{"ponent":{"ID":9354,"post_author":"32","post_date":"2021-09-16 10:19:03","post_date_gmt":"2021-09-16 08:19:03","post_content":"<!-- wp:paragraph {\"translatedWithWPMLTM\":\"1\"} -->\n<p>Luc\u00eda Adriana Escudero-Colomar se Doctora Ingeniera agr\u00f3noma por la Universidad Polit\u00e9cnica de Valencia. Investigadora del IRTA desde 2003. Sus principales l\u00edneas de investigaci\u00f3n se centran en el conocimiento de la biolog\u00eda y el comportamiento de ciertas plagas clave y en el desarrollo de m\u00e9todos y \/ o estrategias para controlarlas, dirigidas a la obtenci\u00f3n de fruta sin residuos de plaguicidas.<\/p>\n<!-- \/wp:paragraph --><!-- wp:paragraph {\"translatedWithWPMLTM\":\"1\"} -->\n<p>En el \u00e1mbito de la transferencia de tecnolog\u00eda, es coautora de un libro sobre las especies de Phytoseiidae asociadas a cultivos, de una Gu\u00eda t\u00e9cnica Fruit.Net para la producci\u00f3n de manzana y de otra Gu\u00eda t\u00e9cnica sobre Halyomorpha Halys. Tambi\u00e9n es autora o coautora de art\u00edculos en la prensa especializada sobre diversas plagas y m\u00e9todos de control.<\/p>\n<!-- \/wp:paragraph -->","post_title":"Luc\u00eda Adriana Escudero-Colomar","post_excerpt":"","post_status":"publish","comment_status":"closed","ping_status":"closed","post_password":"","post_name":"lucia-adriana-escudero-colomar","to_ping":"","pinged":"","post_modified":"2021-09-16 10:19:03","post_modified_gmt":"2021-09-16 08:19:03","post_content_filtered":"","post_parent":0,"guid":"https:\/\/transferencia.irta.cat\/ponent\/lucia-adriana-escudero-colomar\/","menu_order":0,"post_type":"ponent","post_mime_type":"","comment_count":"0","filter":"raw"}}],"organitza":[{"imatge":"https:\/\/transferencia.irta.cat\/wp-content\/uploads\/2022\/05\/logo_accioclimatica_h3.png","nom":"","link":""},{"imatge":"https:\/\/transferencia.irta.cat\/wp-content\/uploads\/2022\/02\/PATT-2022-desglossat-20-ANYS.png","nom":"","link":""},{"imatge":"https:\/\/transferencia.irta.cat\/wp-content\/uploads\/2021\/02\/IRTA_logo_R.png","nom":"","link":""}],"patrocina":false,"colabora":[{"imatge":"https:\/\/transferencia.irta.cat\/wp-content\/uploads\/2022\/08\/13-diputacio-girona-logo.jpg","nom":"","link":""},{"imatge":"https:\/\/transferencia.irta.cat\/wp-content\/uploads\/2021\/11\/diputaci\u00f3-de-barcelona.jpg","nom":"","link":""}],"serveis":false,"materials":false,"activitats_relacionades":false,"te_enquesta":false,"id_enquesta":"","enquesta_externa":"","subscribe_external_link":"","en_construccio":false,"wait_list":false},"yoast_head":"<!-- This site is optimized with the Yoast SEO plugin v15.2 - https:\/\/yoast.com\/wordpress\/plugins\/seo\/ -->\n<title>Halyomorpha halys: Situaci\u00f3n actual y perspectivas futuras - IRTA<\/title>\n<meta name=\"description\" content=\"La garza marr\u00f3n marbreada, Halyomorpha halys St\u00e5l se encontr\u00f3 por primera vez en Catalu\u00f1a en el a\u00f1o 2016. Desde entonces se ha ido extendiendo por la\" \/>\n<meta name=\"robots\" content=\"index, follow, max-snippet:-1, max-image-preview:large, max-video-preview:-1\" \/>\n<link rel=\"canonical\" href=\"https:\/\/transferencia.irta.cat\/es\/activitats\/halyomorpha-halys-situacion-actual-y-perspectivas-futuras\/\" \/>\n<meta property=\"og:locale\" content=\"es_ES\" \/>\n<meta property=\"og:type\" content=\"article\" \/>\n<meta property=\"og:title\" content=\"Halyomorpha halys: Situaci\u00f3n actual y perspectivas futuras - IRTA\" \/>\n<meta property=\"og:description\" content=\"La garza marr\u00f3n marbreada, Halyomorpha halys St\u00e5l se encontr\u00f3 por primera vez en Catalu\u00f1a en el a\u00f1o 2016. Desde entonces se ha ido extendiendo por la\" \/>\n<meta property=\"og:url\" content=\"https:\/\/transferencia.irta.cat\/es\/activitats\/halyomorpha-halys-situacion-actual-y-perspectivas-futuras\/\" \/>\n<meta property=\"og:site_name\" content=\"IRTA\" \/>\n<meta property=\"article:modified_time\" content=\"2023-01-18T11:52:47+00:00\" \/>\n<meta property=\"og:image\" content=\"https:\/\/transferencia.irta.cat\/wp-content\/uploads\/2022\/11\/Imagen1-7.jpg\" \/>\n\t<meta property=\"og:image:width\" content=\"649\" \/>\n\t<meta property=\"og:image:height\" content=\"866\" \/>\n<meta name=\"twitter:card\" content=\"summary_large_image\" \/>\n<meta name=\"twitter:label1\" value=\"Escrito por\">\n\t<meta name=\"twitter:data1\" value=\"Clara\">\n\t<meta name=\"twitter:label2\" value=\"Tiempo de lectura\">\n\t<meta name=\"twitter:data2\" value=\"0 minutos\">\n<script type=\"application\/ld+json\" class=\"yoast-schema-graph\">{\"@context\":\"https:\/\/schema.org\",\"@graph\":[{\"@type\":\"WebSite\",\"@id\":\"https:\/\/transferencia.irta.cat\/es\/#website\",\"url\":\"https:\/\/transferencia.irta.cat\/es\/\",\"name\":\"IRTA\",\"description\":\"Transfer\\u00e8ncia de coneixement\",\"potentialAction\":[{\"@type\":\"SearchAction\",\"target\":\"https:\/\/transferencia.irta.cat\/es\/?s={search_term_string}\",\"query-input\":\"required name=search_term_string\"}],\"inLanguage\":\"es\"},{\"@type\":\"ImageObject\",\"@id\":\"https:\/\/transferencia.irta.cat\/es\/activitats\/halyomorpha-halys-situacion-actual-y-perspectivas-futuras\/#primaryimage\",\"inLanguage\":\"es\",\"url\":\"https:\/\/transferencia.irta.cat\/wp-content\/uploads\/2022\/11\/Imagen1-7.jpg\",\"width\":649,\"height\":866},{\"@type\":\"WebPage\",\"@id\":\"https:\/\/transferencia.irta.cat\/es\/activitats\/halyomorpha-halys-situacion-actual-y-perspectivas-futuras\/#webpage\",\"url\":\"https:\/\/transferencia.irta.cat\/es\/activitats\/halyomorpha-halys-situacion-actual-y-perspectivas-futuras\/\",\"name\":\"Halyomorpha halys: Situaci\\u00f3n actual y perspectivas futuras - IRTA\",\"isPartOf\":{\"@id\":\"https:\/\/transferencia.irta.cat\/es\/#website\"},\"primaryImageOfPage\":{\"@id\":\"https:\/\/transferencia.irta.cat\/es\/activitats\/halyomorpha-halys-situacion-actual-y-perspectivas-futuras\/#primaryimage\"},\"datePublished\":\"2022-11-28T10:57:19+00:00\",\"dateModified\":\"2023-01-18T11:52:47+00:00\",\"description\":\"La garza marr\\u00f3n marbreada, Halyomorpha halys St\\u00e5l se encontr\\u00f3 por primera vez en Catalu\\u00f1a en el a\\u00f1o 2016. Desde entonces se ha ido extendiendo por la\",\"inLanguage\":\"es\",\"potentialAction\":[{\"@type\":\"ReadAction\",\"target\":[\"https:\/\/transferencia.irta.cat\/es\/activitats\/halyomorpha-halys-situacion-actual-y-perspectivas-futuras\/\"]}]}]}<\/script>\n<!-- \/ Yoast SEO plugin. -->","_links":{"self":[{"href":"https:\/\/transferencia.irta.cat\/es\/wp-json\/wp\/v2\/activitats\/17248","targetHints":{"allow":["GET"]}}],"collection":[{"href":"https:\/\/transferencia.irta.cat\/es\/wp-json\/wp\/v2\/activitats"}],"about":[{"href":"https:\/\/transferencia.irta.cat\/es\/wp-json\/wp\/v2\/types\/activitats"}],"wp:featuredmedia":[{"embeddable":true,"href":"https:\/\/transferencia.irta.cat\/es\/wp-json\/wp\/v2\/media\/17243"}],"wp:attachment":[{"href":"https:\/\/transferencia.irta.cat\/es\/wp-json\/wp\/v2\/media?parent=17248"}],"wp:term":[{"taxonomy":"category","embeddable":true,"href":"https:\/\/transferencia.irta.cat\/es\/wp-json\/wp\/v2\/categories?post=17248"},{"taxonomy":"post_tag","embeddable":true,"href":"https:\/\/transferencia.irta.cat\/es\/wp-json\/wp\/v2\/tags?post=17248"},{"taxonomy":"objectius_estrategics","embeddable":true,"href":"https:\/\/transferencia.irta.cat\/es\/wp-json\/wp\/v2\/objectius_estrategics?post=17248"},{"taxonomy":"ods","embeddable":true,"href":"https:\/\/transferencia.irta.cat\/es\/wp-json\/wp\/v2\/ods?post=17248"},{"taxonomy":"programa_irta","embeddable":true,"href":"https:\/\/transferencia.irta.cat\/es\/wp-json\/wp\/v2\/programa_irta?post=17248"},{"taxonomy":"trainings","embeddable":true,"href":"https:\/\/transferencia.irta.cat\/es\/wp-json\/wp\/v2\/trainings?post=17248"}],"curies":[{"name":"wp","href":"https:\/\/api.w.org\/{rel}","templated":true}]}}