{"id":16457,"date":"2022-10-18T12:15:38","date_gmt":"2022-10-18T10:15:38","guid":{"rendered":"https:\/\/transferencia.irta.cat\/?post_type=activitats&#038;p=16457"},"modified":"2022-10-18T12:15:39","modified_gmt":"2022-10-18T10:15:39","slug":"elaboracion-de-un-plano-de-variedades-y-suelos-del-cultivo-del-avellano-en-cataluna","status":"publish","type":"activitats","link":"https:\/\/transferencia.irta.cat\/es\/activitats\/elaboracion-de-un-plano-de-variedades-y-suelos-del-cultivo-del-avellano-en-cataluna\/","title":{"rendered":"Elaboraci\u00f3n de un plano de variedades y suelos del cultivo del avellano en Catalu\u00f1a"},"content":{"rendered":"\n<p>La actividad principal del proyecto que se presenta en esta jornada es la elaboraci\u00f3n de un mapa del cultivo del avellano en Catalu\u00f1a con soporte GIS. Para ello, se cuenta con la colaboraci\u00f3n y apoyo de los datos DUN, del ICGC, de la ACA y del SMC. Durante dos a\u00f1os, hemos estado trabajando conjuntamente el IRTA y los t\u00e9cnicos de Corylus tecnicae, para poder ofrecer estos planos, donde se pone de relieve las zonas m\u00e1s id\u00f3neas del cultivo del avellano, teniendo presente las caracter\u00edsticas de los suelos, las dotaciones de agua (subterr\u00e1neas y superficiales) y los datos de temperatura y precipitaci\u00f3n. Tambi\u00e9n presentaremos unas fichas descriptivas de las principales variedades de avellano que se cultivan en Catalu\u00f1a, donde se describen caracter\u00edsticas del \u00e1rbol, del fruto, la fenolog\u00eda, aspectos agron\u00f3micos del cultivo y unos planos indicando las zonas m\u00e1s id\u00f3neas del cultivo de cada una de estas variedades. Esta jornada forma parte de la actividad de demostraci\u00f3n \u201cElaboraci\u00f3n de un plano de variedades y suelos del cultivo del avellano en Catalu\u00f1a\u201c (2020-2022)\u201d, operaci\u00f3n 01.02.01 (transferencia tecnol\u00f3gica) del PDR de Catalu\u00f1a 2014-2020.<\/p>\n\n\n\n<figure class=\"wp-block-image is-resized\"><img loading=\"lazy\" decoding=\"async\" src=\"https:\/\/transferencia.irta.cat\/wp-content\/uploads\/2022\/10\/PPT_clim-1024x802.jpg\" alt=\"Aquesta imatge t\u00e9 l'atribut alt buit; el seu nom \u00e9s PPT_clim-1024x802.jpg\" width=\"424\" height=\"332\"\/><\/figure>\n","protected":false},"featured_media":16387,"template":"","categories":[],"tags":[],"objectius_estrategics":[],"ods":[],"programa_irta":[1237],"trainings":[],"class_list":["post-16457","activitats","type-activitats","status-publish","has-post-thumbnail","hentry","programa_irta-v2-fructicultura-es"],"acf":{"codi":"220336","data":"27\/10\/2022","data_fi":"","horari":"09:30h - 12:30h","idioma":"Catal\u00e1n","original_language":"ca","preu":"Gratuito","places":"-1","ciutat":"Constant\u00ed","lloc_de_realitzacio":"<p>IRTA - Mas Bov\u00e9<br \/>\nCtra. Reus, km 4,5<br \/>\n43120 Constant\u00ed<\/p>\n","ubicacio":{"address":"Irta mas bove ","lat":41.1699216,"lng":1.1685021,"zoom":14,"place_id":"ChIJYzlZBPRWoRIR774YmmGWMEs","city":"Constant\u00ed","state":"Catalunya","state_short":"CT","post_code":"43120","country":"Espanya","country_short":"ES"},"imatge_ubicacio":"https:\/\/transferencia.irta.cat\/wp-content\/uploads\/2021\/12\/Mas-bov\u00e9.jpg","persona_contacte_nom":"Javier Tobal","persona_contacte_email":"javier.tobal@irta.cat","programa":{"ID":16425,"id":16425,"title":"Constant\u00ed_pl\u00e0nol avellaner_2710_220366_foto allargada","filename":"Constant\u00ed_pl\u00e0nol-avellaner_2710_220366_foto-allargada.pdf","filesize":172004,"url":"https:\/\/transferencia.irta.cat\/wp-content\/uploads\/2022\/10\/Constant\u00ed_pl\u00e0nol-avellaner_2710_220366_foto-allargada.pdf","link":"https:\/\/transferencia.irta.cat\/es\/activitats\/elaboracion-de-un-plano-de-variedades-y-suelos-del-cultivo-del-avellano-en-cataluna\/constanti_planol-avellaner_2710_220366_foto-allargada-2\/","alt":"","author":"2","description":"","caption":"","name":"constanti_planol-avellaner_2710_220366_foto-allargada-2","status":"inherit","uploaded_to":16457,"date":"2022-10-17 12:32:54","modified":"2022-10-18 10:15:40","menu_order":0,"mime_type":"application\/pdf","type":"application","subtype":"pdf","icon":"https:\/\/transferencia.irta.cat\/wp-includes\/images\/media\/document.png"},"programacio":"<p><strong>9.30 h Bienvenida y presentaci\u00f3n de la Jornada<\/strong><\/p>\n<hr \/>\n<p><strong>9.35 h Final del proyecto: \"Elaboraci\u00f3n de un plano de variedades y suelos del cultivo del avellano en Catalu\u00f1a\"<\/strong><br \/>\nD\u00aa. Merc\u00e8 Rovira, investigadora del programa de Fruticultura del IRTA.<\/p>\n<hr \/>\n<p><strong>10.00 h \u00bfHay evidencias del cambio clim\u00e1tico en Catalu\u00f1a?<\/strong><br \/>\nSR. Jordi Cunillera, Servicio Meteorol\u00f3gico de Catalu\u00f1a.<\/p>\n<hr \/>\n<p><strong>10.45 h Pausa<\/strong><\/p>\n<hr \/>\n<p><strong>11.15 h \u00bfQu\u00e9 utilidad esperamos del mapa de aptitud del avellano?<\/strong><br \/>\nSres. Jordi Sord\u00e9, Roger Palau, Luis Domingo, Carlos Solano y \u00c0ngel Salvat, t\u00e9cnicos de Corylus tecnicae.<\/p>\n<hr \/>\n<p><strong>12.00 h Turno abierto de preguntas<\/strong><\/p>\n<hr \/>\n<p><strong>12.30 h Clausura de la jornada<\/strong><\/p>\n","ponents":false,"organitza":[{"imatge":"https:\/\/transferencia.irta.cat\/wp-content\/uploads\/2021\/02\/IRTA_logo_R.png","nom":"","link":""},{"imatge":"https:\/\/transferencia.irta.cat\/wp-content\/uploads\/2022\/05\/logo_accioclimatica_h3.png","nom":"","link":""},{"imatge":"https:\/\/transferencia.irta.cat\/wp-content\/uploads\/2022\/02\/PATT-2022-desglossat-20-ANYS.png","nom":"","link":""}],"patrocina":false,"colabora":[{"imatge":"https:\/\/transferencia.irta.cat\/wp-content\/uploads\/2019\/11\/fons-europeu.jpg","nom":"","link":""},{"imatge":"https:\/\/transferencia.irta.cat\/wp-content\/uploads\/2020\/03\/logo-xarxa-i-color.jpg","nom":"","link":""},{"imatge":"https:\/\/transferencia.irta.cat\/wp-content\/uploads\/2020\/06\/corylus_tecnicae.jpg","nom":"","link":""},{"imatge":"https:\/\/transferencia.irta.cat\/wp-content\/uploads\/2021\/02\/meteocat.jpg","nom":"","link":""}],"serveis":false,"materials":false,"activitats_relacionades":false,"te_enquesta":true,"id_enquesta":"","enquesta_externa":"","subscribe_external_link":"","en_construccio":false,"wait_list":false},"yoast_head":"<!-- This site is optimized with the Yoast SEO plugin v15.2 - https:\/\/yoast.com\/wordpress\/plugins\/seo\/ -->\n<title>Elaboraci\u00f3n de un plano de variedades y suelos del cultivo del avellano en Catalu\u00f1a - IRTA<\/title>\n<meta name=\"description\" content=\"La actividad principal del proyecto que se presenta en esta jornada es la elaboraci\u00f3n de un mapa del cultivo del avellano en Catalu\u00f1a con soporte GIS.\" \/>\n<meta name=\"robots\" content=\"index, follow, max-snippet:-1, max-image-preview:large, max-video-preview:-1\" \/>\n<link rel=\"canonical\" href=\"https:\/\/transferencia.irta.cat\/es\/activitats\/elaboracion-de-un-plano-de-variedades-y-suelos-del-cultivo-del-avellano-en-cataluna\/\" \/>\n<meta property=\"og:locale\" content=\"es_ES\" \/>\n<meta property=\"og:type\" content=\"article\" \/>\n<meta property=\"og:title\" content=\"Elaboraci\u00f3n de un plano de variedades y suelos del cultivo del avellano en Catalu\u00f1a - IRTA\" \/>\n<meta property=\"og:description\" content=\"La actividad principal del proyecto que se presenta en esta jornada es la elaboraci\u00f3n de un mapa del cultivo del avellano en Catalu\u00f1a con soporte GIS.\" \/>\n<meta property=\"og:url\" content=\"https:\/\/transferencia.irta.cat\/es\/activitats\/elaboracion-de-un-plano-de-variedades-y-suelos-del-cultivo-del-avellano-en-cataluna\/\" \/>\n<meta property=\"og:site_name\" content=\"IRTA\" \/>\n<meta property=\"article:modified_time\" content=\"2022-10-18T10:15:39+00:00\" \/>\n<meta property=\"og:image\" content=\"https:\/\/transferencia.irta.cat\/wp-content\/uploads\/2022\/10\/engin-akyurt-SCpXCeUvgdY-unsplash.jpg\" \/>\n\t<meta property=\"og:image:width\" content=\"1920\" \/>\n\t<meta property=\"og:image:height\" content=\"1281\" \/>\n<meta name=\"twitter:card\" content=\"summary_large_image\" \/>\n<meta name=\"twitter:label1\" value=\"Escrito por\">\n\t<meta name=\"twitter:data1\" value=\"Clara\">\n\t<meta name=\"twitter:label2\" value=\"Tiempo de lectura\">\n\t<meta name=\"twitter:data2\" value=\"1 minuto\">\n<script type=\"application\/ld+json\" class=\"yoast-schema-graph\">{\"@context\":\"https:\/\/schema.org\",\"@graph\":[{\"@type\":\"WebSite\",\"@id\":\"https:\/\/transferencia.irta.cat\/es\/#website\",\"url\":\"https:\/\/transferencia.irta.cat\/es\/\",\"name\":\"IRTA\",\"description\":\"Transfer\\u00e8ncia de coneixement\",\"potentialAction\":[{\"@type\":\"SearchAction\",\"target\":\"https:\/\/transferencia.irta.cat\/es\/?s={search_term_string}\",\"query-input\":\"required name=search_term_string\"}],\"inLanguage\":\"es\"},{\"@type\":\"ImageObject\",\"@id\":\"https:\/\/transferencia.irta.cat\/es\/activitats\/elaboracion-de-un-plano-de-variedades-y-suelos-del-cultivo-del-avellano-en-cataluna\/#primaryimage\",\"inLanguage\":\"es\",\"url\":\"https:\/\/transferencia.irta.cat\/wp-content\/uploads\/2022\/10\/engin-akyurt-SCpXCeUvgdY-unsplash.jpg\",\"width\":1920,\"height\":1281},{\"@type\":\"WebPage\",\"@id\":\"https:\/\/transferencia.irta.cat\/es\/activitats\/elaboracion-de-un-plano-de-variedades-y-suelos-del-cultivo-del-avellano-en-cataluna\/#webpage\",\"url\":\"https:\/\/transferencia.irta.cat\/es\/activitats\/elaboracion-de-un-plano-de-variedades-y-suelos-del-cultivo-del-avellano-en-cataluna\/\",\"name\":\"Elaboraci\\u00f3n de un plano de variedades y suelos del cultivo del avellano en Catalu\\u00f1a - IRTA\",\"isPartOf\":{\"@id\":\"https:\/\/transferencia.irta.cat\/es\/#website\"},\"primaryImageOfPage\":{\"@id\":\"https:\/\/transferencia.irta.cat\/es\/activitats\/elaboracion-de-un-plano-de-variedades-y-suelos-del-cultivo-del-avellano-en-cataluna\/#primaryimage\"},\"datePublished\":\"2022-10-18T10:15:38+00:00\",\"dateModified\":\"2022-10-18T10:15:39+00:00\",\"description\":\"La actividad principal del proyecto que se presenta en esta jornada es la elaboraci\\u00f3n de un mapa del cultivo del avellano en Catalu\\u00f1a con soporte GIS.\",\"inLanguage\":\"es\",\"potentialAction\":[{\"@type\":\"ReadAction\",\"target\":[\"https:\/\/transferencia.irta.cat\/es\/activitats\/elaboracion-de-un-plano-de-variedades-y-suelos-del-cultivo-del-avellano-en-cataluna\/\"]}]}]}<\/script>\n<!-- \/ Yoast SEO plugin. -->","_links":{"self":[{"href":"https:\/\/transferencia.irta.cat\/es\/wp-json\/wp\/v2\/activitats\/16457","targetHints":{"allow":["GET"]}}],"collection":[{"href":"https:\/\/transferencia.irta.cat\/es\/wp-json\/wp\/v2\/activitats"}],"about":[{"href":"https:\/\/transferencia.irta.cat\/es\/wp-json\/wp\/v2\/types\/activitats"}],"wp:featuredmedia":[{"embeddable":true,"href":"https:\/\/transferencia.irta.cat\/es\/wp-json\/wp\/v2\/media\/16387"}],"wp:attachment":[{"href":"https:\/\/transferencia.irta.cat\/es\/wp-json\/wp\/v2\/media?parent=16457"}],"wp:term":[{"taxonomy":"category","embeddable":true,"href":"https:\/\/transferencia.irta.cat\/es\/wp-json\/wp\/v2\/categories?post=16457"},{"taxonomy":"post_tag","embeddable":true,"href":"https:\/\/transferencia.irta.cat\/es\/wp-json\/wp\/v2\/tags?post=16457"},{"taxonomy":"objectius_estrategics","embeddable":true,"href":"https:\/\/transferencia.irta.cat\/es\/wp-json\/wp\/v2\/objectius_estrategics?post=16457"},{"taxonomy":"ods","embeddable":true,"href":"https:\/\/transferencia.irta.cat\/es\/wp-json\/wp\/v2\/ods?post=16457"},{"taxonomy":"programa_irta","embeddable":true,"href":"https:\/\/transferencia.irta.cat\/es\/wp-json\/wp\/v2\/programa_irta?post=16457"},{"taxonomy":"trainings","embeddable":true,"href":"https:\/\/transferencia.irta.cat\/es\/wp-json\/wp\/v2\/trainings?post=16457"}],"curies":[{"name":"wp","href":"https:\/\/api.w.org\/{rel}","templated":true}]}}