{"id":13259,"date":"2022-03-10T17:39:44","date_gmt":"2022-03-10T16:39:44","guid":{"rendered":"https:\/\/transferencia.irta.cat\/?post_type=activitats&#038;p=13259"},"modified":"2022-03-10T17:40:17","modified_gmt":"2022-03-10T16:40:17","slug":"estrategis-de-lucha-contra-las-heladas-primaverales-en-frutales","status":"publish","type":"activitats","link":"https:\/\/transferencia.irta.cat\/es\/activitats\/estrategis-de-lucha-contra-las-heladas-primaverales-en-frutales\/","title":{"rendered":"Estrategias de lucha contra las heladas primaverales en frutales"},"content":{"rendered":"\n<p class=\"wp-block-paragraph\">En el marco de la 149\u00aa Feria de Sant Josep de Mollerussa, la Jornada Innoespai pone el foco en las heladas primaverales en frutales.<br>Tanto en el momento de la floraci\u00f3n como en el de cuajado del fruto, una o varias heladas son un contratiempo importante que causan grandes da\u00f1os en la cosecha. En este encuentro se explicar\u00e1n las alternativas para hacer frente a esa inclemencia meteorol\u00f3gica.<\/p>\n\n\n\n<div class=\"wp-block-image\"><figure class=\"aligncenter size-large is-resized\"><img loading=\"lazy\" decoding=\"async\" src=\"https:\/\/transferencia.irta.cat\/wp-content\/uploads\/2022\/03\/Garnifola_flor_gelada-1024x683.jpg\" alt=\"\" class=\"wp-image-13210\" width=\"454\" height=\"302\" srcset=\"https:\/\/transferencia.irta.cat\/wp-content\/uploads\/2022\/03\/Garnifola_flor_gelada-1024x683.jpg 1024w, https:\/\/transferencia.irta.cat\/wp-content\/uploads\/2022\/03\/Garnifola_flor_gelada-300x200.jpg 300w, https:\/\/transferencia.irta.cat\/wp-content\/uploads\/2022\/03\/Garnifola_flor_gelada-768x512.jpg 768w, https:\/\/transferencia.irta.cat\/wp-content\/uploads\/2022\/03\/Garnifola_flor_gelada-1536x1024.jpg 1536w, https:\/\/transferencia.irta.cat\/wp-content\/uploads\/2022\/03\/Garnifola_flor_gelada.jpg 1920w\" sizes=\"auto, (max-width: 454px) 100vw, 454px\" \/><\/figure><\/div>\n\n\n\n<p class=\"wp-block-paragraph\"><\/p>\n","protected":false},"featured_media":13210,"template":"","categories":[637,635],"tags":[1729,1735,895,2486],"objectius_estrategics":[],"ods":[],"programa_irta":[1237],"trainings":[],"class_list":["post-13259","activitats","type-activitats","status-publish","has-post-thumbnail","hentry","category-fruticultura-es","category-produccion-vegetal","tag-fructicultura-es","tag-frutales-es","tag-gelades-en-flor-es","tag-heladas","programa_irta-v2-fructicultura-es"],"acf":{"codi":"","data":"18\/03\/2022","data_fi":"18\/03\/2022","horari":"16:00h - 17:30h","idioma":"Catal\u00e1n","original_language":"ca","preu":"Gratuito","places":"-1","ciutat":"Mollerussa","lloc_de_realitzacio":"<p>Sala 2 Pabellones feriales. Fira Mollerussa. Avenida Canal, s\/n 25230 Mollerussa<\/p>\n","ubicacio":{"address":"Fira de Mollerussa, Avinguda del Canal, Mollerussa, Espanya","lat":41.625674,"lng":0.8899938999999999,"zoom":14,"place_id":"ChIJDf2Vks_qphIRuvH3CK6MUgA","name":"Fira de Mollerussa","street_number":"0","street_name":"Avinguda del Canal","street_name_short":"Av. del Canal","city":"Mollerussa","state":"Catalunya","state_short":"CT","post_code":"25230","country":"Espanya","country_short":"ES"},"imatge_ubicacio":false,"persona_contacte_nom":"Montse Palau","persona_contacte_email":"montserrat.palau@irta.cat","programa":{"ID":13260,"id":13260,"title":"Mollerussa_Innoespai_1803_220312_final","filename":"Mollerussa_Innoespai_1803_220312_final.pdf","filesize":554735,"url":"https:\/\/transferencia.irta.cat\/wp-content\/uploads\/2022\/03\/Mollerussa_Innoespai_1803_220312_final.pdf","link":"https:\/\/transferencia.irta.cat\/es\/activitats\/estrategis-de-lucha-contra-las-heladas-primaverales-en-frutales\/mollerussa_innoespai_1803_220312_final\/","alt":"","author":"32","description":"","caption":"","name":"mollerussa_innoespai_1803_220312_final","status":"inherit","uploaded_to":13259,"date":"2022-03-10 16:37:54","modified":"2022-03-10 16:37:54","menu_order":0,"mime_type":"application\/pdf","type":"application","subtype":"pdf","icon":"https:\/\/transferencia.irta.cat\/wp-includes\/images\/media\/document.png"},"programacio":"","ponents":false,"organitza":[{"imatge":"https:\/\/transferencia.irta.cat\/wp-content\/uploads\/2019\/11\/irta_logo.png","nom":"","link":""},{"imatge":"https:\/\/transferencia.irta.cat\/wp-content\/uploads\/2021\/06\/dacc.jpg","nom":"","link":""},{"imatge":"https:\/\/transferencia.irta.cat\/wp-content\/uploads\/2020\/03\/firamolle-Baner-Horizontal.jpg","nom":"","link":""}],"patrocina":false,"colabora":[{"imatge":"https:\/\/transferencia.irta.cat\/wp-content\/uploads\/2022\/03\/Baltrons.png","nom":"","link":""},{"imatge":"https:\/\/transferencia.irta.cat\/wp-content\/uploads\/2022\/03\/Hidromatic-logo-NOU.jpg","nom":"","link":""},{"imatge":"https:\/\/transferencia.irta.cat\/wp-content\/uploads\/2022\/03\/Logo-SAS.jpg","nom":"","link":""},{"imatge":"https:\/\/transferencia.irta.cat\/wp-content\/uploads\/2022\/03\/OSVADL.jpg","nom":"","link":""},{"imatge":"https:\/\/transferencia.irta.cat\/wp-content\/uploads\/2022\/03\/saflowers.png","nom":"","link":""},{"imatge":"https:\/\/transferencia.irta.cat\/wp-content\/uploads\/2021\/02\/meteocat.jpg","nom":"","link":""},{"imatge":"https:\/\/transferencia.irta.cat\/wp-content\/uploads\/2020\/02\/logodiputaciopetit.png","nom":"","link":""}],"serveis":false,"materials":false,"activitats_relacionades":false,"te_enquesta":false,"id_enquesta":"","enquesta_externa":"","subscribe_external_link":"","en_construccio":false,"wait_list":false},"yoast_head":"<!-- This site is optimized with the Yoast SEO plugin v28.4 - https:\/\/yoast.com\/product\/yoast-seo-wordpress\/ -->\n<title>Estrategias de lucha contra las heladas primaverales en frutales - IRTA<\/title>\n<meta name=\"description\" content=\"En el marco de la 149\u00aa Feria de Sant Josep de Mollerussa, la Jornada Innoespai pone el foco en las heladas primaverales en frutales.Tanto en el momento de\" \/>\n<meta name=\"robots\" content=\"index, follow, max-snippet:-1, max-image-preview:large, max-video-preview:-1\" \/>\n<link rel=\"canonical\" href=\"https:\/\/transferencia.irta.cat\/es\/activitats\/estrategis-de-lucha-contra-las-heladas-primaverales-en-frutales\/\" \/>\n<meta property=\"og:locale\" content=\"es_ES\" \/>\n<meta property=\"og:type\" content=\"article\" \/>\n<meta property=\"og:title\" content=\"Estrategias de lucha contra las heladas primaverales en frutales - IRTA\" \/>\n<meta property=\"og:description\" content=\"En el marco de la 149\u00aa Feria de Sant Josep de Mollerussa, la Jornada Innoespai pone el foco en las heladas primaverales en frutales.Tanto en el momento de\" \/>\n<meta property=\"og:url\" content=\"https:\/\/transferencia.irta.cat\/es\/activitats\/estrategis-de-lucha-contra-las-heladas-primaverales-en-frutales\/\" \/>\n<meta property=\"og:site_name\" content=\"IRTA\" \/>\n<meta property=\"article:modified_time\" content=\"2022-03-10T16:40:17+00:00\" \/>\n<meta property=\"og:image\" content=\"https:\/\/transferencia.irta.cat\/wp-content\/uploads\/2022\/03\/Garnifola_flor_gelada.jpg\" \/>\n\t<meta property=\"og:image:width\" content=\"1920\" \/>\n\t<meta property=\"og:image:height\" content=\"1280\" \/>\n\t<meta property=\"og:image:type\" content=\"image\/jpeg\" \/>\n<meta name=\"twitter:card\" content=\"summary_large_image\" \/>\n<script type=\"application\/ld+json\" class=\"yoast-schema-graph\">{\"@context\":\"https:\\\/\\\/schema.org\",\"@graph\":[{\"@type\":\"WebPage\",\"@id\":\"https:\\\/\\\/transferencia.irta.cat\\\/es\\\/activitats\\\/estrategis-de-lucha-contra-las-heladas-primaverales-en-frutales\\\/\",\"url\":\"https:\\\/\\\/transferencia.irta.cat\\\/es\\\/activitats\\\/estrategis-de-lucha-contra-las-heladas-primaverales-en-frutales\\\/\",\"name\":\"Estrategias de lucha contra las heladas primaverales en frutales - IRTA\",\"isPartOf\":{\"@id\":\"https:\\\/\\\/transferencia.irta.cat\\\/es\\\/#website\"},\"primaryImageOfPage\":{\"@id\":\"https:\\\/\\\/transferencia.irta.cat\\\/es\\\/activitats\\\/estrategis-de-lucha-contra-las-heladas-primaverales-en-frutales\\\/#primaryimage\"},\"image\":{\"@id\":\"https:\\\/\\\/transferencia.irta.cat\\\/es\\\/activitats\\\/estrategis-de-lucha-contra-las-heladas-primaverales-en-frutales\\\/#primaryimage\"},\"thumbnailUrl\":\"https:\\\/\\\/transferencia.irta.cat\\\/wp-content\\\/uploads\\\/2022\\\/03\\\/Garnifola_flor_gelada.jpg\",\"datePublished\":\"2022-03-10T16:39:44+00:00\",\"dateModified\":\"2022-03-10T16:40:17+00:00\",\"description\":\"En el marco de la 149\u00aa Feria de Sant Josep de Mollerussa, la Jornada Innoespai pone el foco en las heladas primaverales en frutales.Tanto en el momento de\",\"breadcrumb\":{\"@id\":\"https:\\\/\\\/transferencia.irta.cat\\\/es\\\/activitats\\\/estrategis-de-lucha-contra-las-heladas-primaverales-en-frutales\\\/#breadcrumb\"},\"inLanguage\":\"es\",\"potentialAction\":[{\"@type\":\"ReadAction\",\"target\":[\"https:\\\/\\\/transferencia.irta.cat\\\/es\\\/activitats\\\/estrategis-de-lucha-contra-las-heladas-primaverales-en-frutales\\\/\"]}]},{\"@type\":\"ImageObject\",\"inLanguage\":\"es\",\"@id\":\"https:\\\/\\\/transferencia.irta.cat\\\/es\\\/activitats\\\/estrategis-de-lucha-contra-las-heladas-primaverales-en-frutales\\\/#primaryimage\",\"url\":\"https:\\\/\\\/transferencia.irta.cat\\\/wp-content\\\/uploads\\\/2022\\\/03\\\/Garnifola_flor_gelada.jpg\",\"contentUrl\":\"https:\\\/\\\/transferencia.irta.cat\\\/wp-content\\\/uploads\\\/2022\\\/03\\\/Garnifola_flor_gelada.jpg\",\"width\":1920,\"height\":1280},{\"@type\":\"BreadcrumbList\",\"@id\":\"https:\\\/\\\/transferencia.irta.cat\\\/es\\\/activitats\\\/estrategis-de-lucha-contra-las-heladas-primaverales-en-frutales\\\/#breadcrumb\",\"itemListElement\":[{\"@type\":\"ListItem\",\"position\":1,\"name\":\"Inici\",\"item\":\"https:\\\/\\\/transferencia.irta.cat\\\/es\\\/\"},{\"@type\":\"ListItem\",\"position\":2,\"name\":\"Actividades\",\"item\":\"https:\\\/\\\/transferencia.irta.cat\\\/es\\\/activitats\\\/\"},{\"@type\":\"ListItem\",\"position\":3,\"name\":\"Estrategias de lucha contra las heladas primaverales en frutales\"}]},{\"@type\":\"WebSite\",\"@id\":\"https:\\\/\\\/transferencia.irta.cat\\\/es\\\/#website\",\"url\":\"https:\\\/\\\/transferencia.irta.cat\\\/es\\\/\",\"name\":\"IRTA\",\"description\":\"Transfer\u00e8ncia de coneixement\",\"potentialAction\":[{\"@type\":\"SearchAction\",\"target\":{\"@type\":\"EntryPoint\",\"urlTemplate\":\"https:\\\/\\\/transferencia.irta.cat\\\/es\\\/?s={search_term_string}\"},\"query-input\":{\"@type\":\"PropertyValueSpecification\",\"valueRequired\":true,\"valueName\":\"search_term_string\"}}],\"inLanguage\":\"es\"}]}<\/script>\n<!-- \/ Yoast SEO plugin. -->","yoast_head_json":{"title":"Estrategias de lucha contra las heladas primaverales en frutales - IRTA","description":"En el marco de la 149\u00aa Feria de Sant Josep de Mollerussa, la Jornada Innoespai pone el foco en las heladas primaverales en frutales.Tanto en el momento de","robots":{"index":"index","follow":"follow","max-snippet":"max-snippet:-1","max-image-preview":"max-image-preview:large","max-video-preview":"max-video-preview:-1"},"canonical":"https:\/\/transferencia.irta.cat\/es\/activitats\/estrategis-de-lucha-contra-las-heladas-primaverales-en-frutales\/","og_locale":"es_ES","og_type":"article","og_title":"Estrategias de lucha contra las heladas primaverales en frutales - IRTA","og_description":"En el marco de la 149\u00aa Feria de Sant Josep de Mollerussa, la Jornada Innoespai pone el foco en las heladas primaverales en frutales.Tanto en el momento de","og_url":"https:\/\/transferencia.irta.cat\/es\/activitats\/estrategis-de-lucha-contra-las-heladas-primaverales-en-frutales\/","og_site_name":"IRTA","article_modified_time":"2022-03-10T16:40:17+00:00","og_image":[{"width":1920,"height":1280,"url":"https:\/\/transferencia.irta.cat\/wp-content\/uploads\/2022\/03\/Garnifola_flor_gelada.jpg","type":"image\/jpeg"}],"twitter_card":"summary_large_image","schema":{"@context":"https:\/\/schema.org","@graph":[{"@type":"WebPage","@id":"https:\/\/transferencia.irta.cat\/es\/activitats\/estrategis-de-lucha-contra-las-heladas-primaverales-en-frutales\/","url":"https:\/\/transferencia.irta.cat\/es\/activitats\/estrategis-de-lucha-contra-las-heladas-primaverales-en-frutales\/","name":"Estrategias de lucha contra las heladas primaverales en frutales - IRTA","isPartOf":{"@id":"https:\/\/transferencia.irta.cat\/es\/#website"},"primaryImageOfPage":{"@id":"https:\/\/transferencia.irta.cat\/es\/activitats\/estrategis-de-lucha-contra-las-heladas-primaverales-en-frutales\/#primaryimage"},"image":{"@id":"https:\/\/transferencia.irta.cat\/es\/activitats\/estrategis-de-lucha-contra-las-heladas-primaverales-en-frutales\/#primaryimage"},"thumbnailUrl":"https:\/\/transferencia.irta.cat\/wp-content\/uploads\/2022\/03\/Garnifola_flor_gelada.jpg","datePublished":"2022-03-10T16:39:44+00:00","dateModified":"2022-03-10T16:40:17+00:00","description":"En el marco de la 149\u00aa Feria de Sant Josep de Mollerussa, la Jornada Innoespai pone el foco en las heladas primaverales en frutales.Tanto en el momento de","breadcrumb":{"@id":"https:\/\/transferencia.irta.cat\/es\/activitats\/estrategis-de-lucha-contra-las-heladas-primaverales-en-frutales\/#breadcrumb"},"inLanguage":"es","potentialAction":[{"@type":"ReadAction","target":["https:\/\/transferencia.irta.cat\/es\/activitats\/estrategis-de-lucha-contra-las-heladas-primaverales-en-frutales\/"]}]},{"@type":"ImageObject","inLanguage":"es","@id":"https:\/\/transferencia.irta.cat\/es\/activitats\/estrategis-de-lucha-contra-las-heladas-primaverales-en-frutales\/#primaryimage","url":"https:\/\/transferencia.irta.cat\/wp-content\/uploads\/2022\/03\/Garnifola_flor_gelada.jpg","contentUrl":"https:\/\/transferencia.irta.cat\/wp-content\/uploads\/2022\/03\/Garnifola_flor_gelada.jpg","width":1920,"height":1280},{"@type":"BreadcrumbList","@id":"https:\/\/transferencia.irta.cat\/es\/activitats\/estrategis-de-lucha-contra-las-heladas-primaverales-en-frutales\/#breadcrumb","itemListElement":[{"@type":"ListItem","position":1,"name":"Inici","item":"https:\/\/transferencia.irta.cat\/es\/"},{"@type":"ListItem","position":2,"name":"Actividades","item":"https:\/\/transferencia.irta.cat\/es\/activitats\/"},{"@type":"ListItem","position":3,"name":"Estrategias de lucha contra las heladas primaverales en frutales"}]},{"@type":"WebSite","@id":"https:\/\/transferencia.irta.cat\/es\/#website","url":"https:\/\/transferencia.irta.cat\/es\/","name":"IRTA","description":"Transfer\u00e8ncia de coneixement","potentialAction":[{"@type":"SearchAction","target":{"@type":"EntryPoint","urlTemplate":"https:\/\/transferencia.irta.cat\/es\/?s={search_term_string}"},"query-input":{"@type":"PropertyValueSpecification","valueRequired":true,"valueName":"search_term_string"}}],"inLanguage":"es"}]}},"_links":{"self":[{"href":"https:\/\/transferencia.irta.cat\/es\/wp-json\/wp\/v2\/activitats\/13259","targetHints":{"allow":["GET"]}}],"collection":[{"href":"https:\/\/transferencia.irta.cat\/es\/wp-json\/wp\/v2\/activitats"}],"about":[{"href":"https:\/\/transferencia.irta.cat\/es\/wp-json\/wp\/v2\/types\/activitats"}],"wp:featuredmedia":[{"embeddable":true,"href":"https:\/\/transferencia.irta.cat\/es\/wp-json\/wp\/v2\/media\/13210"}],"wp:attachment":[{"href":"https:\/\/transferencia.irta.cat\/es\/wp-json\/wp\/v2\/media?parent=13259"}],"wp:term":[{"taxonomy":"category","embeddable":true,"href":"https:\/\/transferencia.irta.cat\/es\/wp-json\/wp\/v2\/categories?post=13259"},{"taxonomy":"post_tag","embeddable":true,"href":"https:\/\/transferencia.irta.cat\/es\/wp-json\/wp\/v2\/tags?post=13259"},{"taxonomy":"objectius_estrategics","embeddable":true,"href":"https:\/\/transferencia.irta.cat\/es\/wp-json\/wp\/v2\/objectius_estrategics?post=13259"},{"taxonomy":"ods","embeddable":true,"href":"https:\/\/transferencia.irta.cat\/es\/wp-json\/wp\/v2\/ods?post=13259"},{"taxonomy":"programa_irta","embeddable":true,"href":"https:\/\/transferencia.irta.cat\/es\/wp-json\/wp\/v2\/programa_irta?post=13259"},{"taxonomy":"trainings","embeddable":true,"href":"https:\/\/transferencia.irta.cat\/es\/wp-json\/wp\/v2\/trainings?post=13259"}],"curies":[{"name":"wp","href":"https:\/\/api.w.org\/{rel}","templated":true}]}}