{"id":11629,"date":"2021-12-01T10:21:12","date_gmt":"2021-12-01T09:21:12","guid":{"rendered":"https:\/\/transferencia.irta.cat\/?post_type=activitats&#038;p=11629"},"modified":"2022-04-20T15:06:32","modified_gmt":"2022-04-20T13:06:32","slug":"jornada-proyecto-irrintegral","status":"publish","type":"activitats","link":"https:\/\/transferencia.irta.cat\/es\/activitats\/jornada-proyecto-irrintegral\/","title":{"rendered":"Implementaci\u00f3n de las  nuevas tecnolog\u00edas para la gesti\u00f3n eficiente del riego"},"content":{"rendered":"\n<p class=\"wp-block-paragraph\">La gesti\u00f3n eficiente del agua de riego en la agricultura requiere una programaci\u00f3n racional en base a las necesidades del cultivo, el tipo de suelo y las condiciones clim\u00e1ticas. En el IRTA, hemos desarrollado una herramienta de automatizaci\u00f3n de riego, Irridesk, basada en lo que se denomina gemelo digital. Es decir, simula las necesidades h\u00eddricas de los cultivos asimilando datos de distintas fuentes: sensores y teledetecci\u00f3n.<br>Una vez IrriDesk (<a rel=\"noreferrer noopener\" href=\"http:\/\/www.irridesk.com\" target=\"_blank\">www.irridesk.com)<\/a> ha calculado las necesidades h\u00eddricas, autom\u00e1ticamente las ejecuta conect\u00e1ndose con el programador de riego. Por eso, utiliza la tecnolog\u00eda de Internet de las Cosas (IoT).<br>Por otra parte, mejorar los modelos predictivos meteorol\u00f3gicos e incorporar esta informaci\u00f3n en sistemas de toma de decisiones, puede ayudarnos a aumentar la eficiencia del agua gracias a ajustar m\u00e1s cuidadosamente el riego a la demanda real, adem\u00e1s de reducir las posibles afectaciones por fen\u00f3menos meteorol\u00f3gicos ocasionales como oleadas de calor, episodios de lluvia intensa o vientos con alta capacidad de secado.<br>En esta jornada se expondr\u00e1n los resultados los proyectos IRRINTEGRAL y PrediReg, actividades dentro de la operaci\u00f3n de Transferencia Tecnol\u00f3gica del Programa de Desarrollo Rural de Catalunya 2014-2020.<\/p>\n","protected":false},"featured_media":11624,"template":"","categories":[17,639,14,635],"tags":[2495,988,990,2496,986,856],"objectius_estrategics":[],"ods":[],"programa_irta":[1212,1241],"trainings":[],"class_list":["post-11629","activitats","type-activitats","status-publish","has-post-thumbnail","hentry","category-fertilitzacio","category-fertilizacion","category-produccio-vegetal","category-produccion-vegetal","tag-nuevas-tecnologias","tag-reg-es","tag-riego-es","tag-riego-eficiente","tag-teledeteccio-es","tag-vinya-es","programa_irta-v7-us-eficient-aigua","programa_irta-v7-uso-eficiente-agua"],"acf":{"codi":"","data":"17\/05\/2022","data_fi":"17\/05\/2022","horari":"09:30h - 13:00h","idioma":"Catal\u00e1n","original_language":"ca","preu":"Gratuito","places":"-1","ciutat":"En l\u00ednea","lloc_de_realitzacio":"<p><img loading=\"lazy\" decoding=\"async\" class=\"alignnone size-medium wp-image-2439\" src=\"https:\/\/transferencia.irta.cat\/wp-content\/uploads\/2020\/04\/Blanco-Foto-Mar-Paisaje-Respira-Facebook-Portada-300x111.png\" alt=\"\" width=\"300\" height=\"111\" srcset=\"https:\/\/transferencia.irta.cat\/wp-content\/uploads\/2020\/04\/Blanco-Foto-Mar-Paisaje-Respira-Facebook-Portada-300x111.png 300w, https:\/\/transferencia.irta.cat\/wp-content\/uploads\/2020\/04\/Blanco-Foto-Mar-Paisaje-Respira-Facebook-Portada-768x284.png 768w, https:\/\/transferencia.irta.cat\/wp-content\/uploads\/2020\/04\/Blanco-Foto-Mar-Paisaje-Respira-Facebook-Portada.png 851w\" sizes=\"auto, (max-width: 300px) 100vw, 300px\" \/><\/p>\n","ubicacio":false,"imatge_ubicacio":false,"persona_contacte_nom":"Montse Palau","persona_contacte_email":"montserrat.palau@irta.cat","programa":{"ID":13773,"id":13773,"title":"En l\u00ednia_irrintegral_1705_220789","filename":"En-l\u00ednia_irrintegral_1705_220789.pdf","filesize":803316,"url":"https:\/\/transferencia.irta.cat\/wp-content\/uploads\/2021\/12\/En-l\u00ednia_irrintegral_1705_220789.pdf","link":"https:\/\/transferencia.irta.cat\/es\/activitats\/jornada-proyecto-irrintegral\/en-linia_irrintegral_1705_220789-2\/","alt":"","author":"32","description":"","caption":"","name":"en-linia_irrintegral_1705_220789-2","status":"inherit","uploaded_to":11629,"date":"2022-04-20 12:34:08","modified":"2022-04-20 12:34:08","menu_order":0,"mime_type":"application\/pdf","type":"application","subtype":"pdf","icon":"https:\/\/transferencia.irta.cat\/wp-includes\/images\/media\/document.png"},"programacio":"<p>9:30 h Presentaci\u00f3n de la jornada. Sr. Joan Girona, director de relaciones institucionales del IRTA en las Terres de Ponent.<\/p>\n<hr \/>\n<p>9.45 h Presentaci\u00f3n Irridesk: herramienta de automatizaci\u00f3n de riego. Sr. Jaume Casades\u00fas, jefe del Programa Uso Eficiente del Agua en Agricultura, IRTA.<\/p>\n<hr \/>\n<p>10.15 h Caso pr\u00e1ctico de asimilaci\u00f3n de datos de Teledetecci\u00f3n en un gemelo digital para la automatizaci\u00f3n del riego en vid. Sr. Joaquim Bellvert, investigador del Programa Uso Eficiente del Agua en Agricultura, IRTA.<\/p>\n<hr \/>\n<p>10.45 h Caso pr\u00e1ctico de implementaci\u00f3n de Irridesk en nectarina y olivo\u00a0 Sra. Sandra Mill\u00e1n, Centro de Investigaciones Cient\u00edficas y Tecnol\u00f3gicas de Extremadura.<\/p>\n<hr \/>\n<p>11.15 h Los modelos y observaciones meteorol\u00f3gicas en el SMC. Sr. Vicent Altava, Servicio Meteorol\u00f3gico de Catalu\u00f1a (SMC).<\/p>\n<hr \/>\n<p>11.45 h Mitigaci\u00f3n de los efectos de la sequ\u00eda y oleadas de calor sobre las necesidades h\u00eddricas de los cultivos con datos de teledetecci\u00f3n y predicciones clim\u00e1ticas. Sr. Jordi Crist\u00f3bal, investigador del Programa Uso Eficiente del Agua en Agricultura, IRTA.<\/p>\n<hr \/>\n<p>12.15 h Preguntas<\/p>\n<hr \/>\n<p>12.30 h Clausura jornada<\/p>\n","ponents":[{"ponent":{"ID":5608,"post_author":"32","post_date":"2021-01-21 10:41:12","post_date_gmt":"2021-01-21 09:41:12","post_content":"<!-- wp:paragraph {\"translatedWithWPMLTM\":\"1\"} -->\n<p><strong>Joaquim Bellvert Rios<\/strong>, es investigador del programa Uso Eficiente del Agua en Agricultura del IRTA desde el a\u00f1o 2008. Doctor Ingeniero Agr\u00f3nomo por la Universidad de C\u00f3rdoba (2014), ha realizado dos estancias postdoctorales los departamentos de Land , Air, Water Resources y Viticulture and Enology de la Universidad de California (UC Davis) durante los a\u00f1os 2014 a 2016. Su actividad de investigaci\u00f3n consiste en estudiar la eficiencia del manejo del riego en diferentes cultivos y sus efectos sobre la producci\u00f3n y calidad de los frutos. Para llevarlo a cabo, se ha especializado en el uso de las nuevas tecnolog\u00edas, como la teledetecci\u00f3n, a trav\u00e9s de la cual es posible estimar las necesidades h\u00eddricas de los cultivos espacio-temporalmente. As\u00ed, el Dr. Bellvert ha liderado diferentes proyectos relacionados con el riego de precisi\u00f3n y el uso de la teledetecci\u00f3n como herramienta de programaci\u00f3n de riego y estimaci\u00f3n de la demanda de agua a nivel de parcela y regional. Cient\u00edficamente, el Dr. Bellvert tiene 20 art\u00edculos cient\u00edficos publicados en revistas SCI, adem\u00e1s de la participaci\u00f3n como ponente en numerosas conferencias nacionales e internacionales. Ha participado activamente en la organizaci\u00f3n de varias jornadas de transferencia con el objetivo de divulgar los conocimientos de riego de precisi\u00f3n y teledetecci\u00f3n en el sector agroalimentario.<\/p>\n<!-- \/wp:paragraph -->","post_title":"Joaquim Bellvert","post_excerpt":"","post_status":"publish","comment_status":"closed","ping_status":"closed","post_password":"","post_name":"joaquim-bellvert-2","to_ping":"","pinged":"","post_modified":"2021-01-21 11:24:50","post_modified_gmt":"2021-01-21 10:24:50","post_content_filtered":"","post_parent":0,"guid":"https:\/\/transferencia.irta.cat\/ponent\/joaquim-bellvert-2\/","menu_order":0,"post_type":"ponent","post_mime_type":"","comment_count":"0","filter":"raw"}},{"ponent":{"ID":7333,"post_author":"2","post_date":"2021-05-28 11:29:03","post_date_gmt":"2021-05-28 09:29:03","post_content":"<!-- wp:paragraph -->\n<p>Crist\u00f3bal Aguilera. Licenciado en Ciencia Biol\u00f3gicas en la especialidad de Zoolog\u00eda (Universidad de Barcelona). Actualmente ejerzo como Gestor de Innovaci\u00f3n en Acuicultura en el IRTA. He sido impulsor y gerente del Cl\u00faster Acuiplus (www.acuiplus.org) hasta junio del 2016. Acumulo 30 a\u00f1os de experiencia en el mundo acu\u00edcola, tanto en el sector privado como p\u00fablico. He trabajado con diversas especies de peces y bivalvos, principalmente en proyectos relacionados con la mejora de la zootecnia, gen\u00e9tica y mejora, programas sanitarios y salud de los animales, tecnolog\u00eda de recirculaci\u00f3n y aplicaci\u00f3n e implementaci\u00f3n de normas ISO. Asesor y colaborador internacional con experiencia en diversos pa\u00edses.<br>Co-autor de 35 art\u00edculos cient\u00edficos y participante en m\u00e1s de 20 proyectos de investigaci\u00f3n (Public profile). Participo como docente habitual en cursos de postgrado y m\u00e1ster y he sido invitado en m\u00e1s de 60 conferencias tem\u00e1ticas.<br>Actualmente coordino dos grupos de trabajo en dos proyectos H2020 MedAID y NewTechAqua.<br>Divulgador convencido, soy bloguero a trav\u00e9s de \u201cAcuatopia\u201d (www.cristobalaguilera.com) donde escribo acerca de la innovaci\u00f3n y las nuevas tendencias y donde explico la acuicultura sin tapujos y desde dentro. Este blog ha dado lugar al libro: Historias acu\u00edcolas. La acuicultura desde dentro (Ediciones Ende, Sevilla marzo, 2017, ISBN: 978-84-17054-04-5)<\/p>\n<!-- \/wp:paragraph -->\n\n<!-- wp:paragraph -->\n<p>College of Biologists of Catalonia, colleague n\u00ba 21903-C<\/p>\n<!-- \/wp:paragraph -->","post_title":"Crist\u00f3bal Aguilera","post_excerpt":"","post_status":"publish","comment_status":"closed","ping_status":"closed","post_password":"","post_name":"cristobal-aguilera","to_ping":"","pinged":"","post_modified":"2021-05-31 11:59:58","post_modified_gmt":"2021-05-31 09:59:58","post_content_filtered":"","post_parent":0,"guid":"https:\/\/transferencia.irta.cat\/ponent\/cristobal-aguilera\/","menu_order":0,"post_type":"ponent","post_mime_type":"","comment_count":"0","filter":"raw"}}],"organitza":[{"imatge":"https:\/\/transferencia.irta.cat\/wp-content\/uploads\/2019\/11\/irta_logo.png","nom":"","link":""},{"imatge":"https:\/\/transferencia.irta.cat\/wp-content\/uploads\/2021\/06\/dacc.jpg","nom":"","link":""},{"imatge":"https:\/\/transferencia.irta.cat\/wp-content\/uploads\/2021\/05\/LOGO_PREDIREG.jpg","nom":"","link":""},{"imatge":"https:\/\/transferencia.irta.cat\/wp-content\/uploads\/2021\/01\/IRRINTEGRAL.jpg","nom":"","link":""}],"patrocina":false,"colabora":[{"imatge":"https:\/\/transferencia.irta.cat\/wp-content\/uploads\/2020\/05\/oficina_regant.jpg","nom":"","link":""},{"imatge":"https:\/\/transferencia.irta.cat\/wp-content\/uploads\/2019\/11\/fons-europeu.jpg","nom":"","link":""},{"imatge":"https:\/\/transferencia.irta.cat\/wp-content\/uploads\/2021\/12\/ministerio_ciencia.jpg","nom":"","link":""},{"imatge":"https:\/\/transferencia.irta.cat\/wp-content\/uploads\/2021\/12\/logos_europa.jpg","nom":"","link":""},{"imatge":"https:\/\/transferencia.irta.cat\/wp-content\/uploads\/2020\/02\/logodiputaciopetit.png","nom":"","link":""}],"serveis":false,"materials":false,"activitats_relacionades":false,"te_enquesta":true,"id_enquesta":"135","enquesta_externa":"","subscribe_external_link":"","en_construccio":false,"wait_list":false},"yoast_head":"<!-- This site is optimized with the Yoast SEO plugin v28.4 - https:\/\/yoast.com\/product\/yoast-seo-wordpress\/ -->\n<title>Implementaci\u00f3n de las nuevas tecnolog\u00edas para la gesti\u00f3n eficiente del riego - IRTA<\/title>\n<meta name=\"description\" content=\"La gesti\u00f3n eficiente del agua de riego en la agricultura requiere una programaci\u00f3n racional en base a las necesidades del cultivo, el tipo de suelo y las\" \/>\n<meta name=\"robots\" content=\"index, follow, max-snippet:-1, max-image-preview:large, max-video-preview:-1\" \/>\n<link rel=\"canonical\" href=\"https:\/\/transferencia.irta.cat\/es\/activitats\/jornada-proyecto-irrintegral\/\" \/>\n<meta property=\"og:locale\" content=\"es_ES\" \/>\n<meta property=\"og:type\" content=\"article\" \/>\n<meta property=\"og:title\" content=\"Implementaci\u00f3n de las nuevas tecnolog\u00edas para la gesti\u00f3n eficiente del riego - IRTA\" \/>\n<meta property=\"og:description\" content=\"La gesti\u00f3n eficiente del agua de riego en la agricultura requiere una programaci\u00f3n racional en base a las necesidades del cultivo, el tipo de suelo y las\" \/>\n<meta property=\"og:url\" content=\"https:\/\/transferencia.irta.cat\/es\/activitats\/jornada-proyecto-irrintegral\/\" \/>\n<meta property=\"og:site_name\" content=\"IRTA\" \/>\n<meta property=\"article:modified_time\" content=\"2022-04-20T13:06:32+00:00\" \/>\n<meta property=\"og:image\" content=\"https:\/\/transferencia.irta.cat\/wp-content\/uploads\/2021\/12\/photo-1560493676-04071c5f467b.jpg\" \/>\n\t<meta property=\"og:image:width\" content=\"1074\" \/>\n\t<meta property=\"og:image:height\" content=\"805\" \/>\n\t<meta property=\"og:image:type\" content=\"image\/jpeg\" \/>\n<meta name=\"twitter:card\" content=\"summary_large_image\" \/>\n<meta name=\"twitter:label1\" content=\"Tiempo de lectura\" \/>\n\t<meta name=\"twitter:data1\" content=\"1 minuto\" \/>\n<script type=\"application\/ld+json\" class=\"yoast-schema-graph\">{\"@context\":\"https:\\\/\\\/schema.org\",\"@graph\":[{\"@type\":\"WebPage\",\"@id\":\"https:\\\/\\\/transferencia.irta.cat\\\/es\\\/activitats\\\/jornada-proyecto-irrintegral\\\/\",\"url\":\"https:\\\/\\\/transferencia.irta.cat\\\/es\\\/activitats\\\/jornada-proyecto-irrintegral\\\/\",\"name\":\"Implementaci\u00f3n de las nuevas tecnolog\u00edas para la gesti\u00f3n eficiente del riego - IRTA\",\"isPartOf\":{\"@id\":\"https:\\\/\\\/transferencia.irta.cat\\\/es\\\/#website\"},\"primaryImageOfPage\":{\"@id\":\"https:\\\/\\\/transferencia.irta.cat\\\/es\\\/activitats\\\/jornada-proyecto-irrintegral\\\/#primaryimage\"},\"image\":{\"@id\":\"https:\\\/\\\/transferencia.irta.cat\\\/es\\\/activitats\\\/jornada-proyecto-irrintegral\\\/#primaryimage\"},\"thumbnailUrl\":\"https:\\\/\\\/transferencia.irta.cat\\\/wp-content\\\/uploads\\\/2021\\\/12\\\/photo-1560493676-04071c5f467b.jpg\",\"datePublished\":\"2021-12-01T09:21:12+00:00\",\"dateModified\":\"2022-04-20T13:06:32+00:00\",\"description\":\"La gesti\u00f3n eficiente del agua de riego en la agricultura requiere una programaci\u00f3n racional en base a las necesidades del cultivo, el tipo de suelo y las\",\"breadcrumb\":{\"@id\":\"https:\\\/\\\/transferencia.irta.cat\\\/es\\\/activitats\\\/jornada-proyecto-irrintegral\\\/#breadcrumb\"},\"inLanguage\":\"es\",\"potentialAction\":[{\"@type\":\"ReadAction\",\"target\":[\"https:\\\/\\\/transferencia.irta.cat\\\/es\\\/activitats\\\/jornada-proyecto-irrintegral\\\/\"]}]},{\"@type\":\"ImageObject\",\"inLanguage\":\"es\",\"@id\":\"https:\\\/\\\/transferencia.irta.cat\\\/es\\\/activitats\\\/jornada-proyecto-irrintegral\\\/#primaryimage\",\"url\":\"https:\\\/\\\/transferencia.irta.cat\\\/wp-content\\\/uploads\\\/2021\\\/12\\\/photo-1560493676-04071c5f467b.jpg\",\"contentUrl\":\"https:\\\/\\\/transferencia.irta.cat\\\/wp-content\\\/uploads\\\/2021\\\/12\\\/photo-1560493676-04071c5f467b.jpg\",\"width\":1074,\"height\":805},{\"@type\":\"BreadcrumbList\",\"@id\":\"https:\\\/\\\/transferencia.irta.cat\\\/es\\\/activitats\\\/jornada-proyecto-irrintegral\\\/#breadcrumb\",\"itemListElement\":[{\"@type\":\"ListItem\",\"position\":1,\"name\":\"Inici\",\"item\":\"https:\\\/\\\/transferencia.irta.cat\\\/es\\\/\"},{\"@type\":\"ListItem\",\"position\":2,\"name\":\"Actividades\",\"item\":\"https:\\\/\\\/transferencia.irta.cat\\\/es\\\/activitats\\\/\"},{\"@type\":\"ListItem\",\"position\":3,\"name\":\"Implementaci\u00f3n de las nuevas tecnolog\u00edas para la gesti\u00f3n eficiente del riego\"}]},{\"@type\":\"WebSite\",\"@id\":\"https:\\\/\\\/transferencia.irta.cat\\\/es\\\/#website\",\"url\":\"https:\\\/\\\/transferencia.irta.cat\\\/es\\\/\",\"name\":\"IRTA\",\"description\":\"Transfer\u00e8ncia de coneixement\",\"potentialAction\":[{\"@type\":\"SearchAction\",\"target\":{\"@type\":\"EntryPoint\",\"urlTemplate\":\"https:\\\/\\\/transferencia.irta.cat\\\/es\\\/?s={search_term_string}\"},\"query-input\":{\"@type\":\"PropertyValueSpecification\",\"valueRequired\":true,\"valueName\":\"search_term_string\"}}],\"inLanguage\":\"es\"}]}<\/script>\n<!-- \/ Yoast SEO plugin. -->","yoast_head_json":{"title":"Implementaci\u00f3n de las nuevas tecnolog\u00edas para la gesti\u00f3n eficiente del riego - IRTA","description":"La gesti\u00f3n eficiente del agua de riego en la agricultura requiere una programaci\u00f3n racional en base a las necesidades del cultivo, el tipo de suelo y las","robots":{"index":"index","follow":"follow","max-snippet":"max-snippet:-1","max-image-preview":"max-image-preview:large","max-video-preview":"max-video-preview:-1"},"canonical":"https:\/\/transferencia.irta.cat\/es\/activitats\/jornada-proyecto-irrintegral\/","og_locale":"es_ES","og_type":"article","og_title":"Implementaci\u00f3n de las nuevas tecnolog\u00edas para la gesti\u00f3n eficiente del riego - IRTA","og_description":"La gesti\u00f3n eficiente del agua de riego en la agricultura requiere una programaci\u00f3n racional en base a las necesidades del cultivo, el tipo de suelo y las","og_url":"https:\/\/transferencia.irta.cat\/es\/activitats\/jornada-proyecto-irrintegral\/","og_site_name":"IRTA","article_modified_time":"2022-04-20T13:06:32+00:00","og_image":[{"width":1074,"height":805,"url":"https:\/\/transferencia.irta.cat\/wp-content\/uploads\/2021\/12\/photo-1560493676-04071c5f467b.jpg","type":"image\/jpeg"}],"twitter_card":"summary_large_image","twitter_misc":{"Tiempo de lectura":"1 minuto"},"schema":{"@context":"https:\/\/schema.org","@graph":[{"@type":"WebPage","@id":"https:\/\/transferencia.irta.cat\/es\/activitats\/jornada-proyecto-irrintegral\/","url":"https:\/\/transferencia.irta.cat\/es\/activitats\/jornada-proyecto-irrintegral\/","name":"Implementaci\u00f3n de las nuevas tecnolog\u00edas para la gesti\u00f3n eficiente del riego - IRTA","isPartOf":{"@id":"https:\/\/transferencia.irta.cat\/es\/#website"},"primaryImageOfPage":{"@id":"https:\/\/transferencia.irta.cat\/es\/activitats\/jornada-proyecto-irrintegral\/#primaryimage"},"image":{"@id":"https:\/\/transferencia.irta.cat\/es\/activitats\/jornada-proyecto-irrintegral\/#primaryimage"},"thumbnailUrl":"https:\/\/transferencia.irta.cat\/wp-content\/uploads\/2021\/12\/photo-1560493676-04071c5f467b.jpg","datePublished":"2021-12-01T09:21:12+00:00","dateModified":"2022-04-20T13:06:32+00:00","description":"La gesti\u00f3n eficiente del agua de riego en la agricultura requiere una programaci\u00f3n racional en base a las necesidades del cultivo, el tipo de suelo y las","breadcrumb":{"@id":"https:\/\/transferencia.irta.cat\/es\/activitats\/jornada-proyecto-irrintegral\/#breadcrumb"},"inLanguage":"es","potentialAction":[{"@type":"ReadAction","target":["https:\/\/transferencia.irta.cat\/es\/activitats\/jornada-proyecto-irrintegral\/"]}]},{"@type":"ImageObject","inLanguage":"es","@id":"https:\/\/transferencia.irta.cat\/es\/activitats\/jornada-proyecto-irrintegral\/#primaryimage","url":"https:\/\/transferencia.irta.cat\/wp-content\/uploads\/2021\/12\/photo-1560493676-04071c5f467b.jpg","contentUrl":"https:\/\/transferencia.irta.cat\/wp-content\/uploads\/2021\/12\/photo-1560493676-04071c5f467b.jpg","width":1074,"height":805},{"@type":"BreadcrumbList","@id":"https:\/\/transferencia.irta.cat\/es\/activitats\/jornada-proyecto-irrintegral\/#breadcrumb","itemListElement":[{"@type":"ListItem","position":1,"name":"Inici","item":"https:\/\/transferencia.irta.cat\/es\/"},{"@type":"ListItem","position":2,"name":"Actividades","item":"https:\/\/transferencia.irta.cat\/es\/activitats\/"},{"@type":"ListItem","position":3,"name":"Implementaci\u00f3n de las nuevas tecnolog\u00edas para la gesti\u00f3n eficiente del riego"}]},{"@type":"WebSite","@id":"https:\/\/transferencia.irta.cat\/es\/#website","url":"https:\/\/transferencia.irta.cat\/es\/","name":"IRTA","description":"Transfer\u00e8ncia de coneixement","potentialAction":[{"@type":"SearchAction","target":{"@type":"EntryPoint","urlTemplate":"https:\/\/transferencia.irta.cat\/es\/?s={search_term_string}"},"query-input":{"@type":"PropertyValueSpecification","valueRequired":true,"valueName":"search_term_string"}}],"inLanguage":"es"}]}},"_links":{"self":[{"href":"https:\/\/transferencia.irta.cat\/es\/wp-json\/wp\/v2\/activitats\/11629","targetHints":{"allow":["GET"]}}],"collection":[{"href":"https:\/\/transferencia.irta.cat\/es\/wp-json\/wp\/v2\/activitats"}],"about":[{"href":"https:\/\/transferencia.irta.cat\/es\/wp-json\/wp\/v2\/types\/activitats"}],"wp:featuredmedia":[{"embeddable":true,"href":"https:\/\/transferencia.irta.cat\/es\/wp-json\/wp\/v2\/media\/11624"}],"wp:attachment":[{"href":"https:\/\/transferencia.irta.cat\/es\/wp-json\/wp\/v2\/media?parent=11629"}],"wp:term":[{"taxonomy":"category","embeddable":true,"href":"https:\/\/transferencia.irta.cat\/es\/wp-json\/wp\/v2\/categories?post=11629"},{"taxonomy":"post_tag","embeddable":true,"href":"https:\/\/transferencia.irta.cat\/es\/wp-json\/wp\/v2\/tags?post=11629"},{"taxonomy":"objectius_estrategics","embeddable":true,"href":"https:\/\/transferencia.irta.cat\/es\/wp-json\/wp\/v2\/objectius_estrategics?post=11629"},{"taxonomy":"ods","embeddable":true,"href":"https:\/\/transferencia.irta.cat\/es\/wp-json\/wp\/v2\/ods?post=11629"},{"taxonomy":"programa_irta","embeddable":true,"href":"https:\/\/transferencia.irta.cat\/es\/wp-json\/wp\/v2\/programa_irta?post=11629"},{"taxonomy":"trainings","embeddable":true,"href":"https:\/\/transferencia.irta.cat\/es\/wp-json\/wp\/v2\/trainings?post=11629"}],"curies":[{"name":"wp","href":"https:\/\/api.w.org\/{rel}","templated":true}]}}