{"id":11581,"date":"2021-11-30T16:21:34","date_gmt":"2021-11-30T15:21:34","guid":{"rendered":"https:\/\/transferencia.irta.cat\/?post_type=activitats&#038;p=11581"},"modified":"2022-06-29T11:56:45","modified_gmt":"2022-06-29T09:56:45","slug":"actualizar-situacion-actual-covid19-mascotas","status":"publish","type":"activitats","link":"https:\/\/transferencia.irta.cat\/es\/activitats\/actualizar-situacion-actual-covid19-mascotas\/","title":{"rendered":"COVID19: mascotas"},"content":{"rendered":"\n<p>M\u00e1s de 2 a\u00f1os desde el inicio de la pandemia de la COVID-19. Desde el principio se vio que el SARS-CoV-2 no s\u00f3lo infectaba a personas sino tambi\u00e9n a una serie de animales dom\u00e9sticos y salvajes.<\/p>\n\n\n\n<p>En esta jornada se presentar\u00e1 una actualizaci\u00f3n sobre la susceptibilidad de diferentes especies animales al virus y los resultados de un proyecto de investigaci\u00f3n de IRTA-CReSA en relaci\u00f3n con la infecci\u00f3n de mascotas con SARS-CoV-2.<\/p>\n\n\n\n<figure class=\"wp-block-image size-large is-resized\"><img loading=\"lazy\" decoding=\"async\" src=\"https:\/\/transferencia.irta.cat\/wp-content\/uploads\/2021\/11\/Imagen1-1.png\" alt=\"\" class=\"wp-image-14391\" width=\"277\" height=\"261\" srcset=\"https:\/\/transferencia.irta.cat\/wp-content\/uploads\/2021\/11\/Imagen1-1.png 339w, https:\/\/transferencia.irta.cat\/wp-content\/uploads\/2021\/11\/Imagen1-1-300x282.png 300w\" sizes=\"auto, (max-width: 277px) 100vw, 277px\" \/><\/figure>\n","protected":false},"featured_media":11565,"template":"","categories":[1474,1471,630,633],"tags":[1584,1578,2208],"objectius_estrategics":[],"ods":[1261,1496,1273],"programa_irta":[1514,1230],"trainings":[],"class_list":["post-11581","activitats","type-activitats","status-publish","has-post-thumbnail","hentry","category-animal-health","category-animal-production","category-produccion-animal","category-sanidad-animal","tag-covid19-en","tag-covid19-es","tag-mascotas","ods-15-vida-terrestre-es","ods-3-good-health-and-well-being","ods-3-salud-y-bienestar","programa_irta-a4-animal-health","programa_irta-a4-sanitat-animal-es"],"acf":{"codi":"","data":"12\/07\/2022","data_fi":"","horari":"12:00h - 13:15h","idioma":"Catal\u00e1n","original_language":"ca","preu":"Gratuito","places":"-1","ciutat":"En l\u00ednea","lloc_de_realitzacio":"<p>En l\u00ednea<\/p>\n","ubicacio":false,"imatge_ubicacio":"https:\/\/transferencia.irta.cat\/wp-content\/uploads\/2021\/10\/Blanco-Foto-Mar-Paisaje-Respira-Facebook-Portada-300x111-1.png","persona_contacte_nom":"Javier Tobal","persona_contacte_email":"javier.tobal@irta.cat","programa":{"ID":14430,"id":14430,"title":"En l\u00ednia_SARS-CoV-2_1207_220040","filename":"En-l\u00ednia_SARS-CoV-2_1207_220040-1.pdf","filesize":116466,"url":"https:\/\/transferencia.irta.cat\/wp-content\/uploads\/2021\/11\/En-l\u00ednia_SARS-CoV-2_1207_220040-1.pdf","link":"https:\/\/transferencia.irta.cat\/es\/activitats\/actualizar-situacion-actual-covid19-mascotas\/en-linia_sars-cov-2_1207_220040-2-2\/","alt":"","author":"2","description":"","caption":"","name":"en-linia_sars-cov-2_1207_220040-2-2","status":"inherit","uploaded_to":11581,"date":"2022-06-29 09:56:20","modified":"2022-06-29 09:56:20","menu_order":0,"mime_type":"application\/pdf","type":"application","subtype":"pdf","icon":"https:\/\/transferencia.irta.cat\/wp-includes\/images\/media\/document.png"},"programacio":"<p><strong>12:00 h Presentaci\u00f3n de la jornada<\/strong><br \/>\nSR. Joaqu\u00edn Segal\u00e9s, IRTA-CReSA-UAB y D\u00aa. Julia Vergara-Alert, IRTA-CReSA.<\/p>\n<hr \/>\n<p><strong>12.05 h Susceptibilidad de diferentes especies animales en el SARS-CoV-2<\/strong><br \/>\nSr. J\u00falia Vergara -Alert, IRTA-CReSA<\/p>\n<hr \/>\n<p><strong>12.40 h SARS-CoV-2, epidemiolog\u00eda y mascotas<\/strong><br \/>\nSr. Joaquim Segal\u00e9s, IRTA-CReSA-UAB<\/p>\n<hr \/>\n<p><strong>13.15 h Turno abierto de preguntas<\/strong><\/p>\n","ponents":false,"organitza":[{"imatge":"https:\/\/transferencia.irta.cat\/wp-content\/uploads\/2022\/04\/logo_accioclimatica_h3.png","nom":"","link":""},{"imatge":"https:\/\/transferencia.irta.cat\/wp-content\/uploads\/2022\/02\/PATT-2022-desglossat-20-ANYS.png","nom":"","link":""},{"imatge":"https:\/\/transferencia.irta.cat\/wp-content\/uploads\/2021\/02\/IRTA_logo_R.png","nom":"","link":""},{"imatge":"https:\/\/transferencia.irta.cat\/wp-content\/uploads\/2021\/03\/Logo_CReSA-1.jpg","nom":"","link":""}],"patrocina":false,"colabora":[{"imatge":"https:\/\/transferencia.irta.cat\/wp-content\/uploads\/2021\/11\/diputaci\u00f3-de-barcelona.jpg","nom":"","link":""}],"serveis":false,"materials":false,"activitats_relacionades":false,"te_enquesta":false,"id_enquesta":"","enquesta_externa":"","subscribe_external_link":"","en_construccio":false,"wait_list":false},"yoast_head":"<!-- This site is optimized with the Yoast SEO plugin v15.2 - https:\/\/yoast.com\/wordpress\/plugins\/seo\/ -->\n<title>COVID19: mascotas - IRTA<\/title>\n<meta name=\"description\" content=\"M\u00e1s de 2 a\u00f1os desde el inicio de la pandemia de la COVID-19. Desde el principio se vio que el SARS-CoV-2 no s\u00f3lo infectaba a personas sino tambi\u00e9n a una\" \/>\n<meta name=\"robots\" content=\"index, follow, max-snippet:-1, max-image-preview:large, max-video-preview:-1\" \/>\n<link rel=\"canonical\" href=\"https:\/\/transferencia.irta.cat\/es\/activitats\/actualizar-situacion-actual-covid19-mascotas\/\" \/>\n<meta property=\"og:locale\" content=\"es_ES\" \/>\n<meta property=\"og:type\" content=\"article\" \/>\n<meta property=\"og:title\" content=\"COVID19: mascotas - IRTA\" \/>\n<meta property=\"og:description\" content=\"M\u00e1s de 2 a\u00f1os desde el inicio de la pandemia de la COVID-19. Desde el principio se vio que el SARS-CoV-2 no s\u00f3lo infectaba a personas sino tambi\u00e9n a una\" \/>\n<meta property=\"og:url\" content=\"https:\/\/transferencia.irta.cat\/es\/activitats\/actualizar-situacion-actual-covid19-mascotas\/\" \/>\n<meta property=\"og:site_name\" content=\"IRTA\" \/>\n<meta property=\"article:modified_time\" content=\"2022-06-29T09:56:45+00:00\" \/>\n<meta property=\"og:image\" content=\"https:\/\/transferencia.irta.cat\/wp-content\/uploads\/2021\/11\/sarandy-westfall-VYcDFMSkUAA-unsplash-e1638285665617.jpg\" \/>\n\t<meta property=\"og:image:width\" content=\"1281\" \/>\n\t<meta property=\"og:image:height\" content=\"1195\" \/>\n<meta name=\"twitter:card\" content=\"summary_large_image\" \/>\n<meta name=\"twitter:label1\" value=\"Escrito por\">\n\t<meta name=\"twitter:data1\" value=\"jtobal\">\n\t<meta name=\"twitter:label2\" value=\"Tiempo de lectura\">\n\t<meta name=\"twitter:data2\" value=\"0 minutos\">\n<script type=\"application\/ld+json\" class=\"yoast-schema-graph\">{\"@context\":\"https:\/\/schema.org\",\"@graph\":[{\"@type\":\"WebSite\",\"@id\":\"https:\/\/transferencia.irta.cat\/es\/#website\",\"url\":\"https:\/\/transferencia.irta.cat\/es\/\",\"name\":\"IRTA\",\"description\":\"Transfer\\u00e8ncia de coneixement\",\"potentialAction\":[{\"@type\":\"SearchAction\",\"target\":\"https:\/\/transferencia.irta.cat\/es\/?s={search_term_string}\",\"query-input\":\"required name=search_term_string\"}],\"inLanguage\":\"es\"},{\"@type\":\"ImageObject\",\"@id\":\"https:\/\/transferencia.irta.cat\/es\/activitats\/actualizar-situacion-actual-covid19-mascotas\/#primaryimage\",\"inLanguage\":\"es\",\"url\":\"https:\/\/transferencia.irta.cat\/wp-content\/uploads\/2021\/11\/sarandy-westfall-VYcDFMSkUAA-unsplash-e1638285665617.jpg\",\"width\":1281,\"height\":1195},{\"@type\":\"WebPage\",\"@id\":\"https:\/\/transferencia.irta.cat\/es\/activitats\/actualizar-situacion-actual-covid19-mascotas\/#webpage\",\"url\":\"https:\/\/transferencia.irta.cat\/es\/activitats\/actualizar-situacion-actual-covid19-mascotas\/\",\"name\":\"COVID19: mascotas - IRTA\",\"isPartOf\":{\"@id\":\"https:\/\/transferencia.irta.cat\/es\/#website\"},\"primaryImageOfPage\":{\"@id\":\"https:\/\/transferencia.irta.cat\/es\/activitats\/actualizar-situacion-actual-covid19-mascotas\/#primaryimage\"},\"datePublished\":\"2021-11-30T15:21:34+00:00\",\"dateModified\":\"2022-06-29T09:56:45+00:00\",\"description\":\"M\\u00e1s de 2 a\\u00f1os desde el inicio de la pandemia de la COVID-19. Desde el principio se vio que el SARS-CoV-2 no s\\u00f3lo infectaba a personas sino tambi\\u00e9n a una\",\"inLanguage\":\"es\",\"potentialAction\":[{\"@type\":\"ReadAction\",\"target\":[\"https:\/\/transferencia.irta.cat\/es\/activitats\/actualizar-situacion-actual-covid19-mascotas\/\"]}]}]}<\/script>\n<!-- \/ Yoast SEO plugin. -->","_links":{"self":[{"href":"https:\/\/transferencia.irta.cat\/es\/wp-json\/wp\/v2\/activitats\/11581","targetHints":{"allow":["GET"]}}],"collection":[{"href":"https:\/\/transferencia.irta.cat\/es\/wp-json\/wp\/v2\/activitats"}],"about":[{"href":"https:\/\/transferencia.irta.cat\/es\/wp-json\/wp\/v2\/types\/activitats"}],"wp:featuredmedia":[{"embeddable":true,"href":"https:\/\/transferencia.irta.cat\/es\/wp-json\/wp\/v2\/media\/11565"}],"wp:attachment":[{"href":"https:\/\/transferencia.irta.cat\/es\/wp-json\/wp\/v2\/media?parent=11581"}],"wp:term":[{"taxonomy":"category","embeddable":true,"href":"https:\/\/transferencia.irta.cat\/es\/wp-json\/wp\/v2\/categories?post=11581"},{"taxonomy":"post_tag","embeddable":true,"href":"https:\/\/transferencia.irta.cat\/es\/wp-json\/wp\/v2\/tags?post=11581"},{"taxonomy":"objectius_estrategics","embeddable":true,"href":"https:\/\/transferencia.irta.cat\/es\/wp-json\/wp\/v2\/objectius_estrategics?post=11581"},{"taxonomy":"ods","embeddable":true,"href":"https:\/\/transferencia.irta.cat\/es\/wp-json\/wp\/v2\/ods?post=11581"},{"taxonomy":"programa_irta","embeddable":true,"href":"https:\/\/transferencia.irta.cat\/es\/wp-json\/wp\/v2\/programa_irta?post=11581"},{"taxonomy":"trainings","embeddable":true,"href":"https:\/\/transferencia.irta.cat\/es\/wp-json\/wp\/v2\/trainings?post=11581"}],"curies":[{"name":"wp","href":"https:\/\/api.w.org\/{rel}","templated":true}]}}