{"id":17509,"date":"2022-12-05T12:32:56","date_gmt":"2022-12-05T11:32:56","guid":{"rendered":"https:\/\/transferencia.irta.cat\/?post_type=activitats&#038;p=17509"},"modified":"2025-06-16T11:38:50","modified_gmt":"2025-06-16T09:38:50","slug":"rice-technical-conference-2023","status":"publish","type":"activitats","link":"https:\/\/transferencia.irta.cat\/en\/activitats\/rice-technical-conference-2023\/","title":{"rendered":"Rice technical conference 2023"},"content":{"rendered":"\n<p>The cultivation of rice is continuously subjected to environmental and socio-economic challenges where research, both basic and applied, plays a fundamental role in the continuous improvement of the sustainability of the crop in all three aspects.<\/p>\n\n\n\n<p>During the course of the day, the latest technological advances will be presented, as well as new action proposals that should facilitate compliance with the European Green Pact.<\/p>\n\n\n\n<p>This day will present part of the demonstration activities \"Sustainable management of phosphorus in rice fields (GESFORICE)\" and \"Management of rice stubble to combat climate change\", operation 01.02.01 (technology transfer) of PDR of Catalonia 2014-2022<\/p>\n\n\n\n<figure class=\"wp-block-image size-large\"><img loading=\"lazy\" decoding=\"async\" width=\"1024\" height=\"682\" src=\"https:\/\/transferencia.irta.cat\/wp-content\/uploads\/2022\/12\/Amposta_web-2-1024x682.jpg\" alt=\"\" class=\"wp-image-17361\" srcset=\"https:\/\/transferencia.irta.cat\/wp-content\/uploads\/2022\/12\/Amposta_web-2-1024x682.jpg 1024w, https:\/\/transferencia.irta.cat\/wp-content\/uploads\/2022\/12\/Amposta_web-2-300x200.jpg 300w, https:\/\/transferencia.irta.cat\/wp-content\/uploads\/2022\/12\/Amposta_web-2-768x512.jpg 768w, https:\/\/transferencia.irta.cat\/wp-content\/uploads\/2022\/12\/Amposta_web-2.jpg 1210w\" sizes=\"auto, (max-width: 1024px) 100vw, 1024px\" \/><figcaption>15.09.2020 Foto Pere Virgili<\/figcaption><\/figure>\n","protected":false},"featured_media":17361,"template":"","categories":[1477],"tags":[],"objectius_estrategics":[],"ods":[],"programa_irta":[1215,1522],"trainings":[],"class_list":["post-17509","activitats","type-activitats","status-publish","has-post-thumbnail","hentry","category-rice-cereals","programa_irta-v3-cultius-extensius","programa_irta-v3-extensive-cultivation"],"acf":{"codi":"","data":"23\/02\/2023","data_fi":"","horari":"09:00h -13:00h","idioma":"Catalan","original_language":"ca","preu":"Free","places":"-1","ciutat":"Deltebre","lloc_de_realitzacio":"<p>Hall Actes d'Rossaires del<br \/>\nDelta de l'Ebre S.C.C.L.<br \/>\nCtr. Camarles-Deltebre km. 6.5<br \/>\n43580 December<\/p>\n","ubicacio":{"address":"Hall Actes d'Rossaires del Delta de l'Ebre S.C.C.L. Ctr. Camarles-Deltebre km. 6.5 43580 December","lat":40.7735916,"lng":0.6731975,"zoom":14,"place_id":"ChIJ4Q4luGADoRIRxpOtCc5z21A","street_name":"Pla\u00e7a Deltebre","city":"Camarles","state":"Catalunya","state_short":"CT","post_code":"43894","country":"Espanya","country_short":"ES"},"imatge_ubicacio":"https:\/\/transferencia.irta.cat\/wp-content\/uploads\/2022\/12\/dji_0086petita.jpg","persona_contacte_nom":"Montse Palau","persona_contacte_email":"montserrat.palau@irta.cat","programa":{"ID":17972,"id":17972,"title":"Deltebre_Arr\u00f2s_2302_2023_43_v4","filename":"Deltebre_Arr\u00f2s_2302_2023_43_v4.pdf","filesize":262888,"url":"https:\/\/transferencia.irta.cat\/wp-content\/uploads\/2022\/12\/Deltebre_Arr\u00f2s_2302_2023_43_v4.pdf","link":"https:\/\/transferencia.irta.cat\/en\/activitats\/rice-technical-conference-2023\/deltebre_arros_2302_2023_43_v4-2\/","alt":"","author":"32","description":"","caption":"","name":"deltebre_arros_2302_2023_43_v4-2","status":"inherit","uploaded_to":17509,"date":"2023-01-31 11:34:10","modified":"2023-01-31 11:34:10","menu_order":0,"mime_type":"application\/pdf","type":"application","subtype":"pdf","icon":"https:\/\/transferencia.irta.cat\/wp-includes\/images\/media\/document.png"},"programacio":"<p><strong>9.00 a.m. Registration and registration of attendees<\/strong><\/p>\n<hr \/>\n<p><strong>9.30 h Presentation of the day<\/strong>. Mr. Jesus Gomez Director of ST of the DACC in Terres de l'Ebre<\/p>\n<hr \/>\n<p><strong>10.00 a.m. Progress towards more sustainable fertilization<\/strong>. Mrs. Maria del Mar Catalan. IRTA<\/p>\n<hr \/>\n<p><strong>10.30 am The cultivation of rice, an ally to combat climate change<\/strong>. Mrs. Maite Martinez IRTA<\/p>\n<hr \/>\n<p><strong>11.00 a.m. Coffee break<\/strong><\/p>\n<hr \/>\n<p><strong>11.30 h Biological control of warehouse pests.<\/strong> Mr. Jos\u00e9 Miguel Campos and Mrs. Maria Teresa Martinez. IRTA<\/p>\n<hr \/>\n<p><strong>11.45 h Shock plan for weed control<\/strong>. Mrs. Gemma Galimany DACC.<\/p>\n<hr \/>\n<p><strong>12.00 pm Biotechnology at the service of society<\/strong>. Mr. Josep M. Casacuberta and Mrs. Blanca San Segundo. CRAG.<\/p>\n<hr \/>\n<p><strong>12.30 pm Open question period<\/strong><\/p>\n<hr \/>\n<p><strong>12.45 pm End of the da<\/strong>y. Mr. Jesus Gomez Director of ST of the DACC in Terres de l'Ebre.<\/p>\n<hr \/>\n<p><strong>1:00 p.m. Tasting of dishes made with Nomen Calidad products<\/strong><\/p>\n<hr \/>\n<p><img loading=\"lazy\" decoding=\"async\" class=\"alignnone size-full wp-image-17945\" src=\"https:\/\/transferencia.irta.cat\/wp-content\/uploads\/2022\/12\/nomen-foods.png\" alt=\"\" width=\"251\" height=\"40\" \/><\/p>\n","ponents":[{"ponent":{"ID":9416,"post_author":"2","post_date":"2021-09-16 13:38:49","post_date_gmt":"2021-09-16 11:38:49","post_content":"<!-- wp:paragraph {\"translatedWithWPMLTM\":\"1\"} -->\n<p>M\u00aa del Mar Catal\u00e0 Forner, IRTA researcher and responsible for the rice activities carried out at the Ebro Experimental Station. She is a member of the rice sector board, has been appointed an expert in rice cultivation by the evaluation committee of the OEVV (Spanish Office of Plant Varieties) of MAGRAMA and is part of the advisory board of Ediciones LAV. He has developed tasks in plant health, improvement and management of the crop, with a clear agronomic aspect. He has participated in dozens of rice research projects in collaboration with other national and international research centers, both public and private. Responsible for transfer actions at both technical and sectoral levels through technical and field conferences, and has participated in national and international rice conferences as a guest speaker. Author of numerous technical publications in specialized journals and reviewer of public calls for projects.<\/p>\n<!-- \/wp:paragraph -->","post_title":"M\u00aa del Mar Catal\u00e0","post_excerpt":"","post_status":"publish","comment_status":"closed","ping_status":"closed","post_password":"","post_name":"ma-del-mar-catala","to_ping":"","pinged":"","post_modified":"2021-09-16 13:38:49","post_modified_gmt":"2021-09-16 11:38:49","post_content_filtered":"","post_parent":0,"guid":"https:\/\/transferencia.irta.cat\/ponent\/ma-del-mar-catala\/","menu_order":0,"post_type":"ponent","post_mime_type":"","comment_count":"0","filter":"raw"}},{"ponent":{"ID":9405,"post_author":"2","post_date":"2021-09-16 13:29:58","post_date_gmt":"2021-09-16 11:29:58","post_content":"<!-- wp:paragraph -->\n<p>She has a degree in Biology from the University of Barcelona and a PhD in Agronomy from the Polytechnic University of Valencia. Researcher at IRTA, in the Marine and Continental Waters program. Specialist in agroecology, especially in rice cultivation and the study of its interactions with climate change, especially in the carbon cycle and greenhouse gas emissions. Ha participat en diferents projectes de convocat\u00f2ries p\u00fabliques europees, espanyoles i catalanes, aix\u00ed com en projectes de col\u00b7laboraci\u00f3 amb empresa privada, on ha exercit d\u2019investigadora principal.<\/p>\n<!-- \/wp:paragraph -->","post_title":"Maite Mart\u00ednez-Eixarch","post_excerpt":"","post_status":"publish","comment_status":"closed","ping_status":"closed","post_password":"","post_name":"maite-martinez-eixarch","to_ping":"","pinged":"","post_modified":"2023-11-21 11:24:04","post_modified_gmt":"2023-11-21 10:24:04","post_content_filtered":"","post_parent":0,"guid":"https:\/\/transferencia.irta.cat\/ponent\/maite-martinez-eixarch\/","menu_order":0,"post_type":"ponent","post_mime_type":"","comment_count":"0","filter":"raw"}},{"ponent":{"ID":9200,"post_author":"2","post_date":"2021-09-09 12:53:38","post_date_gmt":"2021-09-09 10:53:38","post_content":"<!-- wp:paragraph {\"translatedWithWPMLTM\":\"1\"} -->\n<p>Jos\u00e9 Miguel Campos Rivela is an Agricultural Engineer from the Polytechnic University of Valencia and holds a PhD in Agricultural Engineering from the Universitat Jaume I in Castell\u00f3n. Researcher in the Sustainable Plant Protection program since 2004 and Institutional Delegate of the IRTA since 2019. The main areas of work as a researcher belong to the integrated management of pests: bioecology of pest species and auxiliary entomofauna, implementation of methods of biological and biotechnical control and development of sampling methods and establishment of intervention economics thresholds. He is the co-author of 66 scientific and technical publications in the field of entomology, plant protection, biological control and integrated pest management, and has made 23 contributions to national conferences and 28 to international ones. He has been an associate professor of Crop Control in the degree in Horticulture and Gardening (International University of Catalonia (UIC). Member of the Spanish Society of Applied Entomology (SEEA), of the working group of \"Citrus-IPM\" IOBC (International Organization for Biological Control) and the Citrus Committee of the Fruit.Net program (Generalitat de Catalunya) Has participated in 13 R&amp;D projects funded in public, national and international calls, all in the field of biological and integrated control of pests of citrus, fruit, rice and Mediterranean crops. It has also participated in 19 R&amp;D contracts with companies or administrations (national and \/ or international related to these fields. It has taught 44 days and courses aimed at the sector productive related to integrated pest control.<\/p>\n<!-- \/wp:paragraph -->","post_title":"Jos\u00e9 Miguel Campos Rivela","post_excerpt":"","post_status":"publish","comment_status":"closed","ping_status":"closed","post_password":"","post_name":"jose-miguel-campos-rivela","to_ping":"","pinged":"","post_modified":"2021-09-09 12:53:38","post_modified_gmt":"2021-09-09 10:53:38","post_content_filtered":"","post_parent":0,"guid":"https:\/\/transferencia.irta.cat\/ponent\/jose-miguel-campos-rivela\/","menu_order":0,"post_type":"ponent","post_mime_type":"","comment_count":"0","filter":"raw"}},{"ponent":{"ID":9201,"post_author":"32","post_date":"2021-09-09 12:54:25","post_date_gmt":"2021-09-09 10:54:25","post_content":"<!-- wp:paragraph {\"translatedWithWPMLTM\":\"1\"} -->\n<p>PhD in Agricultural Engineering from the Polytechnic University of Valencia (Spain). Senior researcher at the Institute of Agri-Food Research and Technology (IRTA) of the Generalitat de Catalunya since 1991, mainly in the entomology of citrus and olive trees, within the Sustainable Plant Protection Program. My research work focuses on pest biology, ecology and seasonal dynamics, the development of sampling methods, the establishment of economic thresholds for intervention and the improvement of chemical, biological, cultural and pest control. I was an associate professor of Production Technologies II: Plant Protection at the International University of Catalonia (UIC) in the Degree in Horticulture and Gardening. I have participated in numerous research projects funded by national and international public funds and numerous contracts with private companies in the field of biological and integrated pest control for citrus and olive crops. Since its creation in 1994, I have played an active role in the Integrated Committee for the Production of Citrus Crops of Catalonia, to update the technical standards of citrus production. I am also the technical coordinator of the Citrus Committee of the Fruit.Net Program (Generalitat de Catalunya) for the optimization of the application of phytosanitary products and the reduction of waste on fruit. I joined the National Group of Pests of Subtropical and Citrus Crops from 1991 until the end of 2011. I am the current Convener of the Working Group Integrated Protection of Citrus Crops (2017) of the International Organization for Biological Control and Integrated (IOBC) - Western Palearctic Region Section. I have been a member of the EIP-AGRI Focus Group on Plagues and Diseases of the Olive Tree (2019-2020). I have participated in numerous national and international conferences and have extensive experience in knowledge transfer through training courses, seminars and workshops aimed at technicians and farmers. I have published more than 100 scientific and technical articles<\/p>\n<!-- \/wp:paragraph -->","post_title":"Mar\u00eda Teresa Mart\u00ednez Ferrer","post_excerpt":"","post_status":"publish","comment_status":"closed","ping_status":"closed","post_password":"","post_name":"maria-teresa-martinez-ferrer","to_ping":"","pinged":"","post_modified":"2021-09-09 12:54:25","post_modified_gmt":"2021-09-09 10:54:25","post_content_filtered":"","post_parent":0,"guid":"https:\/\/transferencia.irta.cat\/ponent\/maria-teresa-martinez-ferrer\/","menu_order":0,"post_type":"ponent","post_mime_type":"","comment_count":"0","filter":"raw"}}],"organitza":[{"imatge":"https:\/\/transferencia.irta.cat\/wp-content\/uploads\/2022\/12\/DACC_2023.png","nom":"","link":""},{"imatge":"https:\/\/transferencia.irta.cat\/wp-content\/uploads\/2022\/12\/IRTA_logo_PNG_amb_R_cerca.png","nom":"","link":""},{"imatge":"https:\/\/transferencia.irta.cat\/wp-content\/uploads\/2022\/12\/PATT-2023-1.jpg","nom":"","link":""}],"patrocina":[{"imatge":"https:\/\/transferencia.irta.cat\/wp-content\/uploads\/2022\/12\/nomen-foods.png","nom":"","link":"https:\/\/nomenfoods.com\/"},{"imatge":"https:\/\/transferencia.irta.cat\/wp-content\/uploads\/2022\/12\/Agromaster-by-ICL.png","nom":"","link":"https:\/\/lp.icl-sf.com\/es-es\/agromaster\/?utm_campaign=agromaster__2023_ES&utm_medium=referral&utm_source=irta"},{"imatge":"https:\/\/transferencia.irta.cat\/wp-content\/uploads\/2022\/12\/DFINNOVA.jpg","nom":"","link":"https:\/\/dfinnova.com\/"},{"imatge":"https:\/\/transferencia.irta.cat\/wp-content\/uploads\/2020\/12\/Arrossaires_logo.jpg","nom":"","link":"https:\/\/www.arrossaires.com\/"},{"imatge":"https:\/\/transferencia.irta.cat\/wp-content\/uploads\/2022\/12\/EDYPRO.jpg","nom":"","link":"https:\/\/www.edypro-online.com\/inicio\/"},{"imatge":"https:\/\/transferencia.irta.cat\/wp-content\/uploads\/2020\/12\/SYNGENTA.jpg","nom":"","link":"https:\/\/www.syngenta.es\/"}],"colabora":[{"imatge":"https:\/\/transferencia.irta.cat\/wp-content\/uploads\/2022\/12\/Oficina-fertilitzaci\u00f3-gran.jpg","nom":"","link":"https:\/\/ruralcat.gencat.cat\/oficina-de-fertilitzacio"},{"imatge":"https:\/\/transferencia.irta.cat\/wp-content\/uploads\/2021\/10\/1280px-Crag_logo.svg_.png","nom":"","link":"https:\/\/www.cragenomica.es\/"},{"imatge":"https:\/\/transferencia.irta.cat\/wp-content\/uploads\/2022\/12\/Logo_FEADER-Europa-inverteix-en-les-zones-rurals.png","nom":"","link":""},{"imatge":"https:\/\/transferencia.irta.cat\/wp-content\/uploads\/2020\/03\/logo-xarxa-i-color.jpg","nom":"","link":""}],"serveis":false,"materials":[{"material":{"ID":22284,"post_author":"2","post_date":"2023-11-21 11:07:29","post_date_gmt":"2023-11-21 10:07:29","post_content":"","post_title":"Summary XVII Rice Technical Conference 2023","post_excerpt":"","post_status":"publish","comment_status":"closed","ping_status":"closed","post_password":"","post_name":"summary-xvii-rice-technical-conference-2023","to_ping":"","pinged":"","post_modified":"2023-11-21 11:27:19","post_modified_gmt":"2023-11-21 10:27:19","post_content_filtered":"","post_parent":0,"guid":"https:\/\/transferencia.irta.cat\/?post_type=material&#038;p=22284","menu_order":0,"post_type":"material","post_mime_type":"","comment_count":"0","filter":"raw"}},{"material":{"ID":22286,"post_author":"2","post_date":"2023-11-21 11:12:55","post_date_gmt":"2023-11-21 10:12:55","post_content":"","post_title":"Progress towards more sustainable fertilization. Mar Catal\u00e0","post_excerpt":"","post_status":"publish","comment_status":"closed","ping_status":"closed","post_password":"","post_name":"progress-towards-more-sustainable-fertilization-catalan-sea","to_ping":"","pinged":"","post_modified":"2023-11-21 11:22:12","post_modified_gmt":"2023-11-21 10:22:12","post_content_filtered":"","post_parent":0,"guid":"https:\/\/transferencia.irta.cat\/?post_type=material&#038;p=22286","menu_order":0,"post_type":"material","post_mime_type":"","comment_count":"0","filter":"raw"}},{"material":{"ID":22289,"post_author":"2","post_date":"2023-11-21 11:15:22","post_date_gmt":"2023-11-21 10:15:22","post_content":"","post_title":"The cultivation of rice, an ally to combat climate change. Maite Mart\u00ednez Eixarch","post_excerpt":"","post_status":"publish","comment_status":"closed","ping_status":"closed","post_password":"","post_name":"the-cultivation-of-rice-an-ally-to-combat-climate-change-maite-martinez-eixarch","to_ping":"","pinged":"","post_modified":"2023-11-21 11:15:22","post_modified_gmt":"2023-11-21 10:15:22","post_content_filtered":"","post_parent":0,"guid":"https:\/\/transferencia.irta.cat\/?post_type=material&#038;p=22289","menu_order":0,"post_type":"material","post_mime_type":"","comment_count":"0","filter":"raw"}},{"material":{"ID":22290,"post_author":"2","post_date":"2023-11-21 11:17:00","post_date_gmt":"2023-11-21 10:17:00","post_content":"","post_title":"Biological control of warehouse pests. Jos\u00e9 Miguel Campos and Maria Teresa Mart\u00ednez","post_excerpt":"","post_status":"publish","comment_status":"closed","ping_status":"closed","post_password":"","post_name":"biological-control-of-warehouse-pests-jose-miguel-campos-and-maria-teresa-martinez","to_ping":"","pinged":"","post_modified":"2023-11-21 11:17:00","post_modified_gmt":"2023-11-21 10:17:00","post_content_filtered":"","post_parent":0,"guid":"https:\/\/transferencia.irta.cat\/?post_type=material&#038;p=22290","menu_order":0,"post_type":"material","post_mime_type":"","comment_count":"0","filter":"raw"}},{"material":{"ID":22293,"post_author":"2","post_date":"2023-11-21 11:19:08","post_date_gmt":"2023-11-21 10:19:08","post_content":"","post_title":"Shock plan for weed control. Gemma Galimany","post_excerpt":"","post_status":"publish","comment_status":"closed","ping_status":"closed","post_password":"","post_name":"shock-plan-for-weed-control-gemma-galimany","to_ping":"","pinged":"","post_modified":"2023-11-21 11:19:09","post_modified_gmt":"2023-11-21 10:19:09","post_content_filtered":"","post_parent":0,"guid":"https:\/\/transferencia.irta.cat\/?post_type=material&#038;p=22293","menu_order":0,"post_type":"material","post_mime_type":"","comment_count":"0","filter":"raw"}},{"material":{"ID":22294,"post_author":"2","post_date":"2023-11-21 11:20:58","post_date_gmt":"2023-11-21 10:20:58","post_content":"","post_title":"Biotechnology at the service of society. Blanca San Segundo.","post_excerpt":"","post_status":"publish","comment_status":"closed","ping_status":"closed","post_password":"","post_name":"biotechnology-at-the-service-of-society-blanca-san-segundo","to_ping":"","pinged":"","post_modified":"2023-11-21 11:20:58","post_modified_gmt":"2023-11-21 10:20:58","post_content_filtered":"","post_parent":0,"guid":"https:\/\/transferencia.irta.cat\/?post_type=material&#038;p=22294","menu_order":0,"post_type":"material","post_mime_type":"","comment_count":"0","filter":"raw"}},{"material":{"ID":28326,"post_author":"2","post_date":"2025-06-16 11:15:37","post_date_gmt":"2025-06-16 09:15:37","post_content":"","post_title":"Programming of the IRTA 40th anniversary institutional event","post_excerpt":"","post_status":"publish","comment_status":"closed","ping_status":"closed","post_password":"","post_name":"programming-of-the-irta-40th-anniversary-institutional-event","to_ping":"","pinged":"","post_modified":"2025-06-16 11:42:24","post_modified_gmt":"2025-06-16 09:42:24","post_content_filtered":"","post_parent":0,"guid":"https:\/\/transferencia.irta.cat\/?post_type=material&#038;p=28326","menu_order":0,"post_type":"material","post_mime_type":"","comment_count":"0","filter":"raw"}}],"activitats_relacionades":false,"te_enquesta":true,"id_enquesta":"187","enquesta_externa":"","subscribe_external_link":"","en_construccio":false,"wait_list":false},"yoast_head":"<!-- This site is optimized with the Yoast SEO plugin v15.2 - https:\/\/yoast.com\/wordpress\/plugins\/seo\/ -->\n<title>Rice technical conference 2023 - IRTA<\/title>\n<meta name=\"description\" content=\"The cultivation of rice is continuously subjected to environmental and socio-economic challenges where research, both basic and applied, plays a\" \/>\n<meta name=\"robots\" content=\"index, follow, max-snippet:-1, max-image-preview:large, max-video-preview:-1\" \/>\n<link rel=\"canonical\" href=\"https:\/\/transferencia.irta.cat\/en\/activitats\/rice-technical-conference-2023\/\" \/>\n<meta property=\"og:locale\" content=\"en_US\" \/>\n<meta property=\"og:type\" content=\"article\" \/>\n<meta property=\"og:title\" content=\"Rice technical conference 2023 - IRTA\" \/>\n<meta property=\"og:description\" content=\"The cultivation of rice is continuously subjected to environmental and socio-economic challenges where research, both basic and applied, plays a\" \/>\n<meta property=\"og:url\" content=\"https:\/\/transferencia.irta.cat\/en\/activitats\/rice-technical-conference-2023\/\" \/>\n<meta property=\"og:site_name\" content=\"IRTA\" \/>\n<meta property=\"article:modified_time\" content=\"2025-06-16T09:38:50+00:00\" \/>\n<meta property=\"og:image\" content=\"https:\/\/transferencia.irta.cat\/wp-content\/uploads\/2022\/12\/Amposta_web-2.jpg\" \/>\n\t<meta property=\"og:image:width\" content=\"1210\" \/>\n\t<meta property=\"og:image:height\" content=\"806\" \/>\n<meta name=\"twitter:card\" content=\"summary_large_image\" \/>\n<meta name=\"twitter:label1\" value=\"Written by\">\n\t<meta name=\"twitter:data1\" value=\"jtobal\">\n\t<meta name=\"twitter:label2\" value=\"Est. reading time\">\n\t<meta name=\"twitter:data2\" value=\"0 minutes\">\n<script type=\"application\/ld+json\" class=\"yoast-schema-graph\">{\"@context\":\"https:\/\/schema.org\",\"@graph\":[{\"@type\":\"WebSite\",\"@id\":\"https:\/\/transferencia.irta.cat\/en\/#website\",\"url\":\"https:\/\/transferencia.irta.cat\/en\/\",\"name\":\"IRTA\",\"description\":\"Transfer\\u00e8ncia de coneixement\",\"potentialAction\":[{\"@type\":\"SearchAction\",\"target\":\"https:\/\/transferencia.irta.cat\/en\/?s={search_term_string}\",\"query-input\":\"required name=search_term_string\"}],\"inLanguage\":\"en-US\"},{\"@type\":\"ImageObject\",\"@id\":\"https:\/\/transferencia.irta.cat\/en\/activitats\/rice-technical-conference-2023\/#primaryimage\",\"inLanguage\":\"en-US\",\"url\":\"https:\/\/transferencia.irta.cat\/wp-content\/uploads\/2022\/12\/Amposta_web-2.jpg\",\"width\":1210,\"height\":806,\"caption\":\"15.09.2020 Foto Pere Virgili\"},{\"@type\":\"WebPage\",\"@id\":\"https:\/\/transferencia.irta.cat\/en\/activitats\/rice-technical-conference-2023\/#webpage\",\"url\":\"https:\/\/transferencia.irta.cat\/en\/activitats\/rice-technical-conference-2023\/\",\"name\":\"Rice technical conference 2023 - IRTA\",\"isPartOf\":{\"@id\":\"https:\/\/transferencia.irta.cat\/en\/#website\"},\"primaryImageOfPage\":{\"@id\":\"https:\/\/transferencia.irta.cat\/en\/activitats\/rice-technical-conference-2023\/#primaryimage\"},\"datePublished\":\"2022-12-05T11:32:56+00:00\",\"dateModified\":\"2025-06-16T09:38:50+00:00\",\"description\":\"The cultivation of rice is continuously subjected to environmental and socio-economic challenges where research, both basic and applied, plays a\",\"inLanguage\":\"en-US\",\"potentialAction\":[{\"@type\":\"ReadAction\",\"target\":[\"https:\/\/transferencia.irta.cat\/en\/activitats\/rice-technical-conference-2023\/\"]}]}]}<\/script>\n<!-- \/ Yoast SEO plugin. -->","_links":{"self":[{"href":"https:\/\/transferencia.irta.cat\/en\/wp-json\/wp\/v2\/activitats\/17509","targetHints":{"allow":["GET"]}}],"collection":[{"href":"https:\/\/transferencia.irta.cat\/en\/wp-json\/wp\/v2\/activitats"}],"about":[{"href":"https:\/\/transferencia.irta.cat\/en\/wp-json\/wp\/v2\/types\/activitats"}],"wp:featuredmedia":[{"embeddable":true,"href":"https:\/\/transferencia.irta.cat\/en\/wp-json\/wp\/v2\/media\/17361"}],"wp:attachment":[{"href":"https:\/\/transferencia.irta.cat\/en\/wp-json\/wp\/v2\/media?parent=17509"}],"wp:term":[{"taxonomy":"category","embeddable":true,"href":"https:\/\/transferencia.irta.cat\/en\/wp-json\/wp\/v2\/categories?post=17509"},{"taxonomy":"post_tag","embeddable":true,"href":"https:\/\/transferencia.irta.cat\/en\/wp-json\/wp\/v2\/tags?post=17509"},{"taxonomy":"objectius_estrategics","embeddable":true,"href":"https:\/\/transferencia.irta.cat\/en\/wp-json\/wp\/v2\/objectius_estrategics?post=17509"},{"taxonomy":"ods","embeddable":true,"href":"https:\/\/transferencia.irta.cat\/en\/wp-json\/wp\/v2\/ods?post=17509"},{"taxonomy":"programa_irta","embeddable":true,"href":"https:\/\/transferencia.irta.cat\/en\/wp-json\/wp\/v2\/programa_irta?post=17509"},{"taxonomy":"trainings","embeddable":true,"href":"https:\/\/transferencia.irta.cat\/en\/wp-json\/wp\/v2\/trainings?post=17509"}],"curies":[{"name":"wp","href":"https:\/\/api.w.org\/{rel}","templated":true}]}}