{"id":17020,"date":"2022-11-16T10:16:09","date_gmt":"2022-11-16T09:16:09","guid":{"rendered":"https:\/\/transferencia.irta.cat\/?post_type=activitats&#038;p=17020"},"modified":"2022-12-20T11:14:11","modified_gmt":"2022-12-20T10:14:11","slug":"calidad-de-las-aguas-en-las-zonas-de-produccion-de-marisco-2022","status":"publish","type":"activitats","link":"https:\/\/transferencia.irta.cat\/en\/activitats\/calidad-de-las-aguas-en-las-zonas-de-produccion-de-marisco-2022\/","title":{"rendered":"Calidad de las aguas en las zonas de producci\u00f3n de marisco. 2022"},"content":{"rendered":"\n<p class=\"wp-block-paragraph\">El contenido de la jornada abordar\u00e1 la producci\u00f3n de bivalvos en el litoral catal\u00e1n.<\/p>\n\n\n\n<p class=\"wp-block-paragraph\">Se presentar\u00e1 c\u00f3mo la Generalitat de Catalu\u00f1a responde a trav\u00e9s del \u201cPrograma de Seguimiento de la Calidad de las Aguas en las Zonas de Producci\u00f3n de Marisco\u201d y se describir\u00e1 su adaptaci\u00f3n al litoral catal\u00e1n y al contexto productivo de Catalu\u00f1a.<\/p>\n\n\n\n<figure class=\"wp-block-image\"><img decoding=\"async\" src=\"https:\/\/transferencia.irta.cat\/wp-content\/uploads\/2022\/11\/Imagen1-4.jpg\" alt=\"Aquesta imatge t\u00e9 l'atribut alt buit; el seu nom \u00e9s Imagen1-4.jpg\"\/><\/figure>\n","protected":false},"featured_media":16986,"template":"","categories":[],"tags":[],"objectius_estrategics":[],"ods":[],"programa_irta":[1519],"trainings":[],"class_list":["post-17020","activitats","type-activitats","status-publish","has-post-thumbnail","hentry","programa_irta-m2-marine-continental-waters"],"acf":{"codi":"","data":"21\/11\/2022","data_fi":"","horari":"11:00h - 13:00h","idioma":"Catal\u00e1n","original_language":"ca","preu":"Gratuito","places":"-1","ciutat":"En l\u00ednea","lloc_de_realitzacio":"<p>Jornada en l\u00ednea<\/p>\n","ubicacio":false,"imatge_ubicacio":"https:\/\/transferencia.irta.cat\/wp-content\/uploads\/2021\/10\/Blanco-Foto-Mar-Paisaje-Respira-Facebook-Portada-300x111-1.png","persona_contacte_nom":"Javier Tobal","persona_contacte_email":"javier.tobal@irta.cat","programa":{"ID":16998,"id":16998,"title":"En l\u00ednia_marisc_2112_220678","filename":"En-l\u00ednia_marisc_2112_220678.pdf","filesize":120965,"url":"https:\/\/transferencia.irta.cat\/wp-content\/uploads\/2022\/11\/En-l\u00ednia_marisc_2112_220678.pdf","link":"https:\/\/transferencia.irta.cat\/en\/activitats\/water-quality-in-shellfish-production-areas-2022\/en-linia_marisc_2112_220678-2\/","alt":"","author":"2","description":"","caption":"","name":"en-linia_marisc_2112_220678-2","status":"inherit","uploaded_to":17019,"date":"2022-11-16 07:57:03","modified":"2022-11-16 09:12:42","menu_order":0,"mime_type":"application\/pdf","type":"application","subtype":"pdf","icon":"https:\/\/transferencia.irta.cat\/wp-includes\/images\/media\/document.png"},"programacio":"<p><strong>11.00 h Bienvenida y presentaci\u00f3n de la jornada<\/strong><\/p>\n<hr \/>\n<p><strong>11.05 h Visi\u00f3n general del Programa de Seguimiento de la Calidad de las Aguas en las Zonas de Producci\u00f3n de Marisco (PSQAM)<\/strong><br \/>\nSr. Jorge Diog\u00e8ne, IRTA.<\/p>\n<hr \/>\n<p><strong>11.20 h Legislaci\u00f3n, registros y gu\u00edas en relaci\u00f3n con la notificaci\u00f3n de episodios de mortalidad de bivalvos<\/strong><br \/>\nSra. Margarita Fern\u00e1ndez, IRTA.<\/p>\n<hr \/>\n<p><strong>11.40 h Resultados destacables del PSQAM relativos a la microbiolog\u00eda<\/strong><br \/>\nSra. N\u00faria Sagrist\u00e0, IRTA.<\/p>\n<hr \/>\n<p><strong>12.00 h Resultados destacables del PSQAM relativos al fitoplancton t\u00f3xico y par\u00e1metros ambientales<\/strong><br \/>\nSra. Margarita Fern\u00e1ndez-Tejedor, IRTA.<\/p>\n<hr \/>\n<p><strong>12.30 h Resultados destacables del PSQAM relativos a las toxinas y contaminantes qu\u00edmicos<\/strong><br \/>\nSra. Maria Rambla-Alegre, IRTA.<\/p>\n<hr \/>\n<p><strong>13.00 h Clausura de la jornada<\/strong><br \/>\nSr. Jorge Diog\u00e8ne, IRTA<\/p>\n","ponents":false,"organitza":[{"imatge":"https:\/\/transferencia.irta.cat\/wp-content\/uploads\/2020\/07\/gene.jpg","nom":"","link":""},{"imatge":"https:\/\/transferencia.irta.cat\/wp-content\/uploads\/2021\/02\/IRTA_logo_R.png","nom":"","link":""},{"imatge":"https:\/\/transferencia.irta.cat\/wp-content\/uploads\/2022\/02\/PATT-2022-desglossat-20-ANYS.png","nom":"","link":""}],"patrocina":false,"colabora":[{"imatge":"https:\/\/transferencia.irta.cat\/wp-content\/uploads\/2020\/03\/FEADER-Europa-inverteix-en-les-zones-rurals.png","nom":"","link":""},{"imatge":"https:\/\/transferencia.irta.cat\/wp-content\/uploads\/2020\/03\/logo-xarxa-i-color.jpg","nom":"","link":""}],"serveis":false,"materials":false,"activitats_relacionades":false,"te_enquesta":true,"id_enquesta":"","enquesta_externa":"","subscribe_external_link":"","en_construccio":false,"wait_list":false},"yoast_head":"<!-- This site is optimized with the Yoast SEO plugin v28.4 - https:\/\/yoast.com\/product\/yoast-seo-wordpress\/ -->\n<title>Calidad de las aguas en las zonas de producci\u00f3n de marisco. 2022 - IRTA<\/title>\n<meta name=\"description\" content=\"El contenido de la jornada abordar\u00e1 la producci\u00f3n de bivalvos en el litoral catal\u00e1n. Se presentar\u00e1 c\u00f3mo la Generalitat de Catalu\u00f1a responde a trav\u00e9s del\" \/>\n<meta name=\"robots\" content=\"index, follow, max-snippet:-1, max-image-preview:large, max-video-preview:-1\" \/>\n<link rel=\"canonical\" href=\"https:\/\/transferencia.irta.cat\/en\/activitats\/calidad-de-las-aguas-en-las-zonas-de-produccion-de-marisco-2022\/\" \/>\n<meta property=\"og:locale\" content=\"en_US\" \/>\n<meta property=\"og:type\" content=\"article\" \/>\n<meta property=\"og:title\" content=\"Calidad de las aguas en las zonas de producci\u00f3n de marisco. 2022 - IRTA\" \/>\n<meta property=\"og:description\" content=\"El contenido de la jornada abordar\u00e1 la producci\u00f3n de bivalvos en el litoral catal\u00e1n. Se presentar\u00e1 c\u00f3mo la Generalitat de Catalu\u00f1a responde a trav\u00e9s del\" \/>\n<meta property=\"og:url\" content=\"https:\/\/transferencia.irta.cat\/en\/activitats\/calidad-de-las-aguas-en-las-zonas-de-produccion-de-marisco-2022\/\" \/>\n<meta property=\"og:site_name\" content=\"IRTA\" \/>\n<meta property=\"article:modified_time\" content=\"2022-12-20T10:14:11+00:00\" \/>\n<meta property=\"og:image\" content=\"https:\/\/transferencia.irta.cat\/wp-content\/uploads\/2022\/11\/Imagen1-4.jpg\" \/>\n\t<meta property=\"og:image:width\" content=\"269\" \/>\n\t<meta property=\"og:image:height\" content=\"304\" \/>\n\t<meta property=\"og:image:type\" content=\"image\/jpeg\" \/>\n<meta name=\"twitter:card\" content=\"summary_large_image\" \/>\n<script type=\"application\/ld+json\" class=\"yoast-schema-graph\">{\"@context\":\"https:\\\/\\\/schema.org\",\"@graph\":[{\"@type\":\"WebPage\",\"@id\":\"https:\\\/\\\/transferencia.irta.cat\\\/en\\\/activitats\\\/calidad-de-las-aguas-en-las-zonas-de-produccion-de-marisco-2022\\\/\",\"url\":\"https:\\\/\\\/transferencia.irta.cat\\\/en\\\/activitats\\\/calidad-de-las-aguas-en-las-zonas-de-produccion-de-marisco-2022\\\/\",\"name\":\"Calidad de las aguas en las zonas de producci\u00f3n de marisco. 2022 - IRTA\",\"isPartOf\":{\"@id\":\"https:\\\/\\\/transferencia.irta.cat\\\/en\\\/#website\"},\"primaryImageOfPage\":{\"@id\":\"https:\\\/\\\/transferencia.irta.cat\\\/en\\\/activitats\\\/calidad-de-las-aguas-en-las-zonas-de-produccion-de-marisco-2022\\\/#primaryimage\"},\"image\":{\"@id\":\"https:\\\/\\\/transferencia.irta.cat\\\/en\\\/activitats\\\/calidad-de-las-aguas-en-las-zonas-de-produccion-de-marisco-2022\\\/#primaryimage\"},\"thumbnailUrl\":\"https:\\\/\\\/transferencia.irta.cat\\\/wp-content\\\/uploads\\\/2022\\\/11\\\/Imagen1-4.jpg\",\"datePublished\":\"2022-11-16T09:16:09+00:00\",\"dateModified\":\"2022-12-20T10:14:11+00:00\",\"description\":\"El contenido de la jornada abordar\u00e1 la producci\u00f3n de bivalvos en el litoral catal\u00e1n. Se presentar\u00e1 c\u00f3mo la Generalitat de Catalu\u00f1a responde a trav\u00e9s del\",\"breadcrumb\":{\"@id\":\"https:\\\/\\\/transferencia.irta.cat\\\/en\\\/activitats\\\/calidad-de-las-aguas-en-las-zonas-de-produccion-de-marisco-2022\\\/#breadcrumb\"},\"inLanguage\":\"en-US\",\"potentialAction\":[{\"@type\":\"ReadAction\",\"target\":[\"https:\\\/\\\/transferencia.irta.cat\\\/en\\\/activitats\\\/calidad-de-las-aguas-en-las-zonas-de-produccion-de-marisco-2022\\\/\"]}]},{\"@type\":\"ImageObject\",\"inLanguage\":\"en-US\",\"@id\":\"https:\\\/\\\/transferencia.irta.cat\\\/en\\\/activitats\\\/calidad-de-las-aguas-en-las-zonas-de-produccion-de-marisco-2022\\\/#primaryimage\",\"url\":\"https:\\\/\\\/transferencia.irta.cat\\\/wp-content\\\/uploads\\\/2022\\\/11\\\/Imagen1-4.jpg\",\"contentUrl\":\"https:\\\/\\\/transferencia.irta.cat\\\/wp-content\\\/uploads\\\/2022\\\/11\\\/Imagen1-4.jpg\",\"width\":269,\"height\":304},{\"@type\":\"BreadcrumbList\",\"@id\":\"https:\\\/\\\/transferencia.irta.cat\\\/en\\\/activitats\\\/calidad-de-las-aguas-en-las-zonas-de-produccion-de-marisco-2022\\\/#breadcrumb\",\"itemListElement\":[{\"@type\":\"ListItem\",\"position\":1,\"name\":\"Inici\",\"item\":\"https:\\\/\\\/transferencia.irta.cat\\\/en\\\/\"},{\"@type\":\"ListItem\",\"position\":2,\"name\":\"Activities\",\"item\":\"https:\\\/\\\/transferencia.irta.cat\\\/en\\\/activitats\\\/\"},{\"@type\":\"ListItem\",\"position\":3,\"name\":\"Calidad de las aguas en las zonas de producci\u00f3n de marisco. 2022\"}]},{\"@type\":\"WebSite\",\"@id\":\"https:\\\/\\\/transferencia.irta.cat\\\/en\\\/#website\",\"url\":\"https:\\\/\\\/transferencia.irta.cat\\\/en\\\/\",\"name\":\"IRTA\",\"description\":\"Transfer\u00e8ncia de coneixement\",\"potentialAction\":[{\"@type\":\"SearchAction\",\"target\":{\"@type\":\"EntryPoint\",\"urlTemplate\":\"https:\\\/\\\/transferencia.irta.cat\\\/en\\\/?s={search_term_string}\"},\"query-input\":{\"@type\":\"PropertyValueSpecification\",\"valueRequired\":true,\"valueName\":\"search_term_string\"}}],\"inLanguage\":\"en-US\"}]}<\/script>\n<!-- \/ Yoast SEO plugin. -->","yoast_head_json":{"title":"Calidad de las aguas en las zonas de producci\u00f3n de marisco. 2022 - IRTA","description":"El contenido de la jornada abordar\u00e1 la producci\u00f3n de bivalvos en el litoral catal\u00e1n. Se presentar\u00e1 c\u00f3mo la Generalitat de Catalu\u00f1a responde a trav\u00e9s del","robots":{"index":"index","follow":"follow","max-snippet":"max-snippet:-1","max-image-preview":"max-image-preview:large","max-video-preview":"max-video-preview:-1"},"canonical":"https:\/\/transferencia.irta.cat\/en\/activitats\/calidad-de-las-aguas-en-las-zonas-de-produccion-de-marisco-2022\/","og_locale":"en_US","og_type":"article","og_title":"Calidad de las aguas en las zonas de producci\u00f3n de marisco. 2022 - IRTA","og_description":"El contenido de la jornada abordar\u00e1 la producci\u00f3n de bivalvos en el litoral catal\u00e1n. Se presentar\u00e1 c\u00f3mo la Generalitat de Catalu\u00f1a responde a trav\u00e9s del","og_url":"https:\/\/transferencia.irta.cat\/en\/activitats\/calidad-de-las-aguas-en-las-zonas-de-produccion-de-marisco-2022\/","og_site_name":"IRTA","article_modified_time":"2022-12-20T10:14:11+00:00","og_image":[{"width":269,"height":304,"url":"https:\/\/transferencia.irta.cat\/wp-content\/uploads\/2022\/11\/Imagen1-4.jpg","type":"image\/jpeg"}],"twitter_card":"summary_large_image","schema":{"@context":"https:\/\/schema.org","@graph":[{"@type":"WebPage","@id":"https:\/\/transferencia.irta.cat\/en\/activitats\/calidad-de-las-aguas-en-las-zonas-de-produccion-de-marisco-2022\/","url":"https:\/\/transferencia.irta.cat\/en\/activitats\/calidad-de-las-aguas-en-las-zonas-de-produccion-de-marisco-2022\/","name":"Calidad de las aguas en las zonas de producci\u00f3n de marisco. 2022 - IRTA","isPartOf":{"@id":"https:\/\/transferencia.irta.cat\/en\/#website"},"primaryImageOfPage":{"@id":"https:\/\/transferencia.irta.cat\/en\/activitats\/calidad-de-las-aguas-en-las-zonas-de-produccion-de-marisco-2022\/#primaryimage"},"image":{"@id":"https:\/\/transferencia.irta.cat\/en\/activitats\/calidad-de-las-aguas-en-las-zonas-de-produccion-de-marisco-2022\/#primaryimage"},"thumbnailUrl":"https:\/\/transferencia.irta.cat\/wp-content\/uploads\/2022\/11\/Imagen1-4.jpg","datePublished":"2022-11-16T09:16:09+00:00","dateModified":"2022-12-20T10:14:11+00:00","description":"El contenido de la jornada abordar\u00e1 la producci\u00f3n de bivalvos en el litoral catal\u00e1n. Se presentar\u00e1 c\u00f3mo la Generalitat de Catalu\u00f1a responde a trav\u00e9s del","breadcrumb":{"@id":"https:\/\/transferencia.irta.cat\/en\/activitats\/calidad-de-las-aguas-en-las-zonas-de-produccion-de-marisco-2022\/#breadcrumb"},"inLanguage":"en-US","potentialAction":[{"@type":"ReadAction","target":["https:\/\/transferencia.irta.cat\/en\/activitats\/calidad-de-las-aguas-en-las-zonas-de-produccion-de-marisco-2022\/"]}]},{"@type":"ImageObject","inLanguage":"en-US","@id":"https:\/\/transferencia.irta.cat\/en\/activitats\/calidad-de-las-aguas-en-las-zonas-de-produccion-de-marisco-2022\/#primaryimage","url":"https:\/\/transferencia.irta.cat\/wp-content\/uploads\/2022\/11\/Imagen1-4.jpg","contentUrl":"https:\/\/transferencia.irta.cat\/wp-content\/uploads\/2022\/11\/Imagen1-4.jpg","width":269,"height":304},{"@type":"BreadcrumbList","@id":"https:\/\/transferencia.irta.cat\/en\/activitats\/calidad-de-las-aguas-en-las-zonas-de-produccion-de-marisco-2022\/#breadcrumb","itemListElement":[{"@type":"ListItem","position":1,"name":"Inici","item":"https:\/\/transferencia.irta.cat\/en\/"},{"@type":"ListItem","position":2,"name":"Activities","item":"https:\/\/transferencia.irta.cat\/en\/activitats\/"},{"@type":"ListItem","position":3,"name":"Calidad de las aguas en las zonas de producci\u00f3n de marisco. 2022"}]},{"@type":"WebSite","@id":"https:\/\/transferencia.irta.cat\/en\/#website","url":"https:\/\/transferencia.irta.cat\/en\/","name":"IRTA","description":"Transfer\u00e8ncia de coneixement","potentialAction":[{"@type":"SearchAction","target":{"@type":"EntryPoint","urlTemplate":"https:\/\/transferencia.irta.cat\/en\/?s={search_term_string}"},"query-input":{"@type":"PropertyValueSpecification","valueRequired":true,"valueName":"search_term_string"}}],"inLanguage":"en-US"}]}},"_links":{"self":[{"href":"https:\/\/transferencia.irta.cat\/en\/wp-json\/wp\/v2\/activitats\/17020","targetHints":{"allow":["GET"]}}],"collection":[{"href":"https:\/\/transferencia.irta.cat\/en\/wp-json\/wp\/v2\/activitats"}],"about":[{"href":"https:\/\/transferencia.irta.cat\/en\/wp-json\/wp\/v2\/types\/activitats"}],"wp:featuredmedia":[{"embeddable":true,"href":"https:\/\/transferencia.irta.cat\/en\/wp-json\/wp\/v2\/media\/16986"}],"wp:attachment":[{"href":"https:\/\/transferencia.irta.cat\/en\/wp-json\/wp\/v2\/media?parent=17020"}],"wp:term":[{"taxonomy":"category","embeddable":true,"href":"https:\/\/transferencia.irta.cat\/en\/wp-json\/wp\/v2\/categories?post=17020"},{"taxonomy":"post_tag","embeddable":true,"href":"https:\/\/transferencia.irta.cat\/en\/wp-json\/wp\/v2\/tags?post=17020"},{"taxonomy":"objectius_estrategics","embeddable":true,"href":"https:\/\/transferencia.irta.cat\/en\/wp-json\/wp\/v2\/objectius_estrategics?post=17020"},{"taxonomy":"ods","embeddable":true,"href":"https:\/\/transferencia.irta.cat\/en\/wp-json\/wp\/v2\/ods?post=17020"},{"taxonomy":"programa_irta","embeddable":true,"href":"https:\/\/transferencia.irta.cat\/en\/wp-json\/wp\/v2\/programa_irta?post=17020"},{"taxonomy":"trainings","embeddable":true,"href":"https:\/\/transferencia.irta.cat\/en\/wp-json\/wp\/v2\/trainings?post=17020"}],"curies":[{"name":"wp","href":"https:\/\/api.w.org\/{rel}","templated":true}]}}